{"id":11230,"date":"2021-03-05T16:18:47","date_gmt":"2021-03-05T16:18:47","guid":{"rendered":"http:\/\/200.91.193.126\/wordpress?page_id=11230"},"modified":"2023-07-10T17:04:05","modified_gmt":"2023-07-10T22:04:05","slug":"bibliotecasfuturos","status":"publish","type":"page","link":"https:\/\/www.iberbibliotecas.org\/por\/bibliotecasfuturos\/","title":{"rendered":"Ano ibero-americano das bibliotecas"},"content":{"rendered":"<div data-elementor-type=\"wp-page\" data-elementor-id=\"11230\" class=\"elementor elementor-11230\">\n\t\t\t\t\t\t<div class=\"elementor-inner\">\n\t\t\t\t<div class=\"elementor-section-wrap\">\n\t\t\t\t\t\t\t\t\t<section class=\"elementor-section elementor-top-section elementor-element elementor-element-7e538fc elementor-section-boxed elementor-section-height-default elementor-section-height-default\" data-id=\"7e538fc\" data-element_type=\"section\">\n\t\t\t\t\t\t<div class=\"elementor-container elementor-column-gap-default\">\n\t\t\t\t\t\t\t<div class=\"elementor-row\">\n\t\t\t\t\t<div class=\"elementor-column elementor-col-100 elementor-top-column elementor-element elementor-element-f55bb1f\" data-id=\"f55bb1f\" data-element_type=\"column\">\n\t\t\t<div class=\"elementor-column-wrap elementor-element-populated\">\n\t\t\t\t\t\t\t<div class=\"elementor-widget-wrap\">\n\t\t\t\t\t\t<div class=\"elementor-element elementor-element-5d25ecc elementor-widget elementor-widget-spacer\" data-id=\"5d25ecc\" data-element_type=\"widget\" data-widget_type=\"spacer.default\">\n\t\t\t\t<div class=\"elementor-widget-container\">\n\t\t\t\t\t<div class=\"elementor-spacer\">\n\t\t\t<div class=\"elementor-spacer-inner\"><\/div>\n\t\t<\/div>\n\t\t\t\t<\/div>\n\t\t\t\t<\/div>\n\t\t\t\t<div class=\"elementor-element elementor-element-846e184 elementor-widget elementor-widget-heading\" data-id=\"846e184\" data-element_type=\"widget\" data-widget_type=\"heading.default\">\n\t\t\t\t<div class=\"elementor-widget-container\">\n\t\t\t<h1 class=\"elementor-heading-title elementor-size-default\">Ano ibero-americano das bibliotecas <\/h1>\t\t<\/div>\n\t\t\t\t<\/div>\n\t\t\t\t<div class=\"elementor-element elementor-element-c8be135 elementor-hidden-phone elementor-widget elementor-widget-spacer\" data-id=\"c8be135\" data-element_type=\"widget\" data-widget_type=\"spacer.default\">\n\t\t\t\t<div class=\"elementor-widget-container\">\n\t\t\t\t\t<div class=\"elementor-spacer\">\n\t\t\t<div class=\"elementor-spacer-inner\"><\/div>\n\t\t<\/div>\n\t\t\t\t<\/div>\n\t\t\t\t<\/div>\n\t\t\t\t\t\t<\/div>\n\t\t\t\t\t<\/div>\n\t\t<\/div>\n\t\t\t\t\t\t\t\t<\/div>\n\t\t\t\t\t<\/div>\n\t\t<\/section>\n\t\t\t\t<section class=\"elementor-section elementor-top-section elementor-element elementor-element-fcd28d7 elementor-section-boxed elementor-section-height-default elementor-section-height-default\" data-id=\"fcd28d7\" data-element_type=\"section\">\n\t\t\t\t\t\t<div class=\"elementor-container elementor-column-gap-default\">\n\t\t\t\t\t\t\t<div class=\"elementor-row\">\n\t\t\t\t\t<div class=\"elementor-column elementor-col-100 elementor-top-column elementor-element elementor-element-afbaac9\" data-id=\"afbaac9\" data-element_type=\"column\">\n\t\t\t<div class=\"elementor-column-wrap elementor-element-populated\">\n\t\t\t\t\t\t\t<div class=\"elementor-widget-wrap\">\n\t\t\t\t\t\t<div class=\"elementor-element elementor-element-6d6fcc1 elementor-widget elementor-widget-heading\" data-id=\"6d6fcc1\" data-element_type=\"widget\" data-widget_type=\"heading.default\">\n\t\t\t\t<div class=\"elementor-widget-container\">\n\t\t\t<h2 class=\"elementor-heading-title elementor-size-default\">O QUE VOC\u00ca VAI ENCONTRAR?<\/h2>\t\t<\/div>\n\t\t\t\t<\/div>\n\t\t\t\t<div class=\"elementor-element elementor-element-8d0d4bb elementor-widget elementor-widget-text-editor\" data-id=\"8d0d4bb\" data-element_type=\"widget\" data-widget_type=\"text-editor.default\">\n\t\t\t\t<div class=\"elementor-widget-container\">\n\t\t\t\t\t\t\t\t<div class=\"elementor-text-editor elementor-clearfix\">\n\t\t\t\t<p><span data-contrast=\"auto\">A XX Confer\u00eancia Ibero-americana de Ministras e Ministros de Cultura da Ibero-Am\u00e9rica, realizada em 2019, declarou 2021 como o Ano Ibero-Americano das Bibliotecas, um acordo que marca a oportunidade de abrir uma conversa regional sobre a vig\u00eancia das bibliotecas em nossa regi\u00e3o e seu papel no desenvolvimento dos pa\u00edses ibero-americanos.\u00a0<\/span><span data-ccp-props=\"{&quot;201341983&quot;:0,&quot;335559739&quot;:160,&quot;335559740&quot;:259}\">\u00a0<\/span><\/p><p><span data-contrast=\"auto\">No contexto da pandemia, e no meio de grandes desafios no acesso \u00e0 informa\u00e7\u00e3o, todos os tipos de bibliotecas (p\u00fablicas, comunit\u00e1rias, populares, escolares, patrimoniais, nacionais e especializadas, entre outras) t\u00eam se reafirmado como espa\u00e7os necess\u00e1rios para que todos os grupos populacionais tenham acesso a um conhecimento confi\u00e1vel, e t\u00eam servido como garantes do acesso \u00e0 informa\u00e7\u00e3o e do desenvolvimento de seus direitos culturais.<\/span><span data-ccp-props=\"{&quot;201341983&quot;:0,&quot;335559739&quot;:160,&quot;335559740&quot;:259}\">\u00a0<\/span><\/p>\t\t\t\t\t<\/div>\n\t\t\t\t\t\t<\/div>\n\t\t\t\t<\/div>\n\t\t\t\t\t\t<\/div>\n\t\t\t\t\t<\/div>\n\t\t<\/div>\n\t\t\t\t\t\t\t\t<\/div>\n\t\t\t\t\t<\/div>\n\t\t<\/section>\n\t\t\t\t<section class=\"elementor-section elementor-top-section elementor-element elementor-element-7d13555 elementor-section-boxed elementor-section-height-default elementor-section-height-default\" data-id=\"7d13555\" data-element_type=\"section\" data-settings=\"{&quot;background_background&quot;:&quot;classic&quot;}\">\n\t\t\t\t\t\t<div class=\"elementor-container elementor-column-gap-default\">\n\t\t\t\t\t\t\t<div class=\"elementor-row\">\n\t\t\t\t\t<div class=\"elementor-column elementor-col-100 elementor-top-column elementor-element elementor-element-14681f8\" data-id=\"14681f8\" data-element_type=\"column\">\n\t\t\t<div class=\"elementor-column-wrap elementor-element-populated\">\n\t\t\t\t\t\t\t<div class=\"elementor-widget-wrap\">\n\t\t\t\t\t\t<div class=\"elementor-element elementor-element-465bd19 elementor-grid-eael-col-2 elementor-grid-tablet-eael-col-2 elementor-grid-mobile-eael-col-1 elementor-widget elementor-widget-eael-post-grid\" data-id=\"465bd19\" data-element_type=\"widget\" data-settings=\"{&quot;eael_post_grid_columns&quot;:&quot;eael-col-2&quot;,&quot;eael_post_grid_columns_tablet&quot;:&quot;eael-col-2&quot;,&quot;eael_post_grid_columns_mobile&quot;:&quot;eael-col-1&quot;}\" data-widget_type=\"eael-post-grid.default\">\n\t\t\t\t<div class=\"elementor-widget-container\">\n\t\t\t<div id=\"eael-post-grid-465bd19\" class=\"eael-post-grid-container\">\n            <div class=\"eael-post-grid eael-post-appender eael-post-appender-465bd19 eael-post-grid-style-default\" data-layout-mode=\"grid\"><article class=\"eael-grid-post eael-post-grid-column\" data-id=\"11219\">\n        <div class=\"eael-grid-post-holder\">\n            <div class=\"eael-grid-post-holder-inner\"><div class=\"eael-entry-media\"><div class=\"eael-entry-overlay fade-in\"><i class=\"\" aria-hidden=\"true\"><\/i><a href=\"https:\/\/www.iberbibliotecas.org\/por\/que-es-el-ano\/\"target=\"_blank\"><\/a><\/div><div class=\"eael-entry-thumbnail\">\n                <img width=\"2560\" height=\"1720\" src=\"https:\/\/www.iberbibliotecas.org\/wp-content\/uploads\/2021\/03\/Que-es-el-ano-scaled.jpg\" class=\"attachment-full size-full\" alt=\"\" decoding=\"async\" loading=\"lazy\" srcset=\"https:\/\/www.iberbibliotecas.org\/wp-content\/uploads\/2021\/03\/Que-es-el-ano-scaled.jpg 2560w, https:\/\/www.iberbibliotecas.org\/wp-content\/uploads\/2021\/03\/Que-es-el-ano-300x202.jpg 300w, https:\/\/www.iberbibliotecas.org\/wp-content\/uploads\/2021\/03\/Que-es-el-ano-1024x688.jpg 1024w, https:\/\/www.iberbibliotecas.org\/wp-content\/uploads\/2021\/03\/Que-es-el-ano-768x516.jpg 768w, https:\/\/www.iberbibliotecas.org\/wp-content\/uploads\/2021\/03\/Que-es-el-ano-1536x1032.jpg 1536w, https:\/\/www.iberbibliotecas.org\/wp-content\/uploads\/2021\/03\/Que-es-el-ano-2048x1376.jpg 2048w, https:\/\/www.iberbibliotecas.org\/wp-content\/uploads\/2021\/03\/Que-es-el-ano-16x12.jpg 16w\" sizes=\"100vw\" \/>\n            <\/div>\n        <\/div><div class=\"eael-entry-wrapper\"><header class=\"eael-entry-header\"><h2 class=\"eael-entry-title\"><a\n                        class=\"eael-grid-post-link\"\n                        href=\"https:\/\/www.iberbibliotecas.org\/por\/que-es-el-ano\/\"\n                        title=\"Qual \u00e9 o Ano\">Qual \u00e9 o Ano<\/a><\/h2><\/header><div class=\"eael-entry-content\">\n                        <div class=\"eael-grid-post-excerpt\"><p>O Ano Ibero-americano das Bibliotecas promover\u00e1 reflex\u00f5es em torno da variedade e diversidade de pap\u00e9is das bibliotecas, bem como sobre seu impacto social e econ\u00f4mico em nossa regi\u00e3o.<\/p><a\n                            href=\"https:\/\/www.iberbibliotecas.org\/por\/que-es-el-ano\/\"\n                            class=\"eael-post-elements-readmore-btn\">Ver mais<\/a><\/div>\n                    <\/div><\/div><\/div>\n        <\/div>\n    <\/article><article class=\"eael-grid-post eael-post-grid-column\" data-id=\"11280\">\n        <div class=\"eael-grid-post-holder\">\n            <div class=\"eael-grid-post-holder-inner\"><div class=\"eael-entry-media\"><div class=\"eael-entry-overlay fade-in\"><i class=\"\" aria-hidden=\"true\"><\/i><a href=\"https:\/\/www.iberbibliotecas.org\/por\/eventos-principales\/\"target=\"_blank\"><\/a><\/div><div class=\"eael-entry-thumbnail\">\n                <img width=\"1080\" height=\"810\" src=\"https:\/\/www.iberbibliotecas.org\/wp-content\/uploads\/2021\/03\/Eventos-principales.jpg\" class=\"attachment-full size-full\" alt=\"\" decoding=\"async\" loading=\"lazy\" srcset=\"https:\/\/www.iberbibliotecas.org\/wp-content\/uploads\/2021\/03\/Eventos-principales.jpg 1080w, https:\/\/www.iberbibliotecas.org\/wp-content\/uploads\/2021\/03\/Eventos-principales-300x225.jpg 300w, https:\/\/www.iberbibliotecas.org\/wp-content\/uploads\/2021\/03\/Eventos-principales-1024x768.jpg 1024w, https:\/\/www.iberbibliotecas.org\/wp-content\/uploads\/2021\/03\/Eventos-principales-768x576.jpg 768w, https:\/\/www.iberbibliotecas.org\/wp-content\/uploads\/2021\/03\/Eventos-principales-16x12.jpg 16w\" sizes=\"100vw\" \/>\n            <\/div>\n        <\/div><div class=\"eael-entry-wrapper\"><header class=\"eael-entry-header\"><h2 class=\"eael-entry-title\"><a\n                        class=\"eael-grid-post-link\"\n                        href=\"https:\/\/www.iberbibliotecas.org\/por\/eventos-principales\/\"\n                        title=\"Principais eventos\">Principais eventos<\/a><\/h2><\/header><div class=\"eael-entry-content\">\n                        <div class=\"eael-grid-post-excerpt\"><p>Congreso del A\u00f1o Iberoamericano de las Bibliotecas \u00cdndice CONGRESO INTRODUCCI\u00d3N AGENDA INSCRIPCIONES Cont\u00e1ctanos a nuestro correo iberbibliotecas@cerlalc.org o a nuestro...<\/p><a\n                            href=\"https:\/\/www.iberbibliotecas.org\/por\/eventos-principales\/\"\n                            class=\"eael-post-elements-readmore-btn\">Ver mais<\/a><\/div>\n                    <\/div><\/div><\/div>\n        <\/div>\n    <\/article><article class=\"eael-grid-post eael-post-grid-column\" data-id=\"11296\">\n        <div class=\"eael-grid-post-holder\">\n            <div class=\"eael-grid-post-holder-inner\"><div class=\"eael-entry-media\"><div class=\"eael-entry-overlay fade-in\"><i class=\"\" aria-hidden=\"true\"><\/i><a href=\"https:\/\/www.iberbibliotecas.org\/por\/cronograma-de-eventos-de-los-paises\/\"target=\"_blank\"><\/a><\/div><div class=\"eael-entry-thumbnail\">\n                <img width=\"2560\" height=\"1814\" src=\"https:\/\/www.iberbibliotecas.org\/wp-content\/uploads\/2021\/03\/Cronograma-de-eventos-scaled.jpg\" class=\"attachment-full size-full\" alt=\"\" decoding=\"async\" loading=\"lazy\" srcset=\"https:\/\/www.iberbibliotecas.org\/wp-content\/uploads\/2021\/03\/Cronograma-de-eventos-scaled.jpg 2560w, https:\/\/www.iberbibliotecas.org\/wp-content\/uploads\/2021\/03\/Cronograma-de-eventos-300x213.jpg 300w, https:\/\/www.iberbibliotecas.org\/wp-content\/uploads\/2021\/03\/Cronograma-de-eventos-1024x726.jpg 1024w, https:\/\/www.iberbibliotecas.org\/wp-content\/uploads\/2021\/03\/Cronograma-de-eventos-768x544.jpg 768w, https:\/\/www.iberbibliotecas.org\/wp-content\/uploads\/2021\/03\/Cronograma-de-eventos-1536x1088.jpg 1536w, https:\/\/www.iberbibliotecas.org\/wp-content\/uploads\/2021\/03\/Cronograma-de-eventos-2048x1451.jpg 2048w, https:\/\/www.iberbibliotecas.org\/wp-content\/uploads\/2021\/03\/Cronograma-de-eventos-16x12.jpg 16w\" sizes=\"100vw\" \/>\n            <\/div>\n        <\/div><div class=\"eael-entry-wrapper\"><header class=\"eael-entry-header\"><h2 class=\"eael-entry-title\"><a\n                        class=\"eael-grid-post-link\"\n                        href=\"https:\/\/www.iberbibliotecas.org\/por\/cronograma-de-eventos-de-los-paises\/\"\n                        title=\"Calend\u00e1rio de eventos dos pa\u00edses\">Calend\u00e1rio de eventos dos pa\u00edses<\/a><\/h2><\/header><div class=\"eael-entry-content\">\n                        <div class=\"eael-grid-post-excerpt\"><p>Nesta se\u00e7\u00e3o encontram-se as diferentes atividades registradas pelas bibliotecas ibero-americanas.<\/p><a\n                            href=\"https:\/\/www.iberbibliotecas.org\/por\/cronograma-de-eventos-de-los-paises\/\"\n                            class=\"eael-post-elements-readmore-btn\">Ver mais<\/a><\/div>\n                    <\/div><\/div><\/div>\n        <\/div>\n    <\/article><article class=\"eael-grid-post eael-post-grid-column\" data-id=\"22819\">\n        <div class=\"eael-grid-post-holder\">\n            <div class=\"eael-grid-post-holder-inner\"><div class=\"eael-entry-media\"><div class=\"eael-entry-overlay fade-in\"><i class=\"\" aria-hidden=\"true\"><\/i><a href=\"https:\/\/www.iberbibliotecas.org\/por\/asesoriaproyectos\/\"target=\"_blank\"><\/a><\/div><div class=\"eael-entry-thumbnail\">\n                <img width=\"768\" height=\"413\" src=\"https:\/\/www.iberbibliotecas.org\/wp-content\/uploads\/2022\/04\/BPE-Girona01.jpg\" class=\"attachment-full size-full\" alt=\"Mesa de acompa\u00f1amiento\" decoding=\"async\" loading=\"lazy\" srcset=\"https:\/\/www.iberbibliotecas.org\/wp-content\/uploads\/2022\/04\/BPE-Girona01.jpg 768w, https:\/\/www.iberbibliotecas.org\/wp-content\/uploads\/2022\/04\/BPE-Girona01-300x161.jpg 300w, https:\/\/www.iberbibliotecas.org\/wp-content\/uploads\/2022\/04\/BPE-Girona01-18x10.jpg 18w\" sizes=\"100vw\" \/>\n            <\/div>\n        <\/div><div class=\"eael-entry-wrapper\"><header class=\"eael-entry-header\"><h2 class=\"eael-entry-title\"><a\n                        class=\"eael-grid-post-link\"\n                        href=\"https:\/\/www.iberbibliotecas.org\/por\/asesoriaproyectos\/\"\n                        title=\"Asesor\u00eda de proyectos\">Asesor\u00eda de proyectos<\/a><\/h2><\/header><div class=\"eael-entry-content\">\n                        <div class=\"eael-grid-post-excerpt\"><p>\u00cdndice \u00bfQu\u00e9 es la mesa? Expertas de la mesa C\u00f3mo funciona la mesa C\u00f3mo acceder a una asesor\u00eda Cont\u00e1ctanos a...<\/p><a\n                            href=\"https:\/\/www.iberbibliotecas.org\/por\/asesoriaproyectos\/\"\n                            class=\"eael-post-elements-readmore-btn\">Ver mais<\/a><\/div>\n                    <\/div><\/div><\/div>\n        <\/div>\n    <\/article><\/div>\n            <div class=\"clearfix\"><\/div>\n        <\/div>\t\t<\/div>\n\t\t\t\t<\/div>\n\t\t\t\t<div class=\"elementor-element elementor-element-4e2bb3a elementor-widget__width-initial elementor-widget elementor-widget-image\" data-id=\"4e2bb3a\" data-element_type=\"widget\" data-widget_type=\"image.default\">\n\t\t\t\t<div class=\"elementor-widget-container\">\n\t\t\t\t\t\t\t\t<div class=\"elementor-image\">\n\t\t\t\t\t\t\t\t\t\t\t\t\t<a href=\"https:\/\/www.segib.org\/\" target=\"_blank\" rel=\"nofollow\">\n\t\t\t\t\t\t\t<img decoding=\"async\" width=\"359\" height=\"180\" src=\"https:\/\/www.iberbibliotecas.org\/wp-content\/uploads\/2021\/03\/logo_c_segib.png\" class=\"attachment-full size-full\" alt=\"\" loading=\"lazy\" srcset=\"https:\/\/www.iberbibliotecas.org\/wp-content\/uploads\/2021\/03\/logo_c_segib.png 359w, https:\/\/www.iberbibliotecas.org\/wp-content\/uploads\/2021\/03\/logo_c_segib-300x150.png 300w, https:\/\/www.iberbibliotecas.org\/wp-content\/uploads\/2021\/03\/logo_c_segib-16x8.png 16w\" sizes=\"100vw\" \/>\t\t\t\t\t\t\t\t<\/a>\n\t\t\t\t\t\t\t\t\t\t\t\t\t\t<\/div>\n\t\t\t\t\t\t<\/div>\n\t\t\t\t<\/div>\n\t\t\t\t<div class=\"elementor-element elementor-element-f520ad7 elementor-widget__width-initial elementor-widget elementor-widget-image\" data-id=\"f520ad7\" data-element_type=\"widget\" data-widget_type=\"image.default\">\n\t\t\t\t<div class=\"elementor-widget-container\">\n\t\t\t\t\t\t\t\t<div class=\"elementor-image\">\n\t\t\t\t\t\t\t\t\t\t\t\t\t<a href=\"https:\/\/cerlalc.org\/\" target=\"_blank\" rel=\"nofollow\">\n\t\t\t\t\t\t\t<img decoding=\"async\" width=\"454\" height=\"180\" src=\"https:\/\/www.iberbibliotecas.org\/wp-content\/uploads\/2021\/03\/logo_c_cerlalc.png\" class=\"attachment-full size-full\" alt=\"\" loading=\"lazy\" srcset=\"https:\/\/www.iberbibliotecas.org\/wp-content\/uploads\/2021\/03\/logo_c_cerlalc.png 454w, https:\/\/www.iberbibliotecas.org\/wp-content\/uploads\/2021\/03\/logo_c_cerlalc-300x119.png 300w, https:\/\/www.iberbibliotecas.org\/wp-content\/uploads\/2021\/03\/logo_c_cerlalc-16x6.png 16w\" sizes=\"100vw\" \/>\t\t\t\t\t\t\t\t<\/a>\n\t\t\t\t\t\t\t\t\t\t\t\t\t\t<\/div>\n\t\t\t\t\t\t<\/div>\n\t\t\t\t<\/div>\n\t\t\t\t<div class=\"elementor-element elementor-element-4989e6f elementor-widget__width-initial elementor-widget elementor-widget-image\" data-id=\"4989e6f\" data-element_type=\"widget\" data-widget_type=\"image.default\">\n\t\t\t\t<div class=\"elementor-widget-container\">\n\t\t\t\t\t\t\t\t<div class=\"elementor-image\">\n\t\t\t\t\t\t\t\t\t\t\t\t\t<a href=\"https:\/\/ifla.org\/\" target=\"_blank\" rel=\"nofollow\">\n\t\t\t\t\t\t\t<img decoding=\"async\" width=\"320\" height=\"84\" src=\"https:\/\/www.iberbibliotecas.org\/wp-content\/uploads\/2021\/04\/Latin-America-and-the-Caribbean-1-1.png\" class=\"attachment-full size-full\" alt=\"\" loading=\"lazy\" srcset=\"https:\/\/www.iberbibliotecas.org\/wp-content\/uploads\/2021\/04\/Latin-America-and-the-Caribbean-1-1.png 320w, https:\/\/www.iberbibliotecas.org\/wp-content\/uploads\/2021\/04\/Latin-America-and-the-Caribbean-1-1-300x79.png 300w, https:\/\/www.iberbibliotecas.org\/wp-content\/uploads\/2021\/04\/Latin-America-and-the-Caribbean-1-1-16x4.png 16w\" sizes=\"100vw\" \/>\t\t\t\t\t\t\t\t<\/a>\n\t\t\t\t\t\t\t\t\t\t\t\t\t\t<\/div>\n\t\t\t\t\t\t<\/div>\n\t\t\t\t<\/div>\n\t\t\t\t<div class=\"elementor-element elementor-element-e6ec56c elementor-widget__width-initial elementor-widget elementor-widget-image\" data-id=\"e6ec56c\" data-element_type=\"widget\" data-widget_type=\"image.default\">\n\t\t\t\t<div class=\"elementor-widget-container\">\n\t\t\t\t\t\t\t\t<div class=\"elementor-image\">\n\t\t\t\t\t\t\t\t\t\t\t\t<img decoding=\"async\" width=\"1827\" height=\"221\" src=\"https:\/\/www.iberbibliotecas.org\/wp-content\/uploads\/2021\/04\/Logo-ABINIA.jpg\" class=\"attachment-full size-full\" alt=\"\" loading=\"lazy\" srcset=\"https:\/\/www.iberbibliotecas.org\/wp-content\/uploads\/2021\/04\/Logo-ABINIA.jpg 1827w, https:\/\/www.iberbibliotecas.org\/wp-content\/uploads\/2021\/04\/Logo-ABINIA-300x36.jpg 300w, https:\/\/www.iberbibliotecas.org\/wp-content\/uploads\/2021\/04\/Logo-ABINIA-1024x124.jpg 1024w, https:\/\/www.iberbibliotecas.org\/wp-content\/uploads\/2021\/04\/Logo-ABINIA-768x93.jpg 768w, https:\/\/www.iberbibliotecas.org\/wp-content\/uploads\/2021\/04\/Logo-ABINIA-1536x186.jpg 1536w, https:\/\/www.iberbibliotecas.org\/wp-content\/uploads\/2021\/04\/Logo-ABINIA-16x2.jpg 16w\" sizes=\"100vw\" \/>\t\t\t\t\t\t\t\t\t\t\t\t\t\t<\/div>\n\t\t\t\t\t\t<\/div>\n\t\t\t\t<\/div>\n\t\t\t\t<div class=\"elementor-element elementor-element-5671bff elementor-widget__width-initial elementor-widget elementor-widget-image\" data-id=\"5671bff\" data-element_type=\"widget\" data-widget_type=\"image.default\">\n\t\t\t\t<div class=\"elementor-widget-container\">\n\t\t\t\t\t\t\t\t<div class=\"elementor-image\">\n\t\t\t\t\t\t\t\t\t\t\t\t\t<a href=\"https:\/\/www.iberbibliotecas.org\/por\/inicio\/\">\n\t\t\t\t\t\t\t<img decoding=\"async\" width=\"289\" height=\"180\" src=\"https:\/\/www.iberbibliotecas.org\/wp-content\/uploads\/2021\/03\/logo_c_ib.png\" class=\"attachment-full size-full\" alt=\"\" loading=\"lazy\" srcset=\"https:\/\/www.iberbibliotecas.org\/wp-content\/uploads\/2021\/03\/logo_c_ib.png 289w, https:\/\/www.iberbibliotecas.org\/wp-content\/uploads\/2021\/03\/logo_c_ib-16x10.png 16w\" sizes=\"100vw\" \/>\t\t\t\t\t\t\t\t<\/a>\n\t\t\t\t\t\t\t\t\t\t\t\t\t\t<\/div>\n\t\t\t\t\t\t<\/div>\n\t\t\t\t<\/div>\n\t\t\t\t\t\t<\/div>\n\t\t\t\t\t<\/div>\n\t\t<\/div>\n\t\t\t\t\t\t\t\t<\/div>\n\t\t\t\t\t<\/div>\n\t\t<\/section>\n\t\t\t\t\t\t\t\t\t<\/div>\n\t\t\t<\/div>\n\t\t\t\t\t<\/div>","protected":false},"excerpt":{"rendered":"<p>A\u00f1o Iberoamericano de las Biblioteca \u00bfQU\u00c9 ENCONTRAR\u00c1S? La XX Conferencia Iberoamericana de Ministras y Ministros de Cultura de Iberoam\u00e9rica, realizada en 2019, declar\u00f3 el 2021 como el A\u00f1o Iberoamericano de &hellip; <\/p>\n<p class=\"link-more\"><a href=\"https:\/\/www.iberbibliotecas.org\/por\/asesoriaproyectos\/\" class=\"more-link\">Continue lendo<span class=\"screen-reader-text\"> &#8220;Asesor\u00eda de proyectos&#8221;<\/span><\/a><\/p>","protected":false},"author":1,"featured_media":0,"parent":0,"menu_order":0,"comment_status":"closed","ping_status":"closed","template":"elementor_canvas","meta":{"_EventAllDay":false,"_EventTimezone":"","_EventStartDate":"","_EventEndDate":"","_EventStartDateUTC":"","_EventEndDateUTC":"","_EventShowMap":false,"_EventShowMapLink":false,"_EventURL":"","_EventCost":"","_EventCostDescription":"","_EventCurrencySymbol":"","_EventCurrencyCode":"","_EventCurrencyPosition":"","_EventDateTimeSeparator":"","_EventTimeRangeSeparator":"","_EventOrganizerID":[],"_EventVenueID":0,"_OrganizerEmail":"","_OrganizerPhone":"","_OrganizerWebsite":"","_VenueAddress":"","_VenueCity":"","_VenueCountry":"","_VenueProvince":"","_VenueZip":"","_VenuePhone":"","_VenueURL":"","_VenueStateProvince":"","_VenueLat":"","_VenueLng":""},"yoast_head":"<!-- This site is optimized with the Yoast SEO plugin v20.11 - https:\/\/yoast.com\/wordpress\/plugins\/seo\/ -->\n<title>A\u00f1o Iberoamericano de las Biblioteca - Iberbibliotecas<\/title>\n<meta name=\"robots\" content=\"index, follow, max-snippet:-1, max-image-preview:large, max-video-preview:-1\" \/>\n<link rel=\"canonical\" href=\"https:\/\/www.iberbibliotecas.org\/por\/bibliotecasfuturos\/\" \/>\n<meta property=\"og:locale\" content=\"pt_BR\" \/>\n<meta property=\"og:type\" content=\"article\" \/>\n<meta property=\"og:title\" content=\"A\u00f1o Iberoamericano de las Biblioteca - Iberbibliotecas\" \/>\n<meta property=\"og:description\" content=\"A\u00f1o Iberoamericano de las Biblioteca \u00bfQU\u00c9 ENCONTRAR\u00c1S? La XX Conferencia Iberoamericana de Ministras y Ministros de Cultura de Iberoam\u00e9rica, realizada en 2019, declar\u00f3 el 2021 como el A\u00f1o Iberoamericano de &hellip; Continue lendo &quot;Asesor\u00eda de proyectos&quot;\" \/>\n<meta property=\"og:url\" content=\"https:\/\/www.iberbibliotecas.org\/por\/bibliotecasfuturos\/\" \/>\n<meta property=\"og:site_name\" content=\"Iberbibliotecas\" \/>\n<meta property=\"article:modified_time\" content=\"2023-07-10T22:04:05+00:00\" \/>\n<meta property=\"og:image\" content=\"https:\/\/www.iberbibliotecas.org\/wp-content\/uploads\/2021\/03\/Que-es-el-ano-scaled.jpg\" \/>\n<meta name=\"twitter:card\" content=\"summary_large_image\" \/>\n<meta name=\"twitter:label1\" content=\"Est. tempo de leitura\" \/>\n\t<meta name=\"twitter:data1\" content=\"3 minutos\" \/>\n<script type=\"application\/ld+json\" class=\"yoast-schema-graph\">{\"@context\":\"https:\/\/schema.org\",\"@graph\":[{\"@type\":\"WebPage\",\"@id\":\"https:\/\/www.iberbibliotecas.org\/bibliotecasfuturos\/\",\"url\":\"https:\/\/www.iberbibliotecas.org\/bibliotecasfuturos\/\",\"name\":\"A\u00f1o Iberoamericano de las Biblioteca - Iberbibliotecas\",\"isPartOf\":{\"@id\":\"https:\/\/www.iberbibliotecas.org\/#website\"},\"datePublished\":\"2021-03-05T16:18:47+00:00\",\"dateModified\":\"2023-07-10T22:04:05+00:00\",\"breadcrumb\":{\"@id\":\"https:\/\/www.iberbibliotecas.org\/bibliotecasfuturos\/#breadcrumb\"},\"inLanguage\":\"pt-BR\",\"potentialAction\":[{\"@type\":\"ReadAction\",\"target\":[\"https:\/\/www.iberbibliotecas.org\/bibliotecasfuturos\/\"]}]},{\"@type\":\"BreadcrumbList\",\"@id\":\"https:\/\/www.iberbibliotecas.org\/bibliotecasfuturos\/#breadcrumb\",\"itemListElement\":[{\"@type\":\"ListItem\",\"position\":1,\"name\":\"Inicio\",\"item\":\"https:\/\/www.iberbibliotecas.org\/\"},{\"@type\":\"ListItem\",\"position\":2,\"name\":\"A\u00f1o Iberoamericano de las Biblioteca\"}]},{\"@type\":\"WebSite\",\"@id\":\"https:\/\/www.iberbibliotecas.org\/#website\",\"url\":\"https:\/\/www.iberbibliotecas.org\/\",\"name\":\"Iberbibliotecas\",\"description\":\"\",\"publisher\":{\"@id\":\"https:\/\/www.iberbibliotecas.org\/#organization\"},\"potentialAction\":[{\"@type\":\"SearchAction\",\"target\":{\"@type\":\"EntryPoint\",\"urlTemplate\":\"https:\/\/www.iberbibliotecas.org\/?s={search_term_string}\"},\"query-input\":\"required name=search_term_string\"}],\"inLanguage\":\"pt-BR\"},{\"@type\":\"Organization\",\"@id\":\"https:\/\/www.iberbibliotecas.org\/#organization\",\"name\":\"Iberbibliotecas\",\"url\":\"https:\/\/www.iberbibliotecas.org\/\",\"logo\":{\"@type\":\"ImageObject\",\"inLanguage\":\"pt-BR\",\"@id\":\"https:\/\/www.iberbibliotecas.org\/#\/schema\/logo\/image\/\",\"url\":\"https:\/\/www.iberbibliotecas.org\/wp-content\/uploads\/2021\/03\/logo_c_ib.png\",\"contentUrl\":\"https:\/\/www.iberbibliotecas.org\/wp-content\/uploads\/2021\/03\/logo_c_ib.png\",\"width\":289,\"height\":180,\"caption\":\"Iberbibliotecas\"},\"image\":{\"@id\":\"https:\/\/www.iberbibliotecas.org\/#\/schema\/logo\/image\/\"}}]}<\/script>\n<!-- \/ Yoast SEO plugin. -->","yoast_head_json":{"title":"A\u00f1o Iberoamericano de las Biblioteca - Iberbibliotecas","robots":{"index":"index","follow":"follow","max-snippet":"max-snippet:-1","max-image-preview":"max-image-preview:large","max-video-preview":"max-video-preview:-1"},"canonical":"https:\/\/www.iberbibliotecas.org\/por\/bibliotecasfuturos\/","og_locale":"pt_BR","og_type":"article","og_title":"A\u00f1o Iberoamericano de las Biblioteca - Iberbibliotecas","og_description":"A\u00f1o Iberoamericano de las Biblioteca \u00bfQU\u00c9 ENCONTRAR\u00c1S? La XX Conferencia Iberoamericana de Ministras y Ministros de Cultura de Iberoam\u00e9rica, realizada en 2019, declar\u00f3 el 2021 como el A\u00f1o Iberoamericano de &hellip; Continue lendo \"Asesor\u00eda de proyectos\"","og_url":"https:\/\/www.iberbibliotecas.org\/por\/bibliotecasfuturos\/","og_site_name":"Iberbibliotecas","article_modified_time":"2023-07-10T22:04:05+00:00","og_image":[{"url":"https:\/\/www.iberbibliotecas.org\/wp-content\/uploads\/2021\/03\/Que-es-el-ano-scaled.jpg"}],"twitter_card":"summary_large_image","twitter_misc":{"Est. tempo de leitura":"3 minutos"},"schema":{"@context":"https:\/\/schema.org","@graph":[{"@type":"WebPage","@id":"https:\/\/www.iberbibliotecas.org\/bibliotecasfuturos\/","url":"https:\/\/www.iberbibliotecas.org\/bibliotecasfuturos\/","name":"A\u00f1o Iberoamericano de las Biblioteca - Iberbibliotecas","isPartOf":{"@id":"https:\/\/www.iberbibliotecas.org\/#website"},"datePublished":"2021-03-05T16:18:47+00:00","dateModified":"2023-07-10T22:04:05+00:00","breadcrumb":{"@id":"https:\/\/www.iberbibliotecas.org\/bibliotecasfuturos\/#breadcrumb"},"inLanguage":"pt-BR","potentialAction":[{"@type":"ReadAction","target":["https:\/\/www.iberbibliotecas.org\/bibliotecasfuturos\/"]}]},{"@type":"BreadcrumbList","@id":"https:\/\/www.iberbibliotecas.org\/bibliotecasfuturos\/#breadcrumb","itemListElement":[{"@type":"ListItem","position":1,"name":"Inicio","item":"https:\/\/www.iberbibliotecas.org\/"},{"@type":"ListItem","position":2,"name":"A\u00f1o Iberoamericano de las Biblioteca"}]},{"@type":"WebSite","@id":"https:\/\/www.iberbibliotecas.org\/#website","url":"https:\/\/www.iberbibliotecas.org\/","name":"Iberbibliotecas","description":"","publisher":{"@id":"https:\/\/www.iberbibliotecas.org\/#organization"},"potentialAction":[{"@type":"SearchAction","target":{"@type":"EntryPoint","urlTemplate":"https:\/\/www.iberbibliotecas.org\/?s={search_term_string}"},"query-input":"required name=search_term_string"}],"inLanguage":"pt-BR"},{"@type":"Organization","@id":"https:\/\/www.iberbibliotecas.org\/#organization","name":"Iberbibliotecas","url":"https:\/\/www.iberbibliotecas.org\/","logo":{"@type":"ImageObject","inLanguage":"pt-BR","@id":"https:\/\/www.iberbibliotecas.org\/#\/schema\/logo\/image\/","url":"https:\/\/www.iberbibliotecas.org\/wp-content\/uploads\/2021\/03\/logo_c_ib.png","contentUrl":"https:\/\/www.iberbibliotecas.org\/wp-content\/uploads\/2021\/03\/logo_c_ib.png","width":289,"height":180,"caption":"Iberbibliotecas"},"image":{"@id":"https:\/\/www.iberbibliotecas.org\/#\/schema\/logo\/image\/"}}]}},"_links":{"self":[{"href":"https:\/\/www.iberbibliotecas.org\/por\/wp-json\/wp\/v2\/pages\/11230"}],"collection":[{"href":"https:\/\/www.iberbibliotecas.org\/por\/wp-json\/wp\/v2\/pages"}],"about":[{"href":"https:\/\/www.iberbibliotecas.org\/por\/wp-json\/wp\/v2\/types\/page"}],"author":[{"embeddable":true,"href":"https:\/\/www.iberbibliotecas.org\/por\/wp-json\/wp\/v2\/users\/1"}],"replies":[{"embeddable":true,"href":"https:\/\/www.iberbibliotecas.org\/por\/wp-json\/wp\/v2\/comments?post=11230"}],"version-history":[{"count":3,"href":"https:\/\/www.iberbibliotecas.org\/por\/wp-json\/wp\/v2\/pages\/11230\/revisions"}],"predecessor-version":[{"id":16553,"href":"https:\/\/www.iberbibliotecas.org\/por\/wp-json\/wp\/v2\/pages\/11230\/revisions\/16553"}],"wp:attachment":[{"href":"https:\/\/www.iberbibliotecas.org\/por\/wp-json\/wp\/v2\/media?parent=11230"}],"curies":[{"name":"wp","href":"https:\/\/api.w.org\/{rel}","templated":true}]}}