{"id":1191,"date":"2021-01-06T21:37:35","date_gmt":"2021-01-06T21:37:35","guid":{"rendered":"http:\/\/34.125.232.78\/?page_id=1191"},"modified":"2025-03-05T09:37:27","modified_gmt":"2025-03-05T14:37:27","slug":"comunicados","status":"publish","type":"page","link":"https:\/\/www.iberbibliotecas.org\/por\/comunicados\/","title":{"rendered":"Comunicados"},"content":{"rendered":"<div data-elementor-type=\"wp-page\" data-elementor-id=\"1191\" class=\"elementor elementor-1191\">\n\t\t\t\t\t\t<div class=\"elementor-inner\">\n\t\t\t\t<div class=\"elementor-section-wrap\">\n\t\t\t\t\t\t\t\t\t<section class=\"elementor-section elementor-top-section elementor-element elementor-element-a0204d9 elementor-hidden-tablet elementor-hidden-phone elementor-section-boxed elementor-section-height-default elementor-section-height-default\" data-id=\"a0204d9\" data-element_type=\"section\">\n\t\t\t\t\t\t<div class=\"elementor-container elementor-column-gap-default\">\n\t\t\t\t\t\t\t<div class=\"elementor-row\">\n\t\t\t\t\t<div class=\"elementor-column elementor-col-100 elementor-top-column elementor-element elementor-element-84c660d\" data-id=\"84c660d\" data-element_type=\"column\">\n\t\t\t<div class=\"elementor-column-wrap elementor-element-populated\">\n\t\t\t\t\t\t\t<div class=\"elementor-widget-wrap\">\n\t\t\t\t\t\t<div class=\"elementor-element elementor-element-edb00f9 elementor-widget elementor-widget-spacer\" data-id=\"edb00f9\" data-element_type=\"widget\" data-widget_type=\"spacer.default\">\n\t\t\t\t<div class=\"elementor-widget-container\">\n\t\t\t\t\t<div class=\"elementor-spacer\">\n\t\t\t<div class=\"elementor-spacer-inner\"><\/div>\n\t\t<\/div>\n\t\t\t\t<\/div>\n\t\t\t\t<\/div>\n\t\t\t\t<div class=\"elementor-element elementor-element-f1927f3 elementor-widget elementor-widget-heading\" data-id=\"f1927f3\" data-element_type=\"widget\" data-widget_type=\"heading.default\">\n\t\t\t\t<div class=\"elementor-widget-container\">\n\t\t\t<h1 class=\"elementor-heading-title elementor-size-default\">Comunicados<\/h1>\t\t<\/div>\n\t\t\t\t<\/div>\n\t\t\t\t\t\t<\/div>\n\t\t\t\t\t<\/div>\n\t\t<\/div>\n\t\t\t\t\t\t\t\t<\/div>\n\t\t\t\t\t<\/div>\n\t\t<\/section>\n\t\t\t\t<section class=\"elementor-section elementor-top-section elementor-element elementor-element-f4d0248 elementor-section-boxed elementor-section-height-default elementor-section-height-default\" data-id=\"f4d0248\" data-element_type=\"section\">\n\t\t\t\t\t\t<div class=\"elementor-container elementor-column-gap-default\">\n\t\t\t\t\t\t\t<div class=\"elementor-row\">\n\t\t\t\t\t<div class=\"elementor-column elementor-col-33 elementor-top-column elementor-element elementor-element-0266c9f\" data-id=\"0266c9f\" data-element_type=\"column\">\n\t\t\t<div class=\"elementor-column-wrap elementor-element-populated\">\n\t\t\t\t\t\t\t<div class=\"elementor-widget-wrap\">\n\t\t\t\t\t\t<div class=\"elementor-element elementor-element-c667ae6 elementor-hidden-desktop elementor-widget elementor-widget-heading\" data-id=\"c667ae6\" data-element_type=\"widget\" data-widget_type=\"heading.default\">\n\t\t\t\t<div class=\"elementor-widget-container\">\n\t\t\t<h2 class=\"elementor-heading-title elementor-size-default\">COMUNICA\u00c7\u00d5ES<\/h2>\t\t<\/div>\n\t\t\t\t<\/div>\n\t\t\t\t<div class=\"elementor-element elementor-element-2ee829d elementor-widget elementor-widget-heading\" data-id=\"2ee829d\" data-element_type=\"widget\" data-widget_type=\"heading.default\">\n\t\t\t\t<div class=\"elementor-widget-container\">\n\t\t\t<h2 class=\"elementor-heading-title elementor-size-default\">O QUE VOC\u00ca VAI ENCONTRAR?<\/h2>\t\t<\/div>\n\t\t\t\t<\/div>\n\t\t\t\t<div class=\"elementor-element elementor-element-914b5cf elementor-widget elementor-widget-text-editor\" data-id=\"914b5cf\" data-element_type=\"widget\" data-widget_type=\"text-editor.default\">\n\t\t\t\t<div class=\"elementor-widget-container\">\n\t\t\t\t\t\t\t\t<div class=\"elementor-text-editor elementor-clearfix\">\n\t\t\t\t<p><span class=\"TextRun BCX0 SCXP35722544\" lang=\"ES-CO\" xml:lang=\"ES-CO\" data-usefontface=\"false\" data-contrast=\"none\"><span class=\"NormalTextRun BCX0 SCXP35722544\"><span class=\"TextRun SCXP36361875 BCX0\" lang=\"ES-CO\" xml:lang=\"ES-CO\" data-usefontface=\"false\" data-contrast=\"none\"><span class=\"NormalTextRun SCXP36361875 BCX0\"><span class=\"TextRun Highlight  BCX0 SCXP1084942\" lang=\"ES-CO\" xml:lang=\"ES-CO\" data-usefontface=\"false\" data-contrast=\"none\"><span class=\"NormalTextRun  BCX0 SCXP1084942\">Descubra o que h\u00e1 de novo no\u00a0<\/span><\/span><span class=\"TextRun Highlight  BCX0 SCXP1084942\" lang=\"ES-CO\" xml:lang=\"ES-CO\" data-usefontface=\"false\" data-contrast=\"none\"><span class=\"NormalTextRun  BCX0 SCXP1084942\">programa.<\/span><\/span><\/span><\/span><\/span><\/span><\/p>\t\t\t\t\t<\/div>\n\t\t\t\t\t\t<\/div>\n\t\t\t\t<\/div>\n\t\t\t\t\t\t<\/div>\n\t\t\t\t\t<\/div>\n\t\t<\/div>\n\t\t\t\t<div class=\"elementor-column elementor-col-33 elementor-top-column elementor-element elementor-element-d7dc36d elementor-hidden-tablet elementor-hidden-phone\" data-id=\"d7dc36d\" data-element_type=\"column\">\n\t\t\t<div class=\"elementor-column-wrap elementor-element-populated\">\n\t\t\t\t\t\t\t<div class=\"elementor-widget-wrap\">\n\t\t\t\t\t\t<div class=\"elementor-element elementor-element-a5fe6bc elementor-widget elementor-widget-spacer\" data-id=\"a5fe6bc\" data-element_type=\"widget\" data-widget_type=\"spacer.default\">\n\t\t\t\t<div class=\"elementor-widget-container\">\n\t\t\t\t\t<div class=\"elementor-spacer\">\n\t\t\t<div class=\"elementor-spacer-inner\"><\/div>\n\t\t<\/div>\n\t\t\t\t<\/div>\n\t\t\t\t<\/div>\n\t\t\t\t<div class=\"elementor-element elementor-element-590b9c5 elementor-widget elementor-widget-spacer\" data-id=\"590b9c5\" data-element_type=\"widget\" data-widget_type=\"spacer.default\">\n\t\t\t\t<div class=\"elementor-widget-container\">\n\t\t\t\t\t<div class=\"elementor-spacer\">\n\t\t\t<div class=\"elementor-spacer-inner\"><\/div>\n\t\t<\/div>\n\t\t\t\t<\/div>\n\t\t\t\t<\/div>\n\t\t\t\t\t\t<\/div>\n\t\t\t\t\t<\/div>\n\t\t<\/div>\n\t\t\t\t<div class=\"elementor-column elementor-col-33 elementor-top-column elementor-element elementor-element-36849f9\" data-id=\"36849f9\" data-element_type=\"column\">\n\t\t\t<div class=\"elementor-column-wrap elementor-element-populated\">\n\t\t\t\t\t\t\t<div class=\"elementor-widget-wrap\">\n\t\t\t\t\t\t<div class=\"elementor-element elementor-element-8bb04bc elementor-widget elementor-widget-spacer\" data-id=\"8bb04bc\" data-element_type=\"widget\" data-widget_type=\"spacer.default\">\n\t\t\t\t<div class=\"elementor-widget-container\">\n\t\t\t\t\t<div class=\"elementor-spacer\">\n\t\t\t<div class=\"elementor-spacer-inner\"><\/div>\n\t\t<\/div>\n\t\t\t\t<\/div>\n\t\t\t\t<\/div>\n\t\t\t\t\t\t<\/div>\n\t\t\t\t\t<\/div>\n\t\t<\/div>\n\t\t\t\t\t\t\t\t<\/div>\n\t\t\t\t\t<\/div>\n\t\t<\/section>\n\t\t\t\t<section class=\"elementor-section elementor-top-section elementor-element elementor-element-c8fe715 elementor-section-boxed elementor-section-height-default elementor-section-height-default\" data-id=\"c8fe715\" data-element_type=\"section\" data-settings=\"{&quot;background_background&quot;:&quot;classic&quot;}\">\n\t\t\t\t\t\t<div class=\"elementor-container elementor-column-gap-default\">\n\t\t\t\t\t\t\t<div class=\"elementor-row\">\n\t\t\t\t\t<div class=\"elementor-column elementor-col-100 elementor-top-column elementor-element elementor-element-1aac734\" data-id=\"1aac734\" data-element_type=\"column\">\n\t\t\t<div class=\"elementor-column-wrap elementor-element-populated\">\n\t\t\t\t\t\t\t<div class=\"elementor-widget-wrap\">\n\t\t\t\t\t\t<div class=\"elementor-element elementor-element-28edb9f elementor-grid-eael-col-3 elementor-grid-tablet-eael-col-2 elementor-grid-mobile-eael-col-1 elementor-widget elementor-widget-eael-post-grid\" data-id=\"28edb9f\" data-element_type=\"widget\" data-settings=\"{&quot;eael_post_grid_columns&quot;:&quot;eael-col-3&quot;,&quot;eael_post_grid_columns_tablet&quot;:&quot;eael-col-2&quot;,&quot;eael_post_grid_columns_mobile&quot;:&quot;eael-col-1&quot;}\" data-widget_type=\"eael-post-grid.default\">\n\t\t\t\t<div class=\"elementor-widget-container\">\n\t\t\t<div id=\"eael-post-grid-28edb9f\" class=\"eael-post-grid-container\">\n            <div class=\"eael-post-grid eael-post-appender eael-post-appender-28edb9f eael-post-grid-style-default\" data-layout-mode=\"grid\"><article class=\"eael-grid-post eael-post-grid-column\" data-id=\"22263\">\n        <div class=\"eael-grid-post-holder\">\n            <div class=\"eael-grid-post-holder-inner\"><div class=\"eael-entry-media\"><div class=\"eael-entry-overlay fade-in\"><i class=\"far fa-hand-point-up\" aria-hidden=\"true\"><\/i><a href=\"https:\/\/www.iberbibliotecas.org\/por\/10-pasos-para-un-uso-reflexivo-critico-y-etico-de-la-ia\/\"><\/a><\/div><div class=\"eael-entry-thumbnail eael-image-ratio\">\n                <img width=\"300\" height=\"225\" src=\"https:\/\/www.iberbibliotecas.org\/wp-content\/uploads\/2026\/01\/IMG-20250612-WA0049-300x225.jpg\" class=\"attachment-medium size-medium\" alt=\"\" decoding=\"async\" loading=\"lazy\" srcset=\"https:\/\/www.iberbibliotecas.org\/wp-content\/uploads\/2026\/01\/IMG-20250612-WA0049-300x225.jpg 300w, https:\/\/www.iberbibliotecas.org\/wp-content\/uploads\/2026\/01\/IMG-20250612-WA0049-1024x768.jpg 1024w, https:\/\/www.iberbibliotecas.org\/wp-content\/uploads\/2026\/01\/IMG-20250612-WA0049-768x576.jpg 768w, https:\/\/www.iberbibliotecas.org\/wp-content\/uploads\/2026\/01\/IMG-20250612-WA0049-1536x1152.jpg 1536w, https:\/\/www.iberbibliotecas.org\/wp-content\/uploads\/2026\/01\/IMG-20250612-WA0049-16x12.jpg 16w, https:\/\/www.iberbibliotecas.org\/wp-content\/uploads\/2026\/01\/IMG-20250612-WA0049.jpg 1600w\" sizes=\"100vw\" \/>\n            <\/div>\n        <\/div><div class=\"eael-entry-wrapper\"><header class=\"eael-entry-header\"><h2 class=\"eael-entry-title\"><a\n                        class=\"eael-grid-post-link\"\n                        href=\"https:\/\/www.iberbibliotecas.org\/por\/10-pasos-para-un-uso-reflexivo-critico-y-etico-de-la-ia\/\"\n                        title=\"10 passos para um uso reflexivo, cr\u00edtico e \u00e9tico da IA\">10 passos para um uso reflexivo, cr\u00edtico e \u00e9tico da IA<\/a><\/h2><\/header><div class=\"eael-entry-header-after\"><div class=\"eael-entry-meta\"><span class=\"eael-posted-on\"><time datetime=\"janeiro 30, 2026\">janeiro 30, 2026<\/time><\/span><\/div><\/div><div class=\"eael-entry-content\">\n                        <div class=\"eael-grid-post-excerpt\"><p>10 pasos para un uso reflexivo, cr\u00edtico y \u00e9tico de la IA Pr\u00f3ximamente lanzaremos la...<\/p><a\n                            href=\"https:\/\/www.iberbibliotecas.org\/por\/10-pasos-para-un-uso-reflexivo-critico-y-etico-de-la-ia\/\"\n                            class=\"eael-post-elements-readmore-btn\">Ver mais<\/a><\/div>\n                    <\/div><\/div><\/div>\n        <\/div>\n    <\/article><article class=\"eael-grid-post eael-post-grid-column\" data-id=\"22231\">\n        <div class=\"eael-grid-post-holder\">\n            <div class=\"eael-grid-post-holder-inner\"><div class=\"eael-entry-media\"><div class=\"eael-entry-overlay fade-in\"><i class=\"far fa-hand-point-up\" aria-hidden=\"true\"><\/i><a href=\"https:\/\/www.iberbibliotecas.org\/por\/decalogo-de-casos-de-usos-de-ia-en-la-gestion-bibliotecaria\/\"><\/a><\/div><div class=\"eael-entry-thumbnail eael-image-ratio\">\n                <img width=\"300\" height=\"225\" src=\"https:\/\/www.iberbibliotecas.org\/wp-content\/uploads\/2026\/01\/Decalogo-de-casos-de-usos-de-IA-en-la-gestion-bibliotecaria-300x225.jpg\" class=\"attachment-medium size-medium\" alt=\"\" decoding=\"async\" loading=\"lazy\" srcset=\"https:\/\/www.iberbibliotecas.org\/wp-content\/uploads\/2026\/01\/Decalogo-de-casos-de-usos-de-IA-en-la-gestion-bibliotecaria-300x225.jpg 300w, https:\/\/www.iberbibliotecas.org\/wp-content\/uploads\/2026\/01\/Decalogo-de-casos-de-usos-de-IA-en-la-gestion-bibliotecaria-1024x768.jpg 1024w, https:\/\/www.iberbibliotecas.org\/wp-content\/uploads\/2026\/01\/Decalogo-de-casos-de-usos-de-IA-en-la-gestion-bibliotecaria-768x576.jpg 768w, https:\/\/www.iberbibliotecas.org\/wp-content\/uploads\/2026\/01\/Decalogo-de-casos-de-usos-de-IA-en-la-gestion-bibliotecaria-16x12.jpg 16w, https:\/\/www.iberbibliotecas.org\/wp-content\/uploads\/2026\/01\/Decalogo-de-casos-de-usos-de-IA-en-la-gestion-bibliotecaria.jpg 1280w\" sizes=\"100vw\" \/>\n            <\/div>\n        <\/div><div class=\"eael-entry-wrapper\"><header class=\"eael-entry-header\"><h2 class=\"eael-entry-title\"><a\n                        class=\"eael-grid-post-link\"\n                        href=\"https:\/\/www.iberbibliotecas.org\/por\/decalogo-de-casos-de-usos-de-ia-en-la-gestion-bibliotecaria\/\"\n                        title=\"Dec\u00e1logo de casos de uso de IA na gest\u00e3o de bibliotecas\">Dec\u00e1logo de casos de uso de IA na gest\u00e3o de bibliotecas<\/a><\/h2><\/header><div class=\"eael-entry-header-after\"><div class=\"eael-entry-meta\"><span class=\"eael-posted-on\"><time datetime=\"janeiro 30, 2026\">janeiro 30, 2026<\/time><\/span><\/div><\/div><div class=\"eael-entry-content\">\n                        <div class=\"eael-grid-post-excerpt\"><p>Dec\u00e1logo de casos de usos de IA en la gesti\u00f3n bibliotecaria Pr\u00f3ximamente lanzaremos la Gu\u00eda...<\/p><a\n                            href=\"https:\/\/www.iberbibliotecas.org\/por\/decalogo-de-casos-de-usos-de-ia-en-la-gestion-bibliotecaria\/\"\n                            class=\"eael-post-elements-readmore-btn\">Ver mais<\/a><\/div>\n                    <\/div><\/div><\/div>\n        <\/div>\n    <\/article><article class=\"eael-grid-post eael-post-grid-column\" data-id=\"21388\">\n        <div class=\"eael-grid-post-holder\">\n            <div class=\"eael-grid-post-holder-inner\"><div class=\"eael-entry-media\"><div class=\"eael-entry-overlay fade-in\"><i class=\"far fa-hand-point-up\" aria-hidden=\"true\"><\/i><a href=\"https:\/\/www.iberbibliotecas.org\/por\/iberbibliotecas-y-el-nuevo-programa-de-cooperacion\/\"><\/a><\/div><div class=\"eael-entry-thumbnail eael-image-ratio\">\n                <img width=\"300\" height=\"154\" src=\"https:\/\/www.iberbibliotecas.org\/wp-content\/uploads\/2025\/07\/Nuevo-programa_5-300x154.png\" class=\"attachment-medium size-medium\" alt=\"\" decoding=\"async\" loading=\"lazy\" srcset=\"https:\/\/www.iberbibliotecas.org\/wp-content\/uploads\/2025\/07\/Nuevo-programa_5-300x154.png 300w, https:\/\/www.iberbibliotecas.org\/wp-content\/uploads\/2025\/07\/Nuevo-programa_5-1024x525.png 1024w, https:\/\/www.iberbibliotecas.org\/wp-content\/uploads\/2025\/07\/Nuevo-programa_5-768x394.png 768w, https:\/\/www.iberbibliotecas.org\/wp-content\/uploads\/2025\/07\/Nuevo-programa_5-18x9.png 18w, https:\/\/www.iberbibliotecas.org\/wp-content\/uploads\/2025\/07\/Nuevo-programa_5.png 1035w\" sizes=\"100vw\" \/>\n            <\/div>\n        <\/div><div class=\"eael-entry-wrapper\"><header class=\"eael-entry-header\"><h2 class=\"eael-entry-title\"><a\n                        class=\"eael-grid-post-link\"\n                        href=\"https:\/\/www.iberbibliotecas.org\/por\/iberbibliotecas-y-el-nuevo-programa-de-cooperacion\/\"\n                        title=\"O Iberbibliotecas e o novo programa de coopera\u00e7\u00e3o\">O Iberbibliotecas e o novo programa de coopera\u00e7\u00e3o<\/a><\/h2><\/header><div class=\"eael-entry-header-after\"><div class=\"eael-entry-meta\"><span class=\"eael-posted-on\"><time datetime=\"julho 1, 2025\">julho 1, 2025<\/time><\/span><\/div><\/div><div class=\"eael-entry-content\">\n                        <div class=\"eael-grid-post-excerpt\"><p>Iberbibliotecas y el nuevo programa de cooperaci\u00f3n El pasado jueves 26 de julio se realiz\u00f3...<\/p><a\n                            href=\"https:\/\/www.iberbibliotecas.org\/por\/iberbibliotecas-y-el-nuevo-programa-de-cooperacion\/\"\n                            class=\"eael-post-elements-readmore-btn\">Ver mais<\/a><\/div>\n                    <\/div><\/div><\/div>\n        <\/div>\n    <\/article><article class=\"eael-grid-post eael-post-grid-column\" data-id=\"21371\">\n        <div class=\"eael-grid-post-holder\">\n            <div class=\"eael-grid-post-holder-inner\"><div class=\"eael-entry-media\"><div class=\"eael-entry-overlay fade-in\"><i class=\"far fa-hand-point-up\" aria-hidden=\"true\"><\/i><a href=\"https:\/\/www.iberbibliotecas.org\/por\/nuevos-estudiantes-en-nuestros-cursos\/\"><\/a><\/div><div class=\"eael-entry-thumbnail eael-image-ratio\">\n                <img width=\"300\" height=\"140\" src=\"https:\/\/www.iberbibliotecas.org\/wp-content\/uploads\/2025\/07\/Cursos_junio_2025_4-300x140.png\" class=\"attachment-medium size-medium\" alt=\"\" decoding=\"async\" loading=\"lazy\" srcset=\"https:\/\/www.iberbibliotecas.org\/wp-content\/uploads\/2025\/07\/Cursos_junio_2025_4-300x140.png 300w, https:\/\/www.iberbibliotecas.org\/wp-content\/uploads\/2025\/07\/Cursos_junio_2025_4-768x357.png 768w, https:\/\/www.iberbibliotecas.org\/wp-content\/uploads\/2025\/07\/Cursos_junio_2025_4-18x8.png 18w, https:\/\/www.iberbibliotecas.org\/wp-content\/uploads\/2025\/07\/Cursos_junio_2025_4.png 991w\" sizes=\"100vw\" \/>\n            <\/div>\n        <\/div><div class=\"eael-entry-wrapper\"><header class=\"eael-entry-header\"><h2 class=\"eael-entry-title\"><a\n                        class=\"eael-grid-post-link\"\n                        href=\"https:\/\/www.iberbibliotecas.org\/por\/nuevos-estudiantes-en-nuestros-cursos\/\"\n                        title=\"Nuevos estudiantes en nuestros cursos\">Nuevos estudiantes en nuestros cursos<\/a><\/h2><\/header><div class=\"eael-entry-header-after\"><div class=\"eael-entry-meta\"><span class=\"eael-posted-on\"><time datetime=\"julho 1, 2025\">julho 1, 2025<\/time><\/span><\/div><\/div><div class=\"eael-entry-content\">\n                        <div class=\"eael-grid-post-excerpt\"><p>145 personas comienzan formaci\u00f3n La \u00faltima semana de junio, comenzaron clases las personas que cursaran...<\/p><a\n                            href=\"https:\/\/www.iberbibliotecas.org\/por\/nuevos-estudiantes-en-nuestros-cursos\/\"\n                            class=\"eael-post-elements-readmore-btn\">Ver mais<\/a><\/div>\n                    <\/div><\/div><\/div>\n        <\/div>\n    <\/article><article class=\"eael-grid-post eael-post-grid-column\" data-id=\"21138\">\n        <div class=\"eael-grid-post-holder\">\n            <div class=\"eael-grid-post-holder-inner\"><div class=\"eael-entry-media\"><div class=\"eael-entry-overlay fade-in\"><i class=\"far fa-hand-point-up\" aria-hidden=\"true\"><\/i><a href=\"https:\/\/www.iberbibliotecas.org\/por\/masterclass\/\"><\/a><\/div><div class=\"eael-entry-thumbnail eael-image-ratio\">\n                <img width=\"240\" height=\"300\" src=\"https:\/\/www.iberbibliotecas.org\/wp-content\/uploads\/2025\/06\/master-1-240x300.png\" class=\"attachment-medium size-medium\" alt=\"\" decoding=\"async\" loading=\"lazy\" srcset=\"https:\/\/www.iberbibliotecas.org\/wp-content\/uploads\/2025\/06\/master-1-240x300.png 240w, https:\/\/www.iberbibliotecas.org\/wp-content\/uploads\/2025\/06\/master-1-819x1024.png 819w, https:\/\/www.iberbibliotecas.org\/wp-content\/uploads\/2025\/06\/master-1-768x960.png 768w, https:\/\/www.iberbibliotecas.org\/wp-content\/uploads\/2025\/06\/master-1-10x12.png 10w, https:\/\/www.iberbibliotecas.org\/wp-content\/uploads\/2025\/06\/master-1.png 1080w\" sizes=\"100vw\" \/>\n            <\/div>\n        <\/div><div class=\"eael-entry-wrapper\"><header class=\"eael-entry-header\"><h2 class=\"eael-entry-title\"><a\n                        class=\"eael-grid-post-link\"\n                        href=\"https:\/\/www.iberbibliotecas.org\/por\/masterclass\/\"\n                        title=\"MasterClass: uma nova op\u00e7\u00e3o de treinamento\">MasterClass: uma nova op\u00e7\u00e3o de treinamento<\/a><\/h2><\/header><div class=\"eael-entry-header-after\"><div class=\"eael-entry-meta\"><span class=\"eael-posted-on\"><time datetime=\"junho 4, 2025\">junho 4, 2025<\/time><\/span><\/div><\/div><div class=\"eael-entry-content\">\n                        <div class=\"eael-grid-post-excerpt\"><p>MasterClass: una nueva opci\u00f3n de formaci\u00f3n Desde este mes de junio de 2025, Iberbibliotecas lanza...<\/p><a\n                            href=\"https:\/\/www.iberbibliotecas.org\/por\/masterclass\/\"\n                            class=\"eael-post-elements-readmore-btn\">Ver mais<\/a><\/div>\n                    <\/div><\/div><\/div>\n        <\/div>\n    <\/article><article class=\"eael-grid-post eael-post-grid-column\" data-id=\"21107\">\n        <div class=\"eael-grid-post-holder\">\n            <div class=\"eael-grid-post-holder-inner\"><div class=\"eael-entry-media\"><div class=\"eael-entry-overlay fade-in\"><i class=\"far fa-hand-point-up\" aria-hidden=\"true\"><\/i><a href=\"https:\/\/www.iberbibliotecas.org\/por\/desarrollo-de-cursos-primer-semestre\/\"><\/a><\/div><div class=\"eael-entry-thumbnail eael-image-ratio\">\n                <img width=\"300\" height=\"151\" src=\"https:\/\/www.iberbibliotecas.org\/wp-content\/uploads\/2025\/06\/Imagen-6-300x151.jpg\" class=\"attachment-medium size-medium\" alt=\"\" decoding=\"async\" loading=\"lazy\" srcset=\"https:\/\/www.iberbibliotecas.org\/wp-content\/uploads\/2025\/06\/Imagen-6-300x151.jpg 300w, https:\/\/www.iberbibliotecas.org\/wp-content\/uploads\/2025\/06\/Imagen-6-1024x515.jpg 1024w, https:\/\/www.iberbibliotecas.org\/wp-content\/uploads\/2025\/06\/Imagen-6-768x386.jpg 768w, https:\/\/www.iberbibliotecas.org\/wp-content\/uploads\/2025\/06\/Imagen-6-1536x773.jpg 1536w, https:\/\/www.iberbibliotecas.org\/wp-content\/uploads\/2025\/06\/Imagen-6-18x9.jpg 18w, https:\/\/www.iberbibliotecas.org\/wp-content\/uploads\/2025\/06\/Imagen-6.jpg 2000w\" sizes=\"100vw\" \/>\n            <\/div>\n        <\/div><div class=\"eael-entry-wrapper\"><header class=\"eael-entry-header\"><h2 class=\"eael-entry-title\"><a\n                        class=\"eael-grid-post-link\"\n                        href=\"https:\/\/www.iberbibliotecas.org\/por\/desarrollo-de-cursos-primer-semestre\/\"\n                        title=\"Desenvolvimento de cursos do primeiro semestre\">Desenvolvimento de cursos do primeiro semestre<\/a><\/h2><\/header><div class=\"eael-entry-header-after\"><div class=\"eael-entry-meta\"><span class=\"eael-posted-on\"><time datetime=\"junho 4, 2025\">junho 4, 2025<\/time><\/span><\/div><\/div><div class=\"eael-entry-content\">\n                        <div class=\"eael-grid-post-excerpt\"><p>Desarrollo de cursos primer semestre La formaci\u00f3n permanente del personal bibliotecario se ha convertido en...<\/p><a\n                            href=\"https:\/\/www.iberbibliotecas.org\/por\/desarrollo-de-cursos-primer-semestre\/\"\n                            class=\"eael-post-elements-readmore-btn\">Ver mais<\/a><\/div>\n                    <\/div><\/div><\/div>\n        <\/div>\n    <\/article><article class=\"eael-grid-post eael-post-grid-column\" data-id=\"20464\">\n        <div class=\"eael-grid-post-holder\">\n            <div class=\"eael-grid-post-holder-inner\"><div class=\"eael-entry-media\"><div class=\"eael-entry-overlay fade-in\"><i class=\"far fa-hand-point-up\" aria-hidden=\"true\"><\/i><a href=\"https:\/\/www.iberbibliotecas.org\/por\/iberbibliotecas-trabaja-en-su-proximo-plan-estrategico\/\"><\/a><\/div><div class=\"eael-entry-thumbnail eael-image-ratio\">\n                <img width=\"300\" height=\"225\" src=\"https:\/\/www.iberbibliotecas.org\/wp-content\/uploads\/2025\/03\/Foto-principal-300x225.jpeg\" class=\"attachment-medium size-medium\" alt=\"Iberbibliotecas trabaja en su pr\u00f3ximo plan estrat\u00e9gico\" decoding=\"async\" loading=\"lazy\" srcset=\"https:\/\/www.iberbibliotecas.org\/wp-content\/uploads\/2025\/03\/Foto-principal-300x225.jpeg 300w, https:\/\/www.iberbibliotecas.org\/wp-content\/uploads\/2025\/03\/Foto-principal-1024x768.jpeg 1024w, https:\/\/www.iberbibliotecas.org\/wp-content\/uploads\/2025\/03\/Foto-principal-768x576.jpeg 768w, https:\/\/www.iberbibliotecas.org\/wp-content\/uploads\/2025\/03\/Foto-principal-1536x1152.jpeg 1536w, https:\/\/www.iberbibliotecas.org\/wp-content\/uploads\/2025\/03\/Foto-principal-16x12.jpeg 16w, https:\/\/www.iberbibliotecas.org\/wp-content\/uploads\/2025\/03\/Foto-principal.jpeg 1600w\" sizes=\"100vw\" \/>\n            <\/div>\n        <\/div><div class=\"eael-entry-wrapper\"><header class=\"eael-entry-header\"><h2 class=\"eael-entry-title\"><a\n                        class=\"eael-grid-post-link\"\n                        href=\"https:\/\/www.iberbibliotecas.org\/por\/iberbibliotecas-trabaja-en-su-proximo-plan-estrategico\/\"\n                        title=\"Iberbibliotecas trabalha no seu pr\u00f3ximo plano estrat\u00e9gico\">Iberbibliotecas trabalha no seu pr\u00f3ximo plano estrat\u00e9gico<\/a><\/h2><\/header><div class=\"eael-entry-header-after\"><div class=\"eael-entry-meta\"><span class=\"eael-posted-on\"><time datetime=\"mar\u00e7o 5, 2025\">mar\u00e7o 5, 2025<\/time><\/span><\/div><\/div><div class=\"eael-entry-content\">\n                        <div class=\"eael-grid-post-excerpt\"><p>Iberbibliotecas trabaja en su pr\u00f3ximo plan estrat\u00e9gico Los d\u00edas 26 y 27 de febrero de...<\/p><a\n                            href=\"https:\/\/www.iberbibliotecas.org\/por\/iberbibliotecas-trabaja-en-su-proximo-plan-estrategico\/\"\n                            class=\"eael-post-elements-readmore-btn\">Ver mais<\/a><\/div>\n                    <\/div><\/div><\/div>\n        <\/div>\n    <\/article><article class=\"eael-grid-post eael-post-grid-column\" data-id=\"20456\">\n        <div class=\"eael-grid-post-holder\">\n            <div class=\"eael-grid-post-holder-inner\"><div class=\"eael-entry-media\"><div class=\"eael-entry-overlay fade-in\"><i class=\"far fa-hand-point-up\" aria-hidden=\"true\"><\/i><a href=\"https:\/\/www.iberbibliotecas.org\/por\/nuevodirectorbibliotecanacionalecuador\/\"><\/a><\/div><div class=\"eael-entry-thumbnail eael-image-ratio\">\n                <img width=\"300\" height=\"225\" src=\"https:\/\/www.iberbibliotecas.org\/wp-content\/uploads\/2025\/03\/Foto-principal-nota-300x225.jpeg\" class=\"attachment-medium size-medium\" alt=\"\" decoding=\"async\" loading=\"lazy\" srcset=\"https:\/\/www.iberbibliotecas.org\/wp-content\/uploads\/2025\/03\/Foto-principal-nota-300x225.jpeg 300w, https:\/\/www.iberbibliotecas.org\/wp-content\/uploads\/2025\/03\/Foto-principal-nota-1024x768.jpeg 1024w, https:\/\/www.iberbibliotecas.org\/wp-content\/uploads\/2025\/03\/Foto-principal-nota-768x576.jpeg 768w, https:\/\/www.iberbibliotecas.org\/wp-content\/uploads\/2025\/03\/Foto-principal-nota-16x12.jpeg 16w, https:\/\/www.iberbibliotecas.org\/wp-content\/uploads\/2025\/03\/Foto-principal-nota.jpeg 1280w\" sizes=\"100vw\" \/>\n            <\/div>\n        <\/div><div class=\"eael-entry-wrapper\"><header class=\"eael-entry-header\"><h2 class=\"eael-entry-title\"><a\n                        class=\"eael-grid-post-link\"\n                        href=\"https:\/\/www.iberbibliotecas.org\/por\/nuevodirectorbibliotecanacionalecuador\/\"\n                        title=\"Entrevista com Alfonso Espinosa, novo diretor da Biblioteca Nacional do Equador\">Entrevista com Alfonso Espinosa, novo diretor da Biblioteca Nacional do Equador<\/a><\/h2><\/header><div class=\"eael-entry-header-after\"><div class=\"eael-entry-meta\"><span class=\"eael-posted-on\"><time datetime=\"mar\u00e7o 3, 2025\">mar\u00e7o 3, 2025<\/time><\/span><\/div><\/div><div class=\"eael-entry-content\">\n                        <div class=\"eael-grid-post-excerpt\"><p>Entrevista con Alfonso Espinosa, nuevo director Biblioteca Nacional de Ecuador Alfonso Espinosa es un escritor,...<\/p><a\n                            href=\"https:\/\/www.iberbibliotecas.org\/por\/nuevodirectorbibliotecanacionalecuador\/\"\n                            class=\"eael-post-elements-readmore-btn\">Ver mais<\/a><\/div>\n                    <\/div><\/div><\/div>\n        <\/div>\n    <\/article><\/div>\n            <div class=\"clearfix\"><\/div>\n        <\/div>            <div class=\"eael-load-more-button-wrap\">\n                <button class=\"eael-load-more-button\" id=\"eael-load-more-btn-28edb9f\" data-widget-id=\"28edb9f\" data-widget=\"28edb9f\" data-page-id=\"1191\" data-nonce=\"86cf78cb0e\" data-template=\"{&quot;dir&quot;:&quot;lite&quot;,&quot;file_name&quot;:&quot;default.php&quot;,&quot;name&quot;:&quot;Post-Grid&quot;}\" data-class=\"Essential_Addons_Elementor\\Elements\\Post_Grid\" data-layout=\"grid\" data-page=\"1\" data-args=\"orderby=date&amp;order=desc&amp;ignore_sticky_posts=1&amp;post_status=publish&amp;posts_per_page=8&amp;offset=0&amp;post_type=post&amp;tax_query%5B0%5D%5Btaxonomy%5D=category&amp;tax_query%5B0%5D%5Bfield%5D=term_id&amp;tax_query%5B0%5D%5Bterms%5D%5B0%5D=34&amp;tax_query%5Brelation%5D=AND\" data-max-page=\"3\">\n                    <div class=\"eael-btn-loader button__loader\"><\/div>\n                    <span>Cargar m\u00e1s<\/span>\n                <\/button>\n            <\/div>\n        \t\t<\/div>\n\t\t\t\t<\/div>\n\t\t\t\t\t\t<\/div>\n\t\t\t\t\t<\/div>\n\t\t<\/div>\n\t\t\t\t\t\t\t\t<\/div>\n\t\t\t\t\t<\/div>\n\t\t<\/section>\n\t\t\t\t\t\t\t\t\t<\/div>\n\t\t\t<\/div>\n\t\t\t\t\t<\/div>","protected":false},"excerpt":{"rendered":"<p>Comunicados COMUNICADOS \u00bfQU\u00c9 ENCONTRAR\u00c1S? Ent\u00e9rate de las novedades del\u00a0programa. Bibliotecaria costarricense y becaria de Iberbibliotecas viaja a S\u00e3o Paulo septiembre 9, 2024 Bibliotecaria costarricense y becaria de Iberbibliotecas viaja a &hellip; <\/p>\n<p class=\"link-more\"><a href=\"https:\/\/www.iberbibliotecas.org\/por\/nuevodirectorbibliotecanacionalecuador\/\" class=\"more-link\">Continue lendo<span class=\"screen-reader-text\"> &#8220;Entrevista con Alfonso Espinosa, nuevo director Biblioteca Nacional de Ecuador&#8221;<\/span><\/a><\/p>","protected":false},"author":1,"featured_media":0,"parent":0,"menu_order":0,"comment_status":"closed","ping_status":"closed","template":"elementor_canvas","meta":{"_EventAllDay":false,"_EventTimezone":"","_EventStartDate":"","_EventEndDate":"","_EventStartDateUTC":"","_EventEndDateUTC":"","_EventShowMap":false,"_EventShowMapLink":false,"_EventURL":"","_EventCost":"","_EventCostDescription":"","_EventCurrencySymbol":"","_EventCurrencyCode":"","_EventCurrencyPosition":"","_EventDateTimeSeparator":"","_EventTimeRangeSeparator":"","_EventOrganizerID":[],"_EventVenueID":0,"_OrganizerEmail":"","_OrganizerPhone":"","_OrganizerWebsite":"","_VenueAddress":"","_VenueCity":"","_VenueCountry":"","_VenueProvince":"","_VenueZip":"","_VenuePhone":"","_VenueURL":"","_VenueStateProvince":"","_VenueLat":"","_VenueLng":""},"yoast_head":"<!-- This site is optimized with the Yoast SEO plugin v20.11 - https:\/\/yoast.com\/wordpress\/plugins\/seo\/ -->\n<title>Comunicados - Iberbibliotecas<\/title>\n<meta name=\"robots\" content=\"index, follow, max-snippet:-1, max-image-preview:large, max-video-preview:-1\" \/>\n<link rel=\"canonical\" href=\"https:\/\/www.iberbibliotecas.org\/por\/comunicados\/\" \/>\n<meta property=\"og:locale\" content=\"pt_BR\" \/>\n<meta property=\"og:type\" content=\"article\" \/>\n<meta property=\"og:title\" content=\"Comunicados - Iberbibliotecas\" \/>\n<meta property=\"og:description\" content=\"Comunicados COMUNICADOS \u00bfQU\u00c9 ENCONTRAR\u00c1S? Ent\u00e9rate de las novedades del\u00a0programa. Bibliotecaria costarricense y becaria de Iberbibliotecas viaja a S\u00e3o Paulo septiembre 9, 2024 Bibliotecaria costarricense y becaria de Iberbibliotecas viaja a &hellip; Continue lendo &quot;Entrevista con Alfonso Espinosa, nuevo director Biblioteca Nacional de Ecuador&quot;\" \/>\n<meta property=\"og:url\" content=\"https:\/\/www.iberbibliotecas.org\/por\/comunicados\/\" \/>\n<meta property=\"og:site_name\" content=\"Iberbibliotecas\" \/>\n<meta property=\"article:modified_time\" content=\"2025-03-05T14:37:27+00:00\" \/>\n<meta property=\"og:image\" content=\"https:\/\/www.iberbibliotecas.org\/wp-content\/uploads\/2024\/09\/CatalinaHernandezSalazarBibliotecaPublicaMoravia-226x300.jpeg\" \/>\n<meta name=\"twitter:card\" content=\"summary_large_image\" \/>\n<meta name=\"twitter:label1\" content=\"Est. tempo de leitura\" \/>\n\t<meta name=\"twitter:data1\" content=\"3 minutos\" \/>\n<script type=\"application\/ld+json\" class=\"yoast-schema-graph\">{\"@context\":\"https:\/\/schema.org\",\"@graph\":[{\"@type\":\"WebPage\",\"@id\":\"https:\/\/www.iberbibliotecas.org\/comunicados\/\",\"url\":\"https:\/\/www.iberbibliotecas.org\/comunicados\/\",\"name\":\"Comunicados - Iberbibliotecas\",\"isPartOf\":{\"@id\":\"https:\/\/www.iberbibliotecas.org\/#website\"},\"datePublished\":\"2021-01-06T21:37:35+00:00\",\"dateModified\":\"2025-03-05T14:37:27+00:00\",\"breadcrumb\":{\"@id\":\"https:\/\/www.iberbibliotecas.org\/comunicados\/#breadcrumb\"},\"inLanguage\":\"pt-BR\",\"potentialAction\":[{\"@type\":\"ReadAction\",\"target\":[\"https:\/\/www.iberbibliotecas.org\/comunicados\/\"]}]},{\"@type\":\"BreadcrumbList\",\"@id\":\"https:\/\/www.iberbibliotecas.org\/comunicados\/#breadcrumb\",\"itemListElement\":[{\"@type\":\"ListItem\",\"position\":1,\"name\":\"Inicio\",\"item\":\"https:\/\/www.iberbibliotecas.org\/\"},{\"@type\":\"ListItem\",\"position\":2,\"name\":\"Comunicados\"}]},{\"@type\":\"WebSite\",\"@id\":\"https:\/\/www.iberbibliotecas.org\/#website\",\"url\":\"https:\/\/www.iberbibliotecas.org\/\",\"name\":\"Iberbibliotecas\",\"description\":\"\",\"publisher\":{\"@id\":\"https:\/\/www.iberbibliotecas.org\/#organization\"},\"potentialAction\":[{\"@type\":\"SearchAction\",\"target\":{\"@type\":\"EntryPoint\",\"urlTemplate\":\"https:\/\/www.iberbibliotecas.org\/?s={search_term_string}\"},\"query-input\":\"required name=search_term_string\"}],\"inLanguage\":\"pt-BR\"},{\"@type\":\"Organization\",\"@id\":\"https:\/\/www.iberbibliotecas.org\/#organization\",\"name\":\"Iberbibliotecas\",\"url\":\"https:\/\/www.iberbibliotecas.org\/\",\"logo\":{\"@type\":\"ImageObject\",\"inLanguage\":\"pt-BR\",\"@id\":\"https:\/\/www.iberbibliotecas.org\/#\/schema\/logo\/image\/\",\"url\":\"https:\/\/www.iberbibliotecas.org\/wp-content\/uploads\/2021\/03\/logo_c_ib.png\",\"contentUrl\":\"https:\/\/www.iberbibliotecas.org\/wp-content\/uploads\/2021\/03\/logo_c_ib.png\",\"width\":289,\"height\":180,\"caption\":\"Iberbibliotecas\"},\"image\":{\"@id\":\"https:\/\/www.iberbibliotecas.org\/#\/schema\/logo\/image\/\"}}]}<\/script>\n<!-- \/ Yoast SEO plugin. -->","yoast_head_json":{"title":"Comunicados - Iberbibliotecas","robots":{"index":"index","follow":"follow","max-snippet":"max-snippet:-1","max-image-preview":"max-image-preview:large","max-video-preview":"max-video-preview:-1"},"canonical":"https:\/\/www.iberbibliotecas.org\/por\/comunicados\/","og_locale":"pt_BR","og_type":"article","og_title":"Comunicados - Iberbibliotecas","og_description":"Comunicados COMUNICADOS \u00bfQU\u00c9 ENCONTRAR\u00c1S? Ent\u00e9rate de las novedades del\u00a0programa. Bibliotecaria costarricense y becaria de Iberbibliotecas viaja a S\u00e3o Paulo septiembre 9, 2024 Bibliotecaria costarricense y becaria de Iberbibliotecas viaja a &hellip; Continue lendo \"Entrevista con Alfonso Espinosa, nuevo director Biblioteca Nacional de Ecuador\"","og_url":"https:\/\/www.iberbibliotecas.org\/por\/comunicados\/","og_site_name":"Iberbibliotecas","article_modified_time":"2025-03-05T14:37:27+00:00","og_image":[{"url":"https:\/\/www.iberbibliotecas.org\/wp-content\/uploads\/2024\/09\/CatalinaHernandezSalazarBibliotecaPublicaMoravia-226x300.jpeg"}],"twitter_card":"summary_large_image","twitter_misc":{"Est. tempo de leitura":"3 minutos"},"schema":{"@context":"https:\/\/schema.org","@graph":[{"@type":"WebPage","@id":"https:\/\/www.iberbibliotecas.org\/comunicados\/","url":"https:\/\/www.iberbibliotecas.org\/comunicados\/","name":"Comunicados - Iberbibliotecas","isPartOf":{"@id":"https:\/\/www.iberbibliotecas.org\/#website"},"datePublished":"2021-01-06T21:37:35+00:00","dateModified":"2025-03-05T14:37:27+00:00","breadcrumb":{"@id":"https:\/\/www.iberbibliotecas.org\/comunicados\/#breadcrumb"},"inLanguage":"pt-BR","potentialAction":[{"@type":"ReadAction","target":["https:\/\/www.iberbibliotecas.org\/comunicados\/"]}]},{"@type":"BreadcrumbList","@id":"https:\/\/www.iberbibliotecas.org\/comunicados\/#breadcrumb","itemListElement":[{"@type":"ListItem","position":1,"name":"Inicio","item":"https:\/\/www.iberbibliotecas.org\/"},{"@type":"ListItem","position":2,"name":"Comunicados"}]},{"@type":"WebSite","@id":"https:\/\/www.iberbibliotecas.org\/#website","url":"https:\/\/www.iberbibliotecas.org\/","name":"Iberbibliotecas","description":"","publisher":{"@id":"https:\/\/www.iberbibliotecas.org\/#organization"},"potentialAction":[{"@type":"SearchAction","target":{"@type":"EntryPoint","urlTemplate":"https:\/\/www.iberbibliotecas.org\/?s={search_term_string}"},"query-input":"required name=search_term_string"}],"inLanguage":"pt-BR"},{"@type":"Organization","@id":"https:\/\/www.iberbibliotecas.org\/#organization","name":"Iberbibliotecas","url":"https:\/\/www.iberbibliotecas.org\/","logo":{"@type":"ImageObject","inLanguage":"pt-BR","@id":"https:\/\/www.iberbibliotecas.org\/#\/schema\/logo\/image\/","url":"https:\/\/www.iberbibliotecas.org\/wp-content\/uploads\/2021\/03\/logo_c_ib.png","contentUrl":"https:\/\/www.iberbibliotecas.org\/wp-content\/uploads\/2021\/03\/logo_c_ib.png","width":289,"height":180,"caption":"Iberbibliotecas"},"image":{"@id":"https:\/\/www.iberbibliotecas.org\/#\/schema\/logo\/image\/"}}]}},"_links":{"self":[{"href":"https:\/\/www.iberbibliotecas.org\/por\/wp-json\/wp\/v2\/pages\/1191"}],"collection":[{"href":"https:\/\/www.iberbibliotecas.org\/por\/wp-json\/wp\/v2\/pages"}],"about":[{"href":"https:\/\/www.iberbibliotecas.org\/por\/wp-json\/wp\/v2\/types\/page"}],"author":[{"embeddable":true,"href":"https:\/\/www.iberbibliotecas.org\/por\/wp-json\/wp\/v2\/users\/1"}],"replies":[{"embeddable":true,"href":"https:\/\/www.iberbibliotecas.org\/por\/wp-json\/wp\/v2\/comments?post=1191"}],"version-history":[{"count":48,"href":"https:\/\/www.iberbibliotecas.org\/por\/wp-json\/wp\/v2\/pages\/1191\/revisions"}],"predecessor-version":[{"id":20432,"href":"https:\/\/www.iberbibliotecas.org\/por\/wp-json\/wp\/v2\/pages\/1191\/revisions\/20432"}],"wp:attachment":[{"href":"https:\/\/www.iberbibliotecas.org\/por\/wp-json\/wp\/v2\/media?parent=1191"}],"curies":[{"name":"wp","href":"https:\/\/api.w.org\/{rel}","templated":true}]}}