{"id":12317,"date":"2021-08-17T22:28:52","date_gmt":"2021-08-17T22:28:52","guid":{"rendered":"http:\/\/200.91.193.126\/wordpress?page_id=12317"},"modified":"2021-08-18T00:23:36","modified_gmt":"2021-08-18T00:23:36","slug":"laboratorios","status":"publish","type":"page","link":"https:\/\/www.iberbibliotecas.org\/por\/experiencias\/laboratorios\/","title":{"rendered":"Bibliotecas como Laboratorios Cidad\u00e3os"},"content":{"rendered":"<div data-elementor-type=\"wp-page\" data-elementor-id=\"12317\" class=\"elementor elementor-12317\">\n\t\t\t\t\t\t<div class=\"elementor-inner\">\n\t\t\t\t<div class=\"elementor-section-wrap\">\n\t\t\t\t\t\t\t\t\t<section class=\"elementor-section elementor-top-section elementor-element elementor-element-fcf664f elementor-section-boxed elementor-section-height-default elementor-section-height-default\" data-id=\"fcf664f\" data-element_type=\"section\">\n\t\t\t\t\t\t<div class=\"elementor-container elementor-column-gap-default\">\n\t\t\t\t\t\t\t<div class=\"elementor-row\">\n\t\t\t\t\t<div class=\"elementor-column elementor-col-100 elementor-top-column elementor-element elementor-element-fb35cb3\" data-id=\"fb35cb3\" data-element_type=\"column\">\n\t\t\t<div class=\"elementor-column-wrap elementor-element-populated\">\n\t\t\t\t\t\t\t<div class=\"elementor-widget-wrap\">\n\t\t\t\t\t\t<div class=\"elementor-element elementor-element-bcc86de elementor-widget elementor-widget-heading\" data-id=\"bcc86de\" data-element_type=\"widget\" data-widget_type=\"heading.default\">\n\t\t\t\t<div class=\"elementor-widget-container\">\n\t\t\t<h2 class=\"elementor-heading-title elementor-size-default\">Bibliotecas como Laboratorios Cidad\u00e3os<\/h2>\t\t<\/div>\n\t\t\t\t<\/div>\n\t\t\t\t\t\t<\/div>\n\t\t\t\t\t<\/div>\n\t\t<\/div>\n\t\t\t\t\t\t\t\t<\/div>\n\t\t\t\t\t<\/div>\n\t\t<\/section>\n\t\t\t\t<section class=\"elementor-section elementor-top-section elementor-element elementor-element-9e1455b elementor-section-boxed elementor-section-height-default elementor-section-height-default\" data-id=\"9e1455b\" data-element_type=\"section\">\n\t\t\t\t\t\t<div class=\"elementor-container elementor-column-gap-default\">\n\t\t\t\t\t\t\t<div class=\"elementor-row\">\n\t\t\t\t\t<div class=\"elementor-column elementor-col-50 elementor-top-column elementor-element elementor-element-0e42a65\" data-id=\"0e42a65\" data-element_type=\"column\">\n\t\t\t<div class=\"elementor-column-wrap elementor-element-populated\">\n\t\t\t\t\t\t\t<div class=\"elementor-widget-wrap\">\n\t\t\t\t\t\t<div class=\"elementor-element elementor-element-e3df0fc elementor-widget elementor-widget-heading\" data-id=\"e3df0fc\" data-element_type=\"widget\" id=\"btnlbt\" data-widget_type=\"heading.default\">\n\t\t\t\t<div class=\"elementor-widget-container\">\n\t\t\t<h2 class=\"elementor-heading-title elementor-size-default\">Caixa de Ferramentas<\/h2>\t\t<\/div>\n\t\t\t\t<\/div>\n\t\t\t\t<div class=\"elementor-element elementor-element-bbe0372 elementor-widget elementor-widget-heading\" data-id=\"bbe0372\" data-element_type=\"widget\" data-widget_type=\"heading.default\">\n\t\t\t\t<div class=\"elementor-widget-container\">\n\t\t\t<h2 class=\"elementor-heading-title elementor-size-default\">Workshop e sess\u00f5es de mentoria<\/h2>\t\t<\/div>\n\t\t\t\t<\/div>\n\t\t\t\t<div class=\"elementor-element elementor-element-816f53c elementor-widget elementor-widget-heading\" data-id=\"816f53c\" data-element_type=\"widget\" data-widget_type=\"heading.default\">\n\t\t\t\t<div class=\"elementor-widget-container\">\n\t\t\t<h2 class=\"elementor-heading-title elementor-size-default\">Taller en espa\u00f1ol - 30 de agosto y 1, 6 y 8 de septiembre<\/h2>\t\t<\/div>\n\t\t\t\t<\/div>\n\t\t\t\t<div class=\"elementor-element elementor-element-5a0d251 elementor-widget elementor-widget-heading\" data-id=\"5a0d251\" data-element_type=\"widget\" data-widget_type=\"heading.default\">\n\t\t\t\t<div class=\"elementor-widget-container\">\n\t\t\t<h2 class=\"elementor-heading-title elementor-size-default\">Mentor\u00edas: 2 e 9 de setembro no mesmo hor\u00e1rio do workshop\u00a0\u00a0<\/h2>\t\t<\/div>\n\t\t\t\t<\/div>\n\t\t\t\t<div class=\"elementor-element elementor-element-4e13896 elementor-widget elementor-widget-text-editor\" data-id=\"4e13896\" data-element_type=\"widget\" data-widget_type=\"text-editor.default\">\n\t\t\t\t<div class=\"elementor-widget-container\">\n\t\t\t\t\t\t\t\t<div class=\"elementor-text-editor elementor-clearfix\">\n\t\t\t\t<p>Iberbibliotecas oferece um workshop online e sess\u00f5es de assessoria\/mentoria para a implanta\u00e7\u00e3o de laborat\u00f3rios cidad\u00e3os em bibliotecas da regi\u00e3o ibero-americana. O objetivo \u00e9 compartilhar as ferramentas que permitem a qualquer biblioteca realizar uma experi\u00eancia piloto de laborat\u00f3rio cidad\u00e3o durante o m\u00eas de novembro no \u00e2mbito do programa <a href=\"https:\/\/www.medialab-prado.es\/programas\/laboratorios-ciudadanos-distribuidos-innovacion-ciudadana-en-bibliotecas-y-otras\">Laborat\u00f3rios Cidad\u00e3os Distribu\u00eddos. Inova\u00e7\u00e3o cidad\u00e3 em bibliotecas e outras institui\u00e7\u00f5es culturais<\/a> promovidas pelo Medialab Prado e o Minist\u00e9rio da Cultura da Espanha.<\/p><p><!-- \/wp:paragraph --><\/p><p><!-- wp:paragraph --><\/p><p>Os laborat\u00f3rios cidad\u00e3os s\u00e3o locais abertos \u00e0 participa\u00e7\u00e3o de qualquer pessoa para o\ncolabora\u00e7\u00e3o, experimenta\u00e7\u00e3o e cria\u00e7\u00e3o coletiva de iniciativas que buscam melhorar\nvida em comum. Muitas bibliotecas est\u00e3o explorando maneiras de habilitar esses tipos de espa\u00e7os.<\/p><p><!-- \/wp:paragraph --><\/p><p><!-- wp:paragraph --><\/p><p>Uma vers\u00e3o do workshop \u00e9 oferecida em espanhol e outra em portugu\u00eas. Cada um com no m\u00e1ximo 50 participantes em cada idioma.<\/p><p><!-- \/wp:paragraph --><\/p><p><!-- wp:paragraph --><\/p><p>Para a sele\u00e7\u00e3o, ser\u00e1 avaliada a diversidade geogr\u00e1fica dos participantes e o grau de conhecimento da metodologia de laborat\u00f3rios cidad\u00e3os. Embora n\u00e3o seja necess\u00e1rio ter conclu\u00eddo o curso <a href=\"https:\/\/curso2021.labsbibliotecarios.es\/contenidos-del-curso\/\">Como montar um laborat\u00f3rio cidad\u00e3o e construir redes de colabora\u00e7\u00e3o,<\/a>ser\u00e1 dada prioridade \u00e0queles que o tenham feito, bem como \u00e0s bibliotecas que se inscreveram para organizar um laborat\u00f3rio cidad\u00e3o entre setembro e dezembro.<\/p><p><!-- \/wp:paragraph --><\/p><p><!-- wp:paragraph --><\/p><p>O workshop ser\u00e1 ministrado por Marcos Garc\u00eda e Cinthia Mendon\u00e7a, gestores culturais com larga experi\u00eancia na organiza\u00e7\u00e3o de laborat\u00f3rios cidad\u00e3os.<\/p><p><!-- \/wp:paragraph --><\/p><p><!-- wp:paragraph --><\/p>\t\t\t\t\t<\/div>\n\t\t\t\t\t\t<\/div>\n\t\t\t\t<\/div>\n\t\t\t\t<div class=\"elementor-element elementor-element-2d5b494 elementor-widget elementor-widget-heading\" data-id=\"2d5b494\" data-element_type=\"widget\" id=\"btnblbc\" data-widget_type=\"heading.default\">\n\t\t\t\t<div class=\"elementor-widget-container\">\n\t\t\t<h2 class=\"elementor-heading-title elementor-size-default\">Bibliotecas como Laboratorios Cidad\u00e3os<\/h2>\t\t<\/div>\n\t\t\t\t<\/div>\n\t\t\t\t<div class=\"elementor-element elementor-element-c312e6c elementor-widget elementor-widget-text-editor\" data-id=\"c312e6c\" data-element_type=\"widget\" data-widget_type=\"text-editor.default\">\n\t\t\t\t<div class=\"elementor-widget-container\">\n\t\t\t\t\t\t\t\t<div class=\"elementor-text-editor elementor-clearfix\">\n\t\t\t\t<p>Caixa de Ferramentas<\/p><p><!-- \/wp:paragraph --><\/p><p><!-- wp:paragraph --><\/p><p><strong>Sess\u00e3o 1.<\/strong><\/p><p><!-- \/wp:paragraph --><\/p><p><!-- wp:paragraph --><\/p><p>O que s\u00e3o laborat\u00f3rios cidad\u00e3os? Por que nas bibliotecas? Por que online?<\/p><p><!-- \/wp:paragraph --><\/p><p><!-- wp:paragraph --><\/p><p>Ferramenta: convocat\u00f3rias abertas para projetos e colaboradores.<\/p><p><!-- \/wp:paragraph --><\/p><p><!-- wp:paragraph --><\/p><p><strong>Sess\u00e3o 2.<\/strong><\/p><p><!-- \/wp:paragraph --><\/p><p><!-- wp:paragraph --><\/p><p>O que \u00e9 media\u00e7\u00e3o cultural em laborat\u00f3rio? Como possibilitar um ponto de encontro para experimenta\u00e7\u00e3o, colabora\u00e7\u00e3o e cria\u00e7\u00e3o coletiva de projetos que busquem melhorar a conviv\u00eancia?<\/p><p><!-- \/wp:paragraph --><\/p><p><!-- wp:paragraph --><\/p><p>Ferramenta: media\u00e7\u00e3o.<\/p><p><!-- \/wp:paragraph --><\/p><p><!-- wp:paragraph --><\/p><p><strong>Sess\u00e3o 3.<\/strong><\/p><p><!-- \/wp:paragraph --><\/p><p><!-- wp:paragraph --><\/p><p>Arquiteturas de laborat\u00f3rios cidad\u00e3os. Como construir ambientes que facilitem a colabora\u00e7\u00e3o e experimenta\u00e7\u00e3o?<\/p><p><!-- \/wp:paragraph --><\/p><p><!-- wp:paragraph --><\/p><p>Workshops de prototipagem colaborativa. O que \u00e9 um prot\u00f3tipo?<\/p><p><!-- \/wp:paragraph --><\/p><p><!-- wp:paragraph --><\/p><p>Ferramenta: colabora\u00e7\u00e3o.<\/p><p><!-- \/wp:paragraph --><\/p><p><!-- wp:paragraph --><\/p><p><strong>Sess\u00e3o 4<\/strong>.<\/p><p><!-- \/wp:paragraph --><\/p><p><!-- wp:paragraph --><\/p><p>Aprendizagem compartilhada. Como divulgar os resultados e compartilhar as aprendizagens de um laborat\u00f3rio cidad\u00e3o?<\/p><p><!-- \/wp:paragraph --><\/p><p><!-- wp:paragraph --><\/p><p>Documentaci\u00f3n. El reto de la replicabilidad. La colaboraci\u00f3n entre laboratorios ciudadanos. Herramienta: la documentaci\u00f3n.<\/p>\t\t\t\t\t<\/div>\n\t\t\t\t\t\t<\/div>\n\t\t\t\t<\/div>\n\t\t\t\t<div class=\"elementor-element elementor-element-a0e8aa0 elementor-widget elementor-widget-heading\" data-id=\"a0e8aa0\" data-element_type=\"widget\" id=\"btnMlb\" data-widget_type=\"heading.default\">\n\t\t\t\t<div class=\"elementor-widget-container\">\n\t\t\t<h2 class=\"elementor-heading-title elementor-size-default\">Mentores<\/h2>\t\t<\/div>\n\t\t\t\t<\/div>\n\t\t\t\t<div class=\"elementor-element elementor-element-fdee51e elementor-widget elementor-widget-text-editor\" data-id=\"fdee51e\" data-element_type=\"widget\" data-widget_type=\"text-editor.default\">\n\t\t\t\t<div class=\"elementor-widget-container\">\n\t\t\t\t\t\t\t\t<div class=\"elementor-text-editor elementor-clearfix\">\n\t\t\t\t<p>Marcos Garc\u00eda atua na \u00e1rea de laborat\u00f3rios cidad\u00e3os. Entre 2003 e 2021 trabalhou na Medialab Prado onde foi seu diretor nos \u00faltimos sete anos. Presentemente, coordena o projecto Rede Laborat\u00f3rio Cidad\u00e3o da Comunidade de Madrid, promovido pela Funda\u00e7\u00e3o Madri + d para o Conhecimento. Juntamente com Cinthia Mendon\u00e7a, integra a equipa de apoio ao arranque de Laborat\u00f3rios Cidad\u00e3os em Bibliotecas promovido pela Iberbibliotecas.<\/p><p><!-- \/wp:paragraph --><\/p><p><!-- wp:paragraph --><\/p><p>Cinthia Mendon\u00e7a \u00e9 artista e pesquisadora. Mestre em Artes Visuais pela Escola de Belas Artes da UFRJ \/ Brasil e Doutora em Pr\u00e1ticas Art\u00edsticas Contempor\u00e2neas pela UERJ \/ Brasil. \u00c9 diretora da Silo - Arte y Latitud Rural, organiza\u00e7\u00e3o da sociedade civil que cria, acolhe e divulga arte, ci\u00eancia e tecnologia em \u00e1reas rurais, perif\u00e9ricas e de preserva\u00e7\u00e3o ambiental. No Silo, s\u00e3o realizadas experi\u00eancias transdisciplinares imersivas e pr\u00e1ticas, como resid\u00eancias art\u00edsticas e laborat\u00f3rios de experimenta\u00e7\u00e3o e inova\u00e7\u00e3o. Cinthia \u00e9 tutora dos Laborat\u00f3rios de Inova\u00e7\u00e3o e Experimenta\u00e7\u00e3o Cidad\u00e3 (Labic e MediaLab Prado).<\/p><p><strong>Cierre de inscripciones: 23 de agosto<\/strong><\/p>\t\t\t\t\t<\/div>\n\t\t\t\t\t\t<\/div>\n\t\t\t\t<\/div>\n\t\t\t\t<div class=\"elementor-element elementor-element-5d3f5e9 elementor-align-center elementor-mobile-align-center elementor-widget elementor-widget-button\" data-id=\"5d3f5e9\" data-element_type=\"widget\" id=\"btnlb\" data-widget_type=\"button.default\">\n\t\t\t\t<div class=\"elementor-widget-container\">\n\t\t\t\t\t<div class=\"elementor-button-wrapper\">\n\t\t\t<a href=\"https:\/\/docs.google.com\/forms\/d\/e\/1FAIpQLSeYgHXxXART_euEUBxkmIE1ErL11SE-Dm8j-MXta7urJedyLQ\/viewform?usp=sf_link\" target=\"_blank\" class=\"elementor-button-link elementor-button elementor-size-sm\" role=\"button\">\n\t\t\t\t\t\t<span class=\"elementor-button-content-wrapper\">\n\t\t\t\t\t\t<span class=\"elementor-button-text\">Inscri\u00e7\u00e3o<\/span>\n\t\t<\/span>\n\t\t\t\t\t<\/a>\n\t\t<\/div>\n\t\t\t\t<\/div>\n\t\t\t\t<\/div>\n\t\t\t\t\t\t<\/div>\n\t\t\t\t\t<\/div>\n\t\t<\/div>\n\t\t\t\t<div class=\"elementor-column elementor-col-50 elementor-top-column elementor-element elementor-element-9dc2e1e\" data-id=\"9dc2e1e\" data-element_type=\"column\" data-settings=\"{&quot;motion_fx_motion_fx_scrolling&quot;:&quot;yes&quot;,&quot;motion_fx_range&quot;:&quot;page&quot;,&quot;motion_fx_devices&quot;:[&quot;desktop&quot;,&quot;tablet&quot;,&quot;mobile&quot;]}\">\n\t\t\t<div class=\"elementor-column-wrap elementor-element-populated\">\n\t\t\t\t\t\t\t<div class=\"elementor-widget-wrap\">\n\t\t\t\t\t\t<section class=\"elementor-section elementor-inner-section elementor-element elementor-element-3de0568 elementor-section-boxed elementor-section-height-default elementor-section-height-default\" data-id=\"3de0568\" data-element_type=\"section\">\n\t\t\t\t\t\t<div class=\"elementor-container elementor-column-gap-default\">\n\t\t\t\t\t\t\t<div class=\"elementor-row\">\n\t\t\t\t\t<div class=\"elementor-column elementor-col-100 elementor-inner-column elementor-element elementor-element-b948e9b\" data-id=\"b948e9b\" data-element_type=\"column\">\n\t\t\t<div class=\"elementor-column-wrap elementor-element-populated\">\n\t\t\t\t\t\t\t<div class=\"elementor-widget-wrap\">\n\t\t\t\t\t\t<div class=\"elementor-element elementor-element-120f780 elementor-widget elementor-widget-heading\" data-id=\"120f780\" data-element_type=\"widget\" id=\"btnhlb\" data-widget_type=\"heading.default\">\n\t\t\t\t<div class=\"elementor-widget-container\">\n\t\t\t<h2 class=\"elementor-heading-title elementor-size-default\">ver los horarios por pa\u00edses en la imagen<\/h2>\t\t<\/div>\n\t\t\t\t<\/div>\n\t\t\t\t<div class=\"elementor-element elementor-element-f2dda6e elementor-widget elementor-widget-image\" data-id=\"f2dda6e\" data-element_type=\"widget\" data-widget_type=\"image.default\">\n\t\t\t\t<div class=\"elementor-widget-container\">\n\t\t\t\t\t\t\t\t<div class=\"elementor-image\">\n\t\t\t\t\t\t\t\t\t\t\t\t<img decoding=\"async\" width=\"1200\" height=\"1200\" src=\"https:\/\/www.iberbibliotecas.org\/wp-content\/uploads\/2021\/08\/espanol.png\" class=\"attachment-full size-full\" alt=\"\" loading=\"lazy\" srcset=\"https:\/\/www.iberbibliotecas.org\/wp-content\/uploads\/2021\/08\/espanol.png 1200w, https:\/\/www.iberbibliotecas.org\/wp-content\/uploads\/2021\/08\/espanol-300x300.png 300w, https:\/\/www.iberbibliotecas.org\/wp-content\/uploads\/2021\/08\/espanol-1024x1024.png 1024w, https:\/\/www.iberbibliotecas.org\/wp-content\/uploads\/2021\/08\/espanol-150x150.png 150w, https:\/\/www.iberbibliotecas.org\/wp-content\/uploads\/2021\/08\/espanol-768x768.png 768w, https:\/\/www.iberbibliotecas.org\/wp-content\/uploads\/2021\/08\/espanol-12x12.png 12w, https:\/\/www.iberbibliotecas.org\/wp-content\/uploads\/2021\/08\/espanol-100x100.png 100w\" sizes=\"100vw\" \/>\t\t\t\t\t\t\t\t\t\t\t\t\t\t<\/div>\n\t\t\t\t\t\t<\/div>\n\t\t\t\t<\/div>\n\t\t\t\t\t\t<\/div>\n\t\t\t\t\t<\/div>\n\t\t<\/div>\n\t\t\t\t\t\t\t\t<\/div>\n\t\t\t\t\t<\/div>\n\t\t<\/section>\n\t\t\t\t<section class=\"elementor-section elementor-inner-section elementor-element elementor-element-9c73132 elementor-section-boxed elementor-section-height-default elementor-section-height-default\" data-id=\"9c73132\" data-element_type=\"section\" data-settings=\"{&quot;motion_fx_motion_fx_scrolling&quot;:&quot;yes&quot;,&quot;sticky&quot;:&quot;top&quot;,&quot;sticky_offset&quot;:120,&quot;sticky_on&quot;:[&quot;desktop&quot;,&quot;tablet&quot;],&quot;motion_fx_devices&quot;:[&quot;desktop&quot;,&quot;tablet&quot;,&quot;mobile&quot;],&quot;sticky_effects_offset&quot;:0}\">\n\t\t\t\t\t\t<div class=\"elementor-container elementor-column-gap-default\">\n\t\t\t\t\t\t\t<div class=\"elementor-row\">\n\t\t\t\t\t<div class=\"elementor-column elementor-col-100 elementor-inner-column elementor-element elementor-element-aa45667\" data-id=\"aa45667\" data-element_type=\"column\">\n\t\t\t<div class=\"elementor-column-wrap elementor-element-populated\">\n\t\t\t\t\t\t\t<div class=\"elementor-widget-wrap\">\n\t\t\t\t\t\t<div class=\"elementor-element elementor-element-22b3ae2 elementor-icon-list--layout-traditional elementor-list-item-link-full_width elementor-widget elementor-widget-icon-list\" data-id=\"22b3ae2\" data-element_type=\"widget\" data-widget_type=\"icon-list.default\">\n\t\t\t\t<div class=\"elementor-widget-container\">\n\t\t\t\t\t<ul class=\"elementor-icon-list-items\">\n\t\t\t\t\t\t\t<li class=\"elementor-icon-list-item\">\n\t\t\t\t\t\t\t\t\t\t\t<a href=\"#btnlbt\">\n\n\t\t\t\t\t\t\t\t\t\t\t<span class=\"elementor-icon-list-text\">Taller en espa\u00f1ol<\/span>\n\t\t\t\t\t\t\t\t\t\t\t<\/a>\n\t\t\t\t\t\t\t\t\t<\/li>\n\t\t\t\t\t\t\t\t<li class=\"elementor-icon-list-item\">\n\t\t\t\t\t\t\t\t\t\t\t<a href=\"#btnhlb\">\n\n\t\t\t\t\t\t\t\t\t\t\t<span class=\"elementor-icon-list-text\">horarios por pa\u00edses<\/span>\n\t\t\t\t\t\t\t\t\t\t\t<\/a>\n\t\t\t\t\t\t\t\t\t<\/li>\n\t\t\t\t\t\t\t\t<li class=\"elementor-icon-list-item\">\n\t\t\t\t\t\t\t\t\t\t\t<a href=\"#btnblbc\">\n\n\t\t\t\t\t\t\t\t\t\t\t<span class=\"elementor-icon-list-text\">laboratorios ciudadanos<\/span>\n\t\t\t\t\t\t\t\t\t\t\t<\/a>\n\t\t\t\t\t\t\t\t\t<\/li>\n\t\t\t\t\t\t\t\t<li class=\"elementor-icon-list-item\">\n\t\t\t\t\t\t\t\t\t\t\t<a href=\"#btnMlb\">\n\n\t\t\t\t\t\t\t\t\t\t\t<span class=\"elementor-icon-list-text\">Mentores<\/span>\n\t\t\t\t\t\t\t\t\t\t\t<\/a>\n\t\t\t\t\t\t\t\t\t<\/li>\n\t\t\t\t\t\t\t\t<li class=\"elementor-icon-list-item\">\n\t\t\t\t\t\t\t\t\t\t\t<a href=\"#btnlb\">\n\n\t\t\t\t\t\t\t\t\t\t\t<span class=\"elementor-icon-list-text\">Inscri\u00e7\u00e3o<\/span>\n\t\t\t\t\t\t\t\t\t\t\t<\/a>\n\t\t\t\t\t\t\t\t\t<\/li>\n\t\t\t\t\t\t<\/ul>\n\t\t\t\t<\/div>\n\t\t\t\t<\/div>\n\t\t\t\t\t\t<\/div>\n\t\t\t\t\t<\/div>\n\t\t<\/div>\n\t\t\t\t\t\t\t\t<\/div>\n\t\t\t\t\t<\/div>\n\t\t<\/section>\n\t\t\t\t\t\t<\/div>\n\t\t\t\t\t<\/div>\n\t\t<\/div>\n\t\t\t\t\t\t\t\t<\/div>\n\t\t\t\t\t<\/div>\n\t\t<\/section>\n\t\t\t\t\t\t\t\t\t<\/div>\n\t\t\t<\/div>\n\t\t\t\t\t<\/div>","protected":false},"excerpt":{"rendered":"<p>4\u00aa Convocatoria de&nbsp;Pasant\u00edas Internacionales Caja de herramientas Taller y sesiones de asesoramiento Taller en espa\u00f1ol &#8211; 30 de agosto y 1, 6 y 8 de septiembre Sesiones de asesor\u00eda: 2 &hellip; <\/p>\n<p class=\"link-more\"><a href=\"https:\/\/www.iberbibliotecas.org\/por\/experiencias\/laboratorios\/\" class=\"more-link\">Continue lendo<span class=\"screen-reader-text\"> &#8220;Bibliotecas como laboratorios ciudadanos&#8221;<\/span><\/a><\/p>","protected":false},"author":1,"featured_media":12261,"parent":5590,"menu_order":0,"comment_status":"closed","ping_status":"closed","template":"elementor_canvas","meta":{"_EventAllDay":false,"_EventTimezone":"","_EventStartDate":"","_EventEndDate":"","_EventStartDateUTC":"","_EventEndDateUTC":"","_EventShowMap":false,"_EventShowMapLink":false,"_EventURL":"","_EventCost":"","_EventCostDescription":"","_EventCurrencySymbol":"","_EventCurrencyCode":"","_EventCurrencyPosition":"","_EventDateTimeSeparator":"","_EventTimeRangeSeparator":"","_EventOrganizerID":[],"_EventVenueID":0,"_OrganizerEmail":"","_OrganizerPhone":"","_OrganizerWebsite":"","_VenueAddress":"","_VenueCity":"","_VenueCountry":"","_VenueProvince":"","_VenueZip":"","_VenuePhone":"","_VenueURL":"","_VenueStateProvince":"","_VenueLat":"","_VenueLng":""},"yoast_head":"<!-- This site is optimized with the Yoast SEO plugin v20.11 - https:\/\/yoast.com\/wordpress\/plugins\/seo\/ -->\n<title>Bibliotecas como laboratorios ciudadanos - Iberbibliotecas<\/title>\n<meta name=\"description\" content=\"Conoce las bases de la 4\u00aa Pasant\u00eda Internacional Iberbibliotecas: requisitos, apoyo econ\u00f3mico, fechas y proceso de evaluaci\u00f3n\" \/>\n<meta name=\"robots\" content=\"index, follow, max-snippet:-1, max-image-preview:large, max-video-preview:-1\" \/>\n<link rel=\"canonical\" href=\"https:\/\/www.iberbibliotecas.org\/por\/experiencias\/laboratorios\/\" \/>\n<meta property=\"og:locale\" content=\"pt_BR\" \/>\n<meta property=\"og:type\" content=\"article\" \/>\n<meta property=\"og:title\" content=\"Bibliotecas como laboratorios ciudadanos - Iberbibliotecas\" \/>\n<meta property=\"og:description\" content=\"Conoce las bases de la 4\u00aa Pasant\u00eda Internacional Iberbibliotecas: requisitos, apoyo econ\u00f3mico, fechas y proceso de evaluaci\u00f3n\" \/>\n<meta property=\"og:url\" content=\"https:\/\/www.iberbibliotecas.org\/por\/experiencias\/laboratorios\/\" \/>\n<meta property=\"og:site_name\" content=\"Iberbibliotecas\" \/>\n<meta property=\"article:modified_time\" content=\"2021-08-18T00:23:36+00:00\" \/>\n<meta property=\"og:image\" content=\"https:\/\/www.iberbibliotecas.org\/wp-content\/uploads\/2021\/08\/Laboratorios_esp.png\" \/>\n\t<meta property=\"og:image:width\" content=\"1200\" \/>\n\t<meta property=\"og:image:height\" content=\"1200\" \/>\n\t<meta property=\"og:image:type\" content=\"image\/png\" \/>\n<meta name=\"twitter:card\" content=\"summary_large_image\" \/>\n<meta name=\"twitter:label1\" content=\"Est. tempo de leitura\" \/>\n\t<meta name=\"twitter:data1\" content=\"3 minutos\" \/>\n<script type=\"application\/ld+json\" class=\"yoast-schema-graph\">{\"@context\":\"https:\/\/schema.org\",\"@graph\":[{\"@type\":\"WebPage\",\"@id\":\"https:\/\/www.iberbibliotecas.org\/experiencias\/laboratorios\/\",\"url\":\"https:\/\/www.iberbibliotecas.org\/experiencias\/laboratorios\/\",\"name\":\"Bibliotecas como laboratorios ciudadanos - Iberbibliotecas\",\"isPartOf\":{\"@id\":\"https:\/\/www.iberbibliotecas.org\/#website\"},\"datePublished\":\"2021-08-17T22:28:52+00:00\",\"dateModified\":\"2021-08-18T00:23:36+00:00\",\"description\":\"Conoce las bases de la 4\u00aa Pasant\u00eda Internacional Iberbibliotecas: requisitos, apoyo econ\u00f3mico, fechas y proceso de evaluaci\u00f3n\",\"breadcrumb\":{\"@id\":\"https:\/\/www.iberbibliotecas.org\/experiencias\/laboratorios\/#breadcrumb\"},\"inLanguage\":\"pt-BR\",\"potentialAction\":[{\"@type\":\"ReadAction\",\"target\":[\"https:\/\/www.iberbibliotecas.org\/experiencias\/laboratorios\/\"]}]},{\"@type\":\"BreadcrumbList\",\"@id\":\"https:\/\/www.iberbibliotecas.org\/experiencias\/laboratorios\/#breadcrumb\",\"itemListElement\":[{\"@type\":\"ListItem\",\"position\":1,\"name\":\"Inicio\",\"item\":\"https:\/\/www.iberbibliotecas.org\/\"},{\"@type\":\"ListItem\",\"position\":2,\"name\":\"Experiencias\",\"item\":\"https:\/\/www.iberbibliotecas.org\/experiencias\/\"},{\"@type\":\"ListItem\",\"position\":3,\"name\":\"Bibliotecas como laboratorios ciudadanos\"}]},{\"@type\":\"WebSite\",\"@id\":\"https:\/\/www.iberbibliotecas.org\/#website\",\"url\":\"https:\/\/www.iberbibliotecas.org\/\",\"name\":\"Iberbibliotecas\",\"description\":\"\",\"publisher\":{\"@id\":\"https:\/\/www.iberbibliotecas.org\/#organization\"},\"potentialAction\":[{\"@type\":\"SearchAction\",\"target\":{\"@type\":\"EntryPoint\",\"urlTemplate\":\"https:\/\/www.iberbibliotecas.org\/?s={search_term_string}\"},\"query-input\":\"required name=search_term_string\"}],\"inLanguage\":\"pt-BR\"},{\"@type\":\"Organization\",\"@id\":\"https:\/\/www.iberbibliotecas.org\/#organization\",\"name\":\"Iberbibliotecas\",\"url\":\"https:\/\/www.iberbibliotecas.org\/\",\"logo\":{\"@type\":\"ImageObject\",\"inLanguage\":\"pt-BR\",\"@id\":\"https:\/\/www.iberbibliotecas.org\/#\/schema\/logo\/image\/\",\"url\":\"https:\/\/www.iberbibliotecas.org\/wp-content\/uploads\/2021\/03\/logo_c_ib.png\",\"contentUrl\":\"https:\/\/www.iberbibliotecas.org\/wp-content\/uploads\/2021\/03\/logo_c_ib.png\",\"width\":289,\"height\":180,\"caption\":\"Iberbibliotecas\"},\"image\":{\"@id\":\"https:\/\/www.iberbibliotecas.org\/#\/schema\/logo\/image\/\"}}]}<\/script>\n<!-- \/ Yoast SEO plugin. -->","yoast_head_json":{"title":"Bibliotecas como laboratorios ciudadanos - Iberbibliotecas","description":"Conoce las bases de la 4\u00aa Pasant\u00eda Internacional Iberbibliotecas: requisitos, apoyo econ\u00f3mico, fechas y proceso de evaluaci\u00f3n","robots":{"index":"index","follow":"follow","max-snippet":"max-snippet:-1","max-image-preview":"max-image-preview:large","max-video-preview":"max-video-preview:-1"},"canonical":"https:\/\/www.iberbibliotecas.org\/por\/experiencias\/laboratorios\/","og_locale":"pt_BR","og_type":"article","og_title":"Bibliotecas como laboratorios ciudadanos - Iberbibliotecas","og_description":"Conoce las bases de la 4\u00aa Pasant\u00eda Internacional Iberbibliotecas: requisitos, apoyo econ\u00f3mico, fechas y proceso de evaluaci\u00f3n","og_url":"https:\/\/www.iberbibliotecas.org\/por\/experiencias\/laboratorios\/","og_site_name":"Iberbibliotecas","article_modified_time":"2021-08-18T00:23:36+00:00","og_image":[{"width":1200,"height":1200,"url":"https:\/\/www.iberbibliotecas.org\/wp-content\/uploads\/2021\/08\/Laboratorios_esp.png","type":"image\/png"}],"twitter_card":"summary_large_image","twitter_misc":{"Est. tempo de leitura":"3 minutos"},"schema":{"@context":"https:\/\/schema.org","@graph":[{"@type":"WebPage","@id":"https:\/\/www.iberbibliotecas.org\/experiencias\/laboratorios\/","url":"https:\/\/www.iberbibliotecas.org\/experiencias\/laboratorios\/","name":"Bibliotecas como laboratorios ciudadanos - Iberbibliotecas","isPartOf":{"@id":"https:\/\/www.iberbibliotecas.org\/#website"},"datePublished":"2021-08-17T22:28:52+00:00","dateModified":"2021-08-18T00:23:36+00:00","description":"Conoce las bases de la 4\u00aa Pasant\u00eda Internacional Iberbibliotecas: requisitos, apoyo econ\u00f3mico, fechas y proceso de evaluaci\u00f3n","breadcrumb":{"@id":"https:\/\/www.iberbibliotecas.org\/experiencias\/laboratorios\/#breadcrumb"},"inLanguage":"pt-BR","potentialAction":[{"@type":"ReadAction","target":["https:\/\/www.iberbibliotecas.org\/experiencias\/laboratorios\/"]}]},{"@type":"BreadcrumbList","@id":"https:\/\/www.iberbibliotecas.org\/experiencias\/laboratorios\/#breadcrumb","itemListElement":[{"@type":"ListItem","position":1,"name":"Inicio","item":"https:\/\/www.iberbibliotecas.org\/"},{"@type":"ListItem","position":2,"name":"Experiencias","item":"https:\/\/www.iberbibliotecas.org\/experiencias\/"},{"@type":"ListItem","position":3,"name":"Bibliotecas como laboratorios ciudadanos"}]},{"@type":"WebSite","@id":"https:\/\/www.iberbibliotecas.org\/#website","url":"https:\/\/www.iberbibliotecas.org\/","name":"Iberbibliotecas","description":"","publisher":{"@id":"https:\/\/www.iberbibliotecas.org\/#organization"},"potentialAction":[{"@type":"SearchAction","target":{"@type":"EntryPoint","urlTemplate":"https:\/\/www.iberbibliotecas.org\/?s={search_term_string}"},"query-input":"required name=search_term_string"}],"inLanguage":"pt-BR"},{"@type":"Organization","@id":"https:\/\/www.iberbibliotecas.org\/#organization","name":"Iberbibliotecas","url":"https:\/\/www.iberbibliotecas.org\/","logo":{"@type":"ImageObject","inLanguage":"pt-BR","@id":"https:\/\/www.iberbibliotecas.org\/#\/schema\/logo\/image\/","url":"https:\/\/www.iberbibliotecas.org\/wp-content\/uploads\/2021\/03\/logo_c_ib.png","contentUrl":"https:\/\/www.iberbibliotecas.org\/wp-content\/uploads\/2021\/03\/logo_c_ib.png","width":289,"height":180,"caption":"Iberbibliotecas"},"image":{"@id":"https:\/\/www.iberbibliotecas.org\/#\/schema\/logo\/image\/"}}]}},"_links":{"self":[{"href":"https:\/\/www.iberbibliotecas.org\/por\/wp-json\/wp\/v2\/pages\/12317"}],"collection":[{"href":"https:\/\/www.iberbibliotecas.org\/por\/wp-json\/wp\/v2\/pages"}],"about":[{"href":"https:\/\/www.iberbibliotecas.org\/por\/wp-json\/wp\/v2\/types\/page"}],"author":[{"embeddable":true,"href":"https:\/\/www.iberbibliotecas.org\/por\/wp-json\/wp\/v2\/users\/1"}],"replies":[{"embeddable":true,"href":"https:\/\/www.iberbibliotecas.org\/por\/wp-json\/wp\/v2\/comments?post=12317"}],"version-history":[{"count":0,"href":"https:\/\/www.iberbibliotecas.org\/por\/wp-json\/wp\/v2\/pages\/12317\/revisions"}],"up":[{"embeddable":true,"href":"https:\/\/www.iberbibliotecas.org\/por\/wp-json\/wp\/v2\/pages\/5590"}],"wp:featuredmedia":[{"embeddable":true,"href":"https:\/\/www.iberbibliotecas.org\/por\/wp-json\/wp\/v2\/media\/12261"}],"wp:attachment":[{"href":"https:\/\/www.iberbibliotecas.org\/por\/wp-json\/wp\/v2\/media?parent=12317"}],"curies":[{"name":"wp","href":"https:\/\/api.w.org\/{rel}","templated":true}]}}