{"id":14678,"date":"2022-09-30T22:36:52","date_gmt":"2022-09-30T22:36:52","guid":{"rendered":"https:\/\/www.iberbibliotecas.org\/?page_id=14678"},"modified":"2022-09-30T22:42:48","modified_gmt":"2022-09-30T22:42:48","slug":"iberbibliotecas-red-leen","status":"publish","type":"page","link":"https:\/\/www.iberbibliotecas.org\/por\/iberbibliotecas-red-leen\/","title":{"rendered":"Iberbibliotecas apoya la creaci\u00f3n de Red Leen, lecturas en el encierro"},"content":{"rendered":"<div data-elementor-type=\"wp-page\" data-elementor-id=\"14678\" class=\"elementor elementor-14678\">\n\t\t\t\t\t\t<div class=\"elementor-inner\">\n\t\t\t\t<div class=\"elementor-section-wrap\">\n\t\t\t\t\t\t\t\t\t<section class=\"elementor-section elementor-top-section elementor-element elementor-element-8217683 elementor-section-boxed elementor-section-height-default elementor-section-height-default\" data-id=\"8217683\" data-element_type=\"section\">\n\t\t\t\t\t\t<div class=\"elementor-container elementor-column-gap-default\">\n\t\t\t\t\t\t\t<div class=\"elementor-row\">\n\t\t\t\t\t<div class=\"elementor-column elementor-col-66 elementor-top-column elementor-element elementor-element-0fc89d1\" data-id=\"0fc89d1\" data-element_type=\"column\">\n\t\t\t<div class=\"elementor-column-wrap elementor-element-populated\">\n\t\t\t\t\t\t\t<div class=\"elementor-widget-wrap\">\n\t\t\t\t\t\t<div class=\"elementor-element elementor-element-bff3b86 elementor-widget elementor-widget-spacer\" data-id=\"bff3b86\" data-element_type=\"widget\" data-widget_type=\"spacer.default\">\n\t\t\t\t<div class=\"elementor-widget-container\">\n\t\t\t\t\t<div class=\"elementor-spacer\">\n\t\t\t<div class=\"elementor-spacer-inner\"><\/div>\n\t\t<\/div>\n\t\t\t\t<\/div>\n\t\t\t\t<\/div>\n\t\t\t\t<div class=\"elementor-element elementor-element-34922a6 elementor-widget elementor-widget-heading\" data-id=\"34922a6\" data-element_type=\"widget\" data-widget_type=\"heading.default\">\n\t\t\t\t<div class=\"elementor-widget-container\">\n\t\t\t<h1 class=\"elementor-heading-title elementor-size-default\">Iberbibliotecas apoya la creaci\u00f3n de Red Leen, lecturas en el encierro<\/h1>\t\t<\/div>\n\t\t\t\t<\/div>\n\t\t\t\t\t\t<\/div>\n\t\t\t\t\t<\/div>\n\t\t<\/div>\n\t\t\t\t<div class=\"elementor-column elementor-col-33 elementor-top-column elementor-element elementor-element-222b615\" data-id=\"222b615\" data-element_type=\"column\">\n\t\t\t<div class=\"elementor-column-wrap\">\n\t\t\t\t\t\t\t<div class=\"elementor-widget-wrap\">\n\t\t\t\t\t\t\t\t<\/div>\n\t\t\t\t\t<\/div>\n\t\t<\/div>\n\t\t\t\t\t\t\t\t<\/div>\n\t\t\t\t\t<\/div>\n\t\t<\/section>\n\t\t\t\t<section class=\"elementor-section elementor-top-section elementor-element elementor-element-f5da067 elementor-section-boxed elementor-section-height-default elementor-section-height-default\" data-id=\"f5da067\" data-element_type=\"section\">\n\t\t\t\t\t\t<div class=\"elementor-container elementor-column-gap-default\">\n\t\t\t\t\t\t\t<div class=\"elementor-row\">\n\t\t\t\t\t<div class=\"elementor-column elementor-col-100 elementor-top-column elementor-element elementor-element-fb0097b\" data-id=\"fb0097b\" data-element_type=\"column\">\n\t\t\t<div class=\"elementor-column-wrap elementor-element-populated\">\n\t\t\t\t\t\t\t<div class=\"elementor-widget-wrap\">\n\t\t\t\t\t\t<div class=\"elementor-element elementor-element-f1ee11d elementor-widget elementor-widget-text-editor\" data-id=\"f1ee11d\" data-element_type=\"widget\" data-widget_type=\"text-editor.default\">\n\t\t\t\t<div class=\"elementor-widget-container\">\n\t\t\t\t\t\t\t\t<div class=\"elementor-text-editor elementor-clearfix\">\n\t\t\t\t<p>Iberbibliotecas cuenta con una l\u00ednea de asistencias t\u00e9cnicas, que consiste en colaboraciones y asesor\u00edas solicitadas por alg\u00fan miembro del programa con el objetivo de fortalecer un proyecto o recibir acompa\u00f1amiento de otro pa\u00eds o ciudad en un tema espec\u00edfico. Cada a\u00f1o, se realizan varios de estos apoyos centrados en visitas t\u00e9cnicas para conocer el funcionamiento de redes o sistemas bibliotecas nacionales, bibliotecas itinerantes, entre otros.\u00a0<\/p><p>La m\u00e1s reciente asistencia t\u00e9cnica solicitada por el punto focal de Chile -el Sistema Nacional de Bibliotecas P\u00fablicas- consisti\u00f3 en una <strong>propuesta para \u201c<\/strong><strong>identificar iniciativas de fomento lector en c\u00e1rceles iberoamericanas, realizadas tanto por bibliotecas de prisiones, como por personas o instituciones externas\u201d, seg\u00fan el proyecto<\/strong>. La iniciativa la lider\u00f3 Miguel \u00c1ngel Rivera Donoso, coordinador del Plan de Bibliotecas en Recintos Penitenciarios de Chile y miembro Permanente de la Secci\u00f3n LSN de IFLA (Servicios bibliotecarios para personas con necesidades especiales).<\/p><p>Con el apoyo de Iberbibliotecas, esta primera fase de investigaci\u00f3n y reconocimiento de actividades y programas de lectura en centros penitenciarios se realiz\u00f3 desde finales de 2021 hasta el primer semestre de 2022. Entre las estrategias implementadas, hubo una campa\u00f1a de promoci\u00f3n en redes sociales, m\u00e1s la creaci\u00f3n de un Twitter y un formulario virtual para que cualquier persona o instituci\u00f3n registrara una experiencia.<\/p>\t\t\t\t\t<\/div>\n\t\t\t\t\t\t<\/div>\n\t\t\t\t<\/div>\n\t\t\t\t<section class=\"elementor-section elementor-inner-section elementor-element elementor-element-6fb96e1 elementor-section-boxed elementor-section-height-default elementor-section-height-default\" data-id=\"6fb96e1\" data-element_type=\"section\">\n\t\t\t\t\t\t<div class=\"elementor-container elementor-column-gap-default\">\n\t\t\t\t\t\t\t<div class=\"elementor-row\">\n\t\t\t\t\t<div class=\"elementor-column elementor-col-50 elementor-inner-column elementor-element elementor-element-0bd82d0\" data-id=\"0bd82d0\" data-element_type=\"column\">\n\t\t\t<div class=\"elementor-column-wrap elementor-element-populated\">\n\t\t\t\t\t\t\t<div class=\"elementor-widget-wrap\">\n\t\t\t\t\t\t<div class=\"elementor-element elementor-element-de08e56 elementor-widget elementor-widget-text-editor\" data-id=\"de08e56\" data-element_type=\"widget\" data-widget_type=\"text-editor.default\">\n\t\t\t\t<div class=\"elementor-widget-container\">\n\t\t\t\t\t\t\t\t<div class=\"elementor-text-editor elementor-clearfix\">\n\t\t\t\t<p>Adem\u00e1s de lo anterior, el proyecto realiz\u00f3 encuentros con diferentes actores y entidades del sector bibliotecario. En total, se registraron <strong>actividades de fomento lector en doscientas cuarenta y dos c\u00e1rceles en veinte pa\u00edses iberoamericanos<\/strong>, entre iniciativas realizadas por bibliotecas o agentes externos.<\/p><p>Uno de los resultados m\u00e1s relevantes que arroj\u00f3 esta investigaci\u00f3n es que <strong>el 97,8% de las bibliotecas tiene un encargado, no necesariamente con un rol bibliotecario<\/strong>. La mayor\u00eda de estos encargados recibe apoyos de personas privadas de la libertad.<\/p><p>\u00a0<\/p>\t\t\t\t\t<\/div>\n\t\t\t\t\t\t<\/div>\n\t\t\t\t<\/div>\n\t\t\t\t\t\t<\/div>\n\t\t\t\t\t<\/div>\n\t\t<\/div>\n\t\t\t\t<div class=\"elementor-column elementor-col-50 elementor-inner-column elementor-element elementor-element-469adc4\" data-id=\"469adc4\" data-element_type=\"column\">\n\t\t\t<div class=\"elementor-column-wrap elementor-element-populated\">\n\t\t\t\t\t\t\t<div class=\"elementor-widget-wrap\">\n\t\t\t\t\t\t<div class=\"elementor-element elementor-element-d49b758 elementor-widget elementor-widget-image\" data-id=\"d49b758\" data-element_type=\"widget\" data-widget_type=\"image.default\">\n\t\t\t\t<div class=\"elementor-widget-container\">\n\t\t\t\t\t\t\t\t<div class=\"elementor-image\">\n\t\t\t\t\t\t\t\t\t<figure class=\"wp-caption\">\n\t\t\t\t\t\t\t\t\t\t<img decoding=\"async\" width=\"525\" height=\"295\" src=\"https:\/\/www.iberbibliotecas.org\/wp-content\/uploads\/2022\/09\/5-1024x576.jpeg\" class=\"attachment-large size-large\" alt=\"\" loading=\"lazy\" srcset=\"https:\/\/www.iberbibliotecas.org\/wp-content\/uploads\/2022\/09\/5-1024x576.jpeg 1024w, https:\/\/www.iberbibliotecas.org\/wp-content\/uploads\/2022\/09\/5-300x169.jpeg 300w, https:\/\/www.iberbibliotecas.org\/wp-content\/uploads\/2022\/09\/5-768x432.jpeg 768w, https:\/\/www.iberbibliotecas.org\/wp-content\/uploads\/2022\/09\/5-18x10.jpeg 18w, https:\/\/www.iberbibliotecas.org\/wp-content\/uploads\/2022\/09\/5.jpeg 1280w\" sizes=\"100vw\" \/>\t\t\t\t\t\t\t\t\t\t\t<figcaption class=\"widget-image-caption wp-caption-text\">Biblioteca Juan Gelman, Unidad Penitenciaria 48, Buenos Aires, Argentina<\/figcaption>\n\t\t\t\t\t\t\t\t\t\t<\/figure>\n\t\t\t\t\t\t\t\t<\/div>\n\t\t\t\t\t\t<\/div>\n\t\t\t\t<\/div>\n\t\t\t\t\t\t<\/div>\n\t\t\t\t\t<\/div>\n\t\t<\/div>\n\t\t\t\t\t\t\t\t<\/div>\n\t\t\t\t\t<\/div>\n\t\t<\/section>\n\t\t\t\t\t\t<\/div>\n\t\t\t\t\t<\/div>\n\t\t<\/div>\n\t\t\t\t\t\t\t\t<\/div>\n\t\t\t\t\t<\/div>\n\t\t<\/section>\n\t\t\t\t<section class=\"elementor-section elementor-top-section elementor-element elementor-element-97a5562 elementor-section-boxed elementor-section-height-default elementor-section-height-default\" data-id=\"97a5562\" data-element_type=\"section\">\n\t\t\t\t\t\t<div class=\"elementor-container elementor-column-gap-default\">\n\t\t\t\t\t\t\t<div class=\"elementor-row\">\n\t\t\t\t\t<div class=\"elementor-column elementor-col-100 elementor-top-column elementor-element elementor-element-7f80f4f\" data-id=\"7f80f4f\" data-element_type=\"column\">\n\t\t\t<div class=\"elementor-column-wrap elementor-element-populated\">\n\t\t\t\t\t\t\t<div class=\"elementor-widget-wrap\">\n\t\t\t\t\t\t<section class=\"elementor-section elementor-inner-section elementor-element elementor-element-aaad014 elementor-section-boxed elementor-section-height-default elementor-section-height-default\" data-id=\"aaad014\" data-element_type=\"section\">\n\t\t\t\t\t\t<div class=\"elementor-container elementor-column-gap-default\">\n\t\t\t\t\t\t\t<div class=\"elementor-row\">\n\t\t\t\t\t<div class=\"elementor-column elementor-col-50 elementor-inner-column elementor-element elementor-element-957dd00\" data-id=\"957dd00\" data-element_type=\"column\">\n\t\t\t<div class=\"elementor-column-wrap elementor-element-populated\">\n\t\t\t\t\t\t\t<div class=\"elementor-widget-wrap\">\n\t\t\t\t\t\t<div class=\"elementor-element elementor-element-c959b64 elementor-widget elementor-widget-image\" data-id=\"c959b64\" data-element_type=\"widget\" data-widget_type=\"image.default\">\n\t\t\t\t<div class=\"elementor-widget-container\">\n\t\t\t\t\t\t\t\t<div class=\"elementor-image\">\n\t\t\t\t\t\t\t\t\t<figure class=\"wp-caption\">\n\t\t\t\t\t\t\t\t\t\t<img decoding=\"async\" width=\"525\" height=\"394\" src=\"https:\/\/www.iberbibliotecas.org\/wp-content\/uploads\/2022\/09\/7-1024x768.jpeg\" class=\"attachment-large size-large\" alt=\"\" loading=\"lazy\" srcset=\"https:\/\/www.iberbibliotecas.org\/wp-content\/uploads\/2022\/09\/7-1024x768.jpeg 1024w, https:\/\/www.iberbibliotecas.org\/wp-content\/uploads\/2022\/09\/7-300x225.jpeg 300w, https:\/\/www.iberbibliotecas.org\/wp-content\/uploads\/2022\/09\/7-768x576.jpeg 768w, https:\/\/www.iberbibliotecas.org\/wp-content\/uploads\/2022\/09\/7-16x12.jpeg 16w, https:\/\/www.iberbibliotecas.org\/wp-content\/uploads\/2022\/09\/7.jpeg 1280w\" sizes=\"100vw\" \/>\t\t\t\t\t\t\t\t\t\t\t<figcaption class=\"widget-image-caption wp-caption-text\">Biblioteca Juan Gelman, Unidad Penitenciaria 48, Buenos Aires, Argentina<\/figcaption>\n\t\t\t\t\t\t\t\t\t\t<\/figure>\n\t\t\t\t\t\t\t\t<\/div>\n\t\t\t\t\t\t<\/div>\n\t\t\t\t<\/div>\n\t\t\t\t\t\t<\/div>\n\t\t\t\t\t<\/div>\n\t\t<\/div>\n\t\t\t\t<div class=\"elementor-column elementor-col-50 elementor-inner-column elementor-element elementor-element-a8b9f92\" data-id=\"a8b9f92\" data-element_type=\"column\">\n\t\t\t<div class=\"elementor-column-wrap elementor-element-populated\">\n\t\t\t\t\t\t\t<div class=\"elementor-widget-wrap\">\n\t\t\t\t\t\t<div class=\"elementor-element elementor-element-169fd36 elementor-widget elementor-widget-text-editor\" data-id=\"169fd36\" data-element_type=\"widget\" data-widget_type=\"text-editor.default\">\n\t\t\t\t<div class=\"elementor-widget-container\">\n\t\t\t\t\t\t\t\t<div class=\"elementor-text-editor elementor-clearfix\">\n\t\t\t\t<p>Tambi\u00e9n se evidenci\u00f3 que buena parte de las actividades identificadas tiene una complejidad y costo de ejecuci\u00f3n bastante bajo, caracter\u00edsticas que permiten su r\u00e9plica en otros espacios. Asimismo, se detect\u00f3 una cr\u00edtica al\u00a0<span style=\"font-weight: bold;\">poco apoyo que las instituciones penitenciaras dan a este tipo de actividades, desconociendo la importancia de la lectura en el proceso de reintegraci\u00f3n a la sociedad.<\/span><\/p><p class=\"MsoNormal\" style=\"margin-bottom: 6pt;\">Finalmente, esta primera etapa de la Red Leen permitir\u00e1 darle forma a la red iberoamericana de bibliotecas en recintos penitenciarias, as\u00ed como incentivar la realizaci\u00f3n de otras actividades de trabajo en cooperaci\u00f3n, como la idea de un <b>Congreso de Bibliotecas e Iniciativas de Fomento Lector en C\u00e1rceles Iberoamericanas.<\/b><\/p><p><span style=\"font-size: 11.0pt; line-height: 107%; font-family: 'Calibri',sans-serif; mso-ascii-theme-font: minor-latin; mso-fareast-font-family: Calibri; mso-fareast-theme-font: minor-latin; mso-hansi-theme-font: minor-latin; mso-bidi-font-family: Calibri; mso-bidi-theme-font: minor-latin; mso-ansi-language: ES-CO; mso-fareast-language: EN-US; mso-bidi-language: AR-SA;\">Para consultar m\u00e1s informaci\u00f3n invitamos a visitar el sitio web del proyecto (<a href=\"https:\/\/proyectoleen.org\/\" target=\"_blank\" rel=\"noopener\">https:\/\/proyectoleen.org\/<\/a>)\u00a0 y seguir su Twitter @proyectoleen<\/span><\/p>\t\t\t\t\t<\/div>\n\t\t\t\t\t\t<\/div>\n\t\t\t\t<\/div>\n\t\t\t\t\t\t<\/div>\n\t\t\t\t\t<\/div>\n\t\t<\/div>\n\t\t\t\t\t\t\t\t<\/div>\n\t\t\t\t\t<\/div>\n\t\t<\/section>\n\t\t\t\t\t\t<\/div>\n\t\t\t\t\t<\/div>\n\t\t<\/div>\n\t\t\t\t\t\t\t\t<\/div>\n\t\t\t\t\t<\/div>\n\t\t<\/section>\n\t\t\t\t\t\t\t\t\t<\/div>\n\t\t\t<\/div>\n\t\t\t\t\t<\/div>","protected":false},"excerpt":{"rendered":"<p>Iberbibliotecas apoya la creaci\u00f3n de Red Leen, lecturas en el encierro Iberbibliotecas cuenta con una l\u00ednea de asistencias t\u00e9cnicas, que consiste en colaboraciones y asesor\u00edas solicitadas por alg\u00fan miembro del &hellip; <\/p>\n<p class=\"link-more\"><a href=\"https:\/\/www.iberbibliotecas.org\/por\/iberbibliotecas-red-leen\/\" class=\"more-link\">Continue lendo<span class=\"screen-reader-text\"> &#8220;Iberbibliotecas apoya la creaci\u00f3n de Red Leen, lecturas en el encierro&#8221;<\/span><\/a><\/p>","protected":false},"author":1,"featured_media":14680,"parent":0,"menu_order":0,"comment_status":"closed","ping_status":"closed","template":"elementor_canvas","meta":{"_EventAllDay":false,"_EventTimezone":"","_EventStartDate":"","_EventEndDate":"","_EventStartDateUTC":"","_EventEndDateUTC":"","_EventShowMap":false,"_EventShowMapLink":false,"_EventURL":"","_EventCost":"","_EventCostDescription":"","_EventCurrencySymbol":"","_EventCurrencyCode":"","_EventCurrencyPosition":"","_EventDateTimeSeparator":"","_EventTimeRangeSeparator":"","_EventOrganizerID":[],"_EventVenueID":0,"_OrganizerEmail":"","_OrganizerPhone":"","_OrganizerWebsite":"","_VenueAddress":"","_VenueCity":"","_VenueCountry":"","_VenueProvince":"","_VenueZip":"","_VenuePhone":"","_VenueURL":"","_VenueStateProvince":"","_VenueLat":"","_VenueLng":""},"yoast_head":"<!-- This site is optimized with the Yoast SEO plugin v20.11 - https:\/\/yoast.com\/wordpress\/plugins\/seo\/ -->\n<title>Iberbibliotecas apoya la creaci\u00f3n de Red Leen, lecturas en el encierro - Iberbibliotecas<\/title>\n<meta name=\"description\" content=\"Hace algunos d\u00edas, la Asamblea Nacional de Panam\u00e1 aprob\u00f3, en tercer debate, la iniciativa legislativa 755,\u00a0 una ley que establece...\" \/>\n<meta name=\"robots\" content=\"index, follow, max-snippet:-1, max-image-preview:large, max-video-preview:-1\" \/>\n<link rel=\"canonical\" href=\"https:\/\/www.iberbibliotecas.org\/por\/iberbibliotecas-red-leen\/\" \/>\n<meta property=\"og:locale\" content=\"pt_BR\" \/>\n<meta property=\"og:type\" content=\"article\" \/>\n<meta property=\"og:title\" content=\"Iberbibliotecas apoya la creaci\u00f3n de Red Leen, lecturas en el encierro - Iberbibliotecas\" \/>\n<meta property=\"og:description\" content=\"Hace algunos d\u00edas, la Asamblea Nacional de Panam\u00e1 aprob\u00f3, en tercer debate, la iniciativa legislativa 755,\u00a0 una ley que establece...\" \/>\n<meta property=\"og:url\" content=\"https:\/\/www.iberbibliotecas.org\/por\/iberbibliotecas-red-leen\/\" \/>\n<meta property=\"og:site_name\" content=\"Iberbibliotecas\" \/>\n<meta property=\"article:modified_time\" content=\"2022-09-30T22:42:48+00:00\" \/>\n<meta property=\"og:image\" content=\"https:\/\/www.iberbibliotecas.org\/wp-content\/uploads\/2022\/09\/5.jpeg\" \/>\n\t<meta property=\"og:image:width\" content=\"1280\" \/>\n\t<meta property=\"og:image:height\" content=\"720\" \/>\n\t<meta property=\"og:image:type\" content=\"image\/jpeg\" \/>\n<meta name=\"twitter:card\" content=\"summary_large_image\" \/>\n<meta name=\"twitter:label1\" content=\"Est. tempo de leitura\" \/>\n\t<meta name=\"twitter:data1\" content=\"3 minutos\" \/>\n<script type=\"application\/ld+json\" class=\"yoast-schema-graph\">{\"@context\":\"https:\/\/schema.org\",\"@graph\":[{\"@type\":\"WebPage\",\"@id\":\"https:\/\/www.iberbibliotecas.org\/iberbibliotecas-red-leen\/\",\"url\":\"https:\/\/www.iberbibliotecas.org\/iberbibliotecas-red-leen\/\",\"name\":\"Iberbibliotecas apoya la creaci\u00f3n de Red Leen, lecturas en el encierro - Iberbibliotecas\",\"isPartOf\":{\"@id\":\"https:\/\/www.iberbibliotecas.org\/#website\"},\"datePublished\":\"2022-09-30T22:36:52+00:00\",\"dateModified\":\"2022-09-30T22:42:48+00:00\",\"description\":\"Hace algunos d\u00edas, la Asamblea Nacional de Panam\u00e1 aprob\u00f3, en tercer debate, la iniciativa legislativa 755,\u00a0 una ley que establece...\",\"breadcrumb\":{\"@id\":\"https:\/\/www.iberbibliotecas.org\/iberbibliotecas-red-leen\/#breadcrumb\"},\"inLanguage\":\"pt-BR\",\"potentialAction\":[{\"@type\":\"ReadAction\",\"target\":[\"https:\/\/www.iberbibliotecas.org\/iberbibliotecas-red-leen\/\"]}]},{\"@type\":\"BreadcrumbList\",\"@id\":\"https:\/\/www.iberbibliotecas.org\/iberbibliotecas-red-leen\/#breadcrumb\",\"itemListElement\":[{\"@type\":\"ListItem\",\"position\":1,\"name\":\"Inicio\",\"item\":\"https:\/\/www.iberbibliotecas.org\/\"},{\"@type\":\"ListItem\",\"position\":2,\"name\":\"Iberbibliotecas apoya la creaci\u00f3n de Red Leen, lecturas en el encierro\"}]},{\"@type\":\"WebSite\",\"@id\":\"https:\/\/www.iberbibliotecas.org\/#website\",\"url\":\"https:\/\/www.iberbibliotecas.org\/\",\"name\":\"Iberbibliotecas\",\"description\":\"\",\"publisher\":{\"@id\":\"https:\/\/www.iberbibliotecas.org\/#organization\"},\"potentialAction\":[{\"@type\":\"SearchAction\",\"target\":{\"@type\":\"EntryPoint\",\"urlTemplate\":\"https:\/\/www.iberbibliotecas.org\/?s={search_term_string}\"},\"query-input\":\"required name=search_term_string\"}],\"inLanguage\":\"pt-BR\"},{\"@type\":\"Organization\",\"@id\":\"https:\/\/www.iberbibliotecas.org\/#organization\",\"name\":\"Iberbibliotecas\",\"url\":\"https:\/\/www.iberbibliotecas.org\/\",\"logo\":{\"@type\":\"ImageObject\",\"inLanguage\":\"pt-BR\",\"@id\":\"https:\/\/www.iberbibliotecas.org\/#\/schema\/logo\/image\/\",\"url\":\"https:\/\/www.iberbibliotecas.org\/wp-content\/uploads\/2021\/03\/logo_c_ib.png\",\"contentUrl\":\"https:\/\/www.iberbibliotecas.org\/wp-content\/uploads\/2021\/03\/logo_c_ib.png\",\"width\":289,\"height\":180,\"caption\":\"Iberbibliotecas\"},\"image\":{\"@id\":\"https:\/\/www.iberbibliotecas.org\/#\/schema\/logo\/image\/\"}}]}<\/script>\n<!-- \/ Yoast SEO plugin. -->","yoast_head_json":{"title":"Iberbibliotecas apoya la creaci\u00f3n de Red Leen, lecturas en el encierro - Iberbibliotecas","description":"Hace algunos d\u00edas, la Asamblea Nacional de Panam\u00e1 aprob\u00f3, en tercer debate, la iniciativa legislativa 755,\u00a0 una ley que establece...","robots":{"index":"index","follow":"follow","max-snippet":"max-snippet:-1","max-image-preview":"max-image-preview:large","max-video-preview":"max-video-preview:-1"},"canonical":"https:\/\/www.iberbibliotecas.org\/por\/iberbibliotecas-red-leen\/","og_locale":"pt_BR","og_type":"article","og_title":"Iberbibliotecas apoya la creaci\u00f3n de Red Leen, lecturas en el encierro - Iberbibliotecas","og_description":"Hace algunos d\u00edas, la Asamblea Nacional de Panam\u00e1 aprob\u00f3, en tercer debate, la iniciativa legislativa 755,\u00a0 una ley que establece...","og_url":"https:\/\/www.iberbibliotecas.org\/por\/iberbibliotecas-red-leen\/","og_site_name":"Iberbibliotecas","article_modified_time":"2022-09-30T22:42:48+00:00","og_image":[{"width":1280,"height":720,"url":"https:\/\/www.iberbibliotecas.org\/wp-content\/uploads\/2022\/09\/5.jpeg","type":"image\/jpeg"}],"twitter_card":"summary_large_image","twitter_misc":{"Est. tempo de leitura":"3 minutos"},"schema":{"@context":"https:\/\/schema.org","@graph":[{"@type":"WebPage","@id":"https:\/\/www.iberbibliotecas.org\/iberbibliotecas-red-leen\/","url":"https:\/\/www.iberbibliotecas.org\/iberbibliotecas-red-leen\/","name":"Iberbibliotecas apoya la creaci\u00f3n de Red Leen, lecturas en el encierro - Iberbibliotecas","isPartOf":{"@id":"https:\/\/www.iberbibliotecas.org\/#website"},"datePublished":"2022-09-30T22:36:52+00:00","dateModified":"2022-09-30T22:42:48+00:00","description":"Hace algunos d\u00edas, la Asamblea Nacional de Panam\u00e1 aprob\u00f3, en tercer debate, la iniciativa legislativa 755,\u00a0 una ley que establece...","breadcrumb":{"@id":"https:\/\/www.iberbibliotecas.org\/iberbibliotecas-red-leen\/#breadcrumb"},"inLanguage":"pt-BR","potentialAction":[{"@type":"ReadAction","target":["https:\/\/www.iberbibliotecas.org\/iberbibliotecas-red-leen\/"]}]},{"@type":"BreadcrumbList","@id":"https:\/\/www.iberbibliotecas.org\/iberbibliotecas-red-leen\/#breadcrumb","itemListElement":[{"@type":"ListItem","position":1,"name":"Inicio","item":"https:\/\/www.iberbibliotecas.org\/"},{"@type":"ListItem","position":2,"name":"Iberbibliotecas apoya la creaci\u00f3n de Red Leen, lecturas en el encierro"}]},{"@type":"WebSite","@id":"https:\/\/www.iberbibliotecas.org\/#website","url":"https:\/\/www.iberbibliotecas.org\/","name":"Iberbibliotecas","description":"","publisher":{"@id":"https:\/\/www.iberbibliotecas.org\/#organization"},"potentialAction":[{"@type":"SearchAction","target":{"@type":"EntryPoint","urlTemplate":"https:\/\/www.iberbibliotecas.org\/?s={search_term_string}"},"query-input":"required name=search_term_string"}],"inLanguage":"pt-BR"},{"@type":"Organization","@id":"https:\/\/www.iberbibliotecas.org\/#organization","name":"Iberbibliotecas","url":"https:\/\/www.iberbibliotecas.org\/","logo":{"@type":"ImageObject","inLanguage":"pt-BR","@id":"https:\/\/www.iberbibliotecas.org\/#\/schema\/logo\/image\/","url":"https:\/\/www.iberbibliotecas.org\/wp-content\/uploads\/2021\/03\/logo_c_ib.png","contentUrl":"https:\/\/www.iberbibliotecas.org\/wp-content\/uploads\/2021\/03\/logo_c_ib.png","width":289,"height":180,"caption":"Iberbibliotecas"},"image":{"@id":"https:\/\/www.iberbibliotecas.org\/#\/schema\/logo\/image\/"}}]}},"_links":{"self":[{"href":"https:\/\/www.iberbibliotecas.org\/por\/wp-json\/wp\/v2\/pages\/14678"}],"collection":[{"href":"https:\/\/www.iberbibliotecas.org\/por\/wp-json\/wp\/v2\/pages"}],"about":[{"href":"https:\/\/www.iberbibliotecas.org\/por\/wp-json\/wp\/v2\/types\/page"}],"author":[{"embeddable":true,"href":"https:\/\/www.iberbibliotecas.org\/por\/wp-json\/wp\/v2\/users\/1"}],"replies":[{"embeddable":true,"href":"https:\/\/www.iberbibliotecas.org\/por\/wp-json\/wp\/v2\/comments?post=14678"}],"version-history":[{"count":0,"href":"https:\/\/www.iberbibliotecas.org\/por\/wp-json\/wp\/v2\/pages\/14678\/revisions"}],"wp:featuredmedia":[{"embeddable":true,"href":"https:\/\/www.iberbibliotecas.org\/por\/wp-json\/wp\/v2\/media\/14680"}],"wp:attachment":[{"href":"https:\/\/www.iberbibliotecas.org\/por\/wp-json\/wp\/v2\/media?parent=14678"}],"curies":[{"name":"wp","href":"https:\/\/api.w.org\/{rel}","templated":true}]}}