{"id":21500,"date":"2025-08-04T10:45:29","date_gmt":"2025-08-04T15:45:29","guid":{"rendered":"https:\/\/www.iberbibliotecas.org\/?page_id=21500"},"modified":"2025-09-16T16:39:12","modified_gmt":"2025-09-16T21:39:12","slug":"curso-indicadoresparabibliotecas","status":"publish","type":"page","link":"https:\/\/www.iberbibliotecas.org\/por\/cursos\/curso-indicadoresparabibliotecas\/","title":{"rendered":"Curso Indicadores para bibliotecas: introducci\u00f3n a la evaluaci\u00f3n de impacto y valoraci\u00f3n de nuestra biblioteca"},"content":{"rendered":"<div data-elementor-type=\"wp-page\" data-elementor-id=\"21500\" class=\"elementor elementor-21500\">\n\t\t\t\t\t\t<div class=\"elementor-inner\">\n\t\t\t\t<div class=\"elementor-section-wrap\">\n\t\t\t\t\t\t\t\t\t<section class=\"elementor-section elementor-top-section elementor-element elementor-element-97a5562 elementor-section-boxed elementor-section-height-default elementor-section-height-default\" data-id=\"97a5562\" data-element_type=\"section\">\n\t\t\t\t\t\t<div class=\"elementor-container elementor-column-gap-default\">\n\t\t\t\t\t\t\t<div class=\"elementor-row\">\n\t\t\t\t\t<div class=\"elementor-column elementor-col-100 elementor-top-column elementor-element elementor-element-7f80f4f\" data-id=\"7f80f4f\" data-element_type=\"column\">\n\t\t\t<div class=\"elementor-column-wrap elementor-element-populated\">\n\t\t\t\t\t\t\t<div class=\"elementor-widget-wrap\">\n\t\t\t\t\t\t<div class=\"elementor-element elementor-element-43868cf elementor-widget elementor-widget-heading\" data-id=\"43868cf\" data-element_type=\"widget\" data-widget_type=\"heading.default\">\n\t\t\t\t<div class=\"elementor-widget-container\">\n\t\t\t<h1 class=\"elementor-heading-title elementor-size-default\">Abertura do curso: 29 de setembro<\/h1>\t\t<\/div>\n\t\t\t\t<\/div>\n\t\t\t\t<div class=\"elementor-element elementor-element-816fca6 elementor-widget elementor-widget-spacer\" data-id=\"816fca6\" data-element_type=\"widget\" data-widget_type=\"spacer.default\">\n\t\t\t\t<div class=\"elementor-widget-container\">\n\t\t\t\t\t<div class=\"elementor-spacer\">\n\t\t\t<div class=\"elementor-spacer-inner\"><\/div>\n\t\t<\/div>\n\t\t\t\t<\/div>\n\t\t\t\t<\/div>\n\t\t\t\t<div class=\"elementor-element elementor-element-bc3bccd elementor-align-center elementor-widget elementor-widget-button\" data-id=\"bc3bccd\" data-element_type=\"widget\" data-no-translation=\"\" data-widget_type=\"button.default\">\n\t\t\t\t<div class=\"elementor-widget-container\">\n\t\t\t<style>.elementor-element-bc3bccd{display:none !important}<\/style>\t\t<\/div>\n\t\t\t\t<\/div>\n\t\t\t\t<div class=\"elementor-element elementor-element-5b7318e elementor-align-center elementor-widget elementor-widget-button\" data-id=\"5b7318e\" data-element_type=\"widget\" data-no-translation=\"\" data-widget_type=\"button.default\">\n\t\t\t\t<div class=\"elementor-widget-container\">\n\t\t\t\t\t<div class=\"elementor-button-wrapper\">\n\t\t\t<a href=\"https:\/\/www.iberbibliotecas.org\/wp-content\/uploads\/2025\/09\/Lista_de_selecao_indicadores_2025_por.pdf\" target=\"_blank\" rel=\"nofollow\" class=\"elementor-button-link elementor-button elementor-size-lg elementor-animation-sink\" role=\"button\">\n\t\t\t\t\t\t<span class=\"elementor-button-content-wrapper\">\n\t\t\t\t\t\t\t<span class=\"elementor-button-icon elementor-align-icon-right\">\n\t\t\t\t<i aria-hidden=\"true\" class=\"fas fa-download\"><\/i>\t\t\t<\/span>\n\t\t\t\t\t\t<span class=\"elementor-button-text\">Pessoas selecionadas <\/span>\n\t\t<\/span>\n\t\t\t\t\t<\/a>\n\t\t<\/div>\n\t\t\t\t<\/div>\n\t\t\t\t<\/div>\n\t\t\t\t<div class=\"elementor-element elementor-element-43993ec elementor-widget-divider--view-line_icon elementor-view-default elementor-widget-divider--element-align-center elementor-widget elementor-widget-divider\" data-id=\"43993ec\" data-element_type=\"widget\" data-widget_type=\"divider.default\">\n\t\t\t\t<div class=\"elementor-widget-container\">\n\t\t\t\t\t<div class=\"elementor-divider\">\n\t\t\t<span class=\"elementor-divider-separator\">\n\t\t\t\t\t\t\t<div class=\"elementor-icon elementor-divider__element\">\n\t\t\t\t\t<i aria-hidden=\"true\" class=\"far fa-check-circle\"><\/i><\/div>\n\t\t\t\t\t\t<\/span>\n\t\t<\/div>\n\t\t\t\t<\/div>\n\t\t\t\t<\/div>\n\t\t\t\t\t\t<\/div>\n\t\t\t\t\t<\/div>\n\t\t<\/div>\n\t\t\t\t\t\t\t\t<\/div>\n\t\t\t\t\t<\/div>\n\t\t<\/section>\n\t\t\t\t<section class=\"elementor-section elementor-top-section elementor-element elementor-element-8217683 elementor-section-boxed elementor-section-height-default elementor-section-height-default\" data-id=\"8217683\" data-element_type=\"section\">\n\t\t\t\t\t\t<div class=\"elementor-container elementor-column-gap-default\">\n\t\t\t\t\t\t\t<div class=\"elementor-row\">\n\t\t\t\t\t<div class=\"elementor-column elementor-col-66 elementor-top-column elementor-element elementor-element-0fc89d1\" data-id=\"0fc89d1\" data-element_type=\"column\">\n\t\t\t<div class=\"elementor-column-wrap elementor-element-populated\">\n\t\t\t\t\t\t\t<div class=\"elementor-widget-wrap\">\n\t\t\t\t\t\t<div class=\"elementor-element elementor-element-34922a6 elementor-widget elementor-widget-heading\" data-id=\"34922a6\" data-element_type=\"widget\" data-widget_type=\"heading.default\">\n\t\t\t\t<div class=\"elementor-widget-container\">\n\t\t\t<h1 class=\"elementor-heading-title elementor-size-default\">Indicadores para bibliotecas: introdu\u00e7\u00e3o \u00e0 avalia\u00e7\u00e3o de impacto e valoriza\u00e7\u00e3o da biblioteca<\/h1>\t\t<\/div>\n\t\t\t\t<\/div>\n\t\t\t\t<div class=\"elementor-element elementor-element-bff61dd elementor-widget elementor-widget-text-editor\" data-id=\"bff61dd\" data-element_type=\"widget\" data-widget_type=\"text-editor.default\">\n\t\t\t\t<div class=\"elementor-widget-container\">\n\t\t\t\t\t\t\t\t<div class=\"elementor-text-editor elementor-clearfix\">\n\t\t\t\t<p style=\"text-align: justify;\"><span style=\"font-weight: 400;\">Curso virtual com tutoria \u2013 gratuito <\/span><\/p>\t\t\t\t\t<\/div>\n\t\t\t\t\t\t<\/div>\n\t\t\t\t<\/div>\n\t\t\t\t<div class=\"elementor-element elementor-element-346b267 elementor-widget elementor-widget-heading\" data-id=\"346b267\" data-element_type=\"widget\" data-widget_type=\"heading.default\">\n\t\t\t\t<div class=\"elementor-widget-container\">\n\t\t\t<h2 class=\"elementor-heading-title elementor-size-default\">Objetivo geral\u200b<\/h2>\t\t<\/div>\n\t\t\t\t<\/div>\n\t\t\t\t<div class=\"elementor-element elementor-element-2d72f23 elementor-widget elementor-widget-text-editor\" data-id=\"2d72f23\" data-element_type=\"widget\" data-widget_type=\"text-editor.default\">\n\t\t\t\t<div class=\"elementor-widget-container\">\n\t\t\t\t\t\t\t\t<div class=\"elementor-text-editor elementor-clearfix\">\n\t\t\t\t<p style=\"text-align: justify;\"><span style=\"font-weight: 400;\">Fornecer um marco te\u00f3rico e pr\u00e1tico para indicadores de gest\u00e3o, com base em padr\u00f5es internacionais, que possam ser utilizados como ferramenta para monitorar, mensurar, analisar e avaliar processos e servi\u00e7os bibliotec\u00e1rios.<\/span><\/p>\t\t\t\t\t<\/div>\n\t\t\t\t\t\t<\/div>\n\t\t\t\t<\/div>\n\t\t\t\t\t\t<\/div>\n\t\t\t\t\t<\/div>\n\t\t<\/div>\n\t\t\t\t<div class=\"elementor-column elementor-col-33 elementor-top-column elementor-element elementor-element-222b615\" data-id=\"222b615\" data-element_type=\"column\">\n\t\t\t<div class=\"elementor-column-wrap elementor-element-populated\">\n\t\t\t\t\t\t\t<div class=\"elementor-widget-wrap\">\n\t\t\t\t\t\t<div class=\"elementor-element elementor-element-78bbc0d elementor-widget elementor-widget-image\" data-id=\"78bbc0d\" data-element_type=\"widget\" data-widget_type=\"image.default\">\n\t\t\t\t<div class=\"elementor-widget-container\">\n\t\t\t\t\t\t\t\t<div class=\"elementor-image\">\n\t\t\t\t\t\t\t\t\t\t\t\t\t<a href=\"https:\/\/www.iberbibliotecas.org\/wp-content\/uploads\/2025\/08\/Mesa-de-trabajo-3-100-4.jpg\" data-elementor-open-lightbox=\"yes\" data-elementor-lightbox-title=\"Mesa de trabajo 3-100 (4)\" e-action-hash=\"#elementor-action%3Aaction%3Dlightbox%26settings%3DeyJpZCI6MjE2MTIsInVybCI6Imh0dHBzOlwvXC93d3cuaWJlcmJpYmxpb3RlY2FzLm9yZ1wvd3AtY29udGVudFwvdXBsb2Fkc1wvMjAyNVwvMDhcL01lc2EtZGUtdHJhYmFqby0zLTEwMC00LmpwZyJ9\">\n\t\t\t\t\t\t\t<img decoding=\"async\" width=\"525\" height=\"657\" src=\"https:\/\/www.iberbibliotecas.org\/wp-content\/uploads\/2025\/08\/Curso_Indicadores_portugues-1.png\" class=\"attachment-medium_large size-medium_large\" alt=\"\" loading=\"lazy\" srcset=\"https:\/\/www.iberbibliotecas.org\/wp-content\/uploads\/2025\/08\/Curso_Indicadores_portugues-1.png 1080w, https:\/\/www.iberbibliotecas.org\/wp-content\/uploads\/2025\/08\/Curso_Indicadores_portugues-1-240x300.png 240w, https:\/\/www.iberbibliotecas.org\/wp-content\/uploads\/2025\/08\/Curso_Indicadores_portugues-1-819x1024.png 819w, https:\/\/www.iberbibliotecas.org\/wp-content\/uploads\/2025\/08\/Curso_Indicadores_portugues-1-768x960.png 768w, https:\/\/www.iberbibliotecas.org\/wp-content\/uploads\/2025\/08\/Curso_Indicadores_portugues-1-10x12.png 10w\" sizes=\"100vw\" \/>\t\t\t\t\t\t\t\t<\/a>\n\t\t\t\t\t\t\t\t\t\t\t\t\t\t<\/div>\n\t\t\t\t\t\t<\/div>\n\t\t\t\t<\/div>\n\t\t\t\t\t\t<\/div>\n\t\t\t\t\t<\/div>\n\t\t<\/div>\n\t\t\t\t\t\t\t\t<\/div>\n\t\t\t\t\t<\/div>\n\t\t<\/section>\n\t\t\t\t<section class=\"elementor-section elementor-top-section elementor-element elementor-element-f5da067 elementor-section-boxed elementor-section-height-default elementor-section-height-default\" data-id=\"f5da067\" data-element_type=\"section\">\n\t\t\t\t\t\t<div class=\"elementor-container elementor-column-gap-default\">\n\t\t\t\t\t\t\t<div class=\"elementor-row\">\n\t\t\t\t\t<div class=\"elementor-column elementor-col-100 elementor-top-column elementor-element elementor-element-fb0097b\" data-id=\"fb0097b\" data-element_type=\"column\">\n\t\t\t<div class=\"elementor-column-wrap elementor-element-populated\">\n\t\t\t\t\t\t\t<div class=\"elementor-widget-wrap\">\n\t\t\t\t\t\t<div class=\"elementor-element elementor-element-476f6b5 elementor-widget elementor-widget-heading\" data-id=\"476f6b5\" data-element_type=\"widget\" data-widget_type=\"heading.default\">\n\t\t\t\t<div class=\"elementor-widget-container\">\n\t\t\t<h2 class=\"elementor-heading-title elementor-size-default\">Objetivos espec\u00edficos<\/h2>\t\t<\/div>\n\t\t\t\t<\/div>\n\t\t\t\t<div class=\"elementor-element elementor-element-b4d4aad elementor-icon-list--layout-traditional elementor-list-item-link-full_width elementor-widget elementor-widget-icon-list\" data-id=\"b4d4aad\" data-element_type=\"widget\" data-widget_type=\"icon-list.default\">\n\t\t\t\t<div class=\"elementor-widget-container\">\n\t\t\t\t\t<ul class=\"elementor-icon-list-items\">\n\t\t\t\t\t\t\t<li class=\"elementor-icon-list-item\">\n\t\t\t\t\t\t\t\t\t\t<span class=\"elementor-icon-list-text\">\u25ba Compreender a aplica\u00e7\u00e3o de sistemas de avalia\u00e7\u00e3o em bibliotecas bem como os conceitos b\u00e1sicos de avalia\u00e7\u00e3o, os tipos de indicadores e as normas internacionais que regem a \u00e1rea.<\/span>\n\t\t\t\t\t\t\t\t\t<\/li>\n\t\t\t\t\t\t\t\t<li class=\"elementor-icon-list-item\">\n\t\t\t\t\t\t\t\t\t\t<span class=\"elementor-icon-list-text\">\u25ba Diferenciar monitoramento, mensura\u00e7\u00e3o, an\u00e1lise e melhoria para tomar decis\u00f5es que otimizem a gest\u00e3o da biblioteca e o seu impacto na comunidade.<\/span>\n\t\t\t\t\t\t\t\t\t<\/li>\n\t\t\t\t\t\t\t\t<li class=\"elementor-icon-list-item\">\n\t\t\t\t\t\t\t\t\t\t<span class=\"elementor-icon-list-text\">\u25ba Compreender os princ\u00edpios e as pr\u00e1ticas estabelecidos nas normas internacionais ISO 2789, ISO 11620 e ISO 16439.<\/span>\n\t\t\t\t\t\t\t\t\t<\/li>\n\t\t\t\t\t\t\t\t<li class=\"elementor-icon-list-item\">\n\t\t\t\t\t\t\t\t\t\t<span class=\"elementor-icon-list-text\">\u25ba Compreender os fundamentos e os crit\u00e9rios para o desenvolvimento de indicadores em bibliotecas<\/span>\n\t\t\t\t\t\t\t\t\t<\/li>\n\t\t\t\t\t\t\t\t<li class=\"elementor-icon-list-item\">\n\t\t\t\t\t\t\t\t\t\t<span class=\"elementor-icon-list-text\">\u25ba Interpretar os dados coletados e transform\u00e1-los em informa\u00e7\u00f5es relevantes.<\/span>\n\t\t\t\t\t\t\t\t\t<\/li>\n\t\t\t\t\t\t\t\t<li class=\"elementor-icon-list-item\">\n\t\t\t\t\t\t\t\t\t\t<span class=\"elementor-icon-list-text\">\u25ba Comunicar os resultados de forma clara e persuasiva<\/span>\n\t\t\t\t\t\t\t\t\t<\/li>\n\t\t\t\t\t\t<\/ul>\n\t\t\t\t<\/div>\n\t\t\t\t<\/div>\n\t\t\t\t\t\t<\/div>\n\t\t\t\t\t<\/div>\n\t\t<\/div>\n\t\t\t\t\t\t\t\t<\/div>\n\t\t\t\t\t<\/div>\n\t\t<\/section>\n\t\t\t\t<section class=\"elementor-section elementor-top-section elementor-element elementor-element-2f31363 elementor-section-boxed elementor-section-height-default elementor-section-height-default\" data-id=\"2f31363\" data-element_type=\"section\">\n\t\t\t\t\t\t<div class=\"elementor-container elementor-column-gap-default\">\n\t\t\t\t\t\t\t<div class=\"elementor-row\">\n\t\t\t\t\t<div class=\"elementor-column elementor-col-100 elementor-top-column elementor-element elementor-element-780af9f\" data-id=\"780af9f\" data-element_type=\"column\">\n\t\t\t<div class=\"elementor-column-wrap elementor-element-populated\">\n\t\t\t\t\t\t\t<div class=\"elementor-widget-wrap\">\n\t\t\t\t\t\t<div class=\"elementor-element elementor-element-0640d0a elementor-widget elementor-widget-heading\" data-id=\"0640d0a\" data-element_type=\"widget\" data-widget_type=\"heading.default\">\n\t\t\t\t<div class=\"elementor-widget-container\">\n\t\t\t<h2 class=\"elementor-heading-title elementor-size-default\">M\u00d3DULOS<\/h2>\t\t<\/div>\n\t\t\t\t<\/div>\n\t\t\t\t<div class=\"elementor-element elementor-element-ddc1a94 elementor-widget elementor-widget-text-editor\" data-id=\"ddc1a94\" data-element_type=\"widget\" data-widget_type=\"text-editor.default\">\n\t\t\t\t<div class=\"elementor-widget-container\">\n\t\t\t\t\t\t\t\t<div class=\"elementor-text-editor elementor-clearfix\">\n\t\t\t\t<p><span style=\"font-family: Montserrat-Regular, sans-serif; font-size: 1rem;\"><strong>M\u00f3dulo 1. Fundamentos e conscientiza\u00e7\u00e3o<\/strong><\/span><\/p><ul><li><span style=\"font-family: Montserrat-Regular, sans-serif; font-size: 1rem;\">*<strong>Tema 1.<\/strong> <em>Import\u00e2ncia da avalia\u00e7\u00e3o em bibliotecas (conscientiza\u00e7\u00e3o)<\/em><span style=\"font-weight: 400;\">.<\/span><\/span><\/li><li><span style=\"font-family: Montserrat-Regular, sans-serif; font-size: 1rem;\">*<strong>Tema 2.<\/strong> <em>O que \u00e9 um \u00edndice e o que \u00e9 um indicador de gest\u00e3o?<\/em><\/span><span style=\"font-weight: 400;\">.<\/span><\/li><li><span style=\"font-family: Montserrat-Regular, sans-serif; font-size: 1rem;\">*<strong>Tema 3.<\/strong> <em>Introdu\u00e7\u00e3o \u00e0 avalia\u00e7\u00e3o de impacto em programas bibliotec\u00e1rios<\/em><\/span><\/li><\/ul><p><span style=\"font-family: Montserrat-Regular, sans-serif; font-size: 1rem;\"><strong><br \/>M\u00f3dulo 2. Conceitos b\u00e1sicos e marco te\u00f3rico<br \/><\/strong><\/span><\/p><ul><li><span style=\"font-family: Montserrat-Regular, sans-serif; font-size: 1rem;\">*<strong>Tema 1.<\/strong> <em>Marco conceitual dos indicadores de impacto<\/em><\/span><\/li><li><span style=\"font-family: Montserrat-Regular, sans-serif; font-size: 1rem;\">*<strong>Tema 2.<\/strong> <em>Identifica\u00e7\u00e3o dos objetivos de processo e objetivos estrat\u00e9gicos<\/em><span style=\"font-weight: 400;\">.<\/span><\/span><\/li><li>*<strong>Tema 3.<\/strong> <em>Diferen\u00e7as entre monitoramento, mensura\u00e7\u00e3o, an\u00e1lise e melhoria<\/em><\/li><\/ul><p><span style=\"font-family: Montserrat-Regular, sans-serif; font-size: 1rem;\"><br \/><strong>M\u00f3dulo 3.<\/strong> <strong>Normas internacionais<\/strong><br \/><\/span><\/p><ul><li><span style=\"font-family: Montserrat-Regular, sans-serif; font-size: 1rem;\">*<strong>Tema 1.<\/strong> ISO 2789 \u2014 Um guia para coleta de dados em bibliotecas<span style=\"font-weight: 400;\">.<\/span><\/span><\/li><li><span style=\"font-family: Montserrat-Regular, sans-serif; font-size: 1rem;\">*<strong>Tema 2<\/strong>. ISO 11620 \u2014 Indicadores de desempenho de bibliotecas: uma ferramenta essencial para bibliotecas<\/span><\/li><li><span style=\"font-family: Montserrat-Regular, sans-serif; font-size: 1rem;\"><span style=\"font-weight: 400;\">*<strong>Tema 3<\/strong>. ISO 16439 \u2014 M\u00e9todos e procedimentos para medir o impacto de bibliotecas<br \/><br \/><\/span><\/span><\/li><\/ul><p><span style=\"font-family: Montserrat-Regular, sans-serif; font-size: 1rem;\"><strong>M\u00f3dulo 4. Desenho e constru\u00e7\u00e3o de indicadores<\/strong><\/span><\/p><ul><li><span style=\"font-family: Montserrat-Regular, sans-serif; font-size: 1rem;\">*<strong>Tema 1.<\/strong> <em>Cria\u00e7\u00e3o de indicadores relevantes para projetos bibliotec\u00e1rios: principais tipos e crit\u00e9rios de aplica\u00e7\u00e3o<\/em><\/span><\/li><li><span style=\"font-family: Montserrat-Regular, sans-serif; font-size: 1rem;\">*<strong>Tema 2.<\/strong> <em>Constru\u00e7\u00e3o de indicadores de gest\u00e3o: etapas<\/em><\/span><\/li><li><span style=\"font-family: Montserrat-Regular, sans-serif; font-size: 1rem;\">*<strong>Tema 3.<\/strong> <em>Constru\u00e7\u00e3o de indicadores de gest\u00e3o: indicadores de efici\u00eancia, efic\u00e1cia e efetividade<br \/><br \/><\/em><\/span><\/li><\/ul><p><strong>M\u00f3dulo 5.<\/strong> <strong>M\u00e9todos e ferramentas de avalia\u00e7\u00e3o<\/strong><\/p><ul><li>*<strong>Tema 1.<\/strong> Tipos e abordagens de avalia\u00e7\u00e3o<\/li><li>*<strong>Tema 2.<\/strong> T\u00e9cnicas e instrumentos de avalia\u00e7\u00e3o<\/li><li><strong>*Tema 3.<\/strong> An\u00e1lise e apresenta\u00e7\u00e3o de resultados<\/li><\/ul><p>\u00a0<\/p><p><strong>M\u00f3dulo 6.<\/strong> <strong>Comunica\u00e7\u00e3o e aplica\u00e7\u00e3o dos resultados<\/strong><\/p><ul><li><strong>*Tema 1.<\/strong>\u00a0 Interpreta\u00e7\u00e3o e comunica\u00e7\u00e3o de resultados<\/li><li><strong>*Tema 2.<\/strong> Elabora\u00e7\u00e3o de relat\u00f3rios<\/li><li><strong>*Tema 3.<\/strong> Posicionamento e comunica\u00e7\u00e3o por meio de indicadores<\/li><\/ul>\t\t\t\t\t<\/div>\n\t\t\t\t\t\t<\/div>\n\t\t\t\t<\/div>\n\t\t\t\t<div class=\"elementor-element elementor-element-20caf6b elementor-widget elementor-widget-heading\" data-id=\"20caf6b\" data-element_type=\"widget\" data-widget_type=\"heading.default\">\n\t\t\t\t<div class=\"elementor-widget-container\">\n\t\t\t<h2 class=\"elementor-heading-title elementor-size-default\">Datas importantes<\/h2>\t\t<\/div>\n\t\t\t\t<\/div>\n\t\t\t\t<div class=\"elementor-element elementor-element-838a6eb elementor-widget elementor-widget-text-editor\" data-id=\"838a6eb\" data-element_type=\"widget\" data-no-translation=\"\" data-widget_type=\"text-editor.default\">\n\t\t\t\t<div class=\"elementor-widget-container\">\n\t\t\t<style>.elementor-element-838a6eb{display:none !important}<\/style>\t\t<\/div>\n\t\t\t\t<\/div>\n\t\t\t\t<div class=\"elementor-element elementor-element-817030b elementor-widget elementor-widget-text-editor\" data-id=\"817030b\" data-element_type=\"widget\" data-no-translation=\"\" data-widget_type=\"text-editor.default\">\n\t\t\t\t<div class=\"elementor-widget-container\">\n\t\t\t\t\t\t\t\t<div class=\"elementor-text-editor elementor-clearfix\">\n\t\t\t\t<table width=\"100%\"><tbody><tr><td width=\"86\"><strong>Semana<\/strong><\/td><td width=\"232\"><strong>Actividad<\/strong><\/td><td colspan=\"2\" width=\"173\"><strong>Datas de trabalho semanais<\/strong><\/td><td width=\"98\"><strong>Sess\u00e3o s\u00edncrona*<\/strong><\/td><\/tr><tr><td width=\"86\"><strong>1<\/strong><\/td><td width=\"232\"><strong>Abertura do curso<\/strong><\/td><td width=\"87\">29 de set 2025<\/td><td width=\"87\">4 de otu 2025<\/td><td width=\"98\">3 de otu 2025<\/td><\/tr><tr><td width=\"86\"><strong>2<\/strong><\/td><td width=\"232\"><strong>Execu\u00e7\u00e3o do M\u00f3dulo 1<\/strong><\/td><td width=\"87\">6 de otu 2025<\/td><td width=\"87\">11 de otu 2025<\/td><td width=\"98\">10 de otu 2025<\/td><\/tr><tr><td width=\"86\"><strong>3<\/strong><\/td><td width=\"232\"><strong>Execu\u00e7\u00e3o do M\u00f3dulo 2<\/strong><\/td><td width=\"87\">13 de otu 2025<\/td><td width=\"87\">18 de otu 2025<\/td><td width=\"98\">17 de otu 2025<\/td><\/tr><tr><td width=\"86\"><strong>4<\/strong><\/td><td width=\"232\"><strong>Execu\u00e7\u00e3o do M\u00f3dulo 3<\/strong><\/td><td width=\"87\">20 de otu 2025<\/td><td width=\"87\">25 de otu 2025<\/td><td width=\"98\">24 de otu 2025<\/td><\/tr><tr><td width=\"86\"><strong>5<\/strong><\/td><td width=\"232\"><strong>Execu\u00e7\u00e3o do M\u00f3dulo 4<\/strong><\/td><td width=\"87\">27 de otu 2025<\/td><td width=\"87\">1 de nov 2025<\/td><td width=\"98\">31 de otu 2025<\/td><\/tr><tr><td width=\"86\"><strong>6<\/strong><\/td><td width=\"232\"><strong>Execu\u00e7\u00e3o do M\u00f3dulo 5<\/strong><\/td><td width=\"87\">3 de nov 2025<\/td><td width=\"87\">8 de nov 2025<\/td><td width=\"98\">7 de nov 2025<\/td><\/tr><tr><td width=\"86\"><strong>7<\/strong><\/td><td width=\"232\"><strong>Execu\u00e7\u00e3o do M\u00f3dulo 6<\/strong><\/td><td width=\"87\">10 de nov 2025<\/td><td width=\"87\">15 de nov 2025<\/td><td width=\"98\">14 de nov 2025<\/td><\/tr><tr><td width=\"86\"><strong>8<\/strong><\/td><td width=\"232\"><strong>Encerramento do curso<\/strong><\/td><td width=\"87\">17 de nov 2025<\/td><td width=\"87\">22 de nov 2025<\/td><td rowspan=\"3\" width=\"98\">\u00a0<\/td><\/tr><tr><td width=\"86\"><strong>9<\/strong><\/td><td width=\"232\"><strong>Relat\u00f3rio dos aprovados e ajustes (relat\u00f3rio) download de certificados<\/strong><\/td><td width=\"87\">24 de nov 2025<\/td><td width=\"87\">28 de nov 2024<\/td><\/tr><tr><td width=\"86\"><strong>9<\/strong><\/td><td width=\"232\"><strong>Abertura do curso<\/strong><\/td><td width=\"87\">1 de dez 2025<\/td><td width=\"87\">5 de dez 2025<\/td><\/tr><\/tbody><\/table>\t\t\t\t\t<\/div>\n\t\t\t\t\t\t<\/div>\n\t\t\t\t<\/div>\n\t\t\t\t<div class=\"elementor-element elementor-element-e3277c9 elementor-widget elementor-widget-text-editor\" data-id=\"e3277c9\" data-element_type=\"widget\" data-widget_type=\"text-editor.default\">\n\t\t\t\t<div class=\"elementor-widget-container\">\n\t\t\t\t\t\t\t\t<div class=\"elementor-text-editor elementor-clearfix\">\n\t\t\t\t<p><b>*As datas podem ser modificadas de acordo com as exig\u00eancias do Iberbibliotecas.<\/b><\/p><p><span style=\"font-weight: 400;\">Hor\u00e1rio provis\u00f3rio da sess\u00e3o s\u00edncrona: 7h Acre | 8h Amaz\u00f4nia | 9h Bras\u00edlia | 10h Fernando de Noronha.<\/span><\/p><p><span style=\"font-weight: 400;\">* O curso ter\u00e1 in\u00edcio se houver o n\u00famero m\u00ednimo de participantes exigido<\/span><\/p><p><b>Perguntas e d\u00favidas:<\/b><span style=\"font-weight: 400;\"> cursosiberbibliotecas@cerlalc.org<\/span><\/p>\t\t\t\t\t<\/div>\n\t\t\t\t\t\t<\/div>\n\t\t\t\t<\/div>\n\t\t\t\t\t\t<\/div>\n\t\t\t\t\t<\/div>\n\t\t<\/div>\n\t\t\t\t\t\t\t\t<\/div>\n\t\t\t\t\t<\/div>\n\t\t<\/section>\n\t\t\t\t<section class=\"elementor-section elementor-top-section elementor-element elementor-element-8e7b5f9 elementor-section-boxed elementor-section-height-default elementor-section-height-default\" data-id=\"8e7b5f9\" data-element_type=\"section\">\n\t\t\t\t\t\t<div class=\"elementor-container elementor-column-gap-default\">\n\t\t\t\t\t\t\t<div class=\"elementor-row\">\n\t\t\t\t\t<div class=\"elementor-column elementor-col-33 elementor-top-column elementor-element elementor-element-2e1e404\" data-id=\"2e1e404\" data-element_type=\"column\">\n\t\t\t<div class=\"elementor-column-wrap elementor-element-populated\">\n\t\t\t\t\t\t\t<div class=\"elementor-widget-wrap\">\n\t\t\t\t\t\t<div class=\"elementor-element elementor-element-f4bb6f7 elementor-widget elementor-widget-heading\" data-id=\"f4bb6f7\" data-element_type=\"widget\" data-widget_type=\"heading.default\">\n\t\t\t\t<div class=\"elementor-widget-container\">\n\t\t\t<h2 class=\"elementor-heading-title elementor-size-default\">P\u00fablico-alvo<\/h2>\t\t<\/div>\n\t\t\t\t<\/div>\n\t\t\t\t<div class=\"elementor-element elementor-element-c14a0a8 elementor-widget elementor-widget-text-editor\" data-id=\"c14a0a8\" data-element_type=\"widget\" data-widget_type=\"text-editor.default\">\n\t\t\t\t<div class=\"elementor-widget-container\">\n\t\t\t\t\t\t\t\t<div class=\"elementor-text-editor elementor-clearfix\">\n\t\t\t\t<p>Forma\u00e7\u00e3o dirigida a bibliotec\u00e1rias e bibliotec\u00e1rios da Ibero-Am\u00e9rica respons\u00e1veis pelo desenvolvimento de servi\u00e7os e projetos em bibliotecas p\u00fablicas, comunit\u00e1rias ou populares<\/p>\t\t\t\t\t<\/div>\n\t\t\t\t\t\t<\/div>\n\t\t\t\t<\/div>\n\t\t\t\t\t\t<\/div>\n\t\t\t\t\t<\/div>\n\t\t<\/div>\n\t\t\t\t<div class=\"elementor-column elementor-col-33 elementor-top-column elementor-element elementor-element-0ae9935\" data-id=\"0ae9935\" data-element_type=\"column\">\n\t\t\t<div class=\"elementor-column-wrap elementor-element-populated\">\n\t\t\t\t\t\t\t<div class=\"elementor-widget-wrap\">\n\t\t\t\t\t\t<div class=\"elementor-element elementor-element-c97e48b elementor-widget elementor-widget-heading\" data-id=\"c97e48b\" data-element_type=\"widget\" data-widget_type=\"heading.default\">\n\t\t\t\t<div class=\"elementor-widget-container\">\n\t\t\t<h2 class=\"elementor-heading-title elementor-size-default\">Requisitos de inscri\u00e7\u00e3o:<\/h2>\t\t<\/div>\n\t\t\t\t<\/div>\n\t\t\t\t<div class=\"elementor-element elementor-element-9f0c028 elementor-widget elementor-widget-text-editor\" data-id=\"9f0c028\" data-element_type=\"widget\" data-widget_type=\"text-editor.default\">\n\t\t\t\t<div class=\"elementor-widget-container\">\n\t\t\t\t\t\t\t\t<div class=\"elementor-text-editor elementor-clearfix\">\n\t\t\t\t<p>Em formato PDF, devem ser apresentados os seguintes documentos:<\/p>\t\t\t\t\t<\/div>\n\t\t\t\t\t\t<\/div>\n\t\t\t\t<\/div>\n\t\t\t\t<div class=\"elementor-element elementor-element-90c6bf7 elementor-icon-list--layout-traditional elementor-list-item-link-full_width elementor-widget elementor-widget-icon-list\" data-id=\"90c6bf7\" data-element_type=\"widget\" data-widget_type=\"icon-list.default\">\n\t\t\t\t<div class=\"elementor-widget-container\">\n\t\t\t\t\t<ul class=\"elementor-icon-list-items\">\n\t\t\t\t\t\t\t<li class=\"elementor-icon-list-item\">\n\t\t\t\t\t\t\t\t\t\t\t<span class=\"elementor-icon-list-icon\">\n\t\t\t\t\t\t\t<i aria-hidden=\"true\" class=\"fas fa-check\"><\/i>\t\t\t\t\t\t<\/span>\n\t\t\t\t\t\t\t\t\t\t<span class=\"elementor-icon-list-text\">Curr\u00edculo<\/span>\n\t\t\t\t\t\t\t\t\t<\/li>\n\t\t\t\t\t\t\t\t<li class=\"elementor-icon-list-item\">\n\t\t\t\t\t\t\t\t\t\t\t<span class=\"elementor-icon-list-icon\">\n\t\t\t\t\t\t\t<i aria-hidden=\"true\" class=\"fas fa-check\"><\/i>\t\t\t\t\t\t<\/span>\n\t\t\t\t\t\t\t\t\t\t<span class=\"elementor-icon-list-text\">C\u00f3pia do documento de identidade.<\/span>\n\t\t\t\t\t\t\t\t\t<\/li>\n\t\t\t\t\t\t\t\t<li class=\"elementor-icon-list-item\">\n\t\t\t\t\t\t\t\t\t\t\t<span class=\"elementor-icon-list-icon\">\n\t\t\t\t\t\t\t<i aria-hidden=\"true\" class=\"fas fa-check\"><\/i>\t\t\t\t\t\t<\/span>\n\t\t\t\t\t\t\t\t\t\t<span class=\"elementor-icon-list-text\">Carta de recomenda\u00e7\u00e3o da biblioteca onde voc\u00ea trabalha, comprovando sua participa\u00e7\u00e3o em uma equipe de biblioteca p\u00fablica ou comunit\u00e1ria. Baixe o modelo de carta aqui. <a href=\"https:\/\/www.iberbibliotecas.org\/wp-content\/uploads\/2025\/08\/Modelo-carta-aval-por.docx\" style=\"color:blue;\" targer=\"_blank\">Baixe o modelo de carta aqui<\/a><\/span>\n\t\t\t\t\t\t\t\t\t<\/li>\n\t\t\t\t\t\t<\/ul>\n\t\t\t\t<\/div>\n\t\t\t\t<\/div>\n\t\t\t\t\t\t<\/div>\n\t\t\t\t\t<\/div>\n\t\t<\/div>\n\t\t\t\t<div class=\"elementor-column elementor-col-33 elementor-top-column elementor-element elementor-element-6894be9\" data-id=\"6894be9\" data-element_type=\"column\">\n\t\t\t<div class=\"elementor-column-wrap elementor-element-populated\">\n\t\t\t\t\t\t\t<div class=\"elementor-widget-wrap\">\n\t\t\t\t\t\t<div class=\"elementor-element elementor-element-11ea1b3 elementor-widget elementor-widget-heading\" data-id=\"11ea1b3\" data-element_type=\"widget\" data-widget_type=\"heading.default\">\n\t\t\t\t<div class=\"elementor-widget-container\">\n\t\t\t<h2 class=\"elementor-heading-title elementor-size-default\">As inscri\u00e7\u00f5es encerram:<\/h2>\t\t<\/div>\n\t\t\t\t<\/div>\n\t\t\t\t<div class=\"elementor-element elementor-element-eb96bcc elementor-widget elementor-widget-text-editor\" data-id=\"eb96bcc\" data-element_type=\"widget\" data-widget_type=\"text-editor.default\">\n\t\t\t\t<div class=\"elementor-widget-container\">\n\t\t\t\t\t\t\t\t<div class=\"elementor-text-editor elementor-clearfix\">\n\t\t\t\t<p>19 de agosto de 2025<\/p>\t\t\t\t\t<\/div>\n\t\t\t\t\t\t<\/div>\n\t\t\t\t<\/div>\n\t\t\t\t\t\t<\/div>\n\t\t\t\t\t<\/div>\n\t\t<\/div>\n\t\t\t\t\t\t\t\t<\/div>\n\t\t\t\t\t<\/div>\n\t\t<\/section>\n\t\t\t\t<section class=\"elementor-section elementor-top-section elementor-element elementor-element-bf605f1 elementor-section-boxed elementor-section-height-default elementor-section-height-default\" data-id=\"bf605f1\" data-element_type=\"section\">\n\t\t\t\t\t\t<div class=\"elementor-container elementor-column-gap-default\">\n\t\t\t\t\t\t\t<div class=\"elementor-row\">\n\t\t\t\t\t<div class=\"elementor-column elementor-col-100 elementor-top-column elementor-element elementor-element-8476228\" data-id=\"8476228\" data-element_type=\"column\">\n\t\t\t<div class=\"elementor-column-wrap elementor-element-populated\">\n\t\t\t\t\t\t\t<div class=\"elementor-widget-wrap\">\n\t\t\t\t<!--DCE VISIBILITY HIDDEN WIDGET-->\t\t<div class=\"dce-visibility-widget-hidden elementor-element elementor-element-5dddcf4 elementor-align-center elementor-widget elementor-widget-button\" data-id=\"5dddcf4\" data-element_type=\"widget\" id=\"curso_inidicadores\" data-settings=\"{&quot;enabled_visibility&quot;:&quot;yes&quot;}\" data-no-translation=\"\" data-widget_type=\"button.default\">\n\t\t\t\t<div class=\"elementor-widget-container\">\n\t\t\t\t\t<\/div>\n\t\t\t\t<\/div>\n\t\t<!--DCE VISIBILITY HIDDEN WIDGET-->\t\t<div class=\"dce-visibility-widget-hidden elementor-element elementor-element-b4fd578 elementor-align-center elementor-widget elementor-widget-button\" data-id=\"b4fd578\" data-element_type=\"widget\" id=\"pt_curso_inidicadores\" data-settings=\"{&quot;enabled_visibility&quot;:&quot;yes&quot;}\" data-no-translation=\"\" data-widget_type=\"button.default\">\n\t\t\t\t<div class=\"elementor-widget-container\">\n\t\t\t\t\t<\/div>\n\t\t\t\t<\/div>\n\t\t\t\t\t\t<\/div>\n\t\t\t\t\t<\/div>\n\t\t<\/div>\n\t\t\t\t\t\t\t\t<\/div>\n\t\t\t\t\t<\/div>\n\t\t<\/section>\n\t\t\t\t\t\t\t\t\t<\/div>\n\t\t\t<\/div>\n\t\t\t\t\t<\/div>","protected":false},"excerpt":{"rendered":"<p>Inicio del curso: 29 de SEPTIEMBRE 2025 Indicadores para bibliotecas: introducci\u00f3n a la evaluaci\u00f3n de impacto y valoraci\u00f3n de nuestra biblioteca Curso virtual con tutor\u00eda \u2013 gratuito Objetivo general Proporcionar &hellip; <\/p>\n<p class=\"link-more\"><a href=\"https:\/\/www.iberbibliotecas.org\/por\/cursos\/curso-indicadoresparabibliotecas\/\" class=\"more-link\">Continue lendo<span class=\"screen-reader-text\"> &#8220;Curso Indicadores para bibliotecas: introducci\u00f3n a la evaluaci\u00f3n de impacto y valoraci\u00f3n de nuestra biblioteca&#8221;<\/span><\/a><\/p>","protected":false},"author":1,"featured_media":21501,"parent":662,"menu_order":0,"comment_status":"closed","ping_status":"closed","template":"elementor_canvas","meta":{"_EventAllDay":false,"_EventTimezone":"","_EventStartDate":"","_EventEndDate":"","_EventStartDateUTC":"","_EventEndDateUTC":"","_EventShowMap":false,"_EventShowMapLink":false,"_EventURL":"","_EventCost":"","_EventCostDescription":"","_EventCurrencySymbol":"","_EventCurrencyCode":"","_EventCurrencyPosition":"","_EventDateTimeSeparator":"","_EventTimeRangeSeparator":"","_EventOrganizerID":[],"_EventVenueID":0,"_OrganizerEmail":"","_OrganizerPhone":"","_OrganizerWebsite":"","_VenueAddress":"","_VenueCity":"","_VenueCountry":"","_VenueProvince":"","_VenueZip":"","_VenuePhone":"","_VenueURL":"","_VenueStateProvince":"","_VenueLat":"","_VenueLng":""},"yoast_head":"<!-- This site is optimized with the Yoast SEO plugin v20.11 - https:\/\/yoast.com\/wordpress\/plugins\/seo\/ -->\n<title>Curso Indicadores para bibliotecas: introducci\u00f3n a la evaluaci\u00f3n de impacto y valoraci\u00f3n de nuestra biblioteca - Iberbibliotecas<\/title>\n<meta name=\"robots\" content=\"index, follow, max-snippet:-1, max-image-preview:large, max-video-preview:-1\" \/>\n<link rel=\"canonical\" href=\"https:\/\/www.iberbibliotecas.org\/por\/cursos\/curso-indicadoresparabibliotecas\/\" \/>\n<meta property=\"og:locale\" content=\"pt_BR\" \/>\n<meta property=\"og:type\" content=\"article\" \/>\n<meta property=\"og:title\" content=\"Curso Indicadores para bibliotecas: introducci\u00f3n a la evaluaci\u00f3n de impacto y valoraci\u00f3n de nuestra biblioteca - Iberbibliotecas\" \/>\n<meta property=\"og:description\" content=\"Inicio del curso: 29 de SEPTIEMBRE 2025 Indicadores para bibliotecas: introducci\u00f3n a la evaluaci\u00f3n de impacto y valoraci\u00f3n de nuestra biblioteca Curso virtual con tutor\u00eda \u2013 gratuito Objetivo general Proporcionar &hellip; Continue lendo &quot;Curso Indicadores para bibliotecas: introducci\u00f3n a la evaluaci\u00f3n de impacto y valoraci\u00f3n de nuestra biblioteca&quot;\" \/>\n<meta property=\"og:url\" content=\"https:\/\/www.iberbibliotecas.org\/por\/cursos\/curso-indicadoresparabibliotecas\/\" \/>\n<meta property=\"og:site_name\" content=\"Iberbibliotecas\" \/>\n<meta property=\"article:modified_time\" content=\"2025-09-16T21:39:12+00:00\" \/>\n<meta property=\"og:image\" content=\"https:\/\/www.iberbibliotecas.org\/wp-content\/uploads\/2024\/07\/Curso_BC_2024_2_esp.png\" \/>\n\t<meta property=\"og:image:width\" content=\"1200\" \/>\n\t<meta property=\"og:image:height\" content=\"1200\" \/>\n\t<meta property=\"og:image:type\" content=\"image\/png\" \/>\n<meta name=\"twitter:card\" content=\"summary_large_image\" \/>\n<meta name=\"twitter:label1\" content=\"Est. tempo de leitura\" \/>\n\t<meta name=\"twitter:data1\" content=\"5 minutos\" \/>\n<script type=\"application\/ld+json\" class=\"yoast-schema-graph\">{\"@context\":\"https:\/\/schema.org\",\"@graph\":[{\"@type\":\"WebPage\",\"@id\":\"https:\/\/www.iberbibliotecas.org\/cursos\/curso-indicadoresparabibliotecas\/\",\"url\":\"https:\/\/www.iberbibliotecas.org\/cursos\/curso-indicadoresparabibliotecas\/\",\"name\":\"Curso Indicadores para bibliotecas: introducci\u00f3n a la evaluaci\u00f3n de impacto y valoraci\u00f3n de nuestra biblioteca - Iberbibliotecas\",\"isPartOf\":{\"@id\":\"https:\/\/www.iberbibliotecas.org\/#website\"},\"datePublished\":\"2025-08-04T15:45:29+00:00\",\"dateModified\":\"2025-09-16T21:39:12+00:00\",\"breadcrumb\":{\"@id\":\"https:\/\/www.iberbibliotecas.org\/cursos\/curso-indicadoresparabibliotecas\/#breadcrumb\"},\"inLanguage\":\"pt-BR\",\"potentialAction\":[{\"@type\":\"ReadAction\",\"target\":[\"https:\/\/www.iberbibliotecas.org\/cursos\/curso-indicadoresparabibliotecas\/\"]}]},{\"@type\":\"BreadcrumbList\",\"@id\":\"https:\/\/www.iberbibliotecas.org\/cursos\/curso-indicadoresparabibliotecas\/#breadcrumb\",\"itemListElement\":[{\"@type\":\"ListItem\",\"position\":1,\"name\":\"Inicio\",\"item\":\"https:\/\/www.iberbibliotecas.org\/\"},{\"@type\":\"ListItem\",\"position\":2,\"name\":\"Convocatoria de Cursos Iberbibliotecas\",\"item\":\"https:\/\/www.iberbibliotecas.org\/cursos\/\"},{\"@type\":\"ListItem\",\"position\":3,\"name\":\"Curso Indicadores para bibliotecas: introducci\u00f3n a la evaluaci\u00f3n de impacto y valoraci\u00f3n de nuestra biblioteca\"}]},{\"@type\":\"WebSite\",\"@id\":\"https:\/\/www.iberbibliotecas.org\/#website\",\"url\":\"https:\/\/www.iberbibliotecas.org\/\",\"name\":\"Iberbibliotecas\",\"description\":\"\",\"publisher\":{\"@id\":\"https:\/\/www.iberbibliotecas.org\/#organization\"},\"potentialAction\":[{\"@type\":\"SearchAction\",\"target\":{\"@type\":\"EntryPoint\",\"urlTemplate\":\"https:\/\/www.iberbibliotecas.org\/?s={search_term_string}\"},\"query-input\":\"required name=search_term_string\"}],\"inLanguage\":\"pt-BR\"},{\"@type\":\"Organization\",\"@id\":\"https:\/\/www.iberbibliotecas.org\/#organization\",\"name\":\"Iberbibliotecas\",\"url\":\"https:\/\/www.iberbibliotecas.org\/\",\"logo\":{\"@type\":\"ImageObject\",\"inLanguage\":\"pt-BR\",\"@id\":\"https:\/\/www.iberbibliotecas.org\/#\/schema\/logo\/image\/\",\"url\":\"https:\/\/www.iberbibliotecas.org\/wp-content\/uploads\/2021\/03\/logo_c_ib.png\",\"contentUrl\":\"https:\/\/www.iberbibliotecas.org\/wp-content\/uploads\/2021\/03\/logo_c_ib.png\",\"width\":289,\"height\":180,\"caption\":\"Iberbibliotecas\"},\"image\":{\"@id\":\"https:\/\/www.iberbibliotecas.org\/#\/schema\/logo\/image\/\"}}]}<\/script>\n<!-- \/ Yoast SEO plugin. -->","yoast_head_json":{"title":"Curso Indicadores para bibliotecas: introducci\u00f3n a la evaluaci\u00f3n de impacto y valoraci\u00f3n de nuestra biblioteca - Iberbibliotecas","robots":{"index":"index","follow":"follow","max-snippet":"max-snippet:-1","max-image-preview":"max-image-preview:large","max-video-preview":"max-video-preview:-1"},"canonical":"https:\/\/www.iberbibliotecas.org\/por\/cursos\/curso-indicadoresparabibliotecas\/","og_locale":"pt_BR","og_type":"article","og_title":"Curso Indicadores para bibliotecas: introducci\u00f3n a la evaluaci\u00f3n de impacto y valoraci\u00f3n de nuestra biblioteca - Iberbibliotecas","og_description":"Inicio del curso: 29 de SEPTIEMBRE 2025 Indicadores para bibliotecas: introducci\u00f3n a la evaluaci\u00f3n de impacto y valoraci\u00f3n de nuestra biblioteca Curso virtual con tutor\u00eda \u2013 gratuito Objetivo general Proporcionar &hellip; Continue lendo \"Curso Indicadores para bibliotecas: introducci\u00f3n a la evaluaci\u00f3n de impacto y valoraci\u00f3n de nuestra biblioteca\"","og_url":"https:\/\/www.iberbibliotecas.org\/por\/cursos\/curso-indicadoresparabibliotecas\/","og_site_name":"Iberbibliotecas","article_modified_time":"2025-09-16T21:39:12+00:00","og_image":[{"width":1200,"height":1200,"url":"https:\/\/www.iberbibliotecas.org\/wp-content\/uploads\/2024\/07\/Curso_BC_2024_2_esp.png","type":"image\/png"}],"twitter_card":"summary_large_image","twitter_misc":{"Est. tempo de leitura":"5 minutos"},"schema":{"@context":"https:\/\/schema.org","@graph":[{"@type":"WebPage","@id":"https:\/\/www.iberbibliotecas.org\/cursos\/curso-indicadoresparabibliotecas\/","url":"https:\/\/www.iberbibliotecas.org\/cursos\/curso-indicadoresparabibliotecas\/","name":"Curso Indicadores para bibliotecas: introducci\u00f3n a la evaluaci\u00f3n de impacto y valoraci\u00f3n de nuestra biblioteca - Iberbibliotecas","isPartOf":{"@id":"https:\/\/www.iberbibliotecas.org\/#website"},"datePublished":"2025-08-04T15:45:29+00:00","dateModified":"2025-09-16T21:39:12+00:00","breadcrumb":{"@id":"https:\/\/www.iberbibliotecas.org\/cursos\/curso-indicadoresparabibliotecas\/#breadcrumb"},"inLanguage":"pt-BR","potentialAction":[{"@type":"ReadAction","target":["https:\/\/www.iberbibliotecas.org\/cursos\/curso-indicadoresparabibliotecas\/"]}]},{"@type":"BreadcrumbList","@id":"https:\/\/www.iberbibliotecas.org\/cursos\/curso-indicadoresparabibliotecas\/#breadcrumb","itemListElement":[{"@type":"ListItem","position":1,"name":"Inicio","item":"https:\/\/www.iberbibliotecas.org\/"},{"@type":"ListItem","position":2,"name":"Convocatoria de Cursos Iberbibliotecas","item":"https:\/\/www.iberbibliotecas.org\/cursos\/"},{"@type":"ListItem","position":3,"name":"Curso Indicadores para bibliotecas: introducci\u00f3n a la evaluaci\u00f3n de impacto y valoraci\u00f3n de nuestra biblioteca"}]},{"@type":"WebSite","@id":"https:\/\/www.iberbibliotecas.org\/#website","url":"https:\/\/www.iberbibliotecas.org\/","name":"Iberbibliotecas","description":"","publisher":{"@id":"https:\/\/www.iberbibliotecas.org\/#organization"},"potentialAction":[{"@type":"SearchAction","target":{"@type":"EntryPoint","urlTemplate":"https:\/\/www.iberbibliotecas.org\/?s={search_term_string}"},"query-input":"required name=search_term_string"}],"inLanguage":"pt-BR"},{"@type":"Organization","@id":"https:\/\/www.iberbibliotecas.org\/#organization","name":"Iberbibliotecas","url":"https:\/\/www.iberbibliotecas.org\/","logo":{"@type":"ImageObject","inLanguage":"pt-BR","@id":"https:\/\/www.iberbibliotecas.org\/#\/schema\/logo\/image\/","url":"https:\/\/www.iberbibliotecas.org\/wp-content\/uploads\/2021\/03\/logo_c_ib.png","contentUrl":"https:\/\/www.iberbibliotecas.org\/wp-content\/uploads\/2021\/03\/logo_c_ib.png","width":289,"height":180,"caption":"Iberbibliotecas"},"image":{"@id":"https:\/\/www.iberbibliotecas.org\/#\/schema\/logo\/image\/"}}]}},"_links":{"self":[{"href":"https:\/\/www.iberbibliotecas.org\/por\/wp-json\/wp\/v2\/pages\/21500"}],"collection":[{"href":"https:\/\/www.iberbibliotecas.org\/por\/wp-json\/wp\/v2\/pages"}],"about":[{"href":"https:\/\/www.iberbibliotecas.org\/por\/wp-json\/wp\/v2\/types\/page"}],"author":[{"embeddable":true,"href":"https:\/\/www.iberbibliotecas.org\/por\/wp-json\/wp\/v2\/users\/1"}],"replies":[{"embeddable":true,"href":"https:\/\/www.iberbibliotecas.org\/por\/wp-json\/wp\/v2\/comments?post=21500"}],"version-history":[{"count":70,"href":"https:\/\/www.iberbibliotecas.org\/por\/wp-json\/wp\/v2\/pages\/21500\/revisions"}],"predecessor-version":[{"id":21886,"href":"https:\/\/www.iberbibliotecas.org\/por\/wp-json\/wp\/v2\/pages\/21500\/revisions\/21886"}],"up":[{"embeddable":true,"href":"https:\/\/www.iberbibliotecas.org\/por\/wp-json\/wp\/v2\/pages\/662"}],"wp:featuredmedia":[{"embeddable":true,"href":"https:\/\/www.iberbibliotecas.org\/por\/wp-json\/wp\/v2\/media\/21501"}],"wp:attachment":[{"href":"https:\/\/www.iberbibliotecas.org\/por\/wp-json\/wp\/v2\/media?parent=21500"}],"curies":[{"name":"wp","href":"https:\/\/api.w.org\/{rel}","templated":true}]}}