{"id":21543,"date":"2025-08-04T13:57:07","date_gmt":"2025-08-04T18:57:07","guid":{"rendered":"https:\/\/www.iberbibliotecas.org\/?page_id=21543"},"modified":"2025-09-16T17:06:14","modified_gmt":"2025-09-16T22:06:14","slug":"curso-gestionderepositoriosdigitales","status":"publish","type":"page","link":"https:\/\/www.iberbibliotecas.org\/por\/cursos\/curso-gestionderepositoriosdigitales\/","title":{"rendered":"Gest\u00e3o de reposit\u00f3rios digitais: preservando e difundindo o patrim\u00f4nio local"},"content":{"rendered":"<div data-elementor-type=\"wp-page\" data-elementor-id=\"21543\" class=\"elementor elementor-21543\">\n\t\t\t\t\t\t<div class=\"elementor-inner\">\n\t\t\t\t<div class=\"elementor-section-wrap\">\n\t\t\t\t\t\t\t\t\t<section class=\"elementor-section elementor-top-section elementor-element elementor-element-97a5562 elementor-section-boxed elementor-section-height-default elementor-section-height-default\" data-id=\"97a5562\" data-element_type=\"section\">\n\t\t\t\t\t\t<div class=\"elementor-container elementor-column-gap-default\">\n\t\t\t\t\t\t\t<div class=\"elementor-row\">\n\t\t\t\t\t<div class=\"elementor-column elementor-col-100 elementor-top-column elementor-element elementor-element-7f80f4f\" data-id=\"7f80f4f\" data-element_type=\"column\">\n\t\t\t<div class=\"elementor-column-wrap elementor-element-populated\">\n\t\t\t\t\t\t\t<div class=\"elementor-widget-wrap\">\n\t\t\t\t\t\t<div class=\"elementor-element elementor-element-43868cf elementor-widget elementor-widget-heading\" data-id=\"43868cf\" data-element_type=\"widget\" data-widget_type=\"heading.default\">\n\t\t\t\t<div class=\"elementor-widget-container\">\n\t\t\t<h1 class=\"elementor-heading-title elementor-size-default\">IN\u00cdCIO DO CURSO: 30 DE SETEMBRO<\/h1>\t\t<\/div>\n\t\t\t\t<\/div>\n\t\t\t\t<div class=\"elementor-element elementor-element-816fca6 elementor-widget elementor-widget-spacer\" data-id=\"816fca6\" data-element_type=\"widget\" data-widget_type=\"spacer.default\">\n\t\t\t\t<div class=\"elementor-widget-container\">\n\t\t\t\t\t<div class=\"elementor-spacer\">\n\t\t\t<div class=\"elementor-spacer-inner\"><\/div>\n\t\t<\/div>\n\t\t\t\t<\/div>\n\t\t\t\t<\/div>\n\t\t\t\t<div class=\"elementor-element elementor-element-bc3bccd elementor-align-center elementor-widget elementor-widget-button\" data-id=\"bc3bccd\" data-element_type=\"widget\" data-no-translation=\"\" data-widget_type=\"button.default\">\n\t\t\t\t<div class=\"elementor-widget-container\">\n\t\t\t<style>.elementor-element-bc3bccd{display:none !important}<\/style>\t\t<\/div>\n\t\t\t\t<\/div>\n\t\t\t\t<div class=\"elementor-element elementor-element-5b7318e elementor-align-center elementor-widget elementor-widget-button\" data-id=\"5b7318e\" data-element_type=\"widget\" data-no-translation=\"\" data-widget_type=\"button.default\">\n\t\t\t\t<div class=\"elementor-widget-container\">\n\t\t\t\t\t<div class=\"elementor-button-wrapper\">\n\t\t\t<a href=\"https:\/\/www.iberbibliotecas.org\/wp-content\/uploads\/2025\/09\/Lista_de_selecao_gestao_2025_por-1.pdf\" target=\"_blank\" rel=\"nofollow\" class=\"elementor-button-link elementor-button elementor-size-lg elementor-animation-sink\" role=\"button\">\n\t\t\t\t\t\t<span class=\"elementor-button-content-wrapper\">\n\t\t\t\t\t\t\t<span class=\"elementor-button-icon elementor-align-icon-right\">\n\t\t\t\t<i aria-hidden=\"true\" class=\"fas fa-download\"><\/i>\t\t\t<\/span>\n\t\t\t\t\t\t<span class=\"elementor-button-text\">Pessoas selecionadas <\/span>\n\t\t<\/span>\n\t\t\t\t\t<\/a>\n\t\t<\/div>\n\t\t\t\t<\/div>\n\t\t\t\t<\/div>\n\t\t\t\t<div class=\"elementor-element elementor-element-43993ec elementor-widget-divider--view-line_icon elementor-view-default elementor-widget-divider--element-align-center elementor-widget elementor-widget-divider\" data-id=\"43993ec\" data-element_type=\"widget\" data-widget_type=\"divider.default\">\n\t\t\t\t<div class=\"elementor-widget-container\">\n\t\t\t\t\t<div class=\"elementor-divider\">\n\t\t\t<span class=\"elementor-divider-separator\">\n\t\t\t\t\t\t\t<div class=\"elementor-icon elementor-divider__element\">\n\t\t\t\t\t<i aria-hidden=\"true\" class=\"far fa-check-circle\"><\/i><\/div>\n\t\t\t\t\t\t<\/span>\n\t\t<\/div>\n\t\t\t\t<\/div>\n\t\t\t\t<\/div>\n\t\t\t\t\t\t<\/div>\n\t\t\t\t\t<\/div>\n\t\t<\/div>\n\t\t\t\t\t\t\t\t<\/div>\n\t\t\t\t\t<\/div>\n\t\t<\/section>\n\t\t\t\t<section class=\"elementor-section elementor-top-section elementor-element elementor-element-8217683 elementor-section-boxed elementor-section-height-default elementor-section-height-default\" data-id=\"8217683\" data-element_type=\"section\">\n\t\t\t\t\t\t<div class=\"elementor-container elementor-column-gap-default\">\n\t\t\t\t\t\t\t<div class=\"elementor-row\">\n\t\t\t\t\t<div class=\"elementor-column elementor-col-66 elementor-top-column elementor-element elementor-element-0fc89d1\" data-id=\"0fc89d1\" data-element_type=\"column\">\n\t\t\t<div class=\"elementor-column-wrap elementor-element-populated\">\n\t\t\t\t\t\t\t<div class=\"elementor-widget-wrap\">\n\t\t\t\t\t\t<div class=\"elementor-element elementor-element-34922a6 elementor-widget elementor-widget-heading\" data-id=\"34922a6\" data-element_type=\"widget\" data-widget_type=\"heading.default\">\n\t\t\t\t<div class=\"elementor-widget-container\">\n\t\t\t<h1 class=\"elementor-heading-title elementor-size-default\">Gest\u00e3o de reposit\u00f3rios digitais: preservando e difundindo o patrim\u00f4nio local<\/h1>\t\t<\/div>\n\t\t\t\t<\/div>\n\t\t\t\t<div class=\"elementor-element elementor-element-bff61dd elementor-widget elementor-widget-text-editor\" data-id=\"bff61dd\" data-element_type=\"widget\" data-widget_type=\"text-editor.default\">\n\t\t\t\t<div class=\"elementor-widget-container\">\n\t\t\t\t\t\t\t\t<div class=\"elementor-text-editor elementor-clearfix\">\n\t\t\t\t<p style=\"text-align: justify;\"><span style=\"font-weight: 400;\">Curso s\u00edncrono \u2013 gratuito <\/span><\/p>\t\t\t\t\t<\/div>\n\t\t\t\t\t\t<\/div>\n\t\t\t\t<\/div>\n\t\t\t\t<div class=\"elementor-element elementor-element-346b267 elementor-widget elementor-widget-heading\" data-id=\"346b267\" data-element_type=\"widget\" data-widget_type=\"heading.default\">\n\t\t\t\t<div class=\"elementor-widget-container\">\n\t\t\t<h2 class=\"elementor-heading-title elementor-size-default\">Objetivo geral\u200b<\/h2>\t\t<\/div>\n\t\t\t\t<\/div>\n\t\t\t\t<div class=\"elementor-element elementor-element-2d72f23 elementor-widget elementor-widget-text-editor\" data-id=\"2d72f23\" data-element_type=\"widget\" data-widget_type=\"text-editor.default\">\n\t\t\t\t<div class=\"elementor-widget-container\">\n\t\t\t\t\t\t\t\t<div class=\"elementor-text-editor elementor-clearfix\">\n\t\t\t\t<p style=\"text-align: justify;\"><span style=\"font-weight: 400;\">Formar bibliotec\u00e1rias e bibliotec\u00e1rios p\u00fablicos e comunit\u00e1rios na gest\u00e3o de reposit\u00f3rios digitais, dotando-os de ferramentas, metodologias e estrat\u00e9gias para preservar, organizar e difundir conte\u00fados digitais de valor local, cultural, cient\u00edfico e acad\u00eamico.<\/span><\/p>\t\t\t\t\t<\/div>\n\t\t\t\t\t\t<\/div>\n\t\t\t\t<\/div>\n\t\t\t\t\t\t<\/div>\n\t\t\t\t\t<\/div>\n\t\t<\/div>\n\t\t\t\t<div class=\"elementor-column elementor-col-33 elementor-top-column elementor-element elementor-element-222b615\" data-id=\"222b615\" data-element_type=\"column\">\n\t\t\t<div class=\"elementor-column-wrap elementor-element-populated\">\n\t\t\t\t\t\t\t<div class=\"elementor-widget-wrap\">\n\t\t\t\t\t\t<div class=\"elementor-element elementor-element-78bbc0d elementor-widget elementor-widget-image\" data-id=\"78bbc0d\" data-element_type=\"widget\" data-widget_type=\"image.default\">\n\t\t\t\t<div class=\"elementor-widget-container\">\n\t\t\t\t\t\t\t\t<div class=\"elementor-image\">\n\t\t\t\t\t\t\t\t\t\t\t\t\t<a href=\"https:\/\/www.iberbibliotecas.org\/wp-content\/uploads\/2025\/08\/Curso_Patrimonio_espanol.png\" data-elementor-open-lightbox=\"yes\" data-elementor-lightbox-title=\"Curso_Patrimonio_espa\u00f1ol\" e-action-hash=\"#elementor-action%3Aaction%3Dlightbox%26settings%3DeyJpZCI6MjE1NDUsInVybCI6Imh0dHBzOlwvXC93d3cuaWJlcmJpYmxpb3RlY2FzLm9yZ1wvd3AtY29udGVudFwvdXBsb2Fkc1wvMjAyNVwvMDhcL0N1cnNvX1BhdHJpbW9uaW9fZXNwYW5vbC5wbmcifQ%3D%3D\">\n\t\t\t\t\t\t\t<img decoding=\"async\" width=\"525\" height=\"656\" src=\"https:\/\/www.iberbibliotecas.org\/wp-content\/uploads\/2025\/08\/Mesa-de-trabajo-2-100-6.jpg\" class=\"attachment-medium_large size-medium_large\" alt=\"\" loading=\"lazy\" srcset=\"https:\/\/www.iberbibliotecas.org\/wp-content\/uploads\/2025\/08\/Mesa-de-trabajo-2-100-6.jpg 1081w, https:\/\/www.iberbibliotecas.org\/wp-content\/uploads\/2025\/08\/Mesa-de-trabajo-2-100-6-240x300.jpg 240w, https:\/\/www.iberbibliotecas.org\/wp-content\/uploads\/2025\/08\/Mesa-de-trabajo-2-100-6-820x1024.jpg 820w, https:\/\/www.iberbibliotecas.org\/wp-content\/uploads\/2025\/08\/Mesa-de-trabajo-2-100-6-768x959.jpg 768w, https:\/\/www.iberbibliotecas.org\/wp-content\/uploads\/2025\/08\/Mesa-de-trabajo-2-100-6-10x12.jpg 10w\" sizes=\"100vw\" \/>\t\t\t\t\t\t\t\t<\/a>\n\t\t\t\t\t\t\t\t\t\t\t\t\t\t<\/div>\n\t\t\t\t\t\t<\/div>\n\t\t\t\t<\/div>\n\t\t\t\t\t\t<\/div>\n\t\t\t\t\t<\/div>\n\t\t<\/div>\n\t\t\t\t\t\t\t\t<\/div>\n\t\t\t\t\t<\/div>\n\t\t<\/section>\n\t\t\t\t<section class=\"elementor-section elementor-top-section elementor-element elementor-element-f5da067 elementor-section-boxed elementor-section-height-default elementor-section-height-default\" data-id=\"f5da067\" data-element_type=\"section\">\n\t\t\t\t\t\t<div class=\"elementor-container elementor-column-gap-default\">\n\t\t\t\t\t\t\t<div class=\"elementor-row\">\n\t\t\t\t\t<div class=\"elementor-column elementor-col-100 elementor-top-column elementor-element elementor-element-fb0097b\" data-id=\"fb0097b\" data-element_type=\"column\">\n\t\t\t<div class=\"elementor-column-wrap elementor-element-populated\">\n\t\t\t\t\t\t\t<div class=\"elementor-widget-wrap\">\n\t\t\t\t\t\t<div class=\"elementor-element elementor-element-476f6b5 elementor-widget elementor-widget-heading\" data-id=\"476f6b5\" data-element_type=\"widget\" data-widget_type=\"heading.default\">\n\t\t\t\t<div class=\"elementor-widget-container\">\n\t\t\t<h2 class=\"elementor-heading-title elementor-size-default\">Objetivos espec\u00edficos<\/h2>\t\t<\/div>\n\t\t\t\t<\/div>\n\t\t\t\t<div class=\"elementor-element elementor-element-b4d4aad elementor-icon-list--layout-traditional elementor-list-item-link-full_width elementor-widget elementor-widget-icon-list\" data-id=\"b4d4aad\" data-element_type=\"widget\" data-widget_type=\"icon-list.default\">\n\t\t\t\t<div class=\"elementor-widget-container\">\n\t\t\t\t\t<ul class=\"elementor-icon-list-items\">\n\t\t\t\t\t\t\t<li class=\"elementor-icon-list-item\">\n\t\t\t\t\t\t\t\t\t\t<span class=\"elementor-icon-list-text\">\u25ba Compreender a import\u00e2ncia dos reposit\u00f3rios digitais para a preserva\u00e7\u00e3o do conhecimento e do patrim\u00f4nio local e intelectual.<\/span>\n\t\t\t\t\t\t\t\t\t<\/li>\n\t\t\t\t\t\t\t\t<li class=\"elementor-icon-list-item\">\n\t\t\t\t\t\t\t\t\t\t<span class=\"elementor-icon-list-text\">\u25ba Identificar modelos, estruturas e plataformas tecnol\u00f3gicas de software livre e de c\u00f3digo aberto para a cria\u00e7\u00e3o e gest\u00e3o de reposit\u00f3rios.<\/span>\n\t\t\t\t\t\t\t\t\t<\/li>\n\t\t\t\t\t\t\t\t<li class=\"elementor-icon-list-item\">\n\t\t\t\t\t\t\t\t\t\t<span class=\"elementor-icon-list-text\">\u25ba Desenvolver habilidades em digitaliza\u00e7\u00e3o, organiza\u00e7\u00e3o, metadados, curadoria e preserva\u00e7\u00e3o de conte\u00fados digitais.<\/span>\n\t\t\t\t\t\t\t\t\t<\/li>\n\t\t\t\t\t\t\t\t<li class=\"elementor-icon-list-item\">\n\t\t\t\t\t\t\t\t\t\t<span class=\"elementor-icon-list-text\">\u25ba Aplicar estrat\u00e9gias de preserva\u00e7\u00e3o digital e assegurar a interoperabilidade com outros reposit\u00f3rios e sistemas.<\/span>\n\t\t\t\t\t\t\t\t\t<\/li>\n\t\t\t\t\t\t\t\t<li class=\"elementor-icon-list-item\">\n\t\t\t\t\t\t\t\t\t\t<span class=\"elementor-icon-list-text\">\u25ba Explorar boas pr\u00e1ticas e casos de sucesso na gest\u00e3o de reposit\u00f3rios comunit\u00e1rios, p\u00fablicos e institucionais.<\/span>\n\t\t\t\t\t\t\t\t\t<\/li>\n\t\t\t\t\t\t\t\t<li class=\"elementor-icon-list-item\">\n\t\t\t\t\t\t\t\t\t\t<span class=\"elementor-icon-list-text\">\u25ba Elaborar e implementar um plano de a\u00e7\u00e3o para a cria\u00e7\u00e3o ou fortalecimento de um reposit\u00f3rio digital adaptado \u00e0s necessidades de cada contexto.<\/span>\n\t\t\t\t\t\t\t\t\t<\/li>\n\t\t\t\t\t\t<\/ul>\n\t\t\t\t<\/div>\n\t\t\t\t<\/div>\n\t\t\t\t<section class=\"elementor-section elementor-inner-section elementor-element elementor-element-bff0559 elementor-section-boxed elementor-section-height-default elementor-section-height-default\" data-id=\"bff0559\" data-element_type=\"section\">\n\t\t\t\t\t\t<div class=\"elementor-container elementor-column-gap-default\">\n\t\t\t\t\t\t\t<div class=\"elementor-row\">\n\t\t\t\t\t<div class=\"elementor-column elementor-col-100 elementor-inner-column elementor-element elementor-element-446c223\" data-id=\"446c223\" data-element_type=\"column\">\n\t\t\t<div class=\"elementor-column-wrap elementor-element-populated\">\n\t\t\t\t\t\t\t<div class=\"elementor-widget-wrap\">\n\t\t\t\t\t\t<div class=\"elementor-element elementor-element-a432f33 elementor-widget elementor-widget-heading\" data-id=\"a432f33\" data-element_type=\"widget\" data-no-translation=\"\" data-widget_type=\"heading.default\">\n\t\t\t\t<div class=\"elementor-widget-container\">\n\t\t\t<style>.elementor-element-a432f33{display:none !important}<\/style>\t\t<\/div>\n\t\t\t\t<\/div>\n\t\t\t\t\t\t<\/div>\n\t\t\t\t\t<\/div>\n\t\t<\/div>\n\t\t\t\t\t\t\t\t<\/div>\n\t\t\t\t\t<\/div>\n\t\t<\/section>\n\t\t\t\t<div class=\"elementor-element elementor-element-fa38760 elementor-icon-list--layout-traditional elementor-list-item-link-full_width elementor-widget elementor-widget-icon-list\" data-id=\"fa38760\" data-element_type=\"widget\" data-no-translation=\"\" data-widget_type=\"icon-list.default\">\n\t\t\t\t<div class=\"elementor-widget-container\">\n\t\t\t<style>.elementor-element-fa38760{display:none !important}<\/style>\t\t<\/div>\n\t\t\t\t<\/div>\n\t\t\t\t\t\t<\/div>\n\t\t\t\t\t<\/div>\n\t\t<\/div>\n\t\t\t\t\t\t\t\t<\/div>\n\t\t\t\t\t<\/div>\n\t\t<\/section>\n\t\t\t\t<section class=\"elementor-section elementor-top-section elementor-element elementor-element-2f31363 elementor-section-boxed elementor-section-height-default elementor-section-height-default\" data-id=\"2f31363\" data-element_type=\"section\">\n\t\t\t\t\t\t<div class=\"elementor-container elementor-column-gap-default\">\n\t\t\t\t\t\t\t<div class=\"elementor-row\">\n\t\t\t\t\t<div class=\"elementor-column elementor-col-100 elementor-top-column elementor-element elementor-element-780af9f\" data-id=\"780af9f\" data-element_type=\"column\">\n\t\t\t<div class=\"elementor-column-wrap elementor-element-populated\">\n\t\t\t\t\t\t\t<div class=\"elementor-widget-wrap\">\n\t\t\t\t\t\t<div class=\"elementor-element elementor-element-0640d0a elementor-widget elementor-widget-heading\" data-id=\"0640d0a\" data-element_type=\"widget\" data-widget_type=\"heading.default\">\n\t\t\t\t<div class=\"elementor-widget-container\">\n\t\t\t<h2 class=\"elementor-heading-title elementor-size-default\">M\u00d3DULOS<\/h2>\t\t<\/div>\n\t\t\t\t<\/div>\n\t\t\t\t<div class=\"elementor-element elementor-element-ddc1a94 elementor-widget elementor-widget-text-editor\" data-id=\"ddc1a94\" data-element_type=\"widget\" data-no-translation=\"\" data-widget_type=\"text-editor.default\">\n\t\t\t\t<div class=\"elementor-widget-container\">\n\t\t\t<style>.elementor-element-ddc1a94{display:none !important}<\/style>\t\t<\/div>\n\t\t\t\t<\/div>\n\t\t\t\t<div class=\"elementor-element elementor-element-7775623 elementor-widget elementor-widget-text-editor\" data-id=\"7775623\" data-element_type=\"widget\" data-no-translation=\"\" data-widget_type=\"text-editor.default\">\n\t\t\t\t<div class=\"elementor-widget-container\">\n\t\t\t\t\t\t\t\t<div class=\"elementor-text-editor elementor-clearfix\">\n\t\t\t\t<p><strong>M\u00f3dulo 1. Introdu\u00e7\u00e3o aos reposit\u00f3rios digitais e modelos tecnol\u00f3gicos<\/strong><\/p><ul><li><span style=\"font-family: Montserrat-Regular, sans-serif; font-size: 1rem;\">*<strong>Tema 1.<\/strong> Defini\u00e7\u00e3o<\/span><\/li><li><span style=\"font-family: Montserrat-Regular, sans-serif; font-size: 1rem;\">*<strong>Tema 2.<\/strong> Hist\u00f3ria<\/span><\/li><li><span style=\"font-family: Montserrat-Regular, sans-serif; font-size: 1rem;\">*<strong>Tema 3.<\/strong> Benef\u00edcios e desafios dos reposit\u00f3rios digitais <\/span><\/li><li><span style=\"font-family: Montserrat-Regular, sans-serif; font-size: 1rem;\">*<strong>Tema 4.<\/strong> Tipos de reposit\u00f3rios (comunit\u00e1rios, institucionais e tem\u00e1ticos)<\/span><\/li><li><span style=\"font-family: Montserrat-Regular, sans-serif; font-size: 1rem;\">*<strong>Tema 5.<\/strong> Plataformas existentes<\/span><\/li><\/ul><p><span style=\"font-family: Montserrat-Regular, sans-serif; font-size: 1rem;\"><strong><br \/>M\u00f3dulo 2. Digitaliza\u00e7\u00e3o e cria\u00e7\u00e3o de conte\u00fados digitais<br \/><\/strong><\/span><\/p><ul><li><span style=\"font-family: Montserrat-Regular, sans-serif; font-size: 1rem;\">*<strong>Tema 1.<\/strong> Fundamentos e boas pr\u00e1ticas para a digitaliza\u00e7\u00e3o de fotografias hist\u00f3ricas<\/span><\/li><li><span style=\"font-family: Montserrat-Regular, sans-serif; font-size: 1rem;\">*<strong>Tema 2.<\/strong> Mapas<\/span><\/li><li>*<strong>Tema 3.<\/strong> Manuscritos e outros documentos textuais<\/li><\/ul><p><span style=\"font-family: Montserrat-Regular, sans-serif; font-size: 1rem;\"><br \/><strong>M\u00f3dulo 3. Organiza\u00e7\u00e3o, metadados e interoperabilidade<\/strong><br \/><\/span><\/p><ul><li><span style=\"font-family: Montserrat-Regular, sans-serif; font-size: 1rem;\">*<strong>Tema 1.<\/strong> Princ\u00edpios de organiza\u00e7\u00e3o da informa\u00e7\u00e3o digital.<\/span><\/li><li><span style=\"font-family: Montserrat-Regular, sans-serif; font-size: 1rem;\">*<strong>Tema 2<\/strong>. Uso do Dublin Core<\/span><\/li><li><span style=\"font-family: Montserrat-Regular, sans-serif; font-size: 1rem;\"><span style=\"font-family: Montserrat-Regular, sans-serif; font-size: 1rem;\"><span style=\"font-weight: 400;\">*<strong>Tema 3<\/strong>. Indexa\u00e7\u00e3o<\/span><\/span><\/span><p><span style=\"font-family: Montserrat-Regular, sans-serif; font-size: 1rem;\"><span style=\"font-weight: 400;\">*<strong>Tema 4<\/strong>. Protocolos OAI-PMH e Linked Data<br \/><br \/><strong>M\u00f3dulo 4. Preserva\u00e7\u00e3o digital e propriedade intelectual<\/strong><br \/><\/span><\/span><\/p><\/li><\/ul><ul><li><span style=\"font-family: Montserrat-Regular, sans-serif; font-size: 1rem;\">*<strong>Tema 1.<\/strong> Estrat\u00e9gias e pol\u00edticas de preserva\u00e7\u00e3o a longo prazo<\/span><\/li><li><span style=\"font-family: Montserrat-Regular, sans-serif; font-size: 1rem;\">*<strong>Tema 2.<\/strong> Aspectos legais<\/span><\/li><li><span style=\"font-family: Montserrat-Regular, sans-serif; font-size: 1rem;\"><span style=\"font-family: Montserrat-Regular, sans-serif; font-size: 1rem;\">*<strong>Tema 3.<\/strong> Licen\u00e7as abertas e prote\u00e7\u00e3o de dados nos reposit\u00f3rios digitais.<\/span><\/span><\/li><\/ul><p><strong>M\u00f3dulo 5. Acesso, difus\u00e3o e sustentabilidade dos reposit\u00f3rios digitais<\/strong><\/p><ul><li>*<strong>Tema 1.<\/strong> Formas para ampliar o acesso<\/li><li>*<strong>Tema 2.<\/strong> Monitorar uso<\/li><li><strong>*Tema 3.<\/strong> Articular redes de colabora\u00e7\u00e3o e garantir sustentabilidade e financiamento dos reposit\u00f3rios<\/li><\/ul>\t\t\t\t\t<\/div>\n\t\t\t\t\t\t<\/div>\n\t\t\t\t<\/div>\n\t\t\t\t<div class=\"elementor-element elementor-element-20caf6b elementor-widget elementor-widget-heading\" data-id=\"20caf6b\" data-element_type=\"widget\" data-widget_type=\"heading.default\">\n\t\t\t\t<div class=\"elementor-widget-container\">\n\t\t\t<h2 class=\"elementor-heading-title elementor-size-default\">Datas importantes<\/h2>\t\t<\/div>\n\t\t\t\t<\/div>\n\t\t\t\t<div class=\"elementor-element elementor-element-838a6eb elementor-widget elementor-widget-text-editor\" data-id=\"838a6eb\" data-element_type=\"widget\" data-no-translation=\"\" data-widget_type=\"text-editor.default\">\n\t\t\t\t<div class=\"elementor-widget-container\">\n\t\t\t<style>.elementor-element-838a6eb{display:none !important}<\/style>\t\t<\/div>\n\t\t\t\t<\/div>\n\t\t\t\t<div class=\"elementor-element elementor-element-817030b elementor-widget elementor-widget-text-editor\" data-id=\"817030b\" data-element_type=\"widget\" data-no-translation=\"\" data-widget_type=\"text-editor.default\">\n\t\t\t\t<div class=\"elementor-widget-container\">\n\t\t\t\t\t\t\t\t<div class=\"elementor-text-editor elementor-clearfix\">\n\t\t\t\t<table width=\"100%\"><tbody><tr><td width=\"86\"><strong>Semana<\/strong><\/td><td width=\"232\"><strong>Actividad<\/strong><\/td><td colspan=\"2\" width=\"173\"><strong>Datas de trabalho semanais<\/strong><\/td><td width=\"98\"><strong>Sess\u00e3o s\u00edncrona*<\/strong><\/td><\/tr><tr><td width=\"86\"><strong>1<\/strong><\/td><td width=\"232\"><strong>Abertura e execu\u00e7\u00e3o do M\u00f3dulo 1<\/strong><\/td><td width=\"87\">30 de set 2025<\/td><td width=\"87\">6 de otu 2025<\/td><td width=\"98\">30 de set 2025<\/td><\/tr><tr><td width=\"86\"><strong>2<\/strong><\/td><td width=\"232\"><strong>Execu\u00e7\u00e3o do M\u00f3dulo 2<\/strong><\/td><td width=\"87\">7 de otu 2025<\/td><td width=\"87\">13 de otu 2025<\/td><td width=\"98\">7 de otu 2025<\/td><\/tr><tr><td width=\"86\"><strong>3<\/strong><\/td><td width=\"232\"><strong>Execu\u00e7\u00e3o do M\u00f3dulo 3<\/strong><\/td><td width=\"87\">14 de otu 2025<\/td><td width=\"87\">20 de otu 2025<\/td><td width=\"98\">14 de otu 2025<\/td><\/tr><tr><td width=\"86\"><strong>4<\/strong><\/td><td width=\"232\"><strong>Execu\u00e7\u00e3o do M\u00f3dulo 4<\/strong><\/td><td width=\"87\">21 de otu 2025<\/td><td width=\"87\">27 de otu 2025<\/td><td width=\"98\">21 de otu 2025<\/td><\/tr><tr><td width=\"86\"><strong>5<\/strong><\/td><td width=\"232\"><strong>Execu\u00e7\u00e3o do M\u00f3dulo 5<\/strong><\/td><td width=\"87\">27 de otu 2025<\/td><td width=\"87\">4 de nov 2025<\/td><td width=\"98\">28 de otu 2025<\/td><\/tr><tr><td width=\"86\"><strong>8<\/strong><\/td><td width=\"232\"><strong>Encerramento do curso<\/strong><\/td><td width=\"87\">5 de nov 2025<\/td><td width=\"87\">11 de nov 2025<\/td><td rowspan=\"3\" width=\"98\">\u00a0<\/td><\/tr><tr><td width=\"86\"><strong>9<\/strong><\/td><td width=\"232\"><strong>Relat\u00f3rio dos aprovados e ajustes (relat\u00f3rio)<\/strong><\/td><td width=\"87\">12 de nov 2025<\/td><td width=\"87\">18 de nov 2025<\/td><\/tr><tr><td width=\"86\"><strong>9<\/strong><\/td><td width=\"232\"><strong>Entrega do certificados<\/strong><\/td><td width=\"87\">24 de nov 2025<\/td><td width=\"87\">27 de nov 2025<\/td><\/tr><\/tbody><\/table>\t\t\t\t\t<\/div>\n\t\t\t\t\t\t<\/div>\n\t\t\t\t<\/div>\n\t\t\t\t<div class=\"elementor-element elementor-element-e3277c9 elementor-widget elementor-widget-text-editor\" data-id=\"e3277c9\" data-element_type=\"widget\" data-widget_type=\"text-editor.default\">\n\t\t\t\t<div class=\"elementor-widget-container\">\n\t\t\t\t\t\t\t\t<div class=\"elementor-text-editor elementor-clearfix\">\n\t\t\t\t<p><b>*As datas podem ser modificadas de acordo com as exig\u00eancias do Iberbibliotecas.<\/b><\/p><p><span style=\"font-weight: 400;\">Hor\u00e1rio provis\u00f3rio da sess\u00e3o s\u00edncrona: 7h Acre | 8h Amaz\u00f4nia | 9h Bras\u00edlia | 10h Fernando de Noronha.<\/span><\/p><p><span style=\"font-weight: 400;\">* O curso ter\u00e1 in\u00edcio se houver o n\u00famero m\u00ednimo de participantes exigido<\/span><\/p><p><b>Perguntas e d\u00favidas:<\/b><span style=\"font-weight: 400;\"> cursosiberbibliotecas@cerlalc.org<\/span><\/p>\t\t\t\t\t<\/div>\n\t\t\t\t\t\t<\/div>\n\t\t\t\t<\/div>\n\t\t\t\t\t\t<\/div>\n\t\t\t\t\t<\/div>\n\t\t<\/div>\n\t\t\t\t\t\t\t\t<\/div>\n\t\t\t\t\t<\/div>\n\t\t<\/section>\n\t\t\t\t<section class=\"elementor-section elementor-top-section elementor-element elementor-element-8e7b5f9 elementor-section-boxed elementor-section-height-default elementor-section-height-default\" data-id=\"8e7b5f9\" data-element_type=\"section\">\n\t\t\t\t\t\t<div class=\"elementor-container elementor-column-gap-default\">\n\t\t\t\t\t\t\t<div class=\"elementor-row\">\n\t\t\t\t\t<div class=\"elementor-column elementor-col-33 elementor-top-column elementor-element elementor-element-2e1e404\" data-id=\"2e1e404\" data-element_type=\"column\">\n\t\t\t<div class=\"elementor-column-wrap elementor-element-populated\">\n\t\t\t\t\t\t\t<div class=\"elementor-widget-wrap\">\n\t\t\t\t\t\t<div class=\"elementor-element elementor-element-f4bb6f7 elementor-widget elementor-widget-heading\" data-id=\"f4bb6f7\" data-element_type=\"widget\" data-widget_type=\"heading.default\">\n\t\t\t\t<div class=\"elementor-widget-container\">\n\t\t\t<h2 class=\"elementor-heading-title elementor-size-default\">P\u00fablico-alvo<\/h2>\t\t<\/div>\n\t\t\t\t<\/div>\n\t\t\t\t<div class=\"elementor-element elementor-element-c14a0a8 elementor-widget elementor-widget-text-editor\" data-id=\"c14a0a8\" data-element_type=\"widget\" data-widget_type=\"text-editor.default\">\n\t\t\t\t<div class=\"elementor-widget-container\">\n\t\t\t\t\t\t\t\t<div class=\"elementor-text-editor elementor-clearfix\">\n\t\t\t\t<p>Forma\u00e7\u00e3o dirigida a bibliotec\u00e1rios e bibliotec\u00e1rias respons\u00e1veis pela gest\u00e3o de reposit\u00f3rios institucionais em bibliotecas, centros de documenta\u00e7\u00e3o e arquivos, bem como profissionais que trabalham na preserva\u00e7\u00e3o e divulga\u00e7\u00e3o de dados em reposit\u00f3rios de dados abertos.de bibliotecas p\u00fablicas ou comunit\u00e1rias.<\/p>\t\t\t\t\t<\/div>\n\t\t\t\t\t\t<\/div>\n\t\t\t\t<\/div>\n\t\t\t\t\t\t<\/div>\n\t\t\t\t\t<\/div>\n\t\t<\/div>\n\t\t\t\t<div class=\"elementor-column elementor-col-33 elementor-top-column elementor-element elementor-element-0ae9935\" data-id=\"0ae9935\" data-element_type=\"column\">\n\t\t\t<div class=\"elementor-column-wrap elementor-element-populated\">\n\t\t\t\t\t\t\t<div class=\"elementor-widget-wrap\">\n\t\t\t\t\t\t<div class=\"elementor-element elementor-element-c97e48b elementor-widget elementor-widget-heading\" data-id=\"c97e48b\" data-element_type=\"widget\" data-widget_type=\"heading.default\">\n\t\t\t\t<div class=\"elementor-widget-container\">\n\t\t\t<h2 class=\"elementor-heading-title elementor-size-default\">Requisitos de inscri\u00e7\u00e3o:<\/h2>\t\t<\/div>\n\t\t\t\t<\/div>\n\t\t\t\t<div class=\"elementor-element elementor-element-9f0c028 elementor-widget elementor-widget-text-editor\" data-id=\"9f0c028\" data-element_type=\"widget\" data-widget_type=\"text-editor.default\">\n\t\t\t\t<div class=\"elementor-widget-container\">\n\t\t\t\t\t\t\t\t<div class=\"elementor-text-editor elementor-clearfix\">\n\t\t\t\t<p>Em formato PDF, devem ser apresentados os seguintes documentos:<\/p>\t\t\t\t\t<\/div>\n\t\t\t\t\t\t<\/div>\n\t\t\t\t<\/div>\n\t\t\t\t<div class=\"elementor-element elementor-element-90c6bf7 elementor-icon-list--layout-traditional elementor-list-item-link-full_width elementor-widget elementor-widget-icon-list\" data-id=\"90c6bf7\" data-element_type=\"widget\" data-widget_type=\"icon-list.default\">\n\t\t\t\t<div class=\"elementor-widget-container\">\n\t\t\t\t\t<ul class=\"elementor-icon-list-items\">\n\t\t\t\t\t\t\t<li class=\"elementor-icon-list-item\">\n\t\t\t\t\t\t\t\t\t\t\t<span class=\"elementor-icon-list-icon\">\n\t\t\t\t\t\t\t<i aria-hidden=\"true\" class=\"fas fa-check\"><\/i>\t\t\t\t\t\t<\/span>\n\t\t\t\t\t\t\t\t\t\t<span class=\"elementor-icon-list-text\">Curr\u00edculo<\/span>\n\t\t\t\t\t\t\t\t\t<\/li>\n\t\t\t\t\t\t\t\t<li class=\"elementor-icon-list-item\">\n\t\t\t\t\t\t\t\t\t\t\t<span class=\"elementor-icon-list-icon\">\n\t\t\t\t\t\t\t<i aria-hidden=\"true\" class=\"fas fa-check\"><\/i>\t\t\t\t\t\t<\/span>\n\t\t\t\t\t\t\t\t\t\t<span class=\"elementor-icon-list-text\">C\u00f3pia do documento de identidade.<\/span>\n\t\t\t\t\t\t\t\t\t<\/li>\n\t\t\t\t\t\t\t\t<li class=\"elementor-icon-list-item\">\n\t\t\t\t\t\t\t\t\t\t\t<span class=\"elementor-icon-list-icon\">\n\t\t\t\t\t\t\t<i aria-hidden=\"true\" class=\"fas fa-check\"><\/i>\t\t\t\t\t\t<\/span>\n\t\t\t\t\t\t\t\t\t\t<span class=\"elementor-icon-list-text\">Carta de recomenda\u00e7\u00e3o da biblioteca onde voc\u00ea trabalha, comprovando sua participa\u00e7\u00e3o em uma equipe de biblioteca p\u00fablica ou comunit\u00e1ria. Baixe o modelo de carta aqui. <a href=\"https:\/\/www.iberbibliotecas.org\/wp-content\/uploads\/2025\/08\/Modelo-carta-aval-por.docx\" style=\"color:blue;\" targer=\"_blank\">Baixe o modelo de carta aqui<\/a><\/span>\n\t\t\t\t\t\t\t\t\t<\/li>\n\t\t\t\t\t\t<\/ul>\n\t\t\t\t<\/div>\n\t\t\t\t<\/div>\n\t\t\t\t\t\t<\/div>\n\t\t\t\t\t<\/div>\n\t\t<\/div>\n\t\t\t\t<div class=\"elementor-column elementor-col-33 elementor-top-column elementor-element elementor-element-6894be9\" data-id=\"6894be9\" data-element_type=\"column\">\n\t\t\t<div class=\"elementor-column-wrap elementor-element-populated\">\n\t\t\t\t\t\t\t<div class=\"elementor-widget-wrap\">\n\t\t\t\t\t\t<div class=\"elementor-element elementor-element-11ea1b3 elementor-widget elementor-widget-heading\" data-id=\"11ea1b3\" data-element_type=\"widget\" data-widget_type=\"heading.default\">\n\t\t\t\t<div class=\"elementor-widget-container\">\n\t\t\t<h2 class=\"elementor-heading-title elementor-size-default\">As inscri\u00e7\u00f5es encerram:<\/h2>\t\t<\/div>\n\t\t\t\t<\/div>\n\t\t\t\t<div class=\"elementor-element elementor-element-eb96bcc elementor-widget elementor-widget-text-editor\" data-id=\"eb96bcc\" data-element_type=\"widget\" data-widget_type=\"text-editor.default\">\n\t\t\t\t<div class=\"elementor-widget-container\">\n\t\t\t\t\t\t\t\t<div class=\"elementor-text-editor elementor-clearfix\">\n\t\t\t\t<p>19 de agosto de 2025<\/p>\t\t\t\t\t<\/div>\n\t\t\t\t\t\t<\/div>\n\t\t\t\t<\/div>\n\t\t\t\t\t\t<\/div>\n\t\t\t\t\t<\/div>\n\t\t<\/div>\n\t\t\t\t\t\t\t\t<\/div>\n\t\t\t\t\t<\/div>\n\t\t<\/section>\n\t\t\t\t<section class=\"elementor-section elementor-top-section elementor-element elementor-element-bf605f1 elementor-section-boxed elementor-section-height-default elementor-section-height-default\" data-id=\"bf605f1\" data-element_type=\"section\">\n\t\t\t\t\t\t<div class=\"elementor-container elementor-column-gap-default\">\n\t\t\t\t\t\t\t<div class=\"elementor-row\">\n\t\t\t\t\t<div class=\"elementor-column elementor-col-100 elementor-top-column elementor-element elementor-element-8476228\" data-id=\"8476228\" data-element_type=\"column\">\n\t\t\t<div class=\"elementor-column-wrap elementor-element-populated\">\n\t\t\t\t\t\t\t<div class=\"elementor-widget-wrap\">\n\t\t\t\t<!--DCE VISIBILITY HIDDEN WIDGET-->\t\t<div class=\"dce-visibility-widget-hidden elementor-element elementor-element-5dddcf4 elementor-align-center elementor-widget elementor-widget-button\" data-id=\"5dddcf4\" data-element_type=\"widget\" id=\"curso_repdigitales\" data-settings=\"{&quot;enabled_visibility&quot;:&quot;yes&quot;}\" data-no-translation=\"\" data-widget_type=\"button.default\">\n\t\t\t\t<div class=\"elementor-widget-container\">\n\t\t\t\t\t<\/div>\n\t\t\t\t<\/div>\n\t\t<!--DCE VISIBILITY HIDDEN WIDGET-->\t\t<div class=\"dce-visibility-widget-hidden elementor-element elementor-element-b4fd578 elementor-align-center elementor-widget elementor-widget-button\" data-id=\"b4fd578\" data-element_type=\"widget\" id=\"PTcurso_repdigitales\" data-settings=\"{&quot;enabled_visibility&quot;:&quot;yes&quot;}\" data-no-translation=\"\" data-widget_type=\"button.default\">\n\t\t\t\t<div class=\"elementor-widget-container\">\n\t\t\t\t\t<\/div>\n\t\t\t\t<\/div>\n\t\t\t\t\t\t<\/div>\n\t\t\t\t\t<\/div>\n\t\t<\/div>\n\t\t\t\t\t\t\t\t<\/div>\n\t\t\t\t\t<\/div>\n\t\t<\/section>\n\t\t\t\t\t\t\t\t\t<\/div>\n\t\t\t<\/div>\n\t\t\t\t\t<\/div>","protected":false},"excerpt":{"rendered":"<p>Inicio del curso: 1 de octuBRE 2025 Gesti\u00f3n de repositorios digitales: preservando y difundiendo el patrimonio local Curso sincr\u00f3nico \u2013 gratuito Objetivo general Formar a bibliotecarias y bibliotecarios p\u00fablicos y &hellip; <\/p>\n<p class=\"link-more\"><a href=\"https:\/\/www.iberbibliotecas.org\/por\/cursos\/curso-gestionderepositoriosdigitales\/\" class=\"more-link\">Continue lendo<span class=\"screen-reader-text\"> &#8220;Gesti\u00f3n de repositorios digitales: preservando y difundiendo el patrimonio local&#8221;<\/span><\/a><\/p>","protected":false},"author":1,"featured_media":21545,"parent":662,"menu_order":0,"comment_status":"closed","ping_status":"closed","template":"elementor_canvas","meta":{"_EventAllDay":false,"_EventTimezone":"","_EventStartDate":"","_EventEndDate":"","_EventStartDateUTC":"","_EventEndDateUTC":"","_EventShowMap":false,"_EventShowMapLink":false,"_EventURL":"","_EventCost":"","_EventCostDescription":"","_EventCurrencySymbol":"","_EventCurrencyCode":"","_EventCurrencyPosition":"","_EventDateTimeSeparator":"","_EventTimeRangeSeparator":"","_EventOrganizerID":[],"_EventVenueID":0,"_OrganizerEmail":"","_OrganizerPhone":"","_OrganizerWebsite":"","_VenueAddress":"","_VenueCity":"","_VenueCountry":"","_VenueProvince":"","_VenueZip":"","_VenuePhone":"","_VenueURL":"","_VenueStateProvince":"","_VenueLat":"","_VenueLng":""},"yoast_head":"<!-- This site is optimized with the Yoast SEO plugin v20.11 - https:\/\/yoast.com\/wordpress\/plugins\/seo\/ -->\n<title>Gesti\u00f3n de repositorios digitales: preservando y difundiendo el patrimonio local - Iberbibliotecas<\/title>\n<meta name=\"robots\" content=\"index, follow, max-snippet:-1, max-image-preview:large, max-video-preview:-1\" \/>\n<link rel=\"canonical\" href=\"https:\/\/www.iberbibliotecas.org\/por\/cursos\/curso-gestionderepositoriosdigitales\/\" \/>\n<meta property=\"og:locale\" content=\"pt_BR\" \/>\n<meta property=\"og:type\" content=\"article\" \/>\n<meta property=\"og:title\" content=\"Gesti\u00f3n de repositorios digitales: preservando y difundiendo el patrimonio local - Iberbibliotecas\" \/>\n<meta property=\"og:description\" content=\"Inicio del curso: 1 de octuBRE 2025 Gesti\u00f3n de repositorios digitales: preservando y difundiendo el patrimonio local Curso sincr\u00f3nico \u2013 gratuito Objetivo general Formar a bibliotecarias y bibliotecarios p\u00fablicos y &hellip; Continue lendo &quot;Gesti\u00f3n de repositorios digitales: preservando y difundiendo el patrimonio local&quot;\" \/>\n<meta property=\"og:url\" content=\"https:\/\/www.iberbibliotecas.org\/por\/cursos\/curso-gestionderepositoriosdigitales\/\" \/>\n<meta property=\"og:site_name\" content=\"Iberbibliotecas\" \/>\n<meta property=\"article:modified_time\" content=\"2025-09-16T22:06:14+00:00\" \/>\n<meta property=\"og:image\" content=\"https:\/\/www.iberbibliotecas.org\/wp-content\/uploads\/2024\/07\/Curso_BC_2024_2_esp.png\" \/>\n\t<meta property=\"og:image:width\" content=\"1200\" \/>\n\t<meta property=\"og:image:height\" content=\"1200\" \/>\n\t<meta property=\"og:image:type\" content=\"image\/png\" \/>\n<meta name=\"twitter:card\" content=\"summary_large_image\" \/>\n<meta name=\"twitter:label1\" content=\"Est. tempo de leitura\" \/>\n\t<meta name=\"twitter:data1\" content=\"6 minutos\" \/>\n<script type=\"application\/ld+json\" class=\"yoast-schema-graph\">{\"@context\":\"https:\/\/schema.org\",\"@graph\":[{\"@type\":\"WebPage\",\"@id\":\"https:\/\/www.iberbibliotecas.org\/cursos\/curso-gestionderepositoriosdigitales\/\",\"url\":\"https:\/\/www.iberbibliotecas.org\/cursos\/curso-gestionderepositoriosdigitales\/\",\"name\":\"Gesti\u00f3n de repositorios digitales: preservando y difundiendo el patrimonio local - Iberbibliotecas\",\"isPartOf\":{\"@id\":\"https:\/\/www.iberbibliotecas.org\/#website\"},\"datePublished\":\"2025-08-04T18:57:07+00:00\",\"dateModified\":\"2025-09-16T22:06:14+00:00\",\"breadcrumb\":{\"@id\":\"https:\/\/www.iberbibliotecas.org\/cursos\/curso-gestionderepositoriosdigitales\/#breadcrumb\"},\"inLanguage\":\"pt-BR\",\"potentialAction\":[{\"@type\":\"ReadAction\",\"target\":[\"https:\/\/www.iberbibliotecas.org\/cursos\/curso-gestionderepositoriosdigitales\/\"]}]},{\"@type\":\"BreadcrumbList\",\"@id\":\"https:\/\/www.iberbibliotecas.org\/cursos\/curso-gestionderepositoriosdigitales\/#breadcrumb\",\"itemListElement\":[{\"@type\":\"ListItem\",\"position\":1,\"name\":\"Inicio\",\"item\":\"https:\/\/www.iberbibliotecas.org\/\"},{\"@type\":\"ListItem\",\"position\":2,\"name\":\"Convocatoria de Cursos Iberbibliotecas\",\"item\":\"https:\/\/www.iberbibliotecas.org\/cursos\/\"},{\"@type\":\"ListItem\",\"position\":3,\"name\":\"Gesti\u00f3n de repositorios digitales: preservando y difundiendo el patrimonio local\"}]},{\"@type\":\"WebSite\",\"@id\":\"https:\/\/www.iberbibliotecas.org\/#website\",\"url\":\"https:\/\/www.iberbibliotecas.org\/\",\"name\":\"Iberbibliotecas\",\"description\":\"\",\"publisher\":{\"@id\":\"https:\/\/www.iberbibliotecas.org\/#organization\"},\"potentialAction\":[{\"@type\":\"SearchAction\",\"target\":{\"@type\":\"EntryPoint\",\"urlTemplate\":\"https:\/\/www.iberbibliotecas.org\/?s={search_term_string}\"},\"query-input\":\"required name=search_term_string\"}],\"inLanguage\":\"pt-BR\"},{\"@type\":\"Organization\",\"@id\":\"https:\/\/www.iberbibliotecas.org\/#organization\",\"name\":\"Iberbibliotecas\",\"url\":\"https:\/\/www.iberbibliotecas.org\/\",\"logo\":{\"@type\":\"ImageObject\",\"inLanguage\":\"pt-BR\",\"@id\":\"https:\/\/www.iberbibliotecas.org\/#\/schema\/logo\/image\/\",\"url\":\"https:\/\/www.iberbibliotecas.org\/wp-content\/uploads\/2021\/03\/logo_c_ib.png\",\"contentUrl\":\"https:\/\/www.iberbibliotecas.org\/wp-content\/uploads\/2021\/03\/logo_c_ib.png\",\"width\":289,\"height\":180,\"caption\":\"Iberbibliotecas\"},\"image\":{\"@id\":\"https:\/\/www.iberbibliotecas.org\/#\/schema\/logo\/image\/\"}}]}<\/script>\n<!-- \/ Yoast SEO plugin. -->","yoast_head_json":{"title":"Gesti\u00f3n de repositorios digitales: preservando y difundiendo el patrimonio local - Iberbibliotecas","robots":{"index":"index","follow":"follow","max-snippet":"max-snippet:-1","max-image-preview":"max-image-preview:large","max-video-preview":"max-video-preview:-1"},"canonical":"https:\/\/www.iberbibliotecas.org\/por\/cursos\/curso-gestionderepositoriosdigitales\/","og_locale":"pt_BR","og_type":"article","og_title":"Gesti\u00f3n de repositorios digitales: preservando y difundiendo el patrimonio local - Iberbibliotecas","og_description":"Inicio del curso: 1 de octuBRE 2025 Gesti\u00f3n de repositorios digitales: preservando y difundiendo el patrimonio local Curso sincr\u00f3nico \u2013 gratuito Objetivo general Formar a bibliotecarias y bibliotecarios p\u00fablicos y &hellip; Continue lendo \"Gesti\u00f3n de repositorios digitales: preservando y difundiendo el patrimonio local\"","og_url":"https:\/\/www.iberbibliotecas.org\/por\/cursos\/curso-gestionderepositoriosdigitales\/","og_site_name":"Iberbibliotecas","article_modified_time":"2025-09-16T22:06:14+00:00","og_image":[{"width":1200,"height":1200,"url":"https:\/\/www.iberbibliotecas.org\/wp-content\/uploads\/2024\/07\/Curso_BC_2024_2_esp.png","type":"image\/png"}],"twitter_card":"summary_large_image","twitter_misc":{"Est. tempo de leitura":"6 minutos"},"schema":{"@context":"https:\/\/schema.org","@graph":[{"@type":"WebPage","@id":"https:\/\/www.iberbibliotecas.org\/cursos\/curso-gestionderepositoriosdigitales\/","url":"https:\/\/www.iberbibliotecas.org\/cursos\/curso-gestionderepositoriosdigitales\/","name":"Gesti\u00f3n de repositorios digitales: preservando y difundiendo el patrimonio local - Iberbibliotecas","isPartOf":{"@id":"https:\/\/www.iberbibliotecas.org\/#website"},"datePublished":"2025-08-04T18:57:07+00:00","dateModified":"2025-09-16T22:06:14+00:00","breadcrumb":{"@id":"https:\/\/www.iberbibliotecas.org\/cursos\/curso-gestionderepositoriosdigitales\/#breadcrumb"},"inLanguage":"pt-BR","potentialAction":[{"@type":"ReadAction","target":["https:\/\/www.iberbibliotecas.org\/cursos\/curso-gestionderepositoriosdigitales\/"]}]},{"@type":"BreadcrumbList","@id":"https:\/\/www.iberbibliotecas.org\/cursos\/curso-gestionderepositoriosdigitales\/#breadcrumb","itemListElement":[{"@type":"ListItem","position":1,"name":"Inicio","item":"https:\/\/www.iberbibliotecas.org\/"},{"@type":"ListItem","position":2,"name":"Convocatoria de Cursos Iberbibliotecas","item":"https:\/\/www.iberbibliotecas.org\/cursos\/"},{"@type":"ListItem","position":3,"name":"Gesti\u00f3n de repositorios digitales: preservando y difundiendo el patrimonio local"}]},{"@type":"WebSite","@id":"https:\/\/www.iberbibliotecas.org\/#website","url":"https:\/\/www.iberbibliotecas.org\/","name":"Iberbibliotecas","description":"","publisher":{"@id":"https:\/\/www.iberbibliotecas.org\/#organization"},"potentialAction":[{"@type":"SearchAction","target":{"@type":"EntryPoint","urlTemplate":"https:\/\/www.iberbibliotecas.org\/?s={search_term_string}"},"query-input":"required name=search_term_string"}],"inLanguage":"pt-BR"},{"@type":"Organization","@id":"https:\/\/www.iberbibliotecas.org\/#organization","name":"Iberbibliotecas","url":"https:\/\/www.iberbibliotecas.org\/","logo":{"@type":"ImageObject","inLanguage":"pt-BR","@id":"https:\/\/www.iberbibliotecas.org\/#\/schema\/logo\/image\/","url":"https:\/\/www.iberbibliotecas.org\/wp-content\/uploads\/2021\/03\/logo_c_ib.png","contentUrl":"https:\/\/www.iberbibliotecas.org\/wp-content\/uploads\/2021\/03\/logo_c_ib.png","width":289,"height":180,"caption":"Iberbibliotecas"},"image":{"@id":"https:\/\/www.iberbibliotecas.org\/#\/schema\/logo\/image\/"}}]}},"_links":{"self":[{"href":"https:\/\/www.iberbibliotecas.org\/por\/wp-json\/wp\/v2\/pages\/21543"}],"collection":[{"href":"https:\/\/www.iberbibliotecas.org\/por\/wp-json\/wp\/v2\/pages"}],"about":[{"href":"https:\/\/www.iberbibliotecas.org\/por\/wp-json\/wp\/v2\/types\/page"}],"author":[{"embeddable":true,"href":"https:\/\/www.iberbibliotecas.org\/por\/wp-json\/wp\/v2\/users\/1"}],"replies":[{"embeddable":true,"href":"https:\/\/www.iberbibliotecas.org\/por\/wp-json\/wp\/v2\/comments?post=21543"}],"version-history":[{"count":64,"href":"https:\/\/www.iberbibliotecas.org\/por\/wp-json\/wp\/v2\/pages\/21543\/revisions"}],"predecessor-version":[{"id":21900,"href":"https:\/\/www.iberbibliotecas.org\/por\/wp-json\/wp\/v2\/pages\/21543\/revisions\/21900"}],"up":[{"embeddable":true,"href":"https:\/\/www.iberbibliotecas.org\/por\/wp-json\/wp\/v2\/pages\/662"}],"wp:featuredmedia":[{"embeddable":true,"href":"https:\/\/www.iberbibliotecas.org\/por\/wp-json\/wp\/v2\/media\/21545"}],"wp:attachment":[{"href":"https:\/\/www.iberbibliotecas.org\/por\/wp-json\/wp\/v2\/media?parent=21543"}],"curies":[{"name":"wp","href":"https:\/\/api.w.org\/{rel}","templated":true}]}}