{"id":21901,"date":"2025-09-19T09:37:00","date_gmt":"2025-09-19T14:37:00","guid":{"rendered":"https:\/\/www.iberbibliotecas.org\/?page_id=21901"},"modified":"2025-10-27T15:12:43","modified_gmt":"2025-10-27T20:12:43","slug":"reflexoes-e-estrategias-para-acervos-diversos-e-representativos","status":"publish","type":"page","link":"https:\/\/www.iberbibliotecas.org\/por\/cursos\/reflexoes-e-estrategias-para-acervos-diversos-e-representativos\/","title":{"rendered":"Reflex\u00f5es e estrat\u00e9gias para acervos diversos e representativos"},"content":{"rendered":"<div data-elementor-type=\"wp-page\" data-elementor-id=\"21901\" class=\"elementor elementor-21901\">\n\t\t\t\t\t\t<div class=\"elementor-inner\">\n\t\t\t\t<div class=\"elementor-section-wrap\">\n\t\t\t\t\t\t\t\t\t<section class=\"elementor-section elementor-top-section elementor-element elementor-element-97a5562 elementor-section-boxed elementor-section-height-default elementor-section-height-default\" data-id=\"97a5562\" data-element_type=\"section\">\n\t\t\t\t\t\t<div class=\"elementor-container elementor-column-gap-default\">\n\t\t\t\t\t\t\t<div class=\"elementor-row\">\n\t\t\t\t\t<div class=\"elementor-column elementor-col-100 elementor-top-column elementor-element elementor-element-7f80f4f\" data-id=\"7f80f4f\" data-element_type=\"column\">\n\t\t\t<div class=\"elementor-column-wrap elementor-element-populated\">\n\t\t\t\t\t\t\t<div class=\"elementor-widget-wrap\">\n\t\t\t\t\t\t<div class=\"elementor-element elementor-element-43868cf elementor-widget elementor-widget-heading\" data-id=\"43868cf\" data-element_type=\"widget\" data-widget_type=\"heading.default\">\n\t\t\t\t<div class=\"elementor-widget-container\">\n\t\t\t<h1 class=\"elementor-heading-title elementor-size-default\">Data do workshop: 4 de novembro de 2025<\/h1>\t\t<\/div>\n\t\t\t\t<\/div>\n\t\t\t\t<div class=\"elementor-element elementor-element-43993ec elementor-widget-divider--view-line_icon elementor-view-default elementor-widget-divider--element-align-center elementor-widget elementor-widget-divider\" data-id=\"43993ec\" data-element_type=\"widget\" data-widget_type=\"divider.default\">\n\t\t\t\t<div class=\"elementor-widget-container\">\n\t\t\t\t\t<div class=\"elementor-divider\">\n\t\t\t<span class=\"elementor-divider-separator\">\n\t\t\t\t\t\t\t<div class=\"elementor-icon elementor-divider__element\">\n\t\t\t\t\t<i aria-hidden=\"true\" class=\"far fa-check-circle\"><\/i><\/div>\n\t\t\t\t\t\t<\/span>\n\t\t<\/div>\n\t\t\t\t<\/div>\n\t\t\t\t<\/div>\n\t\t\t\t\t\t<\/div>\n\t\t\t\t\t<\/div>\n\t\t<\/div>\n\t\t\t\t\t\t\t\t<\/div>\n\t\t\t\t\t<\/div>\n\t\t<\/section>\n\t\t\t\t<section class=\"elementor-section elementor-top-section elementor-element elementor-element-8217683 elementor-section-boxed elementor-section-height-default elementor-section-height-default\" data-id=\"8217683\" data-element_type=\"section\">\n\t\t\t\t\t\t<div class=\"elementor-container elementor-column-gap-default\">\n\t\t\t\t\t\t\t<div class=\"elementor-row\">\n\t\t\t\t\t<div class=\"elementor-column elementor-col-66 elementor-top-column elementor-element elementor-element-0fc89d1\" data-id=\"0fc89d1\" data-element_type=\"column\">\n\t\t\t<div class=\"elementor-column-wrap elementor-element-populated\">\n\t\t\t\t\t\t\t<div class=\"elementor-widget-wrap\">\n\t\t\t\t\t\t<div class=\"elementor-element elementor-element-34922a6 elementor-widget elementor-widget-heading\" data-id=\"34922a6\" data-element_type=\"widget\" data-widget_type=\"heading.default\">\n\t\t\t\t<div class=\"elementor-widget-container\">\n\t\t\t<h1 class=\"elementor-heading-title elementor-size-default\">Reflex\u00f5es e estrat\u00e9gias para acervos diversos e representativos<\/h1>\t\t<\/div>\n\t\t\t\t<\/div>\n\t\t\t\t<div class=\"elementor-element elementor-element-bff61dd elementor-widget elementor-widget-text-editor\" data-id=\"bff61dd\" data-element_type=\"widget\" data-widget_type=\"text-editor.default\">\n\t\t\t\t<div class=\"elementor-widget-container\">\n\t\t\t\t\t\t\t\t<div class=\"elementor-text-editor elementor-clearfix\">\n\t\t\t\t<p style=\"text-align: justify;\"><strong>Workshop em portugu\u00eas com entrega de certificado<\/strong><\/p>\t\t\t\t\t<\/div>\n\t\t\t\t\t\t<\/div>\n\t\t\t\t<\/div>\n\t\t\t\t<div class=\"elementor-element elementor-element-346b267 elementor-widget elementor-widget-heading\" data-id=\"346b267\" data-element_type=\"widget\" data-widget_type=\"heading.default\">\n\t\t\t\t<div class=\"elementor-widget-container\">\n\t\t\t<h2 class=\"elementor-heading-title elementor-size-default\">Meta:<\/h2>\t\t<\/div>\n\t\t\t\t<\/div>\n\t\t\t\t<div class=\"elementor-element elementor-element-fe8aa82 elementor-widget elementor-widget-text-editor\" data-id=\"fe8aa82\" data-element_type=\"widget\" data-widget_type=\"text-editor.default\">\n\t\t\t\t<div class=\"elementor-widget-container\">\n\t\t\t\t\t\t\t\t<div class=\"elementor-text-editor elementor-clearfix\">\n\t\t\t\t<p style=\"text-align: justify;\">Ao finalizar a Master Class e o workshop \u201cReflex\u00f5es e estrat\u00e9gias para acervos diversos e<br \/>representativos\u201d, voc\u00ea estar\u00e1 apto a:<\/p>\t\t\t\t\t<\/div>\n\t\t\t\t\t\t<\/div>\n\t\t\t\t<\/div>\n\t\t\t\t<div class=\"elementor-element elementor-element-7298597 elementor-widget elementor-widget-heading\" data-id=\"7298597\" data-element_type=\"widget\" data-widget_type=\"heading.default\">\n\t\t\t\t<div class=\"elementor-widget-container\">\n\t\t\t<h2 class=\"elementor-heading-title elementor-size-default\">Objetivo geral\u200b<\/h2>\t\t<\/div>\n\t\t\t\t<\/div>\n\t\t\t\t<div class=\"elementor-element elementor-element-2d72f23 elementor-widget elementor-widget-text-editor\" data-id=\"2d72f23\" data-element_type=\"widget\" data-widget_type=\"text-editor.default\">\n\t\t\t\t<div class=\"elementor-widget-container\">\n\t\t\t\t\t\t\t\t<div class=\"elementor-text-editor elementor-clearfix\">\n\t\t\t\t<p style=\"text-align: justify;\">Discutir e refletir acerca das possibilidades e efetividades para a cria\u00e7\u00e3o de cole\u00e7\u00f5es e acervos pautados na bibliodiversidade.<\/p>\t\t\t\t\t<\/div>\n\t\t\t\t\t\t<\/div>\n\t\t\t\t<\/div>\n\t\t\t\t\t\t<\/div>\n\t\t\t\t\t<\/div>\n\t\t<\/div>\n\t\t\t\t<div class=\"elementor-column elementor-col-33 elementor-top-column elementor-element elementor-element-222b615\" data-id=\"222b615\" data-element_type=\"column\">\n\t\t\t<div class=\"elementor-column-wrap elementor-element-populated\">\n\t\t\t\t\t\t\t<div class=\"elementor-widget-wrap\">\n\t\t\t\t\t\t<div class=\"elementor-element elementor-element-78bbc0d elementor-widget elementor-widget-image\" data-id=\"78bbc0d\" data-element_type=\"widget\" data-widget_type=\"image.default\">\n\t\t\t\t<div class=\"elementor-widget-container\">\n\t\t\t\t\t\t\t\t<div class=\"elementor-image\">\n\t\t\t\t\t\t\t\t\t\t\t\t<img decoding=\"async\" width=\"525\" height=\"656\" src=\"https:\/\/www.iberbibliotecas.org\/wp-content\/uploads\/2025\/10\/master2-7-768x960.png\" class=\"attachment-medium_large size-medium_large\" alt=\"\" loading=\"lazy\" srcset=\"https:\/\/www.iberbibliotecas.org\/wp-content\/uploads\/2025\/10\/master2-7-768x960.png 768w, https:\/\/www.iberbibliotecas.org\/wp-content\/uploads\/2025\/10\/master2-7-240x300.png 240w, https:\/\/www.iberbibliotecas.org\/wp-content\/uploads\/2025\/10\/master2-7-819x1024.png 819w, https:\/\/www.iberbibliotecas.org\/wp-content\/uploads\/2025\/10\/master2-7-10x12.png 10w, https:\/\/www.iberbibliotecas.org\/wp-content\/uploads\/2025\/10\/master2-7.png 1080w\" sizes=\"100vw\" \/>\t\t\t\t\t\t\t\t\t\t\t\t\t\t<\/div>\n\t\t\t\t\t\t<\/div>\n\t\t\t\t<\/div>\n\t\t\t\t\t\t<\/div>\n\t\t\t\t\t<\/div>\n\t\t<\/div>\n\t\t\t\t\t\t\t\t<\/div>\n\t\t\t\t\t<\/div>\n\t\t<\/section>\n\t\t\t\t<section class=\"elementor-section elementor-top-section elementor-element elementor-element-f5da067 elementor-section-boxed elementor-section-height-default elementor-section-height-default\" data-id=\"f5da067\" data-element_type=\"section\">\n\t\t\t\t\t\t<div class=\"elementor-container elementor-column-gap-default\">\n\t\t\t\t\t\t\t<div class=\"elementor-row\">\n\t\t\t\t\t<div class=\"elementor-column elementor-col-100 elementor-top-column elementor-element elementor-element-fb0097b\" data-id=\"fb0097b\" data-element_type=\"column\">\n\t\t\t<div class=\"elementor-column-wrap elementor-element-populated\">\n\t\t\t\t\t\t\t<div class=\"elementor-widget-wrap\">\n\t\t\t\t\t\t<div class=\"elementor-element elementor-element-476f6b5 elementor-widget elementor-widget-heading\" data-id=\"476f6b5\" data-element_type=\"widget\" data-widget_type=\"heading.default\">\n\t\t\t\t<div class=\"elementor-widget-container\">\n\t\t\t<h2 class=\"elementor-heading-title elementor-size-default\">Objetivos espec\u00edficos<\/h2>\t\t<\/div>\n\t\t\t\t<\/div>\n\t\t\t\t<div class=\"elementor-element elementor-element-b4d4aad elementor-icon-list--layout-traditional elementor-list-item-link-full_width elementor-widget elementor-widget-icon-list\" data-id=\"b4d4aad\" data-element_type=\"widget\" data-widget_type=\"icon-list.default\">\n\t\t\t\t<div class=\"elementor-widget-container\">\n\t\t\t\t\t<ul class=\"elementor-icon-list-items\">\n\t\t\t\t\t\t\t<li class=\"elementor-icon-list-item\">\n\t\t\t\t\t\t\t\t\t\t<span class=\"elementor-icon-list-text\">\u25ba Analisar as no\u00e7\u00f5es centrais que fundamentam a bibliodiversidade \u2014 incluindo a concep\u00e7\u00e3o de biblioteca, identidade, os p\u00fablicos com os quais o acervo dialoga e os elementos que constituem tanto o repert\u00f3rio informacional.<\/span>\n\t\t\t\t\t\t\t\t\t<\/li>\n\t\t\t\t\t\t\t\t<li class=\"elementor-icon-list-item\">\n\t\t\t\t\t\t\t\t\t\t<span class=\"elementor-icon-list-text\">\u25ba Propor a\u00e7\u00f5es estrat\u00e9gicas para fortalecer a diversidade e a representatividade dos acervos \u2014 a partir da reflex\u00e3o sobre a realidade das bibliotecas p\u00fablicas no Brasil, a forma\u00e7\u00e3o leitora e os desafios da gest\u00e3o de cole\u00e7\u00f5es diversas.<\/span>\n\t\t\t\t\t\t\t\t\t<\/li>\n\t\t\t\t\t\t<\/ul>\n\t\t\t\t<\/div>\n\t\t\t\t<\/div>\n\t\t\t\t\t\t<\/div>\n\t\t\t\t\t<\/div>\n\t\t<\/div>\n\t\t\t\t\t\t\t\t<\/div>\n\t\t\t\t\t<\/div>\n\t\t<\/section>\n\t\t\t\t<section class=\"elementor-section elementor-top-section elementor-element elementor-element-2f31363 elementor-section-boxed elementor-section-height-default elementor-section-height-default\" data-id=\"2f31363\" data-element_type=\"section\">\n\t\t\t\t\t\t<div class=\"elementor-container elementor-column-gap-default\">\n\t\t\t\t\t\t\t<div class=\"elementor-row\">\n\t\t\t\t\t<div class=\"elementor-column elementor-col-100 elementor-top-column elementor-element elementor-element-780af9f\" data-id=\"780af9f\" data-element_type=\"column\">\n\t\t\t<div class=\"elementor-column-wrap elementor-element-populated\">\n\t\t\t\t\t\t\t<div class=\"elementor-widget-wrap\">\n\t\t\t\t\t\t<div class=\"elementor-element elementor-element-917d81e elementor-widget elementor-widget-spacer\" data-id=\"917d81e\" data-element_type=\"widget\" data-widget_type=\"spacer.default\">\n\t\t\t\t<div class=\"elementor-widget-container\">\n\t\t\t\t\t<div class=\"elementor-spacer\">\n\t\t\t<div class=\"elementor-spacer-inner\"><\/div>\n\t\t<\/div>\n\t\t\t\t<\/div>\n\t\t\t\t<\/div>\n\t\t\t\t\t\t<\/div>\n\t\t\t\t\t<\/div>\n\t\t<\/div>\n\t\t\t\t\t\t\t\t<\/div>\n\t\t\t\t\t<\/div>\n\t\t<\/section>\n\t\t\t\t<section class=\"elementor-section elementor-top-section elementor-element elementor-element-b3a64f8 elementor-section-boxed elementor-section-height-default elementor-section-height-default\" data-id=\"b3a64f8\" data-element_type=\"section\">\n\t\t\t\t\t\t<div class=\"elementor-container elementor-column-gap-default\">\n\t\t\t\t\t\t\t<div class=\"elementor-row\">\n\t\t\t\t\t<div class=\"elementor-column elementor-col-100 elementor-top-column elementor-element elementor-element-ec43342\" data-id=\"ec43342\" data-element_type=\"column\">\n\t\t\t<div class=\"elementor-column-wrap elementor-element-populated\">\n\t\t\t\t\t\t\t<div class=\"elementor-widget-wrap\">\n\t\t\t\t\t\t<div class=\"elementor-element elementor-element-356f4ed elementor-widget elementor-widget-heading\" data-id=\"356f4ed\" data-element_type=\"widget\" data-widget_type=\"heading.default\">\n\t\t\t\t<div class=\"elementor-widget-container\">\n\t\t\t<h2 class=\"elementor-heading-title elementor-size-default\">T\u00f3picos do workshop<\/h2>\t\t<\/div>\n\t\t\t\t<\/div>\n\t\t\t\t<div class=\"elementor-element elementor-element-4e53612 elementor-widget elementor-widget-text-editor\" data-id=\"4e53612\" data-element_type=\"widget\" data-widget_type=\"text-editor.default\">\n\t\t\t\t<div class=\"elementor-widget-container\">\n\t\t\t\t\t\t\t\t<div class=\"elementor-text-editor elementor-clearfix\">\n\t\t\t\t<ol><li>Tipos de biblioteca: templum, emporium e forum.<\/li><li>Bibliotecas p\u00fablicas e comunit\u00e1rias no Brasil.<\/li><li>Pesquisa Retratos da Leitura no Brasil (2024).<\/li><li>Forma\u00e7\u00e3o em Biblioteconomia no Brasil e desenvolvimento de acervos.<\/li><li>Distin\u00e7\u00e3o entre acervo e cole\u00e7\u00e3o.<\/li><li>Identidade: metamorfose, socializa\u00e7\u00e3o, p\u00f3s-modernidade, identidades culturais, diferen\u00e7a.<\/li><li>No\u00e7\u00f5es de p\u00fablico (real e potencial), diversidade e grupos<br \/>marginalizados\/subalternizados\/vulner\u00e1veis.<\/li><li>Forma\u00e7\u00e3o leitora e acesso \u00e0s bibliotecas.<\/li><li>Bibliodiversidade e resist\u00eancia \u00e0 hegemonia cultural.<\/li><li>Cultura hegem\u00f4nica e poder .<\/li><li>Forma\u00e7\u00e3o hist\u00f3rica do Brasil e narrativas coloniais.<\/li><li>Escritas e vozes ind\u00edgenas contempor\u00e2neas.<\/li><\/ol>\t\t\t\t\t<\/div>\n\t\t\t\t\t\t<\/div>\n\t\t\t\t<\/div>\n\t\t\t\t<div class=\"elementor-element elementor-element-63050e3 elementor-widget elementor-widget-heading\" data-id=\"63050e3\" data-element_type=\"widget\" data-widget_type=\"heading.default\">\n\t\t\t\t<div class=\"elementor-widget-container\">\n\t\t\t<h2 class=\"elementor-heading-title elementor-size-default\">Datas importantes<\/h2>\t\t<\/div>\n\t\t\t\t<\/div>\n\t\t\t\t<div class=\"elementor-element elementor-element-675b168 elementor-widget elementor-widget-heading\" data-id=\"675b168\" data-element_type=\"widget\" data-widget_type=\"heading.default\">\n\t\t\t\t<div class=\"elementor-widget-container\">\n\t\t\t<h3 class=\"elementor-heading-title elementor-size-default\">Datas do workshop: 4 de novembro de 2025<\/h3>\t\t<\/div>\n\t\t\t\t<\/div>\n\t\t\t\t<div class=\"elementor-element elementor-element-651142c elementor-widget elementor-widget-text-editor\" data-id=\"651142c\" data-element_type=\"widget\" data-widget_type=\"text-editor.default\">\n\t\t\t\t<div class=\"elementor-widget-container\">\n\t\t\t\t\t\t\t\t<div class=\"elementor-text-editor elementor-clearfix\">\n\t\t\t\t<p>*A data pode ser modificada conforme os requisitos do Iberbibliotecas. Hor\u00e1rio provis\u00f3rio da sess\u00e3o semanal do curso:<\/p><p>11h Brasil | 8h Costa Rica, El Salvador, M\u00e9xico | 9h Col\u00f4mbia, Equador, Panam\u00e1, Peru | 10h Chile | 16h Espanha.<\/p><p><strong>NOTA<\/strong>: antes do workshop, recomendamos participar da masterclass Reflex\u00f5es e estrat\u00e9gias para acervos diversos e representativos que estar\u00e1 dispon\u00edvel em outubro.<\/p>\t\t\t\t\t<\/div>\n\t\t\t\t\t\t<\/div>\n\t\t\t\t<\/div>\n\t\t\t\t\t\t<\/div>\n\t\t\t\t\t<\/div>\n\t\t<\/div>\n\t\t\t\t\t\t\t\t<\/div>\n\t\t\t\t\t<\/div>\n\t\t<\/section>\n\t\t\t\t<section class=\"elementor-section elementor-top-section elementor-element elementor-element-8e7b5f9 elementor-section-boxed elementor-section-height-default elementor-section-height-default\" data-id=\"8e7b5f9\" data-element_type=\"section\">\n\t\t\t\t\t\t<div class=\"elementor-container elementor-column-gap-default\">\n\t\t\t\t\t\t\t<div class=\"elementor-row\">\n\t\t\t\t\t<div class=\"elementor-column elementor-col-33 elementor-top-column elementor-element elementor-element-2e1e404\" data-id=\"2e1e404\" data-element_type=\"column\">\n\t\t\t<div class=\"elementor-column-wrap elementor-element-populated\">\n\t\t\t\t\t\t\t<div class=\"elementor-widget-wrap\">\n\t\t\t\t\t\t<div class=\"elementor-element elementor-element-f4bb6f7 elementor-widget elementor-widget-heading\" data-id=\"f4bb6f7\" data-element_type=\"widget\" data-widget_type=\"heading.default\">\n\t\t\t\t<div class=\"elementor-widget-container\">\n\t\t\t<h2 class=\"elementor-heading-title elementor-size-default\">A quem se destina:<\/h2>\t\t<\/div>\n\t\t\t\t<\/div>\n\t\t\t\t<div class=\"elementor-element elementor-element-c14a0a8 elementor-widget elementor-widget-text-editor\" data-id=\"c14a0a8\" data-element_type=\"widget\" data-widget_type=\"text-editor.default\">\n\t\t\t\t<div class=\"elementor-widget-container\">\n\t\t\t\t\t\t\t\t<div class=\"elementor-text-editor elementor-clearfix\">\n\t\t\t\t<p>Forma\u00e7\u00e3o dirigida a pessoas pertencentes a equipes de bibliotecas p\u00fablicas e comunit\u00e1rias que desejam aprender sobre reflex\u00f5es e estrat\u00e9gias para cole\u00e7\u00f5es diversas e representativas.<\/p>\t\t\t\t\t<\/div>\n\t\t\t\t\t\t<\/div>\n\t\t\t\t<\/div>\n\t\t\t\t\t\t<\/div>\n\t\t\t\t\t<\/div>\n\t\t<\/div>\n\t\t\t\t<div class=\"elementor-column elementor-col-33 elementor-top-column elementor-element elementor-element-0ae9935\" data-id=\"0ae9935\" data-element_type=\"column\">\n\t\t\t<div class=\"elementor-column-wrap elementor-element-populated\">\n\t\t\t\t\t\t\t<div class=\"elementor-widget-wrap\">\n\t\t\t\t\t\t<div class=\"elementor-element elementor-element-c97e48b elementor-widget elementor-widget-heading\" data-id=\"c97e48b\" data-element_type=\"widget\" data-widget_type=\"heading.default\">\n\t\t\t\t<div class=\"elementor-widget-container\">\n\t\t\t<h2 class=\"elementor-heading-title elementor-size-default\">Requisitos de inscri\u00e7\u00e3o:<\/h2>\t\t<\/div>\n\t\t\t\t<\/div>\n\t\t\t\t<div class=\"elementor-element elementor-element-9f0c028 elementor-widget elementor-widget-text-editor\" data-id=\"9f0c028\" data-element_type=\"widget\" data-widget_type=\"text-editor.default\">\n\t\t\t\t<div class=\"elementor-widget-container\">\n\t\t\t\t\t\t\t\t<div class=\"elementor-text-editor elementor-clearfix\">\n\t\t\t\t<p>Em formato PDF, devem ser entregues os seguintes documentos:<\/p>\t\t\t\t\t<\/div>\n\t\t\t\t\t\t<\/div>\n\t\t\t\t<\/div>\n\t\t\t\t<div class=\"elementor-element elementor-element-90c6bf7 elementor-align-left elementor-icon-list--layout-traditional elementor-list-item-link-full_width elementor-widget elementor-widget-icon-list\" data-id=\"90c6bf7\" data-element_type=\"widget\" data-widget_type=\"icon-list.default\">\n\t\t\t\t<div class=\"elementor-widget-container\">\n\t\t\t\t\t<ul class=\"elementor-icon-list-items\">\n\t\t\t\t\t\t\t<li class=\"elementor-icon-list-item\">\n\t\t\t\t\t\t\t\t\t\t<span class=\"elementor-icon-list-text\">\u25ba Curr\u00edculo<\/span>\n\t\t\t\t\t\t\t\t\t<\/li>\n\t\t\t\t\t\t\t\t<li class=\"elementor-icon-list-item\">\n\t\t\t\t\t\t\t\t\t\t<span class=\"elementor-icon-list-text\">\u25ba C\u00f3pia do documento de identidade.<\/span>\n\t\t\t\t\t\t\t\t\t<\/li>\n\t\t\t\t\t\t\t\t<li class=\"elementor-icon-list-item\">\n\t\t\t\t\t\t\t\t\t\t<span class=\"elementor-icon-list-text\">\u25ba Carta de recomenda\u00e7\u00e3o da biblioteca onde voc\u00ea trabalha, comprovando sua participa\u00e7\u00e3o em uma equipe de biblioteca p\u00fablica ou comunit\u00e1ria. <a style=\"color:blue;\" href=\"https:\/\/www.iberbibliotecas.org\/wp-content\/uploads\/2025\/09\/Modelo-carta-aval-por.docx\"> Baixe o modelo <\/a><\/span>\n\t\t\t\t\t\t\t\t\t<\/li>\n\t\t\t\t\t\t<\/ul>\n\t\t\t\t<\/div>\n\t\t\t\t<\/div>\n\t\t\t\t\t\t<\/div>\n\t\t\t\t\t<\/div>\n\t\t<\/div>\n\t\t\t\t<div class=\"elementor-column elementor-col-33 elementor-top-column elementor-element elementor-element-6894be9\" data-id=\"6894be9\" data-element_type=\"column\">\n\t\t\t<div class=\"elementor-column-wrap elementor-element-populated\">\n\t\t\t\t\t\t\t<div class=\"elementor-widget-wrap\">\n\t\t\t\t\t\t<div class=\"elementor-element elementor-element-11ea1b3 elementor-widget elementor-widget-heading\" data-id=\"11ea1b3\" data-element_type=\"widget\" data-widget_type=\"heading.default\">\n\t\t\t\t<div class=\"elementor-widget-container\">\n\t\t\t<h2 class=\"elementor-heading-title elementor-size-default\">Encerramento das inscri\u00e7\u00f5es<\/h2>\t\t<\/div>\n\t\t\t\t<\/div>\n\t\t\t\t<div class=\"elementor-element elementor-element-eb96bcc elementor-widget elementor-widget-text-editor\" data-id=\"eb96bcc\" data-element_type=\"widget\" data-widget_type=\"text-editor.default\">\n\t\t\t\t<div class=\"elementor-widget-container\">\n\t\t\t\t\t\t\t\t<div class=\"elementor-text-editor elementor-clearfix\">\n\t\t\t\t<p><strong>4 de outubro<\/strong><\/p>\t\t\t\t\t<\/div>\n\t\t\t\t\t\t<\/div>\n\t\t\t\t<\/div>\n\t\t\t\t\t\t<\/div>\n\t\t\t\t\t<\/div>\n\t\t<\/div>\n\t\t\t\t\t\t\t\t<\/div>\n\t\t\t\t\t<\/div>\n\t\t<\/section>\n\t\t\t\t<section class=\"elementor-section elementor-top-section elementor-element elementor-element-b61c0ec elementor-hidden-desktop elementor-hidden-tablet elementor-hidden-mobile elementor-section-boxed elementor-section-height-default elementor-section-height-default\" data-id=\"b61c0ec\" data-element_type=\"section\">\n\t\t\t\t\t\t<div class=\"elementor-container elementor-column-gap-default\">\n\t\t\t\t\t\t\t<div class=\"elementor-row\">\n\t\t\t\t\t<div class=\"elementor-column elementor-col-100 elementor-top-column elementor-element elementor-element-167f20a\" data-id=\"167f20a\" data-element_type=\"column\">\n\t\t\t<div class=\"elementor-column-wrap elementor-element-populated\">\n\t\t\t\t\t\t\t<div class=\"elementor-widget-wrap\">\n\t\t\t\t\t\t<div class=\"elementor-element elementor-element-21c0eab elementor-align-center elementor-widget elementor-widget-button\" data-id=\"21c0eab\" data-element_type=\"widget\" data-no-translation=\"\" data-widget_type=\"button.default\">\n\t\t\t\t<div class=\"elementor-widget-container\">\n\t\t\t<style>.elementor-element-21c0eab{display:none !important}<\/style>\t\t<\/div>\n\t\t\t\t<\/div>\n\t\t\t\t<div class=\"elementor-element elementor-element-7689bcc elementor-align-center elementor-widget elementor-widget-button\" data-id=\"7689bcc\" data-element_type=\"widget\" data-no-translation=\"\" data-widget_type=\"button.default\">\n\t\t\t\t<div class=\"elementor-widget-container\">\n\t\t\t\t\t<div class=\"elementor-button-wrapper\">\n\t\t\t<a href=\"https:\/\/www.iberbibliotecas.org\/wp-content\/uploads\/2025\/04\/Lista_disenho_soluc_2025_por.pdf\" target=\"_blank\" class=\"elementor-button-link elementor-button elementor-size-lg\" role=\"button\">\n\t\t\t\t\t\t<span class=\"elementor-button-content-wrapper\">\n\t\t\t\t\t\t\t<span class=\"elementor-button-icon elementor-align-icon-left\">\n\t\t\t\t<i aria-hidden=\"true\" class=\"far fa-hand-point-right\"><\/i>\t\t\t<\/span>\n\t\t\t\t\t\t<span class=\"elementor-button-text\">Pessoas selecionadas<\/span>\n\t\t<\/span>\n\t\t\t\t\t<\/a>\n\t\t<\/div>\n\t\t\t\t<\/div>\n\t\t\t\t<\/div>\n\t\t\t\t<div class=\"elementor-element elementor-element-1ee18d7 elementor-widget elementor-widget-spacer\" data-id=\"1ee18d7\" data-element_type=\"widget\" data-widget_type=\"spacer.default\">\n\t\t\t\t<div class=\"elementor-widget-container\">\n\t\t\t\t\t<div class=\"elementor-spacer\">\n\t\t\t<div class=\"elementor-spacer-inner\"><\/div>\n\t\t<\/div>\n\t\t\t\t<\/div>\n\t\t\t\t<\/div>\n\t\t\t\t\t\t<\/div>\n\t\t\t\t\t<\/div>\n\t\t<\/div>\n\t\t\t\t\t\t\t\t<\/div>\n\t\t\t\t\t<\/div>\n\t\t<\/section>\n\t\t\t\t<section class=\"elementor-section elementor-top-section elementor-element elementor-element-30933bd elementor-section-boxed elementor-section-height-default elementor-section-height-default\" data-id=\"30933bd\" data-element_type=\"section\">\n\t\t\t\t\t\t<div class=\"elementor-container elementor-column-gap-default\">\n\t\t\t\t\t\t\t<div class=\"elementor-row\">\n\t\t\t\t\t<div class=\"elementor-column elementor-col-100 elementor-top-column elementor-element elementor-element-33585b5\" data-id=\"33585b5\" data-element_type=\"column\">\n\t\t\t<div class=\"elementor-column-wrap elementor-element-populated\">\n\t\t\t\t\t\t\t<div class=\"elementor-widget-wrap\">\n\t\t\t\t\t\t<div class=\"elementor-element elementor-element-d37ebc4 elementor-align-center elementor-widget elementor-widget-button\" data-id=\"d37ebc4\" data-element_type=\"widget\" id=\"PTtaller_reflexiones\" data-widget_type=\"button.default\">\n\t\t\t\t<div class=\"elementor-widget-container\">\n\t\t\t\t\t<div class=\"elementor-button-wrapper\">\n\t\t\t<a href=\"https:\/\/www.iberbibliotecas.org\/wp-content\/uploads\/2025\/10\/Lista_de_seleccionados_Taller2_REFLEXIONES_POR.pdf\" class=\"elementor-button-link elementor-button elementor-size-lg\" role=\"button\">\n\t\t\t\t\t\t<span class=\"elementor-button-content-wrapper\">\n\t\t\t\t\t\t<span class=\"elementor-button-text\">PESSOAS SELECIONADAS<\/span>\n\t\t<\/span>\n\t\t\t\t\t<\/a>\n\t\t<\/div>\n\t\t\t\t<\/div>\n\t\t\t\t<\/div>\n\t\t\t\t\t\t<\/div>\n\t\t\t\t\t<\/div>\n\t\t<\/div>\n\t\t\t\t\t\t\t\t<\/div>\n\t\t\t\t\t<\/div>\n\t\t<\/section>\n\t\t\t\t\t\t\t\t\t<\/div>\n\t\t\t<\/div>\n\t\t\t\t\t<\/div>","protected":false},"excerpt":{"rendered":"<p>Data do workshop: 4 de novembro de 2025 Reflex\u00f5es e estrat\u00e9gias para acervos diversos e representativos Workshop em portugu\u00eas com entrega de certificado Objetivos Ao finalizar a Master Class e &hellip; <\/p>\n<p class=\"link-more\"><a href=\"https:\/\/www.iberbibliotecas.org\/por\/cursos\/reflexoes-e-estrategias-para-acervos-diversos-e-representativos\/\" class=\"more-link\">Continue lendo<span class=\"screen-reader-text\"> &#8220;Reflex\u00f5es e estrat\u00e9gias para acervos diversos e representativos&#8221;<\/span><\/a><\/p>","protected":false},"author":1,"featured_media":21902,"parent":662,"menu_order":0,"comment_status":"closed","ping_status":"closed","template":"elementor_canvas","meta":{"_EventAllDay":false,"_EventTimezone":"","_EventStartDate":"","_EventEndDate":"","_EventStartDateUTC":"","_EventEndDateUTC":"","_EventShowMap":false,"_EventShowMapLink":false,"_EventURL":"","_EventCost":"","_EventCostDescription":"","_EventCurrencySymbol":"","_EventCurrencyCode":"","_EventCurrencyPosition":"","_EventDateTimeSeparator":"","_EventTimeRangeSeparator":"","_EventOrganizerID":[],"_EventVenueID":0,"_OrganizerEmail":"","_OrganizerPhone":"","_OrganizerWebsite":"","_VenueAddress":"","_VenueCity":"","_VenueCountry":"","_VenueProvince":"","_VenueZip":"","_VenuePhone":"","_VenueURL":"","_VenueStateProvince":"","_VenueLat":"","_VenueLng":""},"yoast_head":"<!-- This site is optimized with the Yoast SEO plugin v20.11 - https:\/\/yoast.com\/wordpress\/plugins\/seo\/ -->\n<title>Reflex\u00f5es e estrat\u00e9gias para acervos diversos e representativos - Iberbibliotecas<\/title>\n<meta name=\"robots\" content=\"index, follow, max-snippet:-1, max-image-preview:large, max-video-preview:-1\" \/>\n<link rel=\"canonical\" href=\"https:\/\/www.iberbibliotecas.org\/por\/cursos\/reflexoes-e-estrategias-para-acervos-diversos-e-representativos\/\" \/>\n<meta property=\"og:locale\" content=\"pt_BR\" \/>\n<meta property=\"og:type\" content=\"article\" \/>\n<meta property=\"og:title\" content=\"Reflex\u00f5es e estrat\u00e9gias para acervos diversos e representativos - Iberbibliotecas\" \/>\n<meta property=\"og:description\" content=\"Data do workshop: 4 de novembro de 2025 Reflex\u00f5es e estrat\u00e9gias para acervos diversos e representativos Workshop em portugu\u00eas com entrega de certificado Objetivos Ao finalizar a Master Class e &hellip; Continue lendo &quot;Reflex\u00f5es e estrat\u00e9gias para acervos diversos e representativos&quot;\" \/>\n<meta property=\"og:url\" content=\"https:\/\/www.iberbibliotecas.org\/por\/cursos\/reflexoes-e-estrategias-para-acervos-diversos-e-representativos\/\" \/>\n<meta property=\"og:site_name\" content=\"Iberbibliotecas\" \/>\n<meta property=\"article:modified_time\" content=\"2025-10-27T20:12:43+00:00\" \/>\n<meta property=\"og:image\" content=\"https:\/\/www.iberbibliotecas.org\/wp-content\/uploads\/2025\/09\/master1.png\" \/>\n\t<meta property=\"og:image:width\" content=\"1080\" \/>\n\t<meta property=\"og:image:height\" content=\"1350\" \/>\n\t<meta property=\"og:image:type\" content=\"image\/png\" \/>\n<meta name=\"twitter:card\" content=\"summary_large_image\" \/>\n<meta name=\"twitter:label1\" content=\"Est. tempo de leitura\" \/>\n\t<meta name=\"twitter:data1\" content=\"2 minutos\" \/>\n<script type=\"application\/ld+json\" class=\"yoast-schema-graph\">{\"@context\":\"https:\/\/schema.org\",\"@graph\":[{\"@type\":\"WebPage\",\"@id\":\"https:\/\/www.iberbibliotecas.org\/cursos\/reflexoes-e-estrategias-para-acervos-diversos-e-representativos\/\",\"url\":\"https:\/\/www.iberbibliotecas.org\/cursos\/reflexoes-e-estrategias-para-acervos-diversos-e-representativos\/\",\"name\":\"Reflex\u00f5es e estrat\u00e9gias para acervos diversos e representativos - Iberbibliotecas\",\"isPartOf\":{\"@id\":\"https:\/\/www.iberbibliotecas.org\/#website\"},\"datePublished\":\"2025-09-19T14:37:00+00:00\",\"dateModified\":\"2025-10-27T20:12:43+00:00\",\"breadcrumb\":{\"@id\":\"https:\/\/www.iberbibliotecas.org\/cursos\/reflexoes-e-estrategias-para-acervos-diversos-e-representativos\/#breadcrumb\"},\"inLanguage\":\"pt-BR\",\"potentialAction\":[{\"@type\":\"ReadAction\",\"target\":[\"https:\/\/www.iberbibliotecas.org\/cursos\/reflexoes-e-estrategias-para-acervos-diversos-e-representativos\/\"]}]},{\"@type\":\"BreadcrumbList\",\"@id\":\"https:\/\/www.iberbibliotecas.org\/cursos\/reflexoes-e-estrategias-para-acervos-diversos-e-representativos\/#breadcrumb\",\"itemListElement\":[{\"@type\":\"ListItem\",\"position\":1,\"name\":\"Inicio\",\"item\":\"https:\/\/www.iberbibliotecas.org\/\"},{\"@type\":\"ListItem\",\"position\":2,\"name\":\"Convocatoria de Cursos Iberbibliotecas\",\"item\":\"https:\/\/www.iberbibliotecas.org\/cursos\/\"},{\"@type\":\"ListItem\",\"position\":3,\"name\":\"Reflex\u00f5es e estrat\u00e9gias para acervos diversos e representativos\"}]},{\"@type\":\"WebSite\",\"@id\":\"https:\/\/www.iberbibliotecas.org\/#website\",\"url\":\"https:\/\/www.iberbibliotecas.org\/\",\"name\":\"Iberbibliotecas\",\"description\":\"\",\"publisher\":{\"@id\":\"https:\/\/www.iberbibliotecas.org\/#organization\"},\"potentialAction\":[{\"@type\":\"SearchAction\",\"target\":{\"@type\":\"EntryPoint\",\"urlTemplate\":\"https:\/\/www.iberbibliotecas.org\/?s={search_term_string}\"},\"query-input\":\"required name=search_term_string\"}],\"inLanguage\":\"pt-BR\"},{\"@type\":\"Organization\",\"@id\":\"https:\/\/www.iberbibliotecas.org\/#organization\",\"name\":\"Iberbibliotecas\",\"url\":\"https:\/\/www.iberbibliotecas.org\/\",\"logo\":{\"@type\":\"ImageObject\",\"inLanguage\":\"pt-BR\",\"@id\":\"https:\/\/www.iberbibliotecas.org\/#\/schema\/logo\/image\/\",\"url\":\"https:\/\/www.iberbibliotecas.org\/wp-content\/uploads\/2021\/03\/logo_c_ib.png\",\"contentUrl\":\"https:\/\/www.iberbibliotecas.org\/wp-content\/uploads\/2021\/03\/logo_c_ib.png\",\"width\":289,\"height\":180,\"caption\":\"Iberbibliotecas\"},\"image\":{\"@id\":\"https:\/\/www.iberbibliotecas.org\/#\/schema\/logo\/image\/\"}}]}<\/script>\n<!-- \/ Yoast SEO plugin. -->","yoast_head_json":{"title":"Reflex\u00f5es e estrat\u00e9gias para acervos diversos e representativos - Iberbibliotecas","robots":{"index":"index","follow":"follow","max-snippet":"max-snippet:-1","max-image-preview":"max-image-preview:large","max-video-preview":"max-video-preview:-1"},"canonical":"https:\/\/www.iberbibliotecas.org\/por\/cursos\/reflexoes-e-estrategias-para-acervos-diversos-e-representativos\/","og_locale":"pt_BR","og_type":"article","og_title":"Reflex\u00f5es e estrat\u00e9gias para acervos diversos e representativos - Iberbibliotecas","og_description":"Data do workshop: 4 de novembro de 2025 Reflex\u00f5es e estrat\u00e9gias para acervos diversos e representativos Workshop em portugu\u00eas com entrega de certificado Objetivos Ao finalizar a Master Class e &hellip; Continue lendo \"Reflex\u00f5es e estrat\u00e9gias para acervos diversos e representativos\"","og_url":"https:\/\/www.iberbibliotecas.org\/por\/cursos\/reflexoes-e-estrategias-para-acervos-diversos-e-representativos\/","og_site_name":"Iberbibliotecas","article_modified_time":"2025-10-27T20:12:43+00:00","og_image":[{"width":1080,"height":1350,"url":"https:\/\/www.iberbibliotecas.org\/wp-content\/uploads\/2025\/09\/master1.png","type":"image\/png"}],"twitter_card":"summary_large_image","twitter_misc":{"Est. tempo de leitura":"2 minutos"},"schema":{"@context":"https:\/\/schema.org","@graph":[{"@type":"WebPage","@id":"https:\/\/www.iberbibliotecas.org\/cursos\/reflexoes-e-estrategias-para-acervos-diversos-e-representativos\/","url":"https:\/\/www.iberbibliotecas.org\/cursos\/reflexoes-e-estrategias-para-acervos-diversos-e-representativos\/","name":"Reflex\u00f5es e estrat\u00e9gias para acervos diversos e representativos - Iberbibliotecas","isPartOf":{"@id":"https:\/\/www.iberbibliotecas.org\/#website"},"datePublished":"2025-09-19T14:37:00+00:00","dateModified":"2025-10-27T20:12:43+00:00","breadcrumb":{"@id":"https:\/\/www.iberbibliotecas.org\/cursos\/reflexoes-e-estrategias-para-acervos-diversos-e-representativos\/#breadcrumb"},"inLanguage":"pt-BR","potentialAction":[{"@type":"ReadAction","target":["https:\/\/www.iberbibliotecas.org\/cursos\/reflexoes-e-estrategias-para-acervos-diversos-e-representativos\/"]}]},{"@type":"BreadcrumbList","@id":"https:\/\/www.iberbibliotecas.org\/cursos\/reflexoes-e-estrategias-para-acervos-diversos-e-representativos\/#breadcrumb","itemListElement":[{"@type":"ListItem","position":1,"name":"Inicio","item":"https:\/\/www.iberbibliotecas.org\/"},{"@type":"ListItem","position":2,"name":"Convocatoria de Cursos Iberbibliotecas","item":"https:\/\/www.iberbibliotecas.org\/cursos\/"},{"@type":"ListItem","position":3,"name":"Reflex\u00f5es e estrat\u00e9gias para acervos diversos e representativos"}]},{"@type":"WebSite","@id":"https:\/\/www.iberbibliotecas.org\/#website","url":"https:\/\/www.iberbibliotecas.org\/","name":"Iberbibliotecas","description":"","publisher":{"@id":"https:\/\/www.iberbibliotecas.org\/#organization"},"potentialAction":[{"@type":"SearchAction","target":{"@type":"EntryPoint","urlTemplate":"https:\/\/www.iberbibliotecas.org\/?s={search_term_string}"},"query-input":"required name=search_term_string"}],"inLanguage":"pt-BR"},{"@type":"Organization","@id":"https:\/\/www.iberbibliotecas.org\/#organization","name":"Iberbibliotecas","url":"https:\/\/www.iberbibliotecas.org\/","logo":{"@type":"ImageObject","inLanguage":"pt-BR","@id":"https:\/\/www.iberbibliotecas.org\/#\/schema\/logo\/image\/","url":"https:\/\/www.iberbibliotecas.org\/wp-content\/uploads\/2021\/03\/logo_c_ib.png","contentUrl":"https:\/\/www.iberbibliotecas.org\/wp-content\/uploads\/2021\/03\/logo_c_ib.png","width":289,"height":180,"caption":"Iberbibliotecas"},"image":{"@id":"https:\/\/www.iberbibliotecas.org\/#\/schema\/logo\/image\/"}}]}},"_links":{"self":[{"href":"https:\/\/www.iberbibliotecas.org\/por\/wp-json\/wp\/v2\/pages\/21901"}],"collection":[{"href":"https:\/\/www.iberbibliotecas.org\/por\/wp-json\/wp\/v2\/pages"}],"about":[{"href":"https:\/\/www.iberbibliotecas.org\/por\/wp-json\/wp\/v2\/types\/page"}],"author":[{"embeddable":true,"href":"https:\/\/www.iberbibliotecas.org\/por\/wp-json\/wp\/v2\/users\/1"}],"replies":[{"embeddable":true,"href":"https:\/\/www.iberbibliotecas.org\/por\/wp-json\/wp\/v2\/comments?post=21901"}],"version-history":[{"count":55,"href":"https:\/\/www.iberbibliotecas.org\/por\/wp-json\/wp\/v2\/pages\/21901\/revisions"}],"predecessor-version":[{"id":22126,"href":"https:\/\/www.iberbibliotecas.org\/por\/wp-json\/wp\/v2\/pages\/21901\/revisions\/22126"}],"up":[{"embeddable":true,"href":"https:\/\/www.iberbibliotecas.org\/por\/wp-json\/wp\/v2\/pages\/662"}],"wp:featuredmedia":[{"embeddable":true,"href":"https:\/\/www.iberbibliotecas.org\/por\/wp-json\/wp\/v2\/media\/21902"}],"wp:attachment":[{"href":"https:\/\/www.iberbibliotecas.org\/por\/wp-json\/wp\/v2\/media?parent=21901"}],"curies":[{"name":"wp","href":"https:\/\/api.w.org\/{rel}","templated":true}]}}