{"id":24080,"date":"2026-08-26T12:30:52","date_gmt":"2026-08-26T17:30:52","guid":{"rendered":"https:\/\/www.iberbibliotecas.org\/?page_id=24080"},"modified":"2026-08-26T14:17:42","modified_gmt":"2026-08-26T19:17:42","slug":"guia-para-la-creacion-de-estrategias-de-gestion-para-el-desarrollo-de-alianzas-en-bibliotecas-publicas-y-comunitarias","status":"publish","type":"page","link":"https:\/\/www.iberbibliotecas.org\/por\/cursos\/guia-para-la-creacion-de-estrategias-de-gestion-para-el-desarrollo-de-alianzas-en-bibliotecas-publicas-y-comunitarias\/","title":{"rendered":"Workshop: Guia para a cria\u00e7\u00e3o de estrat\u00e9gias de gest\u00e3o para o desenvolvimento de alian\u00e7as em bibliotecas p\u00fablicas e comunit\u00e1rias"},"content":{"rendered":"<div data-elementor-type=\"wp-page\" data-elementor-id=\"24080\" class=\"elementor elementor-24080\">\n\t\t\t\t\t\t<div class=\"elementor-inner\">\n\t\t\t\t<div class=\"elementor-section-wrap\">\n\t\t\t\t\t\t\t\t\t<section class=\"elementor-section elementor-top-section elementor-element elementor-element-97a5562 elementor-section-boxed elementor-section-height-default elementor-section-height-default\" data-id=\"97a5562\" data-element_type=\"section\">\n\t\t\t\t\t\t<div class=\"elementor-container elementor-column-gap-default\">\n\t\t\t\t\t\t\t<div class=\"elementor-row\">\n\t\t\t\t\t<div class=\"elementor-column elementor-col-100 elementor-top-column elementor-element elementor-element-7f80f4f\" data-id=\"7f80f4f\" data-element_type=\"column\">\n\t\t\t<div class=\"elementor-column-wrap elementor-element-populated\">\n\t\t\t\t\t\t\t<div class=\"elementor-widget-wrap\">\n\t\t\t\t\t\t<div class=\"elementor-element elementor-element-43868cf elementor-widget elementor-widget-heading\" data-id=\"43868cf\" data-element_type=\"widget\" data-widget_type=\"heading.default\">\n\t\t\t\t<div class=\"elementor-widget-container\">\n\t\t\t<h1 class=\"elementor-heading-title elementor-size-default\">Data de realiza\u00e7\u00e3o: 7 de outubro<\/h1>\t\t<\/div>\n\t\t\t\t<\/div>\n\t\t\t\t<div class=\"elementor-element elementor-element-43993ec elementor-widget-divider--view-line_icon elementor-view-default elementor-widget-divider--element-align-center elementor-widget elementor-widget-divider\" data-id=\"43993ec\" data-element_type=\"widget\" data-widget_type=\"divider.default\">\n\t\t\t\t<div class=\"elementor-widget-container\">\n\t\t\t\t\t<div class=\"elementor-divider\">\n\t\t\t<span class=\"elementor-divider-separator\">\n\t\t\t\t\t\t\t<div class=\"elementor-icon elementor-divider__element\">\n\t\t\t\t\t<i aria-hidden=\"true\" class=\"far fa-check-circle\"><\/i><\/div>\n\t\t\t\t\t\t<\/span>\n\t\t<\/div>\n\t\t\t\t<\/div>\n\t\t\t\t<\/div>\n\t\t\t\t\t\t<\/div>\n\t\t\t\t\t<\/div>\n\t\t<\/div>\n\t\t\t\t\t\t\t\t<\/div>\n\t\t\t\t\t<\/div>\n\t\t<\/section>\n\t\t\t\t<section class=\"elementor-section elementor-top-section elementor-element elementor-element-8217683 elementor-section-boxed elementor-section-height-default elementor-section-height-default\" data-id=\"8217683\" data-element_type=\"section\">\n\t\t\t\t\t\t<div class=\"elementor-container elementor-column-gap-default\">\n\t\t\t\t\t\t\t<div class=\"elementor-row\">\n\t\t\t\t\t<div class=\"elementor-column elementor-col-66 elementor-top-column elementor-element elementor-element-0fc89d1\" data-id=\"0fc89d1\" data-element_type=\"column\">\n\t\t\t<div class=\"elementor-column-wrap elementor-element-populated\">\n\t\t\t\t\t\t\t<div class=\"elementor-widget-wrap\">\n\t\t\t\t\t\t<div class=\"elementor-element elementor-element-34922a6 elementor-widget elementor-widget-heading\" data-id=\"34922a6\" data-element_type=\"widget\" data-widget_type=\"heading.default\">\n\t\t\t\t<div class=\"elementor-widget-container\">\n\t\t\t<h1 class=\"elementor-heading-title elementor-size-default\">Workshop: Guia para a cria\u00e7\u00e3o de estrat\u00e9gias de gest\u00e3o para o desenvolvimento de alian\u00e7as em bibliotecas p\u00fablicas e comunit\u00e1rias<\/h1>\t\t<\/div>\n\t\t\t\t<\/div>\n\t\t\t\t<div class=\"elementor-element elementor-element-bff61dd elementor-widget elementor-widget-text-editor\" data-id=\"bff61dd\" data-element_type=\"widget\" data-widget_type=\"text-editor.default\">\n\t\t\t\t<div class=\"elementor-widget-container\">\n\t\t\t\t\t\t\t\t<div class=\"elementor-text-editor elementor-clearfix\">\n\t\t\t\t<p style=\"text-align: justify;\"><strong>Atividade s\u00edncrona e em portugu\u00eas. Dura\u00e7\u00e3o: duas horas <\/strong><\/p>\t\t\t\t\t<\/div>\n\t\t\t\t\t\t<\/div>\n\t\t\t\t<\/div>\n\t\t\t\t<div class=\"elementor-element elementor-element-395857c elementor-widget elementor-widget-heading\" data-id=\"395857c\" data-element_type=\"widget\" data-widget_type=\"heading.default\">\n\t\t\t\t<div class=\"elementor-widget-container\">\n\t\t\t<h2 class=\"elementor-heading-title elementor-size-default\">Facilitadora: Fabiana Souza Ferreira, autora do gu\u00eda.<\/h2>\t\t<\/div>\n\t\t\t\t<\/div>\n\t\t\t\t<div class=\"elementor-element elementor-element-7298597 elementor-widget elementor-widget-heading\" data-id=\"7298597\" data-element_type=\"widget\" data-widget_type=\"heading.default\">\n\t\t\t\t<div class=\"elementor-widget-container\">\n\t\t\t<h2 class=\"elementor-heading-title elementor-size-default\">Objetivo geral\u200b<\/h2>\t\t<\/div>\n\t\t\t\t<\/div>\n\t\t\t\t<div class=\"elementor-element elementor-element-2d72f23 elementor-widget elementor-widget-text-editor\" data-id=\"2d72f23\" data-element_type=\"widget\" data-widget_type=\"text-editor.default\">\n\t\t\t\t<div class=\"elementor-widget-container\">\n\t\t\t\t\t\t\t\t<div class=\"elementor-text-editor elementor-clearfix\">\n\t\t\t\t<p style=\"text-align: justify;\"><span style=\"font-weight: 400;\">Oferecer uma explica\u00e7\u00e3o e acompanhamento detalhado do guia, complementados por instrumentos e atividades pr\u00e1ticas e reflexivas que permitam aos participantes aplicar de forma eficaz os conhecimentos adquiridos em seus respectivos contextos. <\/span><\/p>\t\t\t\t\t<\/div>\n\t\t\t\t\t\t<\/div>\n\t\t\t\t<\/div>\n\t\t\t\t\t\t<\/div>\n\t\t\t\t\t<\/div>\n\t\t<\/div>\n\t\t\t\t<div class=\"elementor-column elementor-col-33 elementor-top-column elementor-element elementor-element-222b615\" data-id=\"222b615\" data-element_type=\"column\">\n\t\t\t<div class=\"elementor-column-wrap elementor-element-populated\">\n\t\t\t\t\t\t\t<div class=\"elementor-widget-wrap\">\n\t\t\t\t\t\t<div class=\"elementor-element elementor-element-78bbc0d elementor-widget elementor-widget-image\" data-id=\"78bbc0d\" data-element_type=\"widget\" data-widget_type=\"image.default\">\n\t\t\t\t<div class=\"elementor-widget-container\">\n\t\t\t\t\t\t\t\t<div class=\"elementor-image\">\n\t\t\t\t\t\t\t\t\t\t\t\t<img decoding=\"async\" width=\"525\" height=\"656\" src=\"https:\/\/www.iberbibliotecas.org\/wp-content\/uploads\/2026\/08\/Workshop_guiaAlianzas_port.png\" class=\"attachment-medium_large size-medium_large\" alt=\"\" loading=\"lazy\" srcset=\"https:\/\/www.iberbibliotecas.org\/wp-content\/uploads\/2026\/08\/Workshop_guiaAlianzas_port.png 1080w, https:\/\/www.iberbibliotecas.org\/wp-content\/uploads\/2026\/08\/Workshop_guiaAlianzas_port-240x300.png 240w, https:\/\/www.iberbibliotecas.org\/wp-content\/uploads\/2026\/08\/Workshop_guiaAlianzas_port-819x1024.png 819w, https:\/\/www.iberbibliotecas.org\/wp-content\/uploads\/2026\/08\/Workshop_guiaAlianzas_port-768x960.png 768w, https:\/\/www.iberbibliotecas.org\/wp-content\/uploads\/2026\/08\/Workshop_guiaAlianzas_port-10x12.png 10w\" sizes=\"100vw\" \/>\t\t\t\t\t\t\t\t\t\t\t\t\t\t<\/div>\n\t\t\t\t\t\t<\/div>\n\t\t\t\t<\/div>\n\t\t\t\t\t\t<\/div>\n\t\t\t\t\t<\/div>\n\t\t<\/div>\n\t\t\t\t\t\t\t\t<\/div>\n\t\t\t\t\t<\/div>\n\t\t<\/section>\n\t\t\t\t<section class=\"elementor-section elementor-top-section elementor-element elementor-element-f5da067 elementor-section-boxed elementor-section-height-default elementor-section-height-default\" data-id=\"f5da067\" data-element_type=\"section\">\n\t\t\t\t\t\t<div class=\"elementor-container elementor-column-gap-default\">\n\t\t\t\t\t\t\t<div class=\"elementor-row\">\n\t\t\t\t\t<div class=\"elementor-column elementor-col-100 elementor-top-column elementor-element elementor-element-fb0097b\" data-id=\"fb0097b\" data-element_type=\"column\">\n\t\t\t<div class=\"elementor-column-wrap elementor-element-populated\">\n\t\t\t\t\t\t\t<div class=\"elementor-widget-wrap\">\n\t\t\t\t\t\t<div class=\"elementor-element elementor-element-476f6b5 elementor-widget elementor-widget-heading\" data-id=\"476f6b5\" data-element_type=\"widget\" data-widget_type=\"heading.default\">\n\t\t\t\t<div class=\"elementor-widget-container\">\n\t\t\t<h2 class=\"elementor-heading-title elementor-size-default\">Objetivos espec\u00edficos<\/h2>\t\t<\/div>\n\t\t\t\t<\/div>\n\t\t\t\t<div class=\"elementor-element elementor-element-b4d4aad elementor-icon-list--layout-traditional elementor-list-item-link-full_width elementor-widget elementor-widget-icon-list\" data-id=\"b4d4aad\" data-element_type=\"widget\" data-widget_type=\"icon-list.default\">\n\t\t\t\t<div class=\"elementor-widget-container\">\n\t\t\t\t\t<ul class=\"elementor-icon-list-items\">\n\t\t\t\t\t\t\t<li class=\"elementor-icon-list-item\">\n\t\t\t\t\t\t\t\t\t\t<span class=\"elementor-icon-list-text\">\u25ba Compreender a import\u00e2ncia da cria\u00e7\u00e3o deste documento.<\/span>\n\t\t\t\t\t\t\t\t\t<\/li>\n\t\t\t\t\t\t\t\t<li class=\"elementor-icon-list-item\">\n\t\t\t\t\t\t\t\t\t\t<span class=\"elementor-icon-list-text\">\u25ba Conhecer o referencial conceitual e as ferramentas oferecidas pelo guia para identificar atores-chave para a realiza\u00e7\u00e3o de parcerias.<\/span>\n\t\t\t\t\t\t\t\t\t<\/li>\n\t\t\t\t\t\t\t\t<li class=\"elementor-icon-list-item\">\n\t\t\t\t\t\t\t\t\t\t<span class=\"elementor-icon-list-text\">\u25ba A partir da metodologia proposta pelo guia, identificar e criar processos pr\u00f3prios para o desenvolvimento de parcerias, de acordo com o contexto de cada biblioteca.<\/span>\n\t\t\t\t\t\t\t\t\t<\/li>\n\t\t\t\t\t\t\t\t<li class=\"elementor-icon-list-item\">\n\t\t\t\t\t\t\t\t\t\t<span class=\"elementor-icon-list-text\">\u25ba Identificar pontos fortes da gest\u00e3o bibliotec\u00e1ria.<\/span>\n\t\t\t\t\t\t\t\t\t<\/li>\n\t\t\t\t\t\t\t\t<li class=\"elementor-icon-list-item\">\n\t\t\t\t\t\t\t\t\t\t<span class=\"elementor-icon-list-text\">\u25ba Explorar experi\u00eancias significativas em outras bibliotecas da Ibero-Am\u00e9rica.<\/span>\n\t\t\t\t\t\t\t\t\t<\/li>\n\t\t\t\t\t\t<\/ul>\n\t\t\t\t<\/div>\n\t\t\t\t<\/div>\n\t\t\t\t\t\t<\/div>\n\t\t\t\t\t<\/div>\n\t\t<\/div>\n\t\t\t\t\t\t\t\t<\/div>\n\t\t\t\t\t<\/div>\n\t\t<\/section>\n\t\t\t\t<section class=\"elementor-section elementor-top-section elementor-element elementor-element-b3a64f8 elementor-section-boxed elementor-section-height-default elementor-section-height-default\" data-id=\"b3a64f8\" data-element_type=\"section\">\n\t\t\t\t\t\t<div class=\"elementor-container elementor-column-gap-default\">\n\t\t\t\t\t\t\t<div class=\"elementor-row\">\n\t\t\t\t\t<div class=\"elementor-column elementor-col-100 elementor-top-column elementor-element elementor-element-ec43342\" data-id=\"ec43342\" data-element_type=\"column\">\n\t\t\t<div class=\"elementor-column-wrap elementor-element-populated\">\n\t\t\t\t\t\t\t<div class=\"elementor-widget-wrap\">\n\t\t\t\t\t\t<div class=\"elementor-element elementor-element-4e53612 elementor-widget elementor-widget-text-editor\" data-id=\"4e53612\" data-element_type=\"widget\" data-widget_type=\"text-editor.default\">\n\t\t\t\t<div class=\"elementor-widget-container\">\n\t\t\t\t\t\t\t\t<div class=\"elementor-text-editor elementor-clearfix\">\n\t\t\t\t\t\t\t\t\t<\/div>\n\t\t\t\t\t\t<\/div>\n\t\t\t\t<\/div>\n\t\t\t\t<div class=\"elementor-element elementor-element-63050e3 elementor-widget elementor-widget-heading\" data-id=\"63050e3\" data-element_type=\"widget\" data-widget_type=\"heading.default\">\n\t\t\t\t<div class=\"elementor-widget-container\">\n\t\t\t<h2 class=\"elementor-heading-title elementor-size-default\">Datas importantes<\/h2>\t\t<\/div>\n\t\t\t\t<\/div>\n\t\t\t\t<div class=\"elementor-element elementor-element-651142c elementor-widget elementor-widget-text-editor\" data-id=\"651142c\" data-element_type=\"widget\" data-widget_type=\"text-editor.default\">\n\t\t\t\t<div class=\"elementor-widget-container\">\n\t\t\t\t\t\t\t\t<div class=\"elementor-text-editor elementor-clearfix\">\n\t\t\t\t<p><strong>Data de realiza\u00e7\u00e3o: 7 de outubro<\/strong><\/p><p><span style=\"font-weight: 400;\"><strong>Hora<\/strong>:14h (Bras\u00edlia)<\/span><\/p>\t\t\t\t\t<\/div>\n\t\t\t\t\t\t<\/div>\n\t\t\t\t<\/div>\n\t\t\t\t\t\t<\/div>\n\t\t\t\t\t<\/div>\n\t\t<\/div>\n\t\t\t\t\t\t\t\t<\/div>\n\t\t\t\t\t<\/div>\n\t\t<\/section>\n\t\t\t\t<section class=\"elementor-section elementor-top-section elementor-element elementor-element-8e7b5f9 elementor-section-boxed elementor-section-height-default elementor-section-height-default\" data-id=\"8e7b5f9\" data-element_type=\"section\">\n\t\t\t\t\t\t<div class=\"elementor-container elementor-column-gap-default\">\n\t\t\t\t\t\t\t<div class=\"elementor-row\">\n\t\t\t\t\t<div class=\"elementor-column elementor-col-33 elementor-top-column elementor-element elementor-element-2e1e404\" data-id=\"2e1e404\" data-element_type=\"column\">\n\t\t\t<div class=\"elementor-column-wrap elementor-element-populated\">\n\t\t\t\t\t\t\t<div class=\"elementor-widget-wrap\">\n\t\t\t\t\t\t<div class=\"elementor-element elementor-element-f4bb6f7 elementor-widget elementor-widget-heading\" data-id=\"f4bb6f7\" data-element_type=\"widget\" data-widget_type=\"heading.default\">\n\t\t\t\t<div class=\"elementor-widget-container\">\n\t\t\t<h2 class=\"elementor-heading-title elementor-size-default\">P\u00fablico-alvo<\/h2>\t\t<\/div>\n\t\t\t\t<\/div>\n\t\t\t\t<div class=\"elementor-element elementor-element-c14a0a8 elementor-widget elementor-widget-text-editor\" data-id=\"c14a0a8\" data-element_type=\"widget\" data-widget_type=\"text-editor.default\">\n\t\t\t\t<div class=\"elementor-widget-container\">\n\t\t\t\t\t\t\t\t<div class=\"elementor-text-editor elementor-clearfix\">\n\t\t\t\t<p><span style=\"font-weight: 400;\">Capacita\u00e7\u00e3o voltada para pessoas de bibliotecas p\u00fablicas e comunit\u00e1rias dos pa\u00edses e cidades membros do Iberbibliotecas: Brasil, Chile, Col\u00f4mbia, Costa Rica, Equador, El Salvador, Espanha, Medell\u00edn (Col\u00f4mbia), M\u00e9xico, Panam\u00e1, Peru e Quito (Equador). <\/span><\/p>\t\t\t\t\t<\/div>\n\t\t\t\t\t\t<\/div>\n\t\t\t\t<\/div>\n\t\t\t\t\t\t<\/div>\n\t\t\t\t\t<\/div>\n\t\t<\/div>\n\t\t\t\t<div class=\"elementor-column elementor-col-33 elementor-top-column elementor-element elementor-element-0ae9935\" data-id=\"0ae9935\" data-element_type=\"column\">\n\t\t\t<div class=\"elementor-column-wrap elementor-element-populated\">\n\t\t\t\t\t\t\t<div class=\"elementor-widget-wrap\">\n\t\t\t\t\t\t<div class=\"elementor-element elementor-element-c97e48b elementor-widget elementor-widget-heading\" data-id=\"c97e48b\" data-element_type=\"widget\" data-widget_type=\"heading.default\">\n\t\t\t\t<div class=\"elementor-widget-container\">\n\t\t\t<h2 class=\"elementor-heading-title elementor-size-default\">Requisitos de inscri\u00e7\u00e3o:<\/h2>\t\t<\/div>\n\t\t\t\t<\/div>\n\t\t\t\t<div class=\"elementor-element elementor-element-9f0c028 elementor-widget elementor-widget-text-editor\" data-id=\"9f0c028\" data-element_type=\"widget\" data-widget_type=\"text-editor.default\">\n\t\t\t\t<div class=\"elementor-widget-container\">\n\t\t\t\t\t\t\t\t<div class=\"elementor-text-editor elementor-clearfix\">\n\t\t\t\t<p><span style=\"font-weight: 400;\">Em formato PDF, dever\u00e3o ser anexados \u00e0 ficha de inscri\u00e7\u00e3o os seguintes documentos:<\/span><\/p>\t\t\t\t\t<\/div>\n\t\t\t\t\t\t<\/div>\n\t\t\t\t<\/div>\n\t\t\t\t<div class=\"elementor-element elementor-element-90c6bf7 elementor-align-left elementor-icon-list--layout-traditional elementor-list-item-link-full_width elementor-widget elementor-widget-icon-list\" data-id=\"90c6bf7\" data-element_type=\"widget\" data-widget_type=\"icon-list.default\">\n\t\t\t\t<div class=\"elementor-widget-container\">\n\t\t\t\t\t<ul class=\"elementor-icon-list-items\">\n\t\t\t\t\t\t\t<li class=\"elementor-icon-list-item\">\n\t\t\t\t\t\t\t\t\t\t<span class=\"elementor-icon-list-text\">\u25ba Curr\u00edculo<\/span>\n\t\t\t\t\t\t\t\t\t<\/li>\n\t\t\t\t\t\t\t\t<li class=\"elementor-icon-list-item\">\n\t\t\t\t\t\t\t\t\t\t<span class=\"elementor-icon-list-text\">\u25ba C\u00f3pia de documento de identidade<\/span>\n\t\t\t\t\t\t\t\t\t<\/li>\n\t\t\t\t\t\t\t\t<li class=\"elementor-icon-list-item\">\n\t\t\t\t\t\t\t\t\t\t<span class=\"elementor-icon-list-text\">\u25ba Carta de aval da biblioteca onde trabalha, assinada pelo superior. <a style=\"color:blue;\" href=\"https:\/\/www.iberbibliotecas.org\/wp-content\/uploads\/2026\/07\/Modelo-carta-aval-por_26.docx\"> Baixe o modelo <\/a><\/span>\n\t\t\t\t\t\t\t\t\t<\/li>\n\t\t\t\t\t\t\t\t<li class=\"elementor-icon-list-item\">\n\t\t\t\t\t\t\t\t\t\t<span class=\"elementor-icon-list-text\">\u25ba Conhecer o Guia, que pode ser baixado aqui: <a style=\"color:blue;\" href=\"https:\/\/www.iberbibliotecas.org\/por\/sello-editorial\/\"> http:\/\/www.iberbibliotecas.org\/sello-editorial <\/a><\/span>\n\t\t\t\t\t\t\t\t\t<\/li>\n\t\t\t\t\t\t<\/ul>\n\t\t\t\t<\/div>\n\t\t\t\t<\/div>\n\t\t\t\t\t\t<\/div>\n\t\t\t\t\t<\/div>\n\t\t<\/div>\n\t\t\t\t<div class=\"elementor-column elementor-col-33 elementor-top-column elementor-element elementor-element-6894be9\" data-id=\"6894be9\" data-element_type=\"column\">\n\t\t\t<div class=\"elementor-column-wrap elementor-element-populated\">\n\t\t\t\t\t\t\t<div class=\"elementor-widget-wrap\">\n\t\t\t\t\t\t<div class=\"elementor-element elementor-element-11ea1b3 elementor-widget elementor-widget-heading\" data-id=\"11ea1b3\" data-element_type=\"widget\" data-widget_type=\"heading.default\">\n\t\t\t\t<div class=\"elementor-widget-container\">\n\t\t\t<h2 class=\"elementor-heading-title elementor-size-default\">As inscri\u00e7\u00f5es encerram:<\/h2>\t\t<\/div>\n\t\t\t\t<\/div>\n\t\t\t\t<div class=\"elementor-element elementor-element-eb96bcc elementor-widget elementor-widget-text-editor\" data-id=\"eb96bcc\" data-element_type=\"widget\" data-widget_type=\"text-editor.default\">\n\t\t\t\t<div class=\"elementor-widget-container\">\n\t\t\t\t\t\t\t\t<div class=\"elementor-text-editor elementor-clearfix\">\n\t\t\t\t<p><span style=\"font-weight: 400;\">Inscri\u00e7\u00f5es at\u00e9 7 de setembro. <\/span><\/p>\t\t\t\t\t<\/div>\n\t\t\t\t\t\t<\/div>\n\t\t\t\t<\/div>\n\t\t\t\t\t\t<\/div>\n\t\t\t\t\t<\/div>\n\t\t<\/div>\n\t\t\t\t\t\t\t\t<\/div>\n\t\t\t\t\t<\/div>\n\t\t<\/section>\n\t\t\t\t<section class=\"elementor-section elementor-top-section elementor-element elementor-element-b61c0ec elementor-hidden-desktop elementor-hidden-tablet elementor-hidden-mobile elementor-section-boxed elementor-section-height-default elementor-section-height-default\" data-id=\"b61c0ec\" data-element_type=\"section\">\n\t\t\t\t\t\t<div class=\"elementor-container elementor-column-gap-default\">\n\t\t\t\t\t\t\t<div class=\"elementor-row\">\n\t\t\t\t\t<div class=\"elementor-column elementor-col-100 elementor-top-column elementor-element elementor-element-167f20a\" data-id=\"167f20a\" data-element_type=\"column\">\n\t\t\t<div class=\"elementor-column-wrap elementor-element-populated\">\n\t\t\t\t\t\t\t<div class=\"elementor-widget-wrap\">\n\t\t\t\t\t\t<div class=\"elementor-element elementor-element-21c0eab elementor-align-center elementor-widget elementor-widget-button\" data-id=\"21c0eab\" data-element_type=\"widget\" data-no-translation=\"\" data-widget_type=\"button.default\">\n\t\t\t\t<div class=\"elementor-widget-container\">\n\t\t\t<style>.elementor-element-21c0eab{display:none !important}<\/style>\t\t<\/div>\n\t\t\t\t<\/div>\n\t\t\t\t<div class=\"elementor-element elementor-element-7689bcc elementor-align-center elementor-widget elementor-widget-button\" data-id=\"7689bcc\" data-element_type=\"widget\" data-no-translation=\"\" data-widget_type=\"button.default\">\n\t\t\t\t<div class=\"elementor-widget-container\">\n\t\t\t\t\t<div class=\"elementor-button-wrapper\">\n\t\t\t<a href=\"https:\/\/www.iberbibliotecas.org\/wp-content\/uploads\/2025\/04\/Lista_disenho_soluc_2025_por.pdf\" target=\"_blank\" class=\"elementor-button-link elementor-button elementor-size-lg\" role=\"button\">\n\t\t\t\t\t\t<span class=\"elementor-button-content-wrapper\">\n\t\t\t\t\t\t\t<span class=\"elementor-button-icon elementor-align-icon-left\">\n\t\t\t\t<i aria-hidden=\"true\" class=\"far fa-hand-point-right\"><\/i>\t\t\t<\/span>\n\t\t\t\t\t\t<span class=\"elementor-button-text\">Pessoas selecionadas<\/span>\n\t\t<\/span>\n\t\t\t\t\t<\/a>\n\t\t<\/div>\n\t\t\t\t<\/div>\n\t\t\t\t<\/div>\n\t\t\t\t<div class=\"elementor-element elementor-element-1ee18d7 elementor-widget elementor-widget-spacer\" data-id=\"1ee18d7\" data-element_type=\"widget\" data-widget_type=\"spacer.default\">\n\t\t\t\t<div class=\"elementor-widget-container\">\n\t\t\t\t\t<div class=\"elementor-spacer\">\n\t\t\t<div class=\"elementor-spacer-inner\"><\/div>\n\t\t<\/div>\n\t\t\t\t<\/div>\n\t\t\t\t<\/div>\n\t\t\t\t\t\t<\/div>\n\t\t\t\t\t<\/div>\n\t\t<\/div>\n\t\t\t\t\t\t\t\t<\/div>\n\t\t\t\t\t<\/div>\n\t\t<\/section>\n\t\t\t\t<section class=\"elementor-section elementor-top-section elementor-element elementor-element-30933bd elementor-section-boxed elementor-section-height-default elementor-section-height-default\" data-id=\"30933bd\" data-element_type=\"section\">\n\t\t\t\t\t\t<div class=\"elementor-container elementor-column-gap-default\">\n\t\t\t\t\t\t\t<div class=\"elementor-row\">\n\t\t\t\t\t<div class=\"elementor-column elementor-col-100 elementor-top-column elementor-element elementor-element-33585b5\" data-id=\"33585b5\" data-element_type=\"column\">\n\t\t\t<div class=\"elementor-column-wrap elementor-element-populated\">\n\t\t\t\t\t\t\t<div class=\"elementor-widget-wrap\">\n\t\t\t\t\t\t<div class=\"elementor-element elementor-element-d37ebc4 elementor-align-center elementor-widget elementor-widget-button\" data-id=\"d37ebc4\" data-element_type=\"widget\" id=\"taller_estrategias\" data-widget_type=\"button.default\">\n\t\t\t\t<div class=\"elementor-widget-container\">\n\t\t\t\t\t<div class=\"elementor-button-wrapper\">\n\t\t\t<a href=\"#\" class=\"elementor-button-link elementor-button elementor-size-lg\" role=\"button\">\n\t\t\t\t\t\t<span class=\"elementor-button-content-wrapper\">\n\t\t\t\t\t\t<span class=\"elementor-button-text\">Inscri\u00e7\u00e3o aqui<\/span>\n\t\t<\/span>\n\t\t\t\t\t<\/a>\n\t\t<\/div>\n\t\t\t\t<\/div>\n\t\t\t\t<\/div>\n\t\t\t\t\t\t<\/div>\n\t\t\t\t\t<\/div>\n\t\t<\/div>\n\t\t\t\t\t\t\t\t<\/div>\n\t\t\t\t\t<\/div>\n\t\t<\/section>\n\t\t\t\t\t\t\t\t\t<\/div>\n\t\t\t<\/div>\n\t\t\t\t\t<\/div>","protected":false},"excerpt":{"rendered":"<p>Fecha de inicio: 6 de octubre Taller: Gu\u00eda para la creaci\u00f3n de estrategias de gesti\u00f3n para el desarrollo de alianzas en bibliotecas p\u00fablicas y comunitarias Actividad sincr\u00f3nica y en espa\u00f1ol. &hellip; <\/p>\n<p class=\"link-more\"><a href=\"https:\/\/www.iberbibliotecas.org\/por\/cursos\/guia-para-la-creacion-de-estrategias-de-gestion-para-el-desarrollo-de-alianzas-en-bibliotecas-publicas-y-comunitarias\/\" class=\"more-link\">Continue lendo<span class=\"screen-reader-text\"> &#8220;Taller: Gu\u00eda para la creaci\u00f3n de estrategias de gesti\u00f3n para el desarrollo de alianzas en bibliotecas p\u00fablicas y comunitarias&#8221;<\/span><\/a><\/p>","protected":false},"author":1,"featured_media":24068,"parent":662,"menu_order":0,"comment_status":"closed","ping_status":"closed","template":"elementor_canvas","meta":{"_EventAllDay":false,"_EventTimezone":"","_EventStartDate":"","_EventEndDate":"","_EventStartDateUTC":"","_EventEndDateUTC":"","_EventShowMap":false,"_EventShowMapLink":false,"_EventURL":"","_EventCost":"","_EventCostDescription":"","_EventCurrencySymbol":"","_EventCurrencyCode":"","_EventCurrencyPosition":"","_EventDateTimeSeparator":"","_EventTimeRangeSeparator":"","_EventOrganizerID":[],"_EventVenueID":0,"_OrganizerEmail":"","_OrganizerPhone":"","_OrganizerWebsite":"","_VenueAddress":"","_VenueCity":"","_VenueCountry":"","_VenueProvince":"","_VenueZip":"","_VenuePhone":"","_VenueURL":"","_VenueStateProvince":"","_VenueLat":"","_VenueLng":""},"yoast_head":"<!-- This site is optimized with the Yoast SEO plugin v20.11 - https:\/\/yoast.com\/wordpress\/plugins\/seo\/ -->\n<title>Taller: Gu\u00eda para la creaci\u00f3n de estrategias de gesti\u00f3n para el desarrollo de alianzas en bibliotecas p\u00fablicas y comunitarias - Iberbibliotecas<\/title>\n<meta name=\"robots\" content=\"index, follow, max-snippet:-1, max-image-preview:large, max-video-preview:-1\" \/>\n<link rel=\"canonical\" href=\"https:\/\/www.iberbibliotecas.org\/por\/cursos\/guia-para-la-creacion-de-estrategias-de-gestion-para-el-desarrollo-de-alianzas-en-bibliotecas-publicas-y-comunitarias\/\" \/>\n<meta property=\"og:locale\" content=\"pt_BR\" \/>\n<meta property=\"og:type\" content=\"article\" \/>\n<meta property=\"og:title\" content=\"Taller: Gu\u00eda para la creaci\u00f3n de estrategias de gesti\u00f3n para el desarrollo de alianzas en bibliotecas p\u00fablicas y comunitarias - Iberbibliotecas\" \/>\n<meta property=\"og:description\" content=\"Fecha de inicio: 6 de octubre Taller: Gu\u00eda para la creaci\u00f3n de estrategias de gesti\u00f3n para el desarrollo de alianzas en bibliotecas p\u00fablicas y comunitarias Actividad sincr\u00f3nica y en espa\u00f1ol. &hellip; Continue lendo &quot;Taller: Gu\u00eda para la creaci\u00f3n de estrategias de gesti\u00f3n para el desarrollo de alianzas en bibliotecas p\u00fablicas y comunitarias&quot;\" \/>\n<meta property=\"og:url\" content=\"https:\/\/www.iberbibliotecas.org\/por\/cursos\/guia-para-la-creacion-de-estrategias-de-gestion-para-el-desarrollo-de-alianzas-en-bibliotecas-publicas-y-comunitarias\/\" \/>\n<meta property=\"og:site_name\" content=\"Iberbibliotecas\" \/>\n<meta property=\"article:modified_time\" content=\"2026-08-26T19:17:42+00:00\" \/>\n<meta property=\"og:image\" content=\"https:\/\/www.iberbibliotecas.org\/wp-content\/uploads\/2026\/08\/Taller_guiaAlianzas_esp.png\" \/>\n\t<meta property=\"og:image:width\" content=\"1080\" \/>\n\t<meta property=\"og:image:height\" content=\"1350\" \/>\n\t<meta property=\"og:image:type\" content=\"image\/png\" \/>\n<meta name=\"twitter:card\" content=\"summary_large_image\" \/>\n<meta name=\"twitter:label1\" content=\"Est. tempo de leitura\" \/>\n\t<meta name=\"twitter:data1\" content=\"2 minutos\" \/>\n<script type=\"application\/ld+json\" class=\"yoast-schema-graph\">{\"@context\":\"https:\/\/schema.org\",\"@graph\":[{\"@type\":\"WebPage\",\"@id\":\"https:\/\/www.iberbibliotecas.org\/cursos\/guia-para-la-creacion-de-estrategias-de-gestion-para-el-desarrollo-de-alianzas-en-bibliotecas-publicas-y-comunitarias\/\",\"url\":\"https:\/\/www.iberbibliotecas.org\/cursos\/guia-para-la-creacion-de-estrategias-de-gestion-para-el-desarrollo-de-alianzas-en-bibliotecas-publicas-y-comunitarias\/\",\"name\":\"Taller: Gu\u00eda para la creaci\u00f3n de estrategias de gesti\u00f3n para el desarrollo de alianzas en bibliotecas p\u00fablicas y comunitarias - Iberbibliotecas\",\"isPartOf\":{\"@id\":\"https:\/\/www.iberbibliotecas.org\/#website\"},\"datePublished\":\"2026-08-26T17:30:52+00:00\",\"dateModified\":\"2026-08-26T19:17:42+00:00\",\"breadcrumb\":{\"@id\":\"https:\/\/www.iberbibliotecas.org\/cursos\/guia-para-la-creacion-de-estrategias-de-gestion-para-el-desarrollo-de-alianzas-en-bibliotecas-publicas-y-comunitarias\/#breadcrumb\"},\"inLanguage\":\"pt-BR\",\"potentialAction\":[{\"@type\":\"ReadAction\",\"target\":[\"https:\/\/www.iberbibliotecas.org\/cursos\/guia-para-la-creacion-de-estrategias-de-gestion-para-el-desarrollo-de-alianzas-en-bibliotecas-publicas-y-comunitarias\/\"]}]},{\"@type\":\"BreadcrumbList\",\"@id\":\"https:\/\/www.iberbibliotecas.org\/cursos\/guia-para-la-creacion-de-estrategias-de-gestion-para-el-desarrollo-de-alianzas-en-bibliotecas-publicas-y-comunitarias\/#breadcrumb\",\"itemListElement\":[{\"@type\":\"ListItem\",\"position\":1,\"name\":\"Inicio\",\"item\":\"https:\/\/www.iberbibliotecas.org\/\"},{\"@type\":\"ListItem\",\"position\":2,\"name\":\"Convocatoria de Cursos Iberbibliotecas\",\"item\":\"https:\/\/www.iberbibliotecas.org\/cursos\/\"},{\"@type\":\"ListItem\",\"position\":3,\"name\":\"Taller: Gu\u00eda para la creaci\u00f3n de estrategias de gesti\u00f3n para el desarrollo de alianzas en bibliotecas p\u00fablicas y comunitarias\"}]},{\"@type\":\"WebSite\",\"@id\":\"https:\/\/www.iberbibliotecas.org\/#website\",\"url\":\"https:\/\/www.iberbibliotecas.org\/\",\"name\":\"Iberbibliotecas\",\"description\":\"\",\"publisher\":{\"@id\":\"https:\/\/www.iberbibliotecas.org\/#organization\"},\"potentialAction\":[{\"@type\":\"SearchAction\",\"target\":{\"@type\":\"EntryPoint\",\"urlTemplate\":\"https:\/\/www.iberbibliotecas.org\/?s={search_term_string}\"},\"query-input\":\"required name=search_term_string\"}],\"inLanguage\":\"pt-BR\"},{\"@type\":\"Organization\",\"@id\":\"https:\/\/www.iberbibliotecas.org\/#organization\",\"name\":\"Iberbibliotecas\",\"url\":\"https:\/\/www.iberbibliotecas.org\/\",\"logo\":{\"@type\":\"ImageObject\",\"inLanguage\":\"pt-BR\",\"@id\":\"https:\/\/www.iberbibliotecas.org\/#\/schema\/logo\/image\/\",\"url\":\"https:\/\/www.iberbibliotecas.org\/wp-content\/uploads\/2021\/03\/logo_c_ib.png\",\"contentUrl\":\"https:\/\/www.iberbibliotecas.org\/wp-content\/uploads\/2021\/03\/logo_c_ib.png\",\"width\":289,\"height\":180,\"caption\":\"Iberbibliotecas\"},\"image\":{\"@id\":\"https:\/\/www.iberbibliotecas.org\/#\/schema\/logo\/image\/\"}}]}<\/script>\n<!-- \/ Yoast SEO plugin. -->","yoast_head_json":{"title":"Taller: Gu\u00eda para la creaci\u00f3n de estrategias de gesti\u00f3n para el desarrollo de alianzas en bibliotecas p\u00fablicas y comunitarias - Iberbibliotecas","robots":{"index":"index","follow":"follow","max-snippet":"max-snippet:-1","max-image-preview":"max-image-preview:large","max-video-preview":"max-video-preview:-1"},"canonical":"https:\/\/www.iberbibliotecas.org\/por\/cursos\/guia-para-la-creacion-de-estrategias-de-gestion-para-el-desarrollo-de-alianzas-en-bibliotecas-publicas-y-comunitarias\/","og_locale":"pt_BR","og_type":"article","og_title":"Taller: Gu\u00eda para la creaci\u00f3n de estrategias de gesti\u00f3n para el desarrollo de alianzas en bibliotecas p\u00fablicas y comunitarias - Iberbibliotecas","og_description":"Fecha de inicio: 6 de octubre Taller: Gu\u00eda para la creaci\u00f3n de estrategias de gesti\u00f3n para el desarrollo de alianzas en bibliotecas p\u00fablicas y comunitarias Actividad sincr\u00f3nica y en espa\u00f1ol. &hellip; Continue lendo \"Taller: Gu\u00eda para la creaci\u00f3n de estrategias de gesti\u00f3n para el desarrollo de alianzas en bibliotecas p\u00fablicas y comunitarias\"","og_url":"https:\/\/www.iberbibliotecas.org\/por\/cursos\/guia-para-la-creacion-de-estrategias-de-gestion-para-el-desarrollo-de-alianzas-en-bibliotecas-publicas-y-comunitarias\/","og_site_name":"Iberbibliotecas","article_modified_time":"2026-08-26T19:17:42+00:00","og_image":[{"width":1080,"height":1350,"url":"https:\/\/www.iberbibliotecas.org\/wp-content\/uploads\/2026\/08\/Taller_guiaAlianzas_esp.png","type":"image\/png"}],"twitter_card":"summary_large_image","twitter_misc":{"Est. tempo de leitura":"2 minutos"},"schema":{"@context":"https:\/\/schema.org","@graph":[{"@type":"WebPage","@id":"https:\/\/www.iberbibliotecas.org\/cursos\/guia-para-la-creacion-de-estrategias-de-gestion-para-el-desarrollo-de-alianzas-en-bibliotecas-publicas-y-comunitarias\/","url":"https:\/\/www.iberbibliotecas.org\/cursos\/guia-para-la-creacion-de-estrategias-de-gestion-para-el-desarrollo-de-alianzas-en-bibliotecas-publicas-y-comunitarias\/","name":"Taller: Gu\u00eda para la creaci\u00f3n de estrategias de gesti\u00f3n para el desarrollo de alianzas en bibliotecas p\u00fablicas y comunitarias - Iberbibliotecas","isPartOf":{"@id":"https:\/\/www.iberbibliotecas.org\/#website"},"datePublished":"2026-08-26T17:30:52+00:00","dateModified":"2026-08-26T19:17:42+00:00","breadcrumb":{"@id":"https:\/\/www.iberbibliotecas.org\/cursos\/guia-para-la-creacion-de-estrategias-de-gestion-para-el-desarrollo-de-alianzas-en-bibliotecas-publicas-y-comunitarias\/#breadcrumb"},"inLanguage":"pt-BR","potentialAction":[{"@type":"ReadAction","target":["https:\/\/www.iberbibliotecas.org\/cursos\/guia-para-la-creacion-de-estrategias-de-gestion-para-el-desarrollo-de-alianzas-en-bibliotecas-publicas-y-comunitarias\/"]}]},{"@type":"BreadcrumbList","@id":"https:\/\/www.iberbibliotecas.org\/cursos\/guia-para-la-creacion-de-estrategias-de-gestion-para-el-desarrollo-de-alianzas-en-bibliotecas-publicas-y-comunitarias\/#breadcrumb","itemListElement":[{"@type":"ListItem","position":1,"name":"Inicio","item":"https:\/\/www.iberbibliotecas.org\/"},{"@type":"ListItem","position":2,"name":"Convocatoria de Cursos Iberbibliotecas","item":"https:\/\/www.iberbibliotecas.org\/cursos\/"},{"@type":"ListItem","position":3,"name":"Taller: Gu\u00eda para la creaci\u00f3n de estrategias de gesti\u00f3n para el desarrollo de alianzas en bibliotecas p\u00fablicas y comunitarias"}]},{"@type":"WebSite","@id":"https:\/\/www.iberbibliotecas.org\/#website","url":"https:\/\/www.iberbibliotecas.org\/","name":"Iberbibliotecas","description":"","publisher":{"@id":"https:\/\/www.iberbibliotecas.org\/#organization"},"potentialAction":[{"@type":"SearchAction","target":{"@type":"EntryPoint","urlTemplate":"https:\/\/www.iberbibliotecas.org\/?s={search_term_string}"},"query-input":"required name=search_term_string"}],"inLanguage":"pt-BR"},{"@type":"Organization","@id":"https:\/\/www.iberbibliotecas.org\/#organization","name":"Iberbibliotecas","url":"https:\/\/www.iberbibliotecas.org\/","logo":{"@type":"ImageObject","inLanguage":"pt-BR","@id":"https:\/\/www.iberbibliotecas.org\/#\/schema\/logo\/image\/","url":"https:\/\/www.iberbibliotecas.org\/wp-content\/uploads\/2021\/03\/logo_c_ib.png","contentUrl":"https:\/\/www.iberbibliotecas.org\/wp-content\/uploads\/2021\/03\/logo_c_ib.png","width":289,"height":180,"caption":"Iberbibliotecas"},"image":{"@id":"https:\/\/www.iberbibliotecas.org\/#\/schema\/logo\/image\/"}}]}},"_links":{"self":[{"href":"https:\/\/www.iberbibliotecas.org\/por\/wp-json\/wp\/v2\/pages\/24080"}],"collection":[{"href":"https:\/\/www.iberbibliotecas.org\/por\/wp-json\/wp\/v2\/pages"}],"about":[{"href":"https:\/\/www.iberbibliotecas.org\/por\/wp-json\/wp\/v2\/types\/page"}],"author":[{"embeddable":true,"href":"https:\/\/www.iberbibliotecas.org\/por\/wp-json\/wp\/v2\/users\/1"}],"replies":[{"embeddable":true,"href":"https:\/\/www.iberbibliotecas.org\/por\/wp-json\/wp\/v2\/comments?post=24080"}],"version-history":[{"count":25,"href":"https:\/\/www.iberbibliotecas.org\/por\/wp-json\/wp\/v2\/pages\/24080\/revisions"}],"predecessor-version":[{"id":24107,"href":"https:\/\/www.iberbibliotecas.org\/por\/wp-json\/wp\/v2\/pages\/24080\/revisions\/24107"}],"up":[{"embeddable":true,"href":"https:\/\/www.iberbibliotecas.org\/por\/wp-json\/wp\/v2\/pages\/662"}],"wp:featuredmedia":[{"embeddable":true,"href":"https:\/\/www.iberbibliotecas.org\/por\/wp-json\/wp\/v2\/media\/24068"}],"wp:attachment":[{"href":"https:\/\/www.iberbibliotecas.org\/por\/wp-json\/wp\/v2\/media?parent=24080"}],"curies":[{"name":"wp","href":"https:\/\/api.w.org\/{rel}","templated":true}]}}