{"id":5557,"date":"2021-02-08T21:25:48","date_gmt":"2021-02-08T21:25:48","guid":{"rendered":"http:\/\/34.125.63.202\/?page_id=5557"},"modified":"2025-04-11T09:29:19","modified_gmt":"2025-04-11T14:29:19","slug":"el-salvador","status":"publish","type":"page","link":"https:\/\/www.iberbibliotecas.org\/por\/miembros-del-programa\/el-salvador\/","title":{"rendered":"El Salvador"},"content":{"rendered":"<div data-elementor-type=\"wp-page\" data-elementor-id=\"5557\" class=\"elementor elementor-5557\">\n\t\t\t\t\t\t<div class=\"elementor-inner\">\n\t\t\t\t<div class=\"elementor-section-wrap\">\n\t\t\t\t\t\t\t\t\t<section class=\"elementor-section elementor-top-section elementor-element elementor-element-fe23667 elementor-section-boxed elementor-section-height-default elementor-section-height-default\" data-id=\"fe23667\" data-element_type=\"section\" data-settings=\"{&quot;background_background&quot;:&quot;classic&quot;}\">\n\t\t\t\t\t\t\t<div class=\"elementor-background-overlay\"><\/div>\n\t\t\t\t\t\t\t<div class=\"elementor-container elementor-column-gap-default\">\n\t\t\t\t\t\t\t<div class=\"elementor-row\">\n\t\t\t\t\t<div class=\"elementor-column elementor-col-100 elementor-top-column elementor-element elementor-element-7951f69\" data-id=\"7951f69\" data-element_type=\"column\">\n\t\t\t<div class=\"elementor-column-wrap elementor-element-populated\">\n\t\t\t\t\t\t\t<div class=\"elementor-widget-wrap\">\n\t\t\t\t\t\t<div class=\"elementor-element elementor-element-2d63eaf elementor-widget elementor-widget-heading\" data-id=\"2d63eaf\" data-element_type=\"widget\" data-widget_type=\"heading.default\">\n\t\t\t\t<div class=\"elementor-widget-container\">\n\t\t\t<h1 class=\"elementor-heading-title elementor-size-default\">El Salvador <\/h1>\t\t<\/div>\n\t\t\t\t<\/div>\n\t\t\t\t<div class=\"elementor-element elementor-element-a376d45 elementor-widget elementor-widget-heading\" data-id=\"a376d45\" data-element_type=\"widget\" data-widget_type=\"heading.default\">\n\t\t\t\t<div class=\"elementor-widget-container\">\n\t\t\t<h2 class=\"elementor-heading-title elementor-size-default\">Biblioteca Nacional El Salvador<\/h2>\t\t<\/div>\n\t\t\t\t<\/div>\n\t\t\t\t<div class=\"elementor-element elementor-element-e84c92c elementor-widget elementor-widget-image\" data-id=\"e84c92c\" data-element_type=\"widget\" data-widget_type=\"image.default\">\n\t\t\t\t<div class=\"elementor-widget-container\">\n\t\t\t\t\t\t\t\t<div class=\"elementor-image\">\n\t\t\t\t\t\t\t\t\t\t\t\t<img decoding=\"async\" width=\"1140\" height=\"542\" src=\"https:\/\/www.iberbibliotecas.org\/wp-content\/uploads\/2021\/02\/Biblioteca-Nacional-El-Salvador1.jpg\" class=\"attachment-full size-full\" alt=\"\" loading=\"lazy\" srcset=\"https:\/\/www.iberbibliotecas.org\/wp-content\/uploads\/2021\/02\/Biblioteca-Nacional-El-Salvador1.jpg 1140w, https:\/\/www.iberbibliotecas.org\/wp-content\/uploads\/2021\/02\/Biblioteca-Nacional-El-Salvador1-300x143.jpg 300w, https:\/\/www.iberbibliotecas.org\/wp-content\/uploads\/2021\/02\/Biblioteca-Nacional-El-Salvador1-1024x487.jpg 1024w, https:\/\/www.iberbibliotecas.org\/wp-content\/uploads\/2021\/02\/Biblioteca-Nacional-El-Salvador1-768x365.jpg 768w, https:\/\/www.iberbibliotecas.org\/wp-content\/uploads\/2021\/02\/Biblioteca-Nacional-El-Salvador1-16x8.jpg 16w\" sizes=\"100vw\" \/>\t\t\t\t\t\t\t\t\t\t\t\t\t\t<\/div>\n\t\t\t\t\t\t<\/div>\n\t\t\t\t<\/div>\n\t\t\t\t\t\t<\/div>\n\t\t\t\t\t<\/div>\n\t\t<\/div>\n\t\t\t\t\t\t\t\t<\/div>\n\t\t\t\t\t<\/div>\n\t\t<\/section>\n\t\t\t\t<section class=\"elementor-section elementor-top-section elementor-element elementor-element-84d48f5 elementor-section-boxed elementor-section-height-default elementor-section-height-default\" data-id=\"84d48f5\" data-element_type=\"section\">\n\t\t\t\t\t\t<div class=\"elementor-container elementor-column-gap-default\">\n\t\t\t\t\t\t\t<div class=\"elementor-row\">\n\t\t\t\t\t<div class=\"elementor-column elementor-col-50 elementor-top-column elementor-element elementor-element-510f1dc\" data-id=\"510f1dc\" data-element_type=\"column\">\n\t\t\t<div class=\"elementor-column-wrap elementor-element-populated\">\n\t\t\t\t\t\t\t<div class=\"elementor-widget-wrap\">\n\t\t\t\t\t\t<div class=\"elementor-element elementor-element-057df3d elementor-widget elementor-widget-heading\" data-id=\"057df3d\" data-element_type=\"widget\" data-widget_type=\"heading.default\">\n\t\t\t\t<div class=\"elementor-widget-container\">\n\t\t\t<h2 class=\"elementor-heading-title elementor-size-default\">Estrutura da biblioteca do pa\u00eds <\/h2>\t\t<\/div>\n\t\t\t\t<\/div>\n\t\t\t\t<div class=\"elementor-element elementor-element-92e49a7 elementor-widget elementor-widget-text-editor\" data-id=\"92e49a7\" data-element_type=\"widget\" data-widget_type=\"text-editor.default\">\n\t\t\t\t<div class=\"elementor-widget-container\">\n\t\t\t\t\t\t\t\t<div class=\"elementor-text-editor elementor-clearfix\">\n\t\t\t\t<p><span class=\"TextRun SCXW42104464 BCX0\" lang=\"ES-CO\" xml:lang=\"ES-CO\" data-contrast=\"auto\"><span class=\"NormalTextRun SCXW42104464 BCX0\" data-ccp-parastyle=\"No Spacing\">Com a nova administra\u00e7\u00e3o do pa\u00eds, El Salvador efetua um processo de reestrutura\u00e7\u00e3o na quest\u00e3o da biblioteca. O Minist\u00e9rio da Cultura<\/span><\/span><span class=\"TextRun SCXW42104464 BCX0\" lang=\"ES-CO\" xml:lang=\"ES-CO\" data-contrast=\"auto\"><span class=\"NormalTextRun SCXW42104464 BCX0\" data-ccp-parastyle=\"No Spacing\">reorganizou recentemente a Dire\u00e7\u00e3o que era respons\u00e1vel pelas bibliotecas, unificando a Biblioteca Nacional e a Rede Nacional<\/span><\/span><span class=\"TextRun SCXW42104464 BCX0\" lang=\"ES-CO\" xml:lang=\"ES-CO\" data-contrast=\"auto\"><span class=\"NormalTextRun SCXW42104464 BCX0\" data-ccp-parastyle=\"No Spacing\">\u202f<\/span><\/span><\/p><p><span class=\"TextRun SCXW42104464 BCX0\" lang=\"ES-CO\" xml:lang=\"ES-CO\" data-contrast=\"auto\"><span class=\"NormalTextRun SCXW42104464 BCX0\" data-ccp-parastyle=\"No Spacing\">Atualmente, El Salvador conta com um n\u00famero de 400 a 500 bibliotecas, e a proposta da nova estrutura do sistema de bibliotecas \u00e9 agrup\u00e1-las em diferentes redes<\/span><\/span><span class=\"TextRun SCXW42104464 BCX0\" lang=\"ES-CO\" xml:lang=\"ES-CO\" data-contrast=\"auto\"><span class=\"NormalTextRun SCXW42104464 BCX0\" data-ccp-parastyle=\"No Spacing\">: p\u00fablica, escolar, universit\u00e1ria, etc. Isso permitir\u00e1 o fortalecimento de v\u00e1rios processos, como forma\u00e7\u00e3o, trabalhos colaborativos e aquisi\u00e7\u00e3o de materiais.<\/span><\/span><span class=\"EOP SCXW42104464 BCX0\" data-ccp-props=\"{\">\u00a0<\/span><\/p>\t\t\t\t\t<\/div>\n\t\t\t\t\t\t<\/div>\n\t\t\t\t<\/div>\n\t\t\t\t<div class=\"elementor-element elementor-element-e8b2f44 elementor-widget elementor-widget-image\" data-id=\"e8b2f44\" data-element_type=\"widget\" data-widget_type=\"image.default\">\n\t\t\t\t<div class=\"elementor-widget-container\">\n\t\t\t\t\t\t\t\t<div class=\"elementor-image\">\n\t\t\t\t\t\t\t\t\t\t\t\t<img decoding=\"async\" width=\"525\" height=\"350\" src=\"https:\/\/www.iberbibliotecas.org\/wp-content\/uploads\/2021\/02\/Biblioteca-Nacional-El-Salvador-1024x683.jpg\" class=\"attachment-large size-large\" alt=\"\" loading=\"lazy\" srcset=\"https:\/\/www.iberbibliotecas.org\/wp-content\/uploads\/2021\/02\/Biblioteca-Nacional-El-Salvador-1024x683.jpg 1024w, https:\/\/www.iberbibliotecas.org\/wp-content\/uploads\/2021\/02\/Biblioteca-Nacional-El-Salvador-300x200.jpg 300w, https:\/\/www.iberbibliotecas.org\/wp-content\/uploads\/2021\/02\/Biblioteca-Nacional-El-Salvador-768x512.jpg 768w, https:\/\/www.iberbibliotecas.org\/wp-content\/uploads\/2021\/02\/Biblioteca-Nacional-El-Salvador-16x12.jpg 16w, https:\/\/www.iberbibliotecas.org\/wp-content\/uploads\/2021\/02\/Biblioteca-Nacional-El-Salvador.jpg 1200w\" sizes=\"100vw\" \/>\t\t\t\t\t\t\t\t\t\t\t\t\t\t<\/div>\n\t\t\t\t\t\t<\/div>\n\t\t\t\t<\/div>\n\t\t\t\t<div class=\"elementor-element elementor-element-12658e3 elementor-widget elementor-widget-heading\" data-id=\"12658e3\" data-element_type=\"widget\" data-widget_type=\"heading.default\">\n\t\t\t\t<div class=\"elementor-widget-container\">\n\t\t\t<h2 class=\"elementor-heading-title elementor-size-default\">Links de interesse <\/h2>\t\t<\/div>\n\t\t\t\t<\/div>\n\t\t\t\t<div class=\"elementor-element elementor-element-01cdc5b elementor-widget elementor-widget-text-editor\" data-id=\"01cdc5b\" data-element_type=\"widget\" data-widget_type=\"text-editor.default\">\n\t\t\t\t<div class=\"elementor-widget-container\">\n\t\t\t\t\t\t\t\t<div class=\"elementor-text-editor elementor-clearfix\">\n\t\t\t\t<p><span data-contrast=\"auto\">Minist\u00e9rio da Cultura de El Salvador<\/span><span data-ccp-props=\"{&quot;201341983&quot;:0,&quot;335551550&quot;:6,&quot;335551620&quot;:6,&quot;335559739&quot;:120,&quot;335559740&quot;:276}\">\u00a0<\/span><\/p><p><span style=\"text-decoration: underline; color: #0000ff;\"><a style=\"color: #0000ff;\" href=\"http:\/\/www.cultura.gob.sv\/\">http:\/\/www.cultura.gob.sv\/<\/a>\u00a0<\/span><\/p>\t\t\t\t\t<\/div>\n\t\t\t\t\t\t<\/div>\n\t\t\t\t<\/div>\n\t\t\t\t<div class=\"elementor-element elementor-element-3595a4e elementor-widget elementor-widget-spacer\" data-id=\"3595a4e\" data-element_type=\"widget\" data-widget_type=\"spacer.default\">\n\t\t\t\t<div class=\"elementor-widget-container\">\n\t\t\t\t\t<div class=\"elementor-spacer\">\n\t\t\t<div class=\"elementor-spacer-inner\"><\/div>\n\t\t<\/div>\n\t\t\t\t<\/div>\n\t\t\t\t<\/div>\n\t\t\t\t\t\t<\/div>\n\t\t\t\t\t<\/div>\n\t\t<\/div>\n\t\t\t\t<div class=\"elementor-column elementor-col-50 elementor-top-column elementor-element elementor-element-96192dd\" data-id=\"96192dd\" data-element_type=\"column\">\n\t\t\t<div class=\"elementor-column-wrap elementor-element-populated\">\n\t\t\t\t\t\t\t<div class=\"elementor-widget-wrap\">\n\t\t\t\t\t\t<div class=\"elementor-element elementor-element-45635e7 elementor-widget elementor-widget-heading\" data-id=\"45635e7\" data-element_type=\"widget\" data-widget_type=\"heading.default\">\n\t\t\t\t<div class=\"elementor-widget-container\">\n\t\t\t<h2 class=\"elementor-heading-title elementor-size-default\">Representante do pa\u00eds no Programa<\/h2>\t\t<\/div>\n\t\t\t\t<\/div>\n\t\t\t\t<div class=\"elementor-element elementor-element-945b7c4 elementor-widget elementor-widget-text-editor\" data-id=\"945b7c4\" data-element_type=\"widget\" data-widget_type=\"text-editor.default\">\n\t\t\t\t<div class=\"elementor-widget-container\">\n\t\t\t\t\t\t\t\t<div class=\"elementor-text-editor elementor-clearfix\">\n\t\t\t\t<h4><strong>Direc\u00e7\u00e3o Nacional de Bibliotecas, Arquivos e Publica\u00e7\u00f5es do Minist\u00e9rio da Cultura<\/strong><\/h4>\t\t\t\t\t<\/div>\n\t\t\t\t\t\t<\/div>\n\t\t\t\t<\/div>\n\t\t\t\t<div class=\"elementor-element elementor-element-14545cc elementor-widget elementor-widget-heading\" data-id=\"14545cc\" data-element_type=\"widget\" data-widget_type=\"heading.default\">\n\t\t\t\t<div class=\"elementor-widget-container\">\n\t\t\t<h1 class=\"elementor-heading-title elementor-size-default\">Representante no Conselho do Iberbibliotecas<\/h1>\t\t<\/div>\n\t\t\t\t<\/div>\n\t\t\t\t<div class=\"elementor-element elementor-element-651e7c2 elementor-widget elementor-widget-text-editor\" data-id=\"651e7c2\" data-element_type=\"widget\" data-widget_type=\"text-editor.default\">\n\t\t\t\t<div class=\"elementor-widget-container\">\n\t\t\t\t\t\t\t\t<div class=\"elementor-text-editor elementor-clearfix\">\n\t\t\t\t<p>Gabriela Andrade, directora de la Biblioteca Nacional<\/p>\t\t\t\t\t<\/div>\n\t\t\t\t\t\t<\/div>\n\t\t\t\t<\/div>\n\t\t\t\t<div class=\"elementor-element elementor-element-9ee0d53 elementor-icon-list--layout-traditional elementor-list-item-link-full_width elementor-widget elementor-widget-icon-list\" data-id=\"9ee0d53\" data-element_type=\"widget\" data-widget_type=\"icon-list.default\">\n\t\t\t\t<div class=\"elementor-widget-container\">\n\t\t\t\t\t<ul class=\"elementor-icon-list-items\">\n\t\t\t\t\t\t\t<li class=\"elementor-icon-list-item\">\n\t\t\t\t\t\t\t\t\t\t\t<span class=\"elementor-icon-list-icon\">\n\t\t\t\t\t\t\t<i aria-hidden=\"true\" class=\"fas fa-map-marker-alt\"><\/i>\t\t\t\t\t\t<\/span>\n\t\t\t\t\t\t\t\t\t\t<span class=\"elementor-icon-list-text\">Endere\u00e7o f\u00edsico <\/span>\n\t\t\t\t\t\t\t\t\t<\/li>\n\t\t\t\t\t\t<\/ul>\n\t\t\t\t<\/div>\n\t\t\t\t<\/div>\n\t\t\t\t<div class=\"elementor-element elementor-element-dced5ea elementor-widget elementor-widget-text-editor\" data-id=\"dced5ea\" data-element_type=\"widget\" data-widget_type=\"text-editor.default\">\n\t\t\t\t<div class=\"elementor-widget-container\">\n\t\t\t\t\t\t\t\t<div class=\"elementor-text-editor elementor-clearfix\">\n\t\t\t\t<p><span class=\"TextRun SCXW147430921 BCX0\" lang=\"ES-CO\" xml:lang=\"ES-CO\" data-contrast=\"auto\"><span class=\"NormalTextRun SCXW147430921 BCX0\">Alam. Juan Pablo II y Calle Guadalupe, Plan Maestro, Centro de Gobierno, Edif. A-5, Tercer Nivel, San Salvador<\/span><\/span><span class=\"EOP SCXW147430921 BCX0\" data-ccp-props=\"{&quot;201341983&quot;:0,&quot;335551550&quot;:6,&quot;335551620&quot;:6,&quot;335559739&quot;:120,&quot;335559740&quot;:276}\">\u00a0<\/span><\/p>\t\t\t\t\t<\/div>\n\t\t\t\t\t\t<\/div>\n\t\t\t\t<\/div>\n\t\t\t\t<div class=\"elementor-element elementor-element-8063141 elementor-icon-list--layout-traditional elementor-list-item-link-full_width elementor-widget elementor-widget-icon-list\" data-id=\"8063141\" data-element_type=\"widget\" data-widget_type=\"icon-list.default\">\n\t\t\t\t<div class=\"elementor-widget-container\">\n\t\t\t\t\t<ul class=\"elementor-icon-list-items\">\n\t\t\t\t\t\t\t<li class=\"elementor-icon-list-item\">\n\t\t\t\t\t\t\t\t\t\t\t<span class=\"elementor-icon-list-icon\">\n\t\t\t\t\t\t\t<i aria-hidden=\"true\" class=\"far fa-window-maximize\"><\/i>\t\t\t\t\t\t<\/span>\n\t\t\t\t\t\t\t\t\t\t<span class=\"elementor-icon-list-text\">E-mail<\/span>\n\t\t\t\t\t\t\t\t\t<\/li>\n\t\t\t\t\t\t<\/ul>\n\t\t\t\t<\/div>\n\t\t\t\t<\/div>\n\t\t\t\t<div class=\"elementor-element elementor-element-086cd79 elementor-widget elementor-widget-text-editor\" data-id=\"086cd79\" data-element_type=\"widget\" data-widget_type=\"text-editor.default\">\n\t\t\t\t<div class=\"elementor-widget-container\">\n\t\t\t\t\t\t\t\t<div class=\"elementor-text-editor elementor-clearfix\">\n\t\t\t\t<p><a href=\"mailto:gandrade@cultura.gob.sv\" target=\"_blank\" rel=\"noopener\"><u>gandrade@<span class=\"il\">cultura<\/span>.<span class=\"il\">gob<\/span>.<span class=\"il\">sv<\/span><\/u><\/a>\u00a0<\/p>\t\t\t\t\t<\/div>\n\t\t\t\t\t\t<\/div>\n\t\t\t\t<\/div>\n\t\t\t\t<div class=\"elementor-element elementor-element-ece5faf e-grid-align-left elementor-shape-rounded elementor-grid-0 elementor-widget elementor-widget-social-icons\" data-id=\"ece5faf\" data-element_type=\"widget\" data-widget_type=\"social-icons.default\">\n\t\t\t\t<div class=\"elementor-widget-container\">\n\t\t\t\t\t<div class=\"elementor-social-icons-wrapper elementor-grid\">\n\t\t\t\t\t\t\t<span class=\"elementor-grid-item\">\n\t\t\t\t\t<a class=\"elementor-icon elementor-social-icon elementor-social-icon-facebook elementor-repeater-item-329abac\" href=\"https:\/\/www.facebook.com\/miculturasv\/\" target=\"_blank\" rel=\"nofollow\">\n\t\t\t\t\t\t<span class=\"elementor-screen-only\">Facebook<\/span>\n\t\t\t\t\t\t<i class=\"fab fa-facebook\"><\/i>\t\t\t\t\t<\/a>\n\t\t\t\t<\/span>\n\t\t\t\t\t\t\t<span class=\"elementor-grid-item\">\n\t\t\t\t\t<a class=\"elementor-icon elementor-social-icon elementor-social-icon-twitter elementor-repeater-item-1614643\" href=\"https:\/\/twitter.com\/culturasv\" target=\"_blank\" rel=\"nofollow\">\n\t\t\t\t\t\t<span class=\"elementor-screen-only\">Twitter<\/span>\n\t\t\t\t\t\t<i class=\"fab fa-twitter\"><\/i>\t\t\t\t\t<\/a>\n\t\t\t\t<\/span>\n\t\t\t\t\t\t\t<span class=\"elementor-grid-item\">\n\t\t\t\t\t<a class=\"elementor-icon elementor-social-icon elementor-social-icon-youtube elementor-repeater-item-e94c730\" href=\"https:\/\/www.youtube.com\/user\/SECULTURASV\" target=\"_blank\" rel=\"nofollow\">\n\t\t\t\t\t\t<span class=\"elementor-screen-only\">Youtube<\/span>\n\t\t\t\t\t\t<i class=\"fab fa-youtube\"><\/i>\t\t\t\t\t<\/a>\n\t\t\t\t<\/span>\n\t\t\t\t\t\t\t<span class=\"elementor-grid-item\">\n\t\t\t\t\t<a class=\"elementor-icon elementor-social-icon elementor-social-icon-flickr elementor-repeater-item-c7e2572\" href=\"https:\/\/www.flickr.com\/photos\/culturasv\/\" target=\"_blank\" rel=\"nofollow\">\n\t\t\t\t\t\t<span class=\"elementor-screen-only\">Flickr<\/span>\n\t\t\t\t\t\t<i class=\"fab fa-flickr\"><\/i>\t\t\t\t\t<\/a>\n\t\t\t\t<\/span>\n\t\t\t\t\t<\/div>\n\t\t\t\t<\/div>\n\t\t\t\t<\/div>\n\t\t\t\t\t\t<\/div>\n\t\t\t\t\t<\/div>\n\t\t<\/div>\n\t\t\t\t\t\t\t\t<\/div>\n\t\t\t\t\t<\/div>\n\t\t<\/section>\n\t\t\t\t<section class=\"elementor-section elementor-top-section elementor-element elementor-element-8b3501d elementor-section-boxed elementor-section-height-default elementor-section-height-default\" data-id=\"8b3501d\" data-element_type=\"section\">\n\t\t\t\t\t\t<div class=\"elementor-container elementor-column-gap-default\">\n\t\t\t\t\t\t\t<div class=\"elementor-row\">\n\t\t\t\t\t<div class=\"elementor-column elementor-col-100 elementor-top-column elementor-element elementor-element-cddd346\" data-id=\"cddd346\" data-element_type=\"column\">\n\t\t\t<div class=\"elementor-column-wrap\">\n\t\t\t\t\t\t\t<div class=\"elementor-widget-wrap\">\n\t\t\t\t\t\t\t\t<\/div>\n\t\t\t\t\t<\/div>\n\t\t<\/div>\n\t\t\t\t\t\t\t\t<\/div>\n\t\t\t\t\t<\/div>\n\t\t<\/section>\n\t\t\t\t\t\t\t\t\t<\/div>\n\t\t\t<\/div>\n\t\t\t\t\t<\/div>","protected":false},"excerpt":{"rendered":"<p>El Salvador Biblioteca Nacional El Salvador Estructura bibliotecaria del pa\u00eds Con la nueva administraci\u00f3n del pa\u00eds, El Salvador realiza un proceso de reestructuraci\u00f3n en el tema bibliotecario. Desde el Ministerio &hellip; <\/p>\n<p class=\"link-more\"><a href=\"https:\/\/www.iberbibliotecas.org\/por\/miembros-del-programa\/el-salvador\/\" class=\"more-link\">Continue lendo<span class=\"screen-reader-text\"> &#8220;El Salvador&#8221;<\/span><\/a><\/p>","protected":false},"author":1,"featured_media":5559,"parent":5435,"menu_order":0,"comment_status":"closed","ping_status":"closed","template":"elementor_canvas","meta":{"_EventAllDay":false,"_EventTimezone":"","_EventStartDate":"","_EventEndDate":"","_EventStartDateUTC":"","_EventEndDateUTC":"","_EventShowMap":false,"_EventShowMapLink":false,"_EventURL":"","_EventCost":"","_EventCostDescription":"","_EventCurrencySymbol":"","_EventCurrencyCode":"","_EventCurrencyPosition":"","_EventDateTimeSeparator":"","_EventTimeRangeSeparator":"","_EventOrganizerID":[],"_EventVenueID":0,"_OrganizerEmail":"","_OrganizerPhone":"","_OrganizerWebsite":"","_VenueAddress":"","_VenueCity":"","_VenueCountry":"","_VenueProvince":"","_VenueZip":"","_VenuePhone":"","_VenueURL":"","_VenueStateProvince":"","_VenueLat":"","_VenueLng":""},"yoast_head":"<!-- This site is optimized with the Yoast SEO plugin v20.11 - https:\/\/yoast.com\/wordpress\/plugins\/seo\/ -->\n<title>El Salvador - Iberbibliotecas<\/title>\n<meta name=\"robots\" content=\"index, follow, max-snippet:-1, max-image-preview:large, max-video-preview:-1\" \/>\n<link rel=\"canonical\" href=\"https:\/\/www.iberbibliotecas.org\/por\/miembros-del-programa\/el-salvador\/\" \/>\n<meta property=\"og:locale\" content=\"pt_BR\" \/>\n<meta property=\"og:type\" content=\"article\" \/>\n<meta property=\"og:title\" content=\"El Salvador - Iberbibliotecas\" \/>\n<meta property=\"og:description\" content=\"El Salvador Biblioteca Nacional El Salvador Estructura bibliotecaria del pa\u00eds Con la nueva administraci\u00f3n del pa\u00eds, El Salvador realiza un proceso de reestructuraci\u00f3n en el tema bibliotecario. Desde el Ministerio &hellip; Continue lendo &quot;El Salvador&quot;\" \/>\n<meta property=\"og:url\" content=\"https:\/\/www.iberbibliotecas.org\/por\/miembros-del-programa\/el-salvador\/\" \/>\n<meta property=\"og:site_name\" content=\"Iberbibliotecas\" \/>\n<meta property=\"article:modified_time\" content=\"2025-04-11T14:29:19+00:00\" \/>\n<meta property=\"og:image\" content=\"https:\/\/www.iberbibliotecas.org\/wp-content\/uploads\/2021\/02\/Biblioteca-Nacional-El-Salvador.jpg\" \/>\n\t<meta property=\"og:image:width\" content=\"1200\" \/>\n\t<meta property=\"og:image:height\" content=\"800\" \/>\n\t<meta property=\"og:image:type\" content=\"image\/jpeg\" \/>\n<meta name=\"twitter:card\" content=\"summary_large_image\" \/>\n<meta name=\"twitter:label1\" content=\"Est. tempo de leitura\" \/>\n\t<meta name=\"twitter:data1\" content=\"2 minutos\" \/>\n<script type=\"application\/ld+json\" class=\"yoast-schema-graph\">{\"@context\":\"https:\/\/schema.org\",\"@graph\":[{\"@type\":\"WebPage\",\"@id\":\"https:\/\/www.iberbibliotecas.org\/miembros-del-programa\/el-salvador\/\",\"url\":\"https:\/\/www.iberbibliotecas.org\/miembros-del-programa\/el-salvador\/\",\"name\":\"El Salvador - Iberbibliotecas\",\"isPartOf\":{\"@id\":\"https:\/\/www.iberbibliotecas.org\/#website\"},\"datePublished\":\"2021-02-08T21:25:48+00:00\",\"dateModified\":\"2025-04-11T14:29:19+00:00\",\"breadcrumb\":{\"@id\":\"https:\/\/www.iberbibliotecas.org\/miembros-del-programa\/el-salvador\/#breadcrumb\"},\"inLanguage\":\"pt-BR\",\"potentialAction\":[{\"@type\":\"ReadAction\",\"target\":[\"https:\/\/www.iberbibliotecas.org\/miembros-del-programa\/el-salvador\/\"]}]},{\"@type\":\"BreadcrumbList\",\"@id\":\"https:\/\/www.iberbibliotecas.org\/miembros-del-programa\/el-salvador\/#breadcrumb\",\"itemListElement\":[{\"@type\":\"ListItem\",\"position\":1,\"name\":\"Inicio\",\"item\":\"https:\/\/www.iberbibliotecas.org\/\"},{\"@type\":\"ListItem\",\"position\":2,\"name\":\"Miembros del Programa\",\"item\":\"https:\/\/www.iberbibliotecas.org\/por\/miembros-del-programa\/\"},{\"@type\":\"ListItem\",\"position\":3,\"name\":\"El Salvador\"}]},{\"@type\":\"WebSite\",\"@id\":\"https:\/\/www.iberbibliotecas.org\/#website\",\"url\":\"https:\/\/www.iberbibliotecas.org\/\",\"name\":\"Iberbibliotecas\",\"description\":\"\",\"publisher\":{\"@id\":\"https:\/\/www.iberbibliotecas.org\/#organization\"},\"potentialAction\":[{\"@type\":\"SearchAction\",\"target\":{\"@type\":\"EntryPoint\",\"urlTemplate\":\"https:\/\/www.iberbibliotecas.org\/?s={search_term_string}\"},\"query-input\":\"required name=search_term_string\"}],\"inLanguage\":\"pt-BR\"},{\"@type\":\"Organization\",\"@id\":\"https:\/\/www.iberbibliotecas.org\/#organization\",\"name\":\"Iberbibliotecas\",\"url\":\"https:\/\/www.iberbibliotecas.org\/\",\"logo\":{\"@type\":\"ImageObject\",\"inLanguage\":\"pt-BR\",\"@id\":\"https:\/\/www.iberbibliotecas.org\/#\/schema\/logo\/image\/\",\"url\":\"https:\/\/www.iberbibliotecas.org\/wp-content\/uploads\/2021\/03\/logo_c_ib.png\",\"contentUrl\":\"https:\/\/www.iberbibliotecas.org\/wp-content\/uploads\/2021\/03\/logo_c_ib.png\",\"width\":289,\"height\":180,\"caption\":\"Iberbibliotecas\"},\"image\":{\"@id\":\"https:\/\/www.iberbibliotecas.org\/#\/schema\/logo\/image\/\"}}]}<\/script>\n<!-- \/ Yoast SEO plugin. -->","yoast_head_json":{"title":"El Salvador - Iberbibliotecas","robots":{"index":"index","follow":"follow","max-snippet":"max-snippet:-1","max-image-preview":"max-image-preview:large","max-video-preview":"max-video-preview:-1"},"canonical":"https:\/\/www.iberbibliotecas.org\/por\/miembros-del-programa\/el-salvador\/","og_locale":"pt_BR","og_type":"article","og_title":"El Salvador - Iberbibliotecas","og_description":"El Salvador Biblioteca Nacional El Salvador Estructura bibliotecaria del pa\u00eds Con la nueva administraci\u00f3n del pa\u00eds, El Salvador realiza un proceso de reestructuraci\u00f3n en el tema bibliotecario. Desde el Ministerio &hellip; Continue lendo \"El Salvador\"","og_url":"https:\/\/www.iberbibliotecas.org\/por\/miembros-del-programa\/el-salvador\/","og_site_name":"Iberbibliotecas","article_modified_time":"2025-04-11T14:29:19+00:00","og_image":[{"width":1200,"height":800,"url":"https:\/\/www.iberbibliotecas.org\/wp-content\/uploads\/2021\/02\/Biblioteca-Nacional-El-Salvador.jpg","type":"image\/jpeg"}],"twitter_card":"summary_large_image","twitter_misc":{"Est. tempo de leitura":"2 minutos"},"schema":{"@context":"https:\/\/schema.org","@graph":[{"@type":"WebPage","@id":"https:\/\/www.iberbibliotecas.org\/miembros-del-programa\/el-salvador\/","url":"https:\/\/www.iberbibliotecas.org\/miembros-del-programa\/el-salvador\/","name":"El Salvador - Iberbibliotecas","isPartOf":{"@id":"https:\/\/www.iberbibliotecas.org\/#website"},"datePublished":"2021-02-08T21:25:48+00:00","dateModified":"2025-04-11T14:29:19+00:00","breadcrumb":{"@id":"https:\/\/www.iberbibliotecas.org\/miembros-del-programa\/el-salvador\/#breadcrumb"},"inLanguage":"pt-BR","potentialAction":[{"@type":"ReadAction","target":["https:\/\/www.iberbibliotecas.org\/miembros-del-programa\/el-salvador\/"]}]},{"@type":"BreadcrumbList","@id":"https:\/\/www.iberbibliotecas.org\/miembros-del-programa\/el-salvador\/#breadcrumb","itemListElement":[{"@type":"ListItem","position":1,"name":"Inicio","item":"https:\/\/www.iberbibliotecas.org\/"},{"@type":"ListItem","position":2,"name":"Miembros del Programa","item":"https:\/\/www.iberbibliotecas.org\/por\/miembros-del-programa\/"},{"@type":"ListItem","position":3,"name":"El Salvador"}]},{"@type":"WebSite","@id":"https:\/\/www.iberbibliotecas.org\/#website","url":"https:\/\/www.iberbibliotecas.org\/","name":"Iberbibliotecas","description":"","publisher":{"@id":"https:\/\/www.iberbibliotecas.org\/#organization"},"potentialAction":[{"@type":"SearchAction","target":{"@type":"EntryPoint","urlTemplate":"https:\/\/www.iberbibliotecas.org\/?s={search_term_string}"},"query-input":"required name=search_term_string"}],"inLanguage":"pt-BR"},{"@type":"Organization","@id":"https:\/\/www.iberbibliotecas.org\/#organization","name":"Iberbibliotecas","url":"https:\/\/www.iberbibliotecas.org\/","logo":{"@type":"ImageObject","inLanguage":"pt-BR","@id":"https:\/\/www.iberbibliotecas.org\/#\/schema\/logo\/image\/","url":"https:\/\/www.iberbibliotecas.org\/wp-content\/uploads\/2021\/03\/logo_c_ib.png","contentUrl":"https:\/\/www.iberbibliotecas.org\/wp-content\/uploads\/2021\/03\/logo_c_ib.png","width":289,"height":180,"caption":"Iberbibliotecas"},"image":{"@id":"https:\/\/www.iberbibliotecas.org\/#\/schema\/logo\/image\/"}}]}},"_links":{"self":[{"href":"https:\/\/www.iberbibliotecas.org\/por\/wp-json\/wp\/v2\/pages\/5557"}],"collection":[{"href":"https:\/\/www.iberbibliotecas.org\/por\/wp-json\/wp\/v2\/pages"}],"about":[{"href":"https:\/\/www.iberbibliotecas.org\/por\/wp-json\/wp\/v2\/types\/page"}],"author":[{"embeddable":true,"href":"https:\/\/www.iberbibliotecas.org\/por\/wp-json\/wp\/v2\/users\/1"}],"replies":[{"embeddable":true,"href":"https:\/\/www.iberbibliotecas.org\/por\/wp-json\/wp\/v2\/comments?post=5557"}],"version-history":[{"count":15,"href":"https:\/\/www.iberbibliotecas.org\/por\/wp-json\/wp\/v2\/pages\/5557\/revisions"}],"predecessor-version":[{"id":20793,"href":"https:\/\/www.iberbibliotecas.org\/por\/wp-json\/wp\/v2\/pages\/5557\/revisions\/20793"}],"up":[{"embeddable":true,"href":"https:\/\/www.iberbibliotecas.org\/por\/wp-json\/wp\/v2\/pages\/5435"}],"wp:featuredmedia":[{"embeddable":true,"href":"https:\/\/www.iberbibliotecas.org\/por\/wp-json\/wp\/v2\/media\/5559"}],"wp:attachment":[{"href":"https:\/\/www.iberbibliotecas.org\/por\/wp-json\/wp\/v2\/media?parent=5557"}],"curies":[{"name":"wp","href":"https:\/\/api.w.org\/{rel}","templated":true}]}}