{"id":662,"date":"2020-12-18T18:58:38","date_gmt":"2020-12-18T18:58:38","guid":{"rendered":"http:\/\/34.125.232.78\/?page_id=662"},"modified":"2026-04-16T09:03:39","modified_gmt":"2026-04-16T14:03:39","slug":"cursos","status":"publish","type":"page","link":"https:\/\/www.iberbibliotecas.org\/por\/cursos\/","title":{"rendered":"Concurso de cursos Iberbibliotecas"},"content":{"rendered":"<div data-elementor-type=\"wp-page\" data-elementor-id=\"662\" class=\"elementor elementor-662\">\n\t\t\t\t\t\t<div class=\"elementor-inner\">\n\t\t\t\t<div class=\"elementor-section-wrap\">\n\t\t\t\t\t\t\t\t\t<section class=\"elementor-section elementor-top-section elementor-element elementor-element-9ad64d1 elementor-hidden-desktop elementor-hidden-tablet elementor-hidden-mobile elementor-section-boxed elementor-section-height-default elementor-section-height-default\" data-id=\"9ad64d1\" data-element_type=\"section\">\n\t\t\t\t\t\t<div class=\"elementor-container elementor-column-gap-default\">\n\t\t\t\t\t\t\t<div class=\"elementor-row\">\n\t\t\t\t\t<div class=\"elementor-column elementor-col-100 elementor-top-column elementor-element elementor-element-7e6f3ad\" data-id=\"7e6f3ad\" data-element_type=\"column\">\n\t\t\t<div class=\"elementor-column-wrap elementor-element-populated\">\n\t\t\t\t\t\t\t<div class=\"elementor-widget-wrap\">\n\t\t\t\t\t\t<div class=\"elementor-element elementor-element-2dfca0d elementor-widget elementor-widget-image\" data-id=\"2dfca0d\" data-element_type=\"widget\" data-widget_type=\"image.default\">\n\t\t\t\t<div class=\"elementor-widget-container\">\n\t\t\t\t\t\t\t\t<div class=\"elementor-image\">\n\t\t\t\t\t\t\t\t\t\t\t\t<img decoding=\"async\" width=\"674\" height=\"652\" src=\"https:\/\/www.iberbibliotecas.org\/wp-content\/uploads\/2021\/02\/0_0005_convocatoriacursos3_Medellin1.jpg\" class=\"attachment-full size-full\" alt=\"\" loading=\"lazy\" srcset=\"https:\/\/www.iberbibliotecas.org\/wp-content\/uploads\/2021\/02\/0_0005_convocatoriacursos3_Medellin1.jpg 674w, https:\/\/www.iberbibliotecas.org\/wp-content\/uploads\/2021\/02\/0_0005_convocatoriacursos3_Medellin1-300x290.jpg 300w, https:\/\/www.iberbibliotecas.org\/wp-content\/uploads\/2021\/02\/0_0005_convocatoriacursos3_Medellin1-12x12.jpg 12w\" sizes=\"100vw\" \/>\t\t\t\t\t\t\t\t\t\t\t\t\t\t<\/div>\n\t\t\t\t\t\t<\/div>\n\t\t\t\t<\/div>\n\t\t\t\t\t\t<\/div>\n\t\t\t\t\t<\/div>\n\t\t<\/div>\n\t\t\t\t\t\t\t\t<\/div>\n\t\t\t\t\t<\/div>\n\t\t<\/section>\n\t\t\t\t<section class=\"elementor-section elementor-top-section elementor-element elementor-element-9e1455b elementor-section-boxed elementor-section-height-default elementor-section-height-default\" data-id=\"9e1455b\" data-element_type=\"section\">\n\t\t\t\t\t\t<div class=\"elementor-container elementor-column-gap-default\">\n\t\t\t\t\t\t\t<div class=\"elementor-row\">\n\t\t\t\t\t<div class=\"elementor-column elementor-col-50 elementor-top-column elementor-element elementor-element-0e42a65\" data-id=\"0e42a65\" data-element_type=\"column\">\n\t\t\t<div class=\"elementor-column-wrap elementor-element-populated\">\n\t\t\t\t\t\t\t<div class=\"elementor-widget-wrap\">\n\t\t\t\t\t\t<section class=\"elementor-section elementor-inner-section elementor-element elementor-element-a839b7d elementor-section-boxed elementor-section-height-default elementor-section-height-default\" data-id=\"a839b7d\" data-element_type=\"section\">\n\t\t\t\t\t\t<div class=\"elementor-container elementor-column-gap-default\">\n\t\t\t\t\t\t\t<div class=\"elementor-row\">\n\t\t\t\t\t<div class=\"elementor-column elementor-col-100 elementor-inner-column elementor-element elementor-element-9dc69a5\" data-id=\"9dc69a5\" data-element_type=\"column\">\n\t\t\t<div class=\"elementor-column-wrap elementor-element-populated\">\n\t\t\t\t\t\t\t<div class=\"elementor-widget-wrap\">\n\t\t\t\t\t\t<div class=\"elementor-element elementor-element-43175ae elementor-widget elementor-widget-html\" data-id=\"43175ae\" data-element_type=\"widget\" data-widget_type=\"html.default\">\n\t\t\t\t<div class=\"elementor-widget-container\">\n\t\t\t<style>\n#estado-proyecto > div > ul > li:nth-child(1) {\n    visibility: hidden;\n} \n#estado-proyecto > div > ul > li:nth-child(2) {\n    visibility: hidden;\n} \n#estado-proyecto > div > ul > li:nth-child(3) {\n    visibility: visiblele;\n} \n<\/style>\t\t<\/div>\n\t\t\t\t<\/div>\n\t\t\t\t<div class=\"elementor-element elementor-element-c42a5a3 elementor-icon-list--layout-inline elementor-align-center elementor-list-item-link-full_width elementor-widget elementor-widget-icon-list\" data-id=\"c42a5a3\" data-element_type=\"widget\" id=\"estado-proyecto\" data-widget_type=\"icon-list.default\">\n\t\t\t\t<div class=\"elementor-widget-container\">\n\t\t\t\t\t<ul class=\"elementor-icon-list-items elementor-inline-items\">\n\t\t\t\t\t\t\t<li class=\"elementor-icon-list-item elementor-inline-item\">\n\t\t\t\t\t\t\t\t\t\t\t<span class=\"elementor-icon-list-icon\">\n\t\t\t\t\t\t\t<i aria-hidden=\"true\" class=\"fas fa-circle\"><\/i>\t\t\t\t\t\t<\/span>\n\t\t\t\t\t\t\t\t\t\t<span class=\"elementor-icon-list-text\"><\/span>\n\t\t\t\t\t\t\t\t\t<\/li>\n\t\t\t\t\t\t\t\t<li class=\"elementor-icon-list-item elementor-inline-item\">\n\t\t\t\t\t\t\t\t\t\t\t<span class=\"elementor-icon-list-icon\">\n\t\t\t\t\t\t\t<i aria-hidden=\"true\" class=\"fas fa-circle\"><\/i>\t\t\t\t\t\t<\/span>\n\t\t\t\t\t\t\t\t\t\t<span class=\"elementor-icon-list-text\"><\/span>\n\t\t\t\t\t\t\t\t\t<\/li>\n\t\t\t\t\t\t\t\t<li class=\"elementor-icon-list-item elementor-inline-item\">\n\t\t\t\t\t\t\t\t\t\t\t<span class=\"elementor-icon-list-icon\">\n\t\t\t\t\t\t\t<i aria-hidden=\"true\" class=\"fas fa-circle\"><\/i>\t\t\t\t\t\t<\/span>\n\t\t\t\t\t\t\t\t\t\t<span class=\"elementor-icon-list-text\"><\/span>\n\t\t\t\t\t\t\t\t\t<\/li>\n\t\t\t\t\t\t<\/ul>\n\t\t\t\t<\/div>\n\t\t\t\t<\/div>\n\t\t\t\t<div class=\"elementor-element elementor-element-49a80d9 elementor-icon-list--layout-inline elementor-align-left elementor-list-item-link-full_width elementor-widget elementor-widget-icon-list\" data-id=\"49a80d9\" data-element_type=\"widget\" data-widget_type=\"icon-list.default\">\n\t\t\t\t<div class=\"elementor-widget-container\">\n\t\t\t\t\t<ul class=\"elementor-icon-list-items elementor-inline-items\">\n\t\t\t\t\t\t\t<li class=\"elementor-icon-list-item elementor-inline-item\">\n\t\t\t\t\t\t\t\t\t\t<span class=\"elementor-icon-list-text\">Concurso abierto<\/span>\n\t\t\t\t\t\t\t\t\t<\/li>\n\t\t\t\t\t\t\t\t<li class=\"elementor-icon-list-item elementor-inline-item\">\n\t\t\t\t\t\t\t\t\t\t<span class=\"elementor-icon-list-text\">Avalia\u00e7\u00e3o<\/span>\n\t\t\t\t\t\t\t\t\t<\/li>\n\t\t\t\t\t\t\t\t<li class=\"elementor-icon-list-item elementor-inline-item\">\n\t\t\t\t\t\t\t\t\t\t<span class=\"elementor-icon-list-text\">Encerramento<\/span>\n\t\t\t\t\t\t\t\t\t<\/li>\n\t\t\t\t\t\t<\/ul>\n\t\t\t\t<\/div>\n\t\t\t\t<\/div>\n\t\t\t\t\t\t<\/div>\n\t\t\t\t\t<\/div>\n\t\t<\/div>\n\t\t\t\t\t\t\t\t<\/div>\n\t\t\t\t\t<\/div>\n\t\t<\/section>\n\t\t\t\t<div class=\"elementor-element elementor-element-bcc86de elementor-widget elementor-widget-heading\" data-id=\"bcc86de\" data-element_type=\"widget\" data-widget_type=\"heading.default\">\n\t\t\t\t<div class=\"elementor-widget-container\">\n\t\t\t<h2 class=\"elementor-heading-title elementor-size-default\">Inscri\u00e7\u00f5es para cursos virtuais<\/h2>\t\t<\/div>\n\t\t\t\t<\/div>\n\t\t\t\t<div class=\"elementor-element elementor-element-4e13896 elementor-widget elementor-widget-text-editor\" data-id=\"4e13896\" data-element_type=\"widget\" data-widget_type=\"text-editor.default\">\n\t\t\t\t<div class=\"elementor-widget-container\">\n\t\t\t\t\t\t\t\t<div class=\"elementor-text-editor elementor-clearfix\">\n\t\t\t\t<p>O Programa Ibero-Americano de Bibliotecas P\u00fablicas, IBERBIBLIOTECAS, oferece permanentemente cursos virtuais com tutoria, atrav\u00e9s da Aula Virtual, e cursos s\u00edncronos, destinados a funcion\u00e1rios de bibliotecas p\u00fablicas, comunit\u00e1rias e populares dos pa\u00edses e cidades membros do programa. Os conte\u00fados s\u00e3o criados e desenvolvidos por especialistas da regi\u00e3o e focam em temas atuais e relevantes para o trabalho da biblioteca.<\/p>\t\t\t\t\t<\/div>\n\t\t\t\t\t\t<\/div>\n\t\t\t\t<\/div>\n\t\t\t\t<div class=\"elementor-element elementor-element-aea1d1c elementor-align-center elementor-hidden-desktop elementor-hidden-tablet elementor-hidden-mobile elementor-widget elementor-widget-button\" data-id=\"aea1d1c\" data-element_type=\"widget\" data-widget_type=\"button.default\">\n\t\t\t\t<div class=\"elementor-widget-container\">\n\t\t\t\t\t<div class=\"elementor-button-wrapper\">\n\t\t\t<a href=\"https:\/\/www.iberbibliotecas.org\/por\/cursos\/preinscri\/\" class=\"elementor-button-link elementor-button elementor-size-md\" role=\"button\">\n\t\t\t\t\t\t<span class=\"elementor-button-content-wrapper\">\n\t\t\t\t\t\t<span class=\"elementor-button-text\">Pr\u00e9-inscri\u00e7\u00f5es<\/span>\n\t\t<\/span>\n\t\t\t\t\t<\/a>\n\t\t<\/div>\n\t\t\t\t<\/div>\n\t\t\t\t<\/div>\n\t\t\t\t\t\t<\/div>\n\t\t\t\t\t<\/div>\n\t\t<\/div>\n\t\t\t\t<div class=\"elementor-column elementor-col-50 elementor-top-column elementor-element elementor-element-4651c9a elementor-hidden-phone\" data-id=\"4651c9a\" data-element_type=\"column\">\n\t\t\t<div class=\"elementor-column-wrap elementor-element-populated\">\n\t\t\t\t\t\t\t<div class=\"elementor-widget-wrap\">\n\t\t\t\t\t\t<div class=\"elementor-element elementor-element-b3749df elementor-widget elementor-widget-image\" data-id=\"b3749df\" data-element_type=\"widget\" data-widget_type=\"image.default\">\n\t\t\t\t<div class=\"elementor-widget-container\">\n\t\t\t\t\t\t\t\t<div class=\"elementor-image\">\n\t\t\t\t\t\t\t\t\t\t\t\t<img decoding=\"async\" width=\"1080\" height=\"1320\" src=\"https:\/\/www.iberbibliotecas.org\/wp-content\/uploads\/2026\/04\/Cursos_listas_selacao_por.png\" class=\"attachment-full size-full\" alt=\"\" loading=\"lazy\" srcset=\"https:\/\/www.iberbibliotecas.org\/wp-content\/uploads\/2026\/04\/Cursos_listas_selacao_por.png 1080w, https:\/\/www.iberbibliotecas.org\/wp-content\/uploads\/2026\/04\/Cursos_listas_selacao_por-245x300.png 245w, https:\/\/www.iberbibliotecas.org\/wp-content\/uploads\/2026\/04\/Cursos_listas_selacao_por-838x1024.png 838w, https:\/\/www.iberbibliotecas.org\/wp-content\/uploads\/2026\/04\/Cursos_listas_selacao_por-768x939.png 768w, https:\/\/www.iberbibliotecas.org\/wp-content\/uploads\/2026\/04\/Cursos_listas_selacao_por-10x12.png 10w\" sizes=\"100vw\" \/>\t\t\t\t\t\t\t\t\t\t\t\t\t\t<\/div>\n\t\t\t\t\t\t<\/div>\n\t\t\t\t<\/div>\n\t\t\t\t\t\t<\/div>\n\t\t\t\t\t<\/div>\n\t\t<\/div>\n\t\t\t\t\t\t\t\t<\/div>\n\t\t\t\t\t<\/div>\n\t\t<\/section>\n\t\t\t\t<section class=\"elementor-section elementor-top-section elementor-element elementor-element-ef78296 elementor-section-boxed elementor-section-height-default elementor-section-height-default\" data-id=\"ef78296\" data-element_type=\"section\">\n\t\t\t\t\t\t<div class=\"elementor-container elementor-column-gap-default\">\n\t\t\t\t\t\t\t<div class=\"elementor-row\">\n\t\t\t\t\t<div class=\"elementor-column elementor-col-100 elementor-top-column elementor-element elementor-element-8db2c7b\" data-id=\"8db2c7b\" data-element_type=\"column\">\n\t\t\t<div class=\"elementor-column-wrap elementor-element-populated\">\n\t\t\t\t\t\t\t<div class=\"elementor-widget-wrap\">\n\t\t\t\t\t\t<div class=\"elementor-element elementor-element-b37c1c3 elementor-widget elementor-widget-heading\" data-id=\"b37c1c3\" data-element_type=\"widget\" data-widget_type=\"heading.default\">\n\t\t\t\t<div class=\"elementor-widget-container\">\n\t\t\t<h2 class=\"elementor-heading-title elementor-size-default\">Clique na imagem para mais informa\u00e7\u00f5es<\/h2>\t\t<\/div>\n\t\t\t\t<\/div>\n\t\t\t\t\t\t<\/div>\n\t\t\t\t\t<\/div>\n\t\t<\/div>\n\t\t\t\t\t\t\t\t<\/div>\n\t\t\t\t\t<\/div>\n\t\t<\/section>\n\t\t\t\t<section class=\"elementor-section elementor-top-section elementor-element elementor-element-0717b1a elementor-section-full_width elementor-section-height-default elementor-section-height-default\" data-id=\"0717b1a\" data-element_type=\"section\">\n\t\t\t\t\t\t<div class=\"elementor-container elementor-column-gap-default\">\n\t\t\t\t\t\t\t<div class=\"elementor-row\">\n\t\t\t\t\t<div class=\"elementor-column elementor-col-25 elementor-top-column elementor-element elementor-element-734d4ed\" data-id=\"734d4ed\" data-element_type=\"column\">\n\t\t\t<div class=\"elementor-column-wrap elementor-element-populated\">\n\t\t\t\t\t\t\t<div class=\"elementor-widget-wrap\">\n\t\t\t\t\t\t<div class=\"elementor-element elementor-element-ed7ce81 elementor-widget elementor-widget-image\" data-id=\"ed7ce81\" data-element_type=\"widget\" data-widget_type=\"image.default\">\n\t\t\t\t<div class=\"elementor-widget-container\">\n\t\t\t\t\t\t\t\t<div class=\"elementor-image\">\n\t\t\t\t\t\t\t\t\t\t\t\t\t<a href=\"https:\/\/www.iberbibliotecas.org\/por\/cursos\/curso-diseno-de-servicios-y-atencion-a-personas-con-discapacidad-en-las-bibliotecas\/\">\n\t\t\t\t\t\t\t<img decoding=\"async\" width=\"525\" height=\"642\" src=\"https:\/\/www.iberbibliotecas.org\/wp-content\/uploads\/2026\/02\/ImagenDiscapacidad_pt.png\" class=\"elementor-animation-bob attachment-medium_large size-medium_large\" alt=\"\" loading=\"lazy\" srcset=\"https:\/\/www.iberbibliotecas.org\/wp-content\/uploads\/2026\/02\/ImagenDiscapacidad_pt.png 1080w, https:\/\/www.iberbibliotecas.org\/wp-content\/uploads\/2026\/02\/ImagenDiscapacidad_pt-245x300.png 245w, https:\/\/www.iberbibliotecas.org\/wp-content\/uploads\/2026\/02\/ImagenDiscapacidad_pt-838x1024.png 838w, https:\/\/www.iberbibliotecas.org\/wp-content\/uploads\/2026\/02\/ImagenDiscapacidad_pt-768x939.png 768w, https:\/\/www.iberbibliotecas.org\/wp-content\/uploads\/2026\/02\/ImagenDiscapacidad_pt-10x12.png 10w\" sizes=\"100vw\" \/>\t\t\t\t\t\t\t\t<\/a>\n\t\t\t\t\t\t\t\t\t\t\t\t\t\t<\/div>\n\t\t\t\t\t\t<\/div>\n\t\t\t\t<\/div>\n\t\t\t\t\t\t<\/div>\n\t\t\t\t\t<\/div>\n\t\t<\/div>\n\t\t\t\t<div class=\"elementor-column elementor-col-25 elementor-top-column elementor-element elementor-element-ed45b81\" data-id=\"ed45b81\" data-element_type=\"column\">\n\t\t\t<div class=\"elementor-column-wrap elementor-element-populated\">\n\t\t\t\t\t\t\t<div class=\"elementor-widget-wrap\">\n\t\t\t\t\t\t<div class=\"elementor-element elementor-element-4c9e7cc elementor-widget elementor-widget-image\" data-id=\"4c9e7cc\" data-element_type=\"widget\" data-widget_type=\"image.default\">\n\t\t\t\t<div class=\"elementor-widget-container\">\n\t\t\t\t\t\t\t\t<div class=\"elementor-image\">\n\t\t\t\t\t\t\t\t\t\t\t\t\t<a href=\"https:\/\/www.iberbibliotecas.org\/por\/cursos\/curso-diseno-de-soluciones-creativas-bibliotecas-que-lideran-el-cambio\/\">\n\t\t\t\t\t\t\t<img decoding=\"async\" width=\"525\" height=\"642\" src=\"https:\/\/www.iberbibliotecas.org\/wp-content\/uploads\/2026\/02\/Soluciones_pt.png\" class=\"elementor-animation-bob attachment-medium_large size-medium_large\" alt=\"\" loading=\"lazy\" srcset=\"https:\/\/www.iberbibliotecas.org\/wp-content\/uploads\/2026\/02\/Soluciones_pt.png 1080w, https:\/\/www.iberbibliotecas.org\/wp-content\/uploads\/2026\/02\/Soluciones_pt-245x300.png 245w, https:\/\/www.iberbibliotecas.org\/wp-content\/uploads\/2026\/02\/Soluciones_pt-838x1024.png 838w, https:\/\/www.iberbibliotecas.org\/wp-content\/uploads\/2026\/02\/Soluciones_pt-768x939.png 768w, https:\/\/www.iberbibliotecas.org\/wp-content\/uploads\/2026\/02\/Soluciones_pt-10x12.png 10w\" sizes=\"100vw\" \/>\t\t\t\t\t\t\t\t<\/a>\n\t\t\t\t\t\t\t\t\t\t\t\t\t\t<\/div>\n\t\t\t\t\t\t<\/div>\n\t\t\t\t<\/div>\n\t\t\t\t\t\t<\/div>\n\t\t\t\t\t<\/div>\n\t\t<\/div>\n\t\t\t\t<div class=\"elementor-column elementor-col-25 elementor-top-column elementor-element elementor-element-fd58a5c\" data-id=\"fd58a5c\" data-element_type=\"column\">\n\t\t\t<div class=\"elementor-column-wrap elementor-element-populated\">\n\t\t\t\t\t\t\t<div class=\"elementor-widget-wrap\">\n\t\t\t\t\t\t<div class=\"elementor-element elementor-element-f295c92 elementor-widget elementor-widget-image\" data-id=\"f295c92\" data-element_type=\"widget\" data-widget_type=\"image.default\">\n\t\t\t\t<div class=\"elementor-widget-container\">\n\t\t\t\t\t\t\t\t<div class=\"elementor-image\">\n\t\t\t\t\t\t\t\t\t\t\t\t\t<a href=\"https:\/\/www.iberbibliotecas.org\/por\/cursos\/estrategias-para-la-sostenibilidad-ambiental-y-social\/\">\n\t\t\t\t\t\t\t<img decoding=\"async\" width=\"525\" height=\"642\" src=\"https:\/\/www.iberbibliotecas.org\/wp-content\/uploads\/2026\/02\/Workshop_EstrategiasSustentab_por.png\" class=\"elementor-animation-bob attachment-medium_large size-medium_large\" alt=\"\" loading=\"lazy\" srcset=\"https:\/\/www.iberbibliotecas.org\/wp-content\/uploads\/2026\/02\/Workshop_EstrategiasSustentab_por.png 1080w, https:\/\/www.iberbibliotecas.org\/wp-content\/uploads\/2026\/02\/Workshop_EstrategiasSustentab_por-245x300.png 245w, https:\/\/www.iberbibliotecas.org\/wp-content\/uploads\/2026\/02\/Workshop_EstrategiasSustentab_por-838x1024.png 838w, https:\/\/www.iberbibliotecas.org\/wp-content\/uploads\/2026\/02\/Workshop_EstrategiasSustentab_por-768x939.png 768w, https:\/\/www.iberbibliotecas.org\/wp-content\/uploads\/2026\/02\/Workshop_EstrategiasSustentab_por-10x12.png 10w\" sizes=\"100vw\" \/>\t\t\t\t\t\t\t\t<\/a>\n\t\t\t\t\t\t\t\t\t\t\t\t\t\t<\/div>\n\t\t\t\t\t\t<\/div>\n\t\t\t\t<\/div>\n\t\t\t\t\t\t<\/div>\n\t\t\t\t\t<\/div>\n\t\t<\/div>\n\t\t\t\t<div class=\"elementor-column elementor-col-25 elementor-top-column elementor-element elementor-element-dc5dd00\" data-id=\"dc5dd00\" data-element_type=\"column\">\n\t\t\t<div class=\"elementor-column-wrap elementor-element-populated\">\n\t\t\t\t\t\t\t<div class=\"elementor-widget-wrap\">\n\t\t\t\t\t\t<div class=\"elementor-element elementor-element-f667247 elementor-widget elementor-widget-image\" data-id=\"f667247\" data-element_type=\"widget\" data-widget_type=\"image.default\">\n\t\t\t\t<div class=\"elementor-widget-container\">\n\t\t\t\t\t\t\t\t<div class=\"elementor-image\">\n\t\t\t\t\t\t\t\t\t\t\t\t\t<a href=\"https:\/\/www.iberbibliotecas.org\/por\/cursos\/workshop-criacao-e-implementacao-de-bibliotecas-moveis\/\">\n\t\t\t\t\t\t\t<img decoding=\"async\" width=\"525\" height=\"642\" src=\"https:\/\/www.iberbibliotecas.org\/wp-content\/uploads\/2026\/02\/Movies_por.png\" class=\"elementor-animation-bob attachment-medium_large size-medium_large\" alt=\"Bibliotecas m\u00f3viles\" loading=\"lazy\" srcset=\"https:\/\/www.iberbibliotecas.org\/wp-content\/uploads\/2026\/02\/Movies_por.png 1080w, https:\/\/www.iberbibliotecas.org\/wp-content\/uploads\/2026\/02\/Movies_por-245x300.png 245w, https:\/\/www.iberbibliotecas.org\/wp-content\/uploads\/2026\/02\/Movies_por-838x1024.png 838w, https:\/\/www.iberbibliotecas.org\/wp-content\/uploads\/2026\/02\/Movies_por-768x939.png 768w, https:\/\/www.iberbibliotecas.org\/wp-content\/uploads\/2026\/02\/Movies_por-10x12.png 10w\" sizes=\"100vw\" \/>\t\t\t\t\t\t\t\t<\/a>\n\t\t\t\t\t\t\t\t\t\t\t\t\t\t<\/div>\n\t\t\t\t\t\t<\/div>\n\t\t\t\t<\/div>\n\t\t\t\t\t\t<\/div>\n\t\t\t\t\t<\/div>\n\t\t<\/div>\n\t\t\t\t\t\t\t\t<\/div>\n\t\t\t\t\t<\/div>\n\t\t<\/section>\n\t\t\t\t<section class=\"elementor-section elementor-top-section elementor-element elementor-element-c149b01 elementor-section-full_width elementor-section-height-default elementor-section-height-default\" data-id=\"c149b01\" data-element_type=\"section\">\n\t\t\t\t\t\t<div class=\"elementor-container elementor-column-gap-default\">\n\t\t\t\t\t\t\t<div class=\"elementor-row\">\n\t\t\t\t\t<div class=\"elementor-column elementor-col-25 elementor-top-column elementor-element elementor-element-fedb303\" data-id=\"fedb303\" data-element_type=\"column\">\n\t\t\t<div class=\"elementor-column-wrap elementor-element-populated\">\n\t\t\t\t\t\t\t<div class=\"elementor-widget-wrap\">\n\t\t\t\t\t\t<div class=\"elementor-element elementor-element-8cce6f6 elementor-widget elementor-widget-image\" data-id=\"8cce6f6\" data-element_type=\"widget\" data-widget_type=\"image.default\">\n\t\t\t\t<div class=\"elementor-widget-container\">\n\t\t\t\t\t\t\t\t<div class=\"elementor-image\">\n\t\t\t\t\t\t\t\t\t\t\t\t\t<a href=\"https:\/\/www.iberbibliotecas.org\/por\/cursos\/taller-guia-de-atencion-y-prevencion-del-acoso-sexual-en-bibliotecas\/\">\n\t\t\t\t\t\t\t<img decoding=\"async\" width=\"525\" height=\"656\" src=\"https:\/\/www.iberbibliotecas.org\/wp-content\/uploads\/2025\/10\/taller-3-1-768x960.png\" class=\"elementor-animation-bob attachment-medium_large size-medium_large\" alt=\"taller\" loading=\"lazy\" srcset=\"https:\/\/www.iberbibliotecas.org\/wp-content\/uploads\/2025\/10\/taller-3-1-768x960.png 768w, https:\/\/www.iberbibliotecas.org\/wp-content\/uploads\/2025\/10\/taller-3-1-240x300.png 240w, https:\/\/www.iberbibliotecas.org\/wp-content\/uploads\/2025\/10\/taller-3-1-819x1024.png 819w, https:\/\/www.iberbibliotecas.org\/wp-content\/uploads\/2025\/10\/taller-3-1-10x12.png 10w, https:\/\/www.iberbibliotecas.org\/wp-content\/uploads\/2025\/10\/taller-3-1.png 1080w\" sizes=\"100vw\" \/>\t\t\t\t\t\t\t\t<\/a>\n\t\t\t\t\t\t\t\t\t\t\t\t\t\t<\/div>\n\t\t\t\t\t\t<\/div>\n\t\t\t\t<\/div>\n\t\t\t\t\t\t<\/div>\n\t\t\t\t\t<\/div>\n\t\t<\/div>\n\t\t\t\t<div class=\"elementor-column elementor-col-25 elementor-top-column elementor-element elementor-element-7553085\" data-id=\"7553085\" data-element_type=\"column\">\n\t\t\t<div class=\"elementor-column-wrap elementor-element-populated\">\n\t\t\t\t\t\t\t<div class=\"elementor-widget-wrap\">\n\t\t\t\t\t\t<div class=\"elementor-element elementor-element-34f3b8b elementor-widget elementor-widget-image\" data-id=\"34f3b8b\" data-element_type=\"widget\" data-widget_type=\"image.default\">\n\t\t\t\t<div class=\"elementor-widget-container\">\n\t\t\t\t\t\t\t\t<div class=\"elementor-image\">\n\t\t\t\t\t\t\t\t\t\t\t\t\t<a href=\"https:\/\/www.iberbibliotecas.org\/por\/cursos\/reflexoes-e-estrategias-para-acervos-diversos-e-representativos\/\">\n\t\t\t\t\t\t\t<img decoding=\"async\" width=\"525\" height=\"656\" src=\"https:\/\/www.iberbibliotecas.org\/wp-content\/uploads\/2025\/10\/master2-7-768x960.png\" class=\"elementor-animation-bob attachment-medium_large size-medium_large\" alt=\"\" loading=\"lazy\" srcset=\"https:\/\/www.iberbibliotecas.org\/wp-content\/uploads\/2025\/10\/master2-7-768x960.png 768w, https:\/\/www.iberbibliotecas.org\/wp-content\/uploads\/2025\/10\/master2-7-240x300.png 240w, https:\/\/www.iberbibliotecas.org\/wp-content\/uploads\/2025\/10\/master2-7-819x1024.png 819w, https:\/\/www.iberbibliotecas.org\/wp-content\/uploads\/2025\/10\/master2-7-10x12.png 10w, https:\/\/www.iberbibliotecas.org\/wp-content\/uploads\/2025\/10\/master2-7.png 1080w\" sizes=\"100vw\" \/>\t\t\t\t\t\t\t\t<\/a>\n\t\t\t\t\t\t\t\t\t\t\t\t\t\t<\/div>\n\t\t\t\t\t\t<\/div>\n\t\t\t\t<\/div>\n\t\t\t\t\t\t<\/div>\n\t\t\t\t\t<\/div>\n\t\t<\/div>\n\t\t\t\t<div class=\"elementor-column elementor-col-25 elementor-top-column elementor-element elementor-element-2b9381f\" data-id=\"2b9381f\" data-element_type=\"column\">\n\t\t\t<div class=\"elementor-column-wrap elementor-element-populated\">\n\t\t\t\t\t\t\t<div class=\"elementor-widget-wrap\">\n\t\t\t\t\t\t<div class=\"elementor-element elementor-element-54dcb7c elementor-widget elementor-widget-image\" data-id=\"54dcb7c\" data-element_type=\"widget\" data-widget_type=\"image.default\">\n\t\t\t\t<div class=\"elementor-widget-container\">\n\t\t\t\t\t\t\t\t<div class=\"elementor-image\">\n\t\t\t\t\t\t\t\t\t\t\t\t\t<a href=\"https:\/\/www.iberbibliotecas.org\/por\/cursos\/curso-indicadoresparabibliotecas\/\">\n\t\t\t\t\t\t\t<img decoding=\"async\" width=\"525\" height=\"656\" src=\"https:\/\/www.iberbibliotecas.org\/wp-content\/uploads\/2025\/08\/Curso_Indicadores_portugues.png\" class=\"elementor-animation-bob attachment-medium_large size-medium_large\" alt=\"\" loading=\"lazy\" srcset=\"https:\/\/www.iberbibliotecas.org\/wp-content\/uploads\/2025\/08\/Curso_Indicadores_portugues.png 1080w, https:\/\/www.iberbibliotecas.org\/wp-content\/uploads\/2025\/08\/Curso_Indicadores_portugues-240x300.png 240w, https:\/\/www.iberbibliotecas.org\/wp-content\/uploads\/2025\/08\/Curso_Indicadores_portugues-819x1024.png 819w, https:\/\/www.iberbibliotecas.org\/wp-content\/uploads\/2025\/08\/Curso_Indicadores_portugues-768x960.png 768w, https:\/\/www.iberbibliotecas.org\/wp-content\/uploads\/2025\/08\/Curso_Indicadores_portugues-10x12.png 10w\" sizes=\"100vw\" \/>\t\t\t\t\t\t\t\t<\/a>\n\t\t\t\t\t\t\t\t\t\t\t\t\t\t<\/div>\n\t\t\t\t\t\t<\/div>\n\t\t\t\t<\/div>\n\t\t\t\t\t\t<\/div>\n\t\t\t\t\t<\/div>\n\t\t<\/div>\n\t\t\t\t<div class=\"elementor-column elementor-col-25 elementor-top-column elementor-element elementor-element-59918e2\" data-id=\"59918e2\" data-element_type=\"column\">\n\t\t\t<div class=\"elementor-column-wrap elementor-element-populated\">\n\t\t\t\t\t\t\t<div class=\"elementor-widget-wrap\">\n\t\t\t\t\t\t<div class=\"elementor-element elementor-element-4668ae8 elementor-widget elementor-widget-image\" data-id=\"4668ae8\" data-element_type=\"widget\" data-widget_type=\"image.default\">\n\t\t\t\t<div class=\"elementor-widget-container\">\n\t\t\t\t\t\t\t\t<div class=\"elementor-image\">\n\t\t\t\t\t\t\t\t\t\t\t\t\t<a href=\"https:\/\/www.iberbibliotecas.org\/por\/cursos\/curso-gestionderepositoriosdigitales\/\">\n\t\t\t\t\t\t\t<img decoding=\"async\" width=\"525\" height=\"656\" src=\"https:\/\/www.iberbibliotecas.org\/wp-content\/uploads\/2025\/08\/Mesa-de-trabajo-2-100-6.jpg\" class=\"elementor-animation-bob attachment-medium_large size-medium_large\" alt=\"\" loading=\"lazy\" srcset=\"https:\/\/www.iberbibliotecas.org\/wp-content\/uploads\/2025\/08\/Mesa-de-trabajo-2-100-6.jpg 1081w, https:\/\/www.iberbibliotecas.org\/wp-content\/uploads\/2025\/08\/Mesa-de-trabajo-2-100-6-240x300.jpg 240w, https:\/\/www.iberbibliotecas.org\/wp-content\/uploads\/2025\/08\/Mesa-de-trabajo-2-100-6-820x1024.jpg 820w, https:\/\/www.iberbibliotecas.org\/wp-content\/uploads\/2025\/08\/Mesa-de-trabajo-2-100-6-768x959.jpg 768w, https:\/\/www.iberbibliotecas.org\/wp-content\/uploads\/2025\/08\/Mesa-de-trabajo-2-100-6-10x12.jpg 10w\" sizes=\"100vw\" \/>\t\t\t\t\t\t\t\t<\/a>\n\t\t\t\t\t\t\t\t\t\t\t\t\t\t<\/div>\n\t\t\t\t\t\t<\/div>\n\t\t\t\t<\/div>\n\t\t\t\t\t\t<\/div>\n\t\t\t\t\t<\/div>\n\t\t<\/div>\n\t\t\t\t\t\t\t\t<\/div>\n\t\t\t\t\t<\/div>\n\t\t<\/section>\n\t\t<!--DCE VISIBILITY HIDDEN SECTION START--><!--DCE VISIBILITY HIDDEN SECTION END--><!--DCE VISIBILITY HIDDEN SECTION START--><!--DCE VISIBILITY HIDDEN SECTION END--><!--DCE VISIBILITY HIDDEN SECTION START--><!--DCE VISIBILITY HIDDEN SECTION END-->\t\t\t\t\t\t\t<\/div>\n\t\t\t<\/div>\n\t\t\t\t\t<\/div>","protected":false},"excerpt":{"rendered":"<p>Convocatoria abierta Evaluaci\u00f3n Cierre Inscripciones para cursos virtuales El Programa Iberoamericano de Bibliotecas P\u00fablicas, IBERBIBLIOTECAS, ofrece de manera permanente cursos virtuales con tutor\u00eda, mediante el Aula Virtual, y cursos sincr\u00f3nicos, &hellip; <\/p>\n<p class=\"link-more\"><a href=\"https:\/\/www.iberbibliotecas.org\/por\/cursos\/\" class=\"more-link\">Continue lendo<span class=\"screen-reader-text\"> &#8220;Convocatoria de Cursos Iberbibliotecas&#8221;<\/span><\/a><\/p>","protected":false},"author":1,"featured_media":19875,"parent":0,"menu_order":0,"comment_status":"closed","ping_status":"closed","template":"elementor_canvas","meta":{"_EventAllDay":false,"_EventTimezone":"","_EventStartDate":"","_EventEndDate":"","_EventStartDateUTC":"","_EventEndDateUTC":"","_EventShowMap":false,"_EventShowMapLink":false,"_EventURL":"","_EventCost":"","_EventCostDescription":"","_EventCurrencySymbol":"","_EventCurrencyCode":"","_EventCurrencyPosition":"","_EventDateTimeSeparator":"","_EventTimeRangeSeparator":"","_EventOrganizerID":[],"_EventVenueID":0,"_OrganizerEmail":"","_OrganizerPhone":"","_OrganizerWebsite":"","_VenueAddress":"","_VenueCity":"","_VenueCountry":"","_VenueProvince":"","_VenueZip":"","_VenuePhone":"","_VenueURL":"","_VenueStateProvince":"","_VenueLat":"","_VenueLng":""},"yoast_head":"<!-- This site is optimized with the Yoast SEO plugin v20.11 - https:\/\/yoast.com\/wordpress\/plugins\/seo\/ -->\n<title>Convocatoria de Cursos Iberbibliotecas<\/title>\n<meta name=\"description\" content=\"Si est\u00e1s interesado en presentarte a un curso de Iberbibliotecas, te invitamos a leer la siguiente convocatoria.\" \/>\n<meta name=\"robots\" content=\"index, follow, max-snippet:-1, max-image-preview:large, max-video-preview:-1\" \/>\n<link rel=\"canonical\" href=\"https:\/\/www.iberbibliotecas.org\/por\/cursos\/\" \/>\n<meta property=\"og:locale\" content=\"pt_BR\" \/>\n<meta property=\"og:type\" content=\"article\" \/>\n<meta property=\"og:title\" content=\"Cursos Iberbibliotecas\" \/>\n<meta property=\"og:description\" content=\"Si est\u00e1s interesado en presentarte a un curso de Iberbibliotecas, te invitamos a leer la siguiente convocatoria.\" \/>\n<meta property=\"og:url\" content=\"https:\/\/www.iberbibliotecas.org\/por\/cursos\/\" \/>\n<meta property=\"og:site_name\" content=\"Iberbibliotecas\" \/>\n<meta property=\"article:modified_time\" content=\"2026-04-16T14:03:39+00:00\" \/>\n<meta property=\"og:image\" content=\"https:\/\/www.iberbibliotecas.org\/wp-content\/uploads\/2024\/09\/Seleccion_Cursos_2024_2.png\" \/>\n\t<meta property=\"og:image:width\" content=\"1200\" \/>\n\t<meta property=\"og:image:height\" content=\"1200\" \/>\n\t<meta property=\"og:image:type\" content=\"image\/png\" \/>\n<meta name=\"twitter:card\" content=\"summary_large_image\" \/>\n<meta name=\"twitter:label1\" content=\"Est. tempo de leitura\" \/>\n\t<meta name=\"twitter:data1\" content=\"14 minutos\" \/>\n<script type=\"application\/ld+json\" class=\"yoast-schema-graph\">{\"@context\":\"https:\/\/schema.org\",\"@graph\":[{\"@type\":\"WebPage\",\"@id\":\"https:\/\/www.iberbibliotecas.org\/cursos\/\",\"url\":\"https:\/\/www.iberbibliotecas.org\/cursos\/\",\"name\":\"Convocatoria de Cursos Iberbibliotecas\",\"isPartOf\":{\"@id\":\"https:\/\/www.iberbibliotecas.org\/#website\"},\"datePublished\":\"2020-12-18T18:58:38+00:00\",\"dateModified\":\"2026-04-16T14:03:39+00:00\",\"description\":\"Si est\u00e1s interesado en presentarte a un curso de Iberbibliotecas, te invitamos a leer la siguiente convocatoria.\",\"breadcrumb\":{\"@id\":\"https:\/\/www.iberbibliotecas.org\/cursos\/#breadcrumb\"},\"inLanguage\":\"pt-BR\",\"potentialAction\":[{\"@type\":\"ReadAction\",\"target\":[\"https:\/\/www.iberbibliotecas.org\/cursos\/\"]}]},{\"@type\":\"BreadcrumbList\",\"@id\":\"https:\/\/www.iberbibliotecas.org\/cursos\/#breadcrumb\",\"itemListElement\":[{\"@type\":\"ListItem\",\"position\":1,\"name\":\"Inicio\",\"item\":\"https:\/\/www.iberbibliotecas.org\/\"},{\"@type\":\"ListItem\",\"position\":2,\"name\":\"Convocatoria de Cursos Iberbibliotecas\"}]},{\"@type\":\"WebSite\",\"@id\":\"https:\/\/www.iberbibliotecas.org\/#website\",\"url\":\"https:\/\/www.iberbibliotecas.org\/\",\"name\":\"Iberbibliotecas\",\"description\":\"\",\"publisher\":{\"@id\":\"https:\/\/www.iberbibliotecas.org\/#organization\"},\"potentialAction\":[{\"@type\":\"SearchAction\",\"target\":{\"@type\":\"EntryPoint\",\"urlTemplate\":\"https:\/\/www.iberbibliotecas.org\/?s={search_term_string}\"},\"query-input\":\"required name=search_term_string\"}],\"inLanguage\":\"pt-BR\"},{\"@type\":\"Organization\",\"@id\":\"https:\/\/www.iberbibliotecas.org\/#organization\",\"name\":\"Iberbibliotecas\",\"url\":\"https:\/\/www.iberbibliotecas.org\/\",\"logo\":{\"@type\":\"ImageObject\",\"inLanguage\":\"pt-BR\",\"@id\":\"https:\/\/www.iberbibliotecas.org\/#\/schema\/logo\/image\/\",\"url\":\"https:\/\/www.iberbibliotecas.org\/wp-content\/uploads\/2021\/03\/logo_c_ib.png\",\"contentUrl\":\"https:\/\/www.iberbibliotecas.org\/wp-content\/uploads\/2021\/03\/logo_c_ib.png\",\"width\":289,\"height\":180,\"caption\":\"Iberbibliotecas\"},\"image\":{\"@id\":\"https:\/\/www.iberbibliotecas.org\/#\/schema\/logo\/image\/\"}}]}<\/script>\n<!-- \/ Yoast SEO plugin. -->","yoast_head_json":{"title":"Convocatoria de Cursos Iberbibliotecas","description":"Si est\u00e1s interesado en presentarte a un curso de Iberbibliotecas, te invitamos a leer la siguiente convocatoria.","robots":{"index":"index","follow":"follow","max-snippet":"max-snippet:-1","max-image-preview":"max-image-preview:large","max-video-preview":"max-video-preview:-1"},"canonical":"https:\/\/www.iberbibliotecas.org\/por\/cursos\/","og_locale":"pt_BR","og_type":"article","og_title":"Cursos Iberbibliotecas","og_description":"Si est\u00e1s interesado en presentarte a un curso de Iberbibliotecas, te invitamos a leer la siguiente convocatoria.","og_url":"https:\/\/www.iberbibliotecas.org\/por\/cursos\/","og_site_name":"Iberbibliotecas","article_modified_time":"2026-04-16T14:03:39+00:00","og_image":[{"width":1200,"height":1200,"url":"https:\/\/www.iberbibliotecas.org\/wp-content\/uploads\/2024\/09\/Seleccion_Cursos_2024_2.png","type":"image\/png"}],"twitter_card":"summary_large_image","twitter_misc":{"Est. tempo de leitura":"14 minutos"},"schema":{"@context":"https:\/\/schema.org","@graph":[{"@type":"WebPage","@id":"https:\/\/www.iberbibliotecas.org\/cursos\/","url":"https:\/\/www.iberbibliotecas.org\/cursos\/","name":"Convocatoria de Cursos Iberbibliotecas","isPartOf":{"@id":"https:\/\/www.iberbibliotecas.org\/#website"},"datePublished":"2020-12-18T18:58:38+00:00","dateModified":"2026-04-16T14:03:39+00:00","description":"Si est\u00e1s interesado en presentarte a un curso de Iberbibliotecas, te invitamos a leer la siguiente convocatoria.","breadcrumb":{"@id":"https:\/\/www.iberbibliotecas.org\/cursos\/#breadcrumb"},"inLanguage":"pt-BR","potentialAction":[{"@type":"ReadAction","target":["https:\/\/www.iberbibliotecas.org\/cursos\/"]}]},{"@type":"BreadcrumbList","@id":"https:\/\/www.iberbibliotecas.org\/cursos\/#breadcrumb","itemListElement":[{"@type":"ListItem","position":1,"name":"Inicio","item":"https:\/\/www.iberbibliotecas.org\/"},{"@type":"ListItem","position":2,"name":"Convocatoria de Cursos Iberbibliotecas"}]},{"@type":"WebSite","@id":"https:\/\/www.iberbibliotecas.org\/#website","url":"https:\/\/www.iberbibliotecas.org\/","name":"Iberbibliotecas","description":"","publisher":{"@id":"https:\/\/www.iberbibliotecas.org\/#organization"},"potentialAction":[{"@type":"SearchAction","target":{"@type":"EntryPoint","urlTemplate":"https:\/\/www.iberbibliotecas.org\/?s={search_term_string}"},"query-input":"required name=search_term_string"}],"inLanguage":"pt-BR"},{"@type":"Organization","@id":"https:\/\/www.iberbibliotecas.org\/#organization","name":"Iberbibliotecas","url":"https:\/\/www.iberbibliotecas.org\/","logo":{"@type":"ImageObject","inLanguage":"pt-BR","@id":"https:\/\/www.iberbibliotecas.org\/#\/schema\/logo\/image\/","url":"https:\/\/www.iberbibliotecas.org\/wp-content\/uploads\/2021\/03\/logo_c_ib.png","contentUrl":"https:\/\/www.iberbibliotecas.org\/wp-content\/uploads\/2021\/03\/logo_c_ib.png","width":289,"height":180,"caption":"Iberbibliotecas"},"image":{"@id":"https:\/\/www.iberbibliotecas.org\/#\/schema\/logo\/image\/"}}]}},"_links":{"self":[{"href":"https:\/\/www.iberbibliotecas.org\/por\/wp-json\/wp\/v2\/pages\/662"}],"collection":[{"href":"https:\/\/www.iberbibliotecas.org\/por\/wp-json\/wp\/v2\/pages"}],"about":[{"href":"https:\/\/www.iberbibliotecas.org\/por\/wp-json\/wp\/v2\/types\/page"}],"author":[{"embeddable":true,"href":"https:\/\/www.iberbibliotecas.org\/por\/wp-json\/wp\/v2\/users\/1"}],"replies":[{"embeddable":true,"href":"https:\/\/www.iberbibliotecas.org\/por\/wp-json\/wp\/v2\/comments?post=662"}],"version-history":[{"count":346,"href":"https:\/\/www.iberbibliotecas.org\/por\/wp-json\/wp\/v2\/pages\/662\/revisions"}],"predecessor-version":[{"id":22889,"href":"https:\/\/www.iberbibliotecas.org\/por\/wp-json\/wp\/v2\/pages\/662\/revisions\/22889"}],"wp:featuredmedia":[{"embeddable":true,"href":"https:\/\/www.iberbibliotecas.org\/por\/wp-json\/wp\/v2\/media\/19875"}],"wp:attachment":[{"href":"https:\/\/www.iberbibliotecas.org\/por\/wp-json\/wp\/v2\/media?parent=662"}],"curies":[{"name":"wp","href":"https:\/\/api.w.org\/{rel}","templated":true}]}}