{"id":685,"date":"2025-07-07T19:39:44","date_gmt":"2025-07-08T00:39:44","guid":{"rendered":"http:\/\/34.125.232.78\/?page_id=685"},"modified":"2026-04-18T20:59:50","modified_gmt":"2026-04-19T01:59:50","slug":"pasantias","status":"publish","type":"page","link":"https:\/\/www.iberbibliotecas.org\/por\/pasantias\/","title":{"rendered":"Concurso de Est\u00e1gios Internacionais"},"content":{"rendered":"<div data-elementor-type=\"wp-page\" data-elementor-id=\"685\" class=\"elementor elementor-685\">\n\t\t\t\t\t\t<div class=\"elementor-inner\">\n\t\t\t\t<div class=\"elementor-section-wrap\">\n\t\t\t\t\t\t\t\t\t<section class=\"elementor-section elementor-top-section elementor-element elementor-element-22466d2 elementor-hidden-desktop elementor-hidden-tablet elementor-section-boxed elementor-section-height-default elementor-section-height-default\" data-id=\"22466d2\" data-element_type=\"section\">\n\t\t\t\t\t\t<div class=\"elementor-container elementor-column-gap-default\">\n\t\t\t\t\t\t\t<div class=\"elementor-row\">\n\t\t\t\t\t<div class=\"elementor-column elementor-col-100 elementor-top-column elementor-element elementor-element-3b5a2f8\" data-id=\"3b5a2f8\" data-element_type=\"column\">\n\t\t\t<div class=\"elementor-column-wrap elementor-element-populated\">\n\t\t\t\t\t\t\t<div class=\"elementor-widget-wrap\">\n\t\t\t\t\t\t<div class=\"elementor-element elementor-element-eae7a9b elementor-widget elementor-widget-image\" data-id=\"eae7a9b\" data-element_type=\"widget\" data-widget_type=\"image.default\">\n\t\t\t\t<div class=\"elementor-widget-container\">\n\t\t\t\t\t\t\t\t<div class=\"elementor-image\">\n\t\t\t\t\t\t\t\t\t\t\t\t<img decoding=\"async\" width=\"1200\" height=\"1200\" src=\"https:\/\/www.iberbibliotecas.org\/wp-content\/uploads\/2024\/06\/Estagio2024_imagemgeral.png\" class=\"attachment-full size-full\" alt=\"\" loading=\"lazy\" srcset=\"https:\/\/www.iberbibliotecas.org\/wp-content\/uploads\/2024\/06\/Estagio2024_imagemgeral.png 1200w, https:\/\/www.iberbibliotecas.org\/wp-content\/uploads\/2024\/06\/Estagio2024_imagemgeral-300x300.png 300w, https:\/\/www.iberbibliotecas.org\/wp-content\/uploads\/2024\/06\/Estagio2024_imagemgeral-1024x1024.png 1024w, https:\/\/www.iberbibliotecas.org\/wp-content\/uploads\/2024\/06\/Estagio2024_imagemgeral-150x150.png 150w, https:\/\/www.iberbibliotecas.org\/wp-content\/uploads\/2024\/06\/Estagio2024_imagemgeral-768x768.png 768w, https:\/\/www.iberbibliotecas.org\/wp-content\/uploads\/2024\/06\/Estagio2024_imagemgeral-12x12.png 12w, https:\/\/www.iberbibliotecas.org\/wp-content\/uploads\/2024\/06\/Estagio2024_imagemgeral-100x100.png 100w\" sizes=\"100vw\" \/>\t\t\t\t\t\t\t\t\t\t\t\t\t\t<\/div>\n\t\t\t\t\t\t<\/div>\n\t\t\t\t<\/div>\n\t\t\t\t\t\t<\/div>\n\t\t\t\t\t<\/div>\n\t\t<\/div>\n\t\t\t\t\t\t\t\t<\/div>\n\t\t\t\t\t<\/div>\n\t\t<\/section>\n\t\t\t\t<section class=\"elementor-section elementor-top-section elementor-element elementor-element-9e1455b elementor-section-boxed elementor-section-height-default elementor-section-height-default\" data-id=\"9e1455b\" data-element_type=\"section\">\n\t\t\t\t\t\t<div class=\"elementor-container elementor-column-gap-default\">\n\t\t\t\t\t\t\t<div class=\"elementor-row\">\n\t\t\t\t\t<div class=\"elementor-column elementor-col-50 elementor-top-column elementor-element elementor-element-0e42a65\" data-id=\"0e42a65\" data-element_type=\"column\">\n\t\t\t<div class=\"elementor-column-wrap elementor-element-populated\">\n\t\t\t\t\t\t\t<div class=\"elementor-widget-wrap\">\n\t\t\t\t\t\t<div class=\"elementor-element elementor-element-ae19cce elementor-widget elementor-widget-html\" data-id=\"ae19cce\" data-element_type=\"widget\" data-widget_type=\"html.default\">\n\t\t\t\t<div class=\"elementor-widget-container\">\n\t\t\t<style>\n#estado-proyecto > div > ul > li:nth-child(1) {\n    visibility: hidden;\n} \n#estado-proyecto > div > ul > li:nth-child(2) {\n    visibility: hidden;\n} \n#estado-proyecto > div > ul > li:nth-child(3) {\n    visibility: visible;\n} \n\n\n<\/style>\n<script>\ndocument.addEventListener('click', function (event) {\n    var formbtn = event.target.getAttribute(\"id\");\n   if(formbtn == \"open-form\"){\n       document.querySelector(\"#file-form\").setAttribute(\"style\",\"display:block\");\n       document.querySelector(\"#open-form\").setAttribute(\"style\",\"display:none\");\n   }\n   if(formbtn == \"close-form\"){\n       document.querySelector(\"#file-form\").setAttribute(\"style\",\"display:none\");\n       document.querySelector(\"#open-form\").setAttribute(\"style\",\"display:block\");\n   }\n    \n});\n    \n\n<\/script>\n\t\t<\/div>\n\t\t\t\t<\/div>\n\t\t\t\t<section class=\"elementor-section elementor-inner-section elementor-element elementor-element-eb367ab elementor-section-boxed elementor-section-height-default elementor-section-height-default\" data-id=\"eb367ab\" data-element_type=\"section\">\n\t\t\t\t\t\t<div class=\"elementor-container elementor-column-gap-default\">\n\t\t\t\t\t\t\t<div class=\"elementor-row\">\n\t\t\t\t\t<div class=\"elementor-column elementor-col-100 elementor-inner-column elementor-element elementor-element-2266b8a\" data-id=\"2266b8a\" data-element_type=\"column\">\n\t\t\t<div class=\"elementor-column-wrap elementor-element-populated\">\n\t\t\t\t\t\t\t<div class=\"elementor-widget-wrap\">\n\t\t\t\t\t\t<div class=\"elementor-element elementor-element-f8e4208 elementor-icon-list--layout-inline elementor-align-left elementor-list-item-link-full_width elementor-widget elementor-widget-icon-list\" data-id=\"f8e4208\" data-element_type=\"widget\" id=\"estado-proyecto\" data-widget_type=\"icon-list.default\">\n\t\t\t\t<div class=\"elementor-widget-container\">\n\t\t\t\t\t<ul class=\"elementor-icon-list-items elementor-inline-items\">\n\t\t\t\t\t\t\t<li class=\"elementor-icon-list-item elementor-inline-item\">\n\t\t\t\t\t\t\t\t\t\t\t<span class=\"elementor-icon-list-icon\">\n\t\t\t\t\t\t\t<i aria-hidden=\"true\" class=\"fas fa-circle\"><\/i>\t\t\t\t\t\t<\/span>\n\t\t\t\t\t\t\t\t\t\t<span class=\"elementor-icon-list-text\"><\/span>\n\t\t\t\t\t\t\t\t\t<\/li>\n\t\t\t\t\t\t\t\t<li class=\"elementor-icon-list-item elementor-inline-item\">\n\t\t\t\t\t\t\t\t\t\t\t<span class=\"elementor-icon-list-icon\">\n\t\t\t\t\t\t\t<i aria-hidden=\"true\" class=\"fas fa-circle\"><\/i>\t\t\t\t\t\t<\/span>\n\t\t\t\t\t\t\t\t\t\t<span class=\"elementor-icon-list-text\"><\/span>\n\t\t\t\t\t\t\t\t\t<\/li>\n\t\t\t\t\t\t\t\t<li class=\"elementor-icon-list-item elementor-inline-item\">\n\t\t\t\t\t\t\t\t\t\t\t<span class=\"elementor-icon-list-icon\">\n\t\t\t\t\t\t\t<i aria-hidden=\"true\" class=\"fas fa-circle\"><\/i>\t\t\t\t\t\t<\/span>\n\t\t\t\t\t\t\t\t\t\t<span class=\"elementor-icon-list-text\"><\/span>\n\t\t\t\t\t\t\t\t\t<\/li>\n\t\t\t\t\t\t<\/ul>\n\t\t\t\t<\/div>\n\t\t\t\t<\/div>\n\t\t\t\t<div class=\"elementor-element elementor-element-6b1fa01 elementor-icon-list--layout-inline elementor-align-left elementor-list-item-link-full_width elementor-widget elementor-widget-icon-list\" data-id=\"6b1fa01\" data-element_type=\"widget\" data-widget_type=\"icon-list.default\">\n\t\t\t\t<div class=\"elementor-widget-container\">\n\t\t\t\t\t<ul class=\"elementor-icon-list-items elementor-inline-items\">\n\t\t\t\t\t\t\t<li class=\"elementor-icon-list-item elementor-inline-item\">\n\t\t\t\t\t\t\t\t\t\t<span class=\"elementor-icon-list-text\">Concurso abierto<\/span>\n\t\t\t\t\t\t\t\t\t<\/li>\n\t\t\t\t\t\t\t\t<li class=\"elementor-icon-list-item elementor-inline-item\">\n\t\t\t\t\t\t\t\t\t\t<span class=\"elementor-icon-list-text\">Avalia\u00e7\u00e3o<\/span>\n\t\t\t\t\t\t\t\t\t<\/li>\n\t\t\t\t\t\t\t\t<li class=\"elementor-icon-list-item elementor-inline-item\">\n\t\t\t\t\t\t\t\t\t\t<span class=\"elementor-icon-list-text\">Encerramento<\/span>\n\t\t\t\t\t\t\t\t\t<\/li>\n\t\t\t\t\t\t<\/ul>\n\t\t\t\t<\/div>\n\t\t\t\t<\/div>\n\t\t\t\t\t\t<\/div>\n\t\t\t\t\t<\/div>\n\t\t<\/div>\n\t\t\t\t\t\t\t\t<\/div>\n\t\t\t\t\t<\/div>\n\t\t<\/section>\n\t\t\t\t<div class=\"elementor-element elementor-element-bcc86de elementor-widget elementor-widget-heading\" data-id=\"bcc86de\" data-element_type=\"widget\" data-widget_type=\"heading.default\">\n\t\t\t\t<div class=\"elementor-widget-container\">\n\t\t\t<h2 class=\"elementor-heading-title elementor-size-default\">7\u00ba Est\u00e1gio Internacional 2025<\/h2>\t\t<\/div>\n\t\t\t\t<\/div>\n\t\t\t\t<div class=\"elementor-element elementor-element-4e13896 elementor-widget elementor-widget-text-editor\" data-id=\"4e13896\" data-element_type=\"widget\" data-widget_type=\"text-editor.default\">\n\t\t\t\t<div class=\"elementor-widget-container\">\n\t\t\t\t\t\t\t\t<div class=\"elementor-text-editor elementor-clearfix\">\n\t\t\t\t<p>Com o objetivo de contribuir para o desenvolvimento profissional de pessoas que trabalham em bibliotecas e que possam enfrentar os desafios que as bibliotecas p\u00fablicas e comunit\u00e1rias apresentam na regi\u00e3o ibero-americana, o Programa Ibero-Americano de Bibliotecas P\u00fablicas, <strong>Iberbibliotecas<\/strong>, apresenta seu programa de Est\u00e1gio Internacional voltado para pessoas que trabalham em bibliotecas p\u00fablicas e comunit\u00e1rias nos pa\u00edses e cidades membros. As pessoas escolhidas poder\u00e3o melhorar suas habilidades profissionais, comunica\u00e7\u00e3o e colabora\u00e7\u00e3o entre profissionais de bibliotecas ibero-americanas<\/p><p>Todos os anos, o Programa Iberbibliotecas seleciona um pa\u00eds membro para realizar o Est\u00e1gio e apoia pessoas que trabalham em bibliotecas de cada um dos membros ativos do Iberbibliotecas, em n\u00famero de acordo com os recursos destinados cada ano para a convocat\u00f3ria.<\/p>\t\t\t\t\t<\/div>\n\t\t\t\t\t\t<\/div>\n\t\t\t\t<\/div>\n\t\t\t\t\t\t<\/div>\n\t\t\t\t\t<\/div>\n\t\t<\/div>\n\t\t\t\t<div class=\"elementor-column elementor-col-50 elementor-top-column elementor-element elementor-element-4651c9a elementor-hidden-phone\" data-id=\"4651c9a\" data-element_type=\"column\">\n\t\t\t<div class=\"elementor-column-wrap elementor-element-populated\">\n\t\t\t\t\t\t\t<div class=\"elementor-widget-wrap\">\n\t\t\t\t\t\t<div class=\"elementor-element elementor-element-cd4256c elementor-widget elementor-widget-image\" data-id=\"cd4256c\" data-element_type=\"widget\" data-widget_type=\"image.default\">\n\t\t\t\t<div class=\"elementor-widget-container\">\n\t\t\t\t\t\t\t\t<div class=\"elementor-image\">\n\t\t\t\t\t\t\t\t\t\t\t\t<img decoding=\"async\" width=\"1080\" height=\"1350\" src=\"https:\/\/www.iberbibliotecas.org\/wp-content\/uploads\/2025\/09\/pasantia-2-9.png\" class=\"attachment-full size-full\" alt=\"\" loading=\"lazy\" srcset=\"https:\/\/www.iberbibliotecas.org\/wp-content\/uploads\/2025\/09\/pasantia-2-9.png 1080w, https:\/\/www.iberbibliotecas.org\/wp-content\/uploads\/2025\/09\/pasantia-2-9-240x300.png 240w, https:\/\/www.iberbibliotecas.org\/wp-content\/uploads\/2025\/09\/pasantia-2-9-819x1024.png 819w, https:\/\/www.iberbibliotecas.org\/wp-content\/uploads\/2025\/09\/pasantia-2-9-768x960.png 768w, https:\/\/www.iberbibliotecas.org\/wp-content\/uploads\/2025\/09\/pasantia-2-9-10x12.png 10w\" sizes=\"100vw\" \/>\t\t\t\t\t\t\t\t\t\t\t\t\t\t<\/div>\n\t\t\t\t\t\t<\/div>\n\t\t\t\t<\/div>\n\t\t\t\t\t\t<\/div>\n\t\t\t\t\t<\/div>\n\t\t<\/div>\n\t\t\t\t\t\t\t\t<\/div>\n\t\t\t\t\t<\/div>\n\t\t<\/section>\n\t\t\t\t<section class=\"elementor-section elementor-top-section elementor-element elementor-element-f50fa3d elementor-section-boxed elementor-section-height-default elementor-section-height-default\" data-id=\"f50fa3d\" data-element_type=\"section\">\n\t\t\t\t\t\t<div class=\"elementor-container elementor-column-gap-default\">\n\t\t\t\t\t\t\t<div class=\"elementor-row\">\n\t\t\t\t\t<div class=\"elementor-column elementor-col-33 elementor-top-column elementor-element elementor-element-e8d7e1c\" data-id=\"e8d7e1c\" data-element_type=\"column\">\n\t\t\t<div class=\"elementor-column-wrap elementor-element-populated\">\n\t\t\t\t\t\t\t<div class=\"elementor-widget-wrap\">\n\t\t\t\t\t\t<div class=\"elementor-element elementor-element-f0bb7f5 elementor-align-center elementor-widget elementor-widget-button\" data-id=\"f0bb7f5\" data-element_type=\"widget\" data-widget_type=\"button.default\">\n\t\t\t\t<div class=\"elementor-widget-container\">\n\t\t\t\t\t<div class=\"elementor-button-wrapper\">\n\t\t\t<a href=\"https:\/\/www.iberbibliotecas.org\/wp-content\/uploads\/2025\/10\/Lista-de-seleccion_Pasantia2025_Esp_7Oct.pdf\" target=\"_blank\" class=\"elementor-button-link elementor-button elementor-size-md\" role=\"button\">\n\t\t\t\t\t\t<span class=\"elementor-button-content-wrapper\">\n\t\t\t\t\t\t\t<span class=\"elementor-button-icon elementor-align-icon-right\">\n\t\t\t\t<i aria-hidden=\"true\" class=\"fas fa-download\"><\/i>\t\t\t<\/span>\n\t\t\t\t\t\t<span class=\"elementor-button-text\">Pessoas selecionadas<\/span>\n\t\t<\/span>\n\t\t\t\t\t<\/a>\n\t\t<\/div>\n\t\t\t\t<\/div>\n\t\t\t\t<\/div>\n\t\t\t\t\t\t<\/div>\n\t\t\t\t\t<\/div>\n\t\t<\/div>\n\t\t\t\t<div class=\"elementor-column elementor-col-33 elementor-top-column elementor-element elementor-element-c3a351a\" data-id=\"c3a351a\" data-element_type=\"column\">\n\t\t\t<div class=\"elementor-column-wrap elementor-element-populated\">\n\t\t\t\t\t\t\t<div class=\"elementor-widget-wrap\">\n\t\t\t\t\t\t<div class=\"elementor-element elementor-element-c8b40d6 elementor-align-center elementor-widget elementor-widget-button\" data-id=\"c8b40d6\" data-element_type=\"widget\" data-settings=\"{&quot;enabled_visibility&quot;:&quot;yes&quot;}\" data-widget_type=\"button.default\">\n\t\t\t\t<div class=\"elementor-widget-container\">\n\t\t\t\t\t<div class=\"elementor-button-wrapper\">\n\t\t\t<a href=\"https:\/\/www.iberbibliotecas.org\/wp-content\/uploads\/2025\/06\/Apresentacao-e-agenda_Estagio_por.pdf\" target=\"_blank\" class=\"elementor-button-link elementor-button elementor-size-md\" role=\"button\">\n\t\t\t\t\t\t<span class=\"elementor-button-content-wrapper\">\n\t\t\t\t\t\t\t<span class=\"elementor-button-icon elementor-align-icon-right\">\n\t\t\t\t<i aria-hidden=\"true\" class=\"fas fa-download\"><\/i>\t\t\t<\/span>\n\t\t\t\t\t\t<span class=\"elementor-button-text\">Agenda de Est\u00e1gio<\/span>\n\t\t<\/span>\n\t\t\t\t\t<\/a>\n\t\t<\/div>\n\t\t\t\t<\/div>\n\t\t\t\t<\/div>\n\t\t\t\t\t\t<\/div>\n\t\t\t\t\t<\/div>\n\t\t<\/div>\n\t\t\t\t<div class=\"elementor-column elementor-col-33 elementor-top-column elementor-element elementor-element-fb1d15b\" data-id=\"fb1d15b\" data-element_type=\"column\">\n\t\t\t<div class=\"elementor-column-wrap elementor-element-populated\">\n\t\t\t\t\t\t\t<div class=\"elementor-widget-wrap\">\n\t\t\t\t<!--DCE VISIBILITY HIDDEN WIDGET-->\t\t<div class=\"dce-visibility-widget-hidden elementor-element elementor-element-0834835 elementor-align-center elementor-widget elementor-widget-button\" data-id=\"0834835\" data-element_type=\"widget\" data-settings=\"{&quot;enabled_visibility&quot;:&quot;yes&quot;}\" data-widget_type=\"button.default\">\n\t\t\t\t<div class=\"elementor-widget-container\">\n\t\t\t\t\t<\/div>\n\t\t\t\t<\/div>\n\t\t\t\t\t\t<\/div>\n\t\t\t\t\t<\/div>\n\t\t<\/div>\n\t\t\t\t\t\t\t\t<\/div>\n\t\t\t\t\t<\/div>\n\t\t<\/section>\n\t\t\t\t<section class=\"elementor-section elementor-top-section elementor-element elementor-element-0a89300 elementor-section-boxed elementor-section-height-default elementor-section-height-default\" data-id=\"0a89300\" data-element_type=\"section\">\n\t\t\t\t\t\t<div class=\"elementor-container elementor-column-gap-default\">\n\t\t\t\t\t\t\t<div class=\"elementor-row\">\n\t\t\t\t\t<div class=\"elementor-column elementor-col-50 elementor-top-column elementor-element elementor-element-a9e490d\" data-id=\"a9e490d\" data-element_type=\"column\">\n\t\t\t<div class=\"elementor-column-wrap\">\n\t\t\t\t\t\t\t<div class=\"elementor-widget-wrap\">\n\t\t\t\t\t\t\t\t<\/div>\n\t\t\t\t\t<\/div>\n\t\t<\/div>\n\t\t\t\t<div class=\"elementor-column elementor-col-50 elementor-top-column elementor-element elementor-element-4529a55\" data-id=\"4529a55\" data-element_type=\"column\">\n\t\t\t<div class=\"elementor-column-wrap elementor-element-populated\">\n\t\t\t\t\t\t\t<div class=\"elementor-widget-wrap\">\n\t\t\t\t\t\t<div class=\"elementor-element elementor-element-5a6ab3c elementor-widget-divider--view-line elementor-widget elementor-widget-divider\" data-id=\"5a6ab3c\" data-element_type=\"widget\" data-widget_type=\"divider.default\">\n\t\t\t\t<div class=\"elementor-widget-container\">\n\t\t\t\t\t<div class=\"elementor-divider\">\n\t\t\t<span class=\"elementor-divider-separator\">\n\t\t\t\t\t\t<\/span>\n\t\t<\/div>\n\t\t\t\t<\/div>\n\t\t\t\t<\/div>\n\t\t\t\t<div class=\"elementor-element elementor-element-2a4e0a4 elementor-hidden-desktop elementor-hidden-tablet elementor-widget elementor-widget-heading\" data-id=\"2a4e0a4\" data-element_type=\"widget\" data-widget_type=\"heading.default\">\n\t\t\t\t<div class=\"elementor-widget-container\">\n\t\t\t<h2 class=\"elementor-heading-title elementor-size-default\">Deslize<\/h2>\t\t<\/div>\n\t\t\t\t<\/div>\n\t\t\t\t<div class=\"elementor-element elementor-element-0b1e8e4 elementor-widget-mobile__width-initial elementor-hidden-desktop elementor-hidden-tablet elementor-widget elementor-widget-heading\" data-id=\"0b1e8e4\" data-element_type=\"widget\" data-widget_type=\"heading.default\">\n\t\t\t\t<div class=\"elementor-widget-container\">\n\t\t\t<h2 class=\"elementor-heading-title elementor-size-default\">Deslize<\/h2>\t\t<\/div>\n\t\t\t\t<\/div>\n\t\t\t\t<div class=\"elementor-element elementor-element-b93f309 elementor-widget-mobile__width-initial elementor-hidden-desktop elementor-hidden-tablet elementor-view-default elementor-widget elementor-widget-icon\" data-id=\"b93f309\" data-element_type=\"widget\" data-widget_type=\"icon.default\">\n\t\t\t\t<div class=\"elementor-widget-container\">\n\t\t\t\t\t<div class=\"elementor-icon-wrapper\">\n\t\t\t<div class=\"elementor-icon\">\n\t\t\t<i aria-hidden=\"true\" class=\"fas fa-angle-double-right\"><\/i>\t\t\t<\/div>\n\t\t<\/div>\n\t\t\t\t<\/div>\n\t\t\t\t<\/div>\n\t\t\t\t<div class=\"elementor-element elementor-element-51ca2aa elementor-widget-mobile__width-initial elementor-hidden-desktop elementor-hidden-tablet elementor-view-default elementor-widget elementor-widget-icon\" data-id=\"51ca2aa\" data-element_type=\"widget\" data-widget_type=\"icon.default\">\n\t\t\t\t<div class=\"elementor-widget-container\">\n\t\t\t\t\t<div class=\"elementor-icon-wrapper\">\n\t\t\t<div class=\"elementor-icon\">\n\t\t\t<i aria-hidden=\"true\" class=\"fas fa-angle-double-right\"><\/i>\t\t\t<\/div>\n\t\t<\/div>\n\t\t\t\t<\/div>\n\t\t\t\t<\/div>\n\t\t\t\t<div class=\"elementor-element elementor-element-8090b2a elementor-widget-mobile__width-initial elementor-hidden-desktop elementor-hidden-tablet elementor-view-default elementor-widget elementor-widget-icon\" data-id=\"8090b2a\" data-element_type=\"widget\" data-widget_type=\"icon.default\">\n\t\t\t\t<div class=\"elementor-widget-container\">\n\t\t\t\t\t<div class=\"elementor-icon-wrapper\">\n\t\t\t<div class=\"elementor-icon\">\n\t\t\t<i aria-hidden=\"true\" class=\"fas fa-angle-double-right\"><\/i>\t\t\t<\/div>\n\t\t<\/div>\n\t\t\t\t<\/div>\n\t\t\t\t<\/div>\n\t\t\t\t<div class=\"elementor-element elementor-element-fde2335 elementor-hidden-desktop elementor-hidden-tablet elementor-widget elementor-widget-lae-tab-slider\" data-id=\"fde2335\" data-element_type=\"widget\" data-widget_type=\"lae-tab-slider.default\">\n\t\t\t\t<div class=\"elementor-widget-container\">\n\t\t\t\n<div class=\"lae-tab-slider lae-style1\"\n                                     data-settings='{\"autoplay\":false,\"autoplay_speed\":0,\"animation_speed\":300,\"pause_on_hover\":false,\"pause_on_focus\":false,\"infinite_looping\":true,\"adaptive_height\":true}'>\n\n    \n        \n        \n<div class=\"lae-tab-slide\">\n\n    <div class=\"lae-tab-slide-nav\">\n\n        <span class=\"lae-tab-title\">Introdu\u00e7\u00e3o<\/span>\n\n    <\/div>\n\n    <div class=\"lae-tab-slide-content\">\n\n        <p>Introdu\u00e7\u00e3o<\/p><p>\t\t<div data-elementor-type=\"page\" data-elementor-id=\"4915\" class=\"elementor elementor-4915\">\n\t\t\t\t\t\t<div class=\"elementor-inner\">\n\t\t\t\t<div class=\"elementor-section-wrap\">\n\t\t\t\t\t\t\t\t\t<section class=\"elementor-section elementor-top-section elementor-element elementor-element-35467e7 elementor-section-boxed elementor-section-height-default elementor-section-height-default\" data-id=\"35467e7\" data-element_type=\"section\">\n\t\t\t\t\t\t<div class=\"elementor-container elementor-column-gap-default\">\n\t\t\t\t\t\t\t<div class=\"elementor-row\">\n\t\t\t\t\t<div class=\"elementor-column elementor-col-100 elementor-top-column elementor-element elementor-element-a24273e\" data-id=\"a24273e\" data-element_type=\"column\">\n\t\t\t<div class=\"elementor-column-wrap\">\n\t\t\t\t\t\t\t<div class=\"elementor-widget-wrap\">\n\t\t\t\t\t\t\t\t<\/div>\n\t\t\t\t\t<\/div>\n\t\t<\/div>\n\t\t\t\t\t\t\t\t<\/div>\n\t\t\t\t\t<\/div>\n\t\t<\/section>\n\t\t\t\t<section class=\"elementor-section elementor-top-section elementor-element elementor-element-01c61b2 elementor-section-boxed elementor-section-height-default elementor-section-height-default\" data-id=\"01c61b2\" data-element_type=\"section\">\n\t\t\t\t\t\t<div class=\"elementor-container elementor-column-gap-default\">\n\t\t\t\t\t\t\t<div class=\"elementor-row\">\n\t\t\t\t\t<div class=\"elementor-column elementor-col-50 elementor-top-column elementor-element elementor-element-90fc9e3\" data-id=\"90fc9e3\" data-element_type=\"column\">\n\t\t\t<div class=\"elementor-column-wrap elementor-element-populated\">\n\t\t\t\t\t\t\t<div class=\"elementor-widget-wrap\">\n\t\t\t\t\t\t<div class=\"elementor-element elementor-element-466851a elementor-widget elementor-widget-heading\" data-id=\"466851a\" data-element_type=\"widget\" data-widget_type=\"heading.default\">\n\t\t\t\t<div class=\"elementor-widget-container\">\n\t\t\t<h2 class=\"elementor-heading-title elementor-size-default\">1 &#8211; Introducci\u00f3n<\/h2>\t\t<\/div>\n\t\t\t\t<\/div>\n\t\t\t\t<div class=\"elementor-element elementor-element-9953332 elementor-widget elementor-widget-text-editor\" data-id=\"9953332\" data-element_type=\"widget\" data-widget_type=\"text-editor.default\">\n\t\t\t\t<div class=\"elementor-widget-container\">\n\t\t\t\t\t\t\t\t<div class=\"elementor-text-editor elementor-clearfix\">\n\t\t\t\t<p>Com o objetivo de contribuir para o desenvolvimento profissional de pessoas que trabalham em bibliotecas e que possam enfrentar os desafios que as bibliotecas p\u00fablicas e comunit\u00e1rias apresentam na regi\u00e3o ibero-americana, o Programa Ibero-Americano de Bibliotecas P\u00fablicas, <strong>Iberbibliotecas<\/strong>, apresenta seu programa de Est\u00e1gio Internacional voltado para pessoas que trabalham em bibliotecas p\u00fablicas e comunit\u00e1rias nos pa\u00edses e cidades membros. As pessoas escolhidas poder\u00e3o melhorar suas habilidades profissionais, comunica\u00e7\u00e3o e colabora\u00e7\u00e3o entre profissionais de bibliotecas ibero-americanas<\/p><p>Todos os anos, o Programa Iberbibliotecas seleciona um pa\u00eds membro para realizar o Est\u00e1gio e apoia pessoas que trabalham em bibliotecas de cada um dos membros ativos do Iberbibliotecas, em n\u00famero de acordo com os recursos destinados cada ano para a convocat\u00f3ria.<\/p>\t\t\t\t\t<\/div>\n\t\t\t\t\t\t<\/div>\n\t\t\t\t<\/div>\n\t\t\t\t\t\t<\/div>\n\t\t\t\t\t<\/div>\n\t\t<\/div>\n\t\t\t\t<div class=\"elementor-column elementor-col-50 elementor-top-column elementor-element elementor-element-234aaf6\" data-id=\"234aaf6\" data-element_type=\"column\">\n\t\t\t<div class=\"elementor-column-wrap elementor-element-populated\">\n\t\t\t\t\t\t\t<div class=\"elementor-widget-wrap\">\n\t\t\t\t\t\t<div class=\"elementor-element elementor-element-f41a7d4 elementor-widget elementor-widget-image\" data-id=\"f41a7d4\" data-element_type=\"widget\" data-widget_type=\"image.default\">\n\t\t\t\t<div class=\"elementor-widget-container\">\n\t\t\t\t\t\t\t\t<div class=\"elementor-image\">\n\t\t\t\t\t\t\t\t\t\t\t\t<img decoding=\"async\" width=\"525\" height=\"350\" src=\"https:\/\/www.iberbibliotecas.org\/wp-content\/uploads\/2025\/06\/54406809478_2cde252662_o-1024x683.jpg\" class=\"attachment-large size-large\" alt=\"grupo\" loading=\"lazy\" srcset=\"https:\/\/www.iberbibliotecas.org\/wp-content\/uploads\/2025\/06\/54406809478_2cde252662_o-1024x683.jpg 1024w, https:\/\/www.iberbibliotecas.org\/wp-content\/uploads\/2025\/06\/54406809478_2cde252662_o-300x200.jpg 300w, https:\/\/www.iberbibliotecas.org\/wp-content\/uploads\/2025\/06\/54406809478_2cde252662_o-768x512.jpg 768w, https:\/\/www.iberbibliotecas.org\/wp-content\/uploads\/2025\/06\/54406809478_2cde252662_o-1536x1024.jpg 1536w, https:\/\/www.iberbibliotecas.org\/wp-content\/uploads\/2025\/06\/54406809478_2cde252662_o-2048x1365.jpg 2048w, https:\/\/www.iberbibliotecas.org\/wp-content\/uploads\/2025\/06\/54406809478_2cde252662_o-18x12.jpg 18w\" sizes=\"100vw\" \/>\t\t\t\t\t\t\t\t\t\t\t\t\t\t<\/div>\n\t\t\t\t\t\t<\/div>\n\t\t\t\t<\/div>\n\t\t\t\t\t\t<\/div>\n\t\t\t\t\t<\/div>\n\t\t<\/div>\n\t\t\t\t\t\t\t\t<\/div>\n\t\t\t\t\t<\/div>\n\t\t<\/section>\n\t\t\t\t\t\t\t\t\t<\/div>\n\t\t\t<\/div>\n\t\t\t\t\t<\/div>\n\t\t<\/p>\n    <\/div>\n\n<\/div><!-- .lae-tab-slide -->\n\n    \n        \n        \n<div class=\"lae-tab-slide\">\n\n    <div class=\"lae-tab-slide-nav\">\n\n        <span class=\"lae-tab-title\">Est\u00e1gio<\/span>\n\n    <\/div>\n\n    <div class=\"lae-tab-slide-content\">\n\n        <p>Est\u00e1gio<\/p><p>\t\t<div data-elementor-type=\"page\" data-elementor-id=\"4918\" class=\"elementor elementor-4918\">\n\t\t\t\t\t\t<div class=\"elementor-inner\">\n\t\t\t\t<div class=\"elementor-section-wrap\">\n\t\t\t\t\t\t\t\t\t<section class=\"elementor-section elementor-top-section elementor-element elementor-element-a4aced1 elementor-section-boxed elementor-section-height-default elementor-section-height-default\" data-id=\"a4aced1\" data-element_type=\"section\">\n\t\t\t\t\t\t<div class=\"elementor-container elementor-column-gap-default\">\n\t\t\t\t\t\t\t<div class=\"elementor-row\">\n\t\t\t\t\t<div class=\"elementor-column elementor-col-50 elementor-top-column elementor-element elementor-element-346be83\" data-id=\"346be83\" data-element_type=\"column\">\n\t\t\t<div class=\"elementor-column-wrap elementor-element-populated\">\n\t\t\t\t\t\t\t<div class=\"elementor-widget-wrap\">\n\t\t\t\t\t\t<div class=\"elementor-element elementor-element-466851a elementor-widget elementor-widget-heading\" data-id=\"466851a\" data-element_type=\"widget\" data-widget_type=\"heading.default\">\n\t\t\t\t<div class=\"elementor-widget-container\">\n\t\t\t<h2 class=\"elementor-heading-title elementor-size-default\">2 &#8211; Pasant\u00eda<\/h2>\t\t<\/div>\n\t\t\t\t<\/div>\n\t\t\t\t<div class=\"elementor-element elementor-element-9953332 elementor-widget elementor-widget-text-editor\" data-id=\"9953332\" data-element_type=\"widget\" data-widget_type=\"text-editor.default\">\n\t\t\t\t<div class=\"elementor-widget-container\">\n\t\t\t\t\t\t\t\t<div class=\"elementor-text-editor elementor-clearfix\">\n\t\t\t\t<p><span style=\"color: #000080;\"><strong>Lugar<\/strong><\/span>: Lima, Peru<br \/><span style=\"color: #000080;\"><strong>Data<\/strong><\/span>: 11 a 14 de novembro de 2025<br \/><span style=\"color: #000080;\"><strong>Tema<\/strong><\/span>: <strong>Mulheres na Mem\u00f3ria: reflex\u00f5es e a\u00e7\u00f5es das bibliotecas em torno ao Patrim\u00f4nio Documental Feminino<\/strong><\/p><p>O est\u00e1gio internacional \"Mulheres na Mem\u00f3ria: reflex\u00f5es e a\u00e7\u00f5es das bibliotecas em torno ao Patrim\u00f4nio Documental Feminino\" visa fortalecer as capacidades das estagi\u00e1rias em conserva\u00e7\u00e3o e digitaliza\u00e7\u00e3o, bem como na media\u00e7\u00e3o cultural do patrim\u00f4nio feminino, a fim de replicar a iniciativa em espa\u00e7os colaborativos entre bibliotecas. Al\u00e9m disso, como parte do est\u00e1gio, a import\u00e2ncia de contar com ferramentas de gest\u00e3o alinhadas \u00e0s pol\u00edticas p\u00fablicas contribui para a preserva\u00e7\u00e3o e o acesso gratuito e universal ao patrim\u00f4nio documental que destaca o papel e a atua\u00e7\u00e3o das mulheres na sociedade e \u00e9 salvaguardado nas bibliotecas.<\/p>\t\t\t\t\t<\/div>\n\t\t\t\t\t\t<\/div>\n\t\t\t\t<\/div>\n\t\t\t\t\t\t<\/div>\n\t\t\t\t\t<\/div>\n\t\t<\/div>\n\t\t\t\t<div class=\"elementor-column elementor-col-50 elementor-top-column elementor-element elementor-element-2e49c37\" data-id=\"2e49c37\" data-element_type=\"column\">\n\t\t\t<div class=\"elementor-column-wrap elementor-element-populated\">\n\t\t\t\t\t\t\t<div class=\"elementor-widget-wrap\">\n\t\t\t\t\t\t<div class=\"elementor-element elementor-element-d9aedee elementor-widget elementor-widget-spacer\" data-id=\"d9aedee\" data-element_type=\"widget\" data-widget_type=\"spacer.default\">\n\t\t\t\t<div class=\"elementor-widget-container\">\n\t\t\t\t\t<div class=\"elementor-spacer\">\n\t\t\t<div class=\"elementor-spacer-inner\"><\/div>\n\t\t<\/div>\n\t\t\t\t<\/div>\n\t\t\t\t<\/div>\n\t\t\t\t<div class=\"elementor-element elementor-element-06106d9 elementor-widget elementor-widget-image\" data-id=\"06106d9\" data-element_type=\"widget\" data-widget_type=\"image.default\">\n\t\t\t\t<div class=\"elementor-widget-container\">\n\t\t\t\t\t\t\t\t<div class=\"elementor-image\">\n\t\t\t\t\t\t\t\t\t\t\t\t<img decoding=\"async\" width=\"525\" height=\"352\" src=\"https:\/\/www.iberbibliotecas.org\/wp-content\/uploads\/2025\/06\/Lima-1024x687.jpeg\" class=\"attachment-large size-large\" alt=\"per\u00fa\" loading=\"lazy\" srcset=\"https:\/\/www.iberbibliotecas.org\/wp-content\/uploads\/2025\/06\/Lima-1024x687.jpeg 1024w, https:\/\/www.iberbibliotecas.org\/wp-content\/uploads\/2025\/06\/Lima-300x201.jpeg 300w, https:\/\/www.iberbibliotecas.org\/wp-content\/uploads\/2025\/06\/Lima-768x515.jpeg 768w, https:\/\/www.iberbibliotecas.org\/wp-content\/uploads\/2025\/06\/Lima-18x12.jpeg 18w, https:\/\/www.iberbibliotecas.org\/wp-content\/uploads\/2025\/06\/Lima.jpeg 1280w\" sizes=\"100vw\" \/>\t\t\t\t\t\t\t\t\t\t\t\t\t\t<\/div>\n\t\t\t\t\t\t<\/div>\n\t\t\t\t<\/div>\n\t\t\t\t\t\t<\/div>\n\t\t\t\t\t<\/div>\n\t\t<\/div>\n\t\t\t\t\t\t\t\t<\/div>\n\t\t\t\t\t<\/div>\n\t\t<\/section>\n\t\t\t\t<section class=\"elementor-section elementor-top-section elementor-element elementor-element-89a7687 elementor-section-boxed elementor-section-height-default elementor-section-height-default\" data-id=\"89a7687\" data-element_type=\"section\">\n\t\t\t\t\t\t<div class=\"elementor-container elementor-column-gap-default\">\n\t\t\t\t\t\t\t<div class=\"elementor-row\">\n\t\t\t\t\t<div class=\"elementor-column elementor-col-100 elementor-top-column elementor-element elementor-element-8bcbc1d\" data-id=\"8bcbc1d\" data-element_type=\"column\">\n\t\t\t<div class=\"elementor-column-wrap elementor-element-populated\">\n\t\t\t\t\t\t\t<div class=\"elementor-widget-wrap\">\n\t\t\t\t\t\t<div class=\"elementor-element elementor-element-ff205ec elementor-widget elementor-widget-text-editor\" data-id=\"ff205ec\" data-element_type=\"widget\" data-widget_type=\"text-editor.default\">\n\t\t\t\t<div class=\"elementor-widget-container\">\n\t\t\t\t\t\t\t\t<div class=\"elementor-text-editor elementor-clearfix\">\n\t\t\t\t<p>Este est\u00e1gio faz parte das iniciativas estrat\u00e9gicas da Biblioteca Nacional do Peru (BNP) para preservar, digitalizar e disseminar o acervo documental que reflete a produ\u00e7\u00e3o intelectual feminina no pa\u00eds. Esta iniciativa responde \u00e0 necessidade hist\u00f3rica de revalorizar as contribui\u00e7\u00f5es das mulheres para o desenvolvimento cultural, acad\u00eamico, social e pol\u00edtico da na\u00e7\u00e3o, frequentemente invisibilizadas nos registros tradicionais. Busca contribuir para a redu\u00e7\u00e3o das barreiras de g\u00eanero existentes e a constru\u00e7\u00e3o de uma sociedade mais democr\u00e1tica e inclusiva, com \u00eanfase nos direitos humanos. Para tanto, \u00e9 essencial capacitar profissionais de bibliotecas em t\u00e9cnicas de conserva\u00e7\u00e3o preventiva, restaura\u00e7\u00e3o e digitaliza\u00e7\u00e3o de documentos em papel, bem como desenvolver estrat\u00e9gias para sua inclus\u00e3o em plataformas digitais, promovendo, assim, o acesso aberto e a dissemina\u00e7\u00e3o das vozes, da produ\u00e7\u00e3o e da hist\u00f3ria das mulheres.<\/p>\t\t\t\t\t<\/div>\n\t\t\t\t\t\t<\/div>\n\t\t\t\t<\/div>\n\t\t\t\t<div class=\"elementor-element elementor-element-4895a57 elementor-align-center elementor-widget elementor-widget-button\" data-id=\"4895a57\" data-element_type=\"widget\" data-widget_type=\"button.default\">\n\t\t\t\t<div class=\"elementor-widget-container\">\n\t\t\t\t\t<div class=\"elementor-button-wrapper\">\n\t\t\t<a href=\"https:\/\/www.iberbibliotecas.org\/wp-content\/uploads\/2025\/06\/Pasantia_presentacion_agenda_2025-1.pdf\" target=\"_blank\" class=\"elementor-button-link elementor-button elementor-size-lg\" role=\"button\">\n\t\t\t\t\t\t<span class=\"elementor-button-content-wrapper\">\n\t\t\t\t\t\t<span class=\"elementor-button-text\">Consulte o programa aqui<\/span>\n\t\t<\/span>\n\t\t\t\t\t<\/a>\n\t\t<\/div>\n\t\t\t\t<\/div>\n\t\t\t\t<\/div>\n\t\t\t\t\t\t<\/div>\n\t\t\t\t\t<\/div>\n\t\t<\/div>\n\t\t\t\t\t\t\t\t<\/div>\n\t\t\t\t\t<\/div>\n\t\t<\/section>\n\t\t\t\t\t\t\t\t\t<\/div>\n\t\t\t<\/div>\n\t\t\t\t\t<\/div>\n\t\t<\/p>\n    <\/div>\n\n<\/div><!-- .lae-tab-slide -->\n\n    \n        \n        \n<div class=\"lae-tab-slide\">\n\n    <div class=\"lae-tab-slide-nav\">\n\n        <span class=\"lae-tab-title\">Quem pode participar?<\/span>\n\n    <\/div>\n\n    <div class=\"lae-tab-slide-content\">\n\n        <p>Quem pode participar?<\/p><p>\t\t<div data-elementor-type=\"page\" data-elementor-id=\"4921\" class=\"elementor elementor-4921\">\n\t\t\t\t\t\t<div class=\"elementor-inner\">\n\t\t\t\t<div class=\"elementor-section-wrap\">\n\t\t\t\t\t\t\t\t\t<section class=\"elementor-section elementor-top-section elementor-element elementor-element-2b3d64d elementor-section-boxed elementor-section-height-default elementor-section-height-default\" data-id=\"2b3d64d\" data-element_type=\"section\">\n\t\t\t\t\t\t<div class=\"elementor-container elementor-column-gap-default\">\n\t\t\t\t\t\t\t<div class=\"elementor-row\">\n\t\t\t\t\t<div class=\"elementor-column elementor-col-100 elementor-top-column elementor-element elementor-element-1f019f0\" data-id=\"1f019f0\" data-element_type=\"column\">\n\t\t\t<div class=\"elementor-column-wrap\">\n\t\t\t\t\t\t\t<div class=\"elementor-widget-wrap\">\n\t\t\t\t\t\t\t\t<\/div>\n\t\t\t\t\t<\/div>\n\t\t<\/div>\n\t\t\t\t\t\t\t\t<\/div>\n\t\t\t\t\t<\/div>\n\t\t<\/section>\n\t\t\t\t<section class=\"elementor-section elementor-top-section elementor-element elementor-element-ac71a8d elementor-section-boxed elementor-section-height-default elementor-section-height-default\" data-id=\"ac71a8d\" data-element_type=\"section\">\n\t\t\t\t\t\t<div class=\"elementor-container elementor-column-gap-default\">\n\t\t\t\t\t\t\t<div class=\"elementor-row\">\n\t\t\t\t\t<div class=\"elementor-column elementor-col-50 elementor-top-column elementor-element elementor-element-f52790d\" data-id=\"f52790d\" data-element_type=\"column\">\n\t\t\t<div class=\"elementor-column-wrap elementor-element-populated\">\n\t\t\t\t\t\t\t<div class=\"elementor-widget-wrap\">\n\t\t\t\t\t\t<div class=\"elementor-element elementor-element-466851a elementor-widget elementor-widget-heading\" data-id=\"466851a\" data-element_type=\"widget\" data-widget_type=\"heading.default\">\n\t\t\t\t<div class=\"elementor-widget-container\">\n\t\t\t<h2 class=\"elementor-heading-title elementor-size-default\">3. Quem pode participar? <\/h2>\t\t<\/div>\n\t\t\t\t<\/div>\n\t\t\t\t<div class=\"elementor-element elementor-element-4e20895 elementor-widget elementor-widget-heading\" data-id=\"4e20895\" data-element_type=\"widget\" data-widget_type=\"heading.default\">\n\t\t\t\t<div class=\"elementor-widget-container\">\n\t\t\t<h2 class=\"elementor-heading-title elementor-size-default\">A convocat\u00f3ria \u00e9 aberta para bibliotec\u00e1rios de bibliotecas p\u00fablicas e comunit\u00e1rias dos pa\u00edses e cidades membros do Iberbibliotecas:\n<\/h2>\t\t<\/div>\n\t\t\t\t<\/div>\n\t\t\t\t<div class=\"elementor-element elementor-element-9953332 elementor-widget elementor-widget-text-editor\" data-id=\"9953332\" data-element_type=\"widget\" data-widget_type=\"text-editor.default\">\n\t\t\t\t<div class=\"elementor-widget-container\">\n\t\t\t\t\t\t\t\t<div class=\"elementor-text-editor elementor-clearfix\">\n\t\t\t\t<ol><li><span data-contrast=\"none\">Brasil<\/span><span data-ccp-props=\"{\">\u00a0<\/span><\/li><li><span data-contrast=\"none\">Chile<\/span><span data-ccp-props=\"{\">\u00a0<\/span><\/li><li><span data-contrast=\"none\">Col\u00f4mbia<\/span><span data-ccp-props=\"{\">\u00a0<\/span><\/li><li><span data-contrast=\"none\">Costa Rica<\/span><span data-ccp-props=\"{\">\u00a0<\/span><\/li><li><span data-contrast=\"none\">Equador<\/span><span data-ccp-props=\"{\">\u00a0<\/span><\/li><li>El Salvador<\/li><li><span data-contrast=\"none\">Espanha<\/span><span data-ccp-props=\"{\">\u00a0<\/span><\/li><li><span data-contrast=\"none\">Medellin<\/span><span data-ccp-props=\"{\">\u00a0<\/span><\/li><li>M\u00e9xico<\/li><li>Panam\u00e1<\/li><li><span data-contrast=\"none\">Peru<\/span><span data-ccp-props=\"{\">\u00a0<\/span><\/li><li><span data-contrast=\"none\">Quito<\/span><\/li><\/ol>\t\t\t\t\t<\/div>\n\t\t\t\t\t\t<\/div>\n\t\t\t\t<\/div>\n\t\t\t\t\t\t<\/div>\n\t\t\t\t\t<\/div>\n\t\t<\/div>\n\t\t\t\t<div class=\"elementor-column elementor-col-50 elementor-top-column elementor-element elementor-element-6bd1a66\" data-id=\"6bd1a66\" data-element_type=\"column\">\n\t\t\t<div class=\"elementor-column-wrap elementor-element-populated\">\n\t\t\t\t\t\t\t<div class=\"elementor-widget-wrap\">\n\t\t\t\t\t\t<div class=\"elementor-element elementor-element-f28f19d elementor-widget elementor-widget-spacer\" data-id=\"f28f19d\" data-element_type=\"widget\" data-widget_type=\"spacer.default\">\n\t\t\t\t<div class=\"elementor-widget-container\">\n\t\t\t\t\t<div class=\"elementor-spacer\">\n\t\t\t<div class=\"elementor-spacer-inner\"><\/div>\n\t\t<\/div>\n\t\t\t\t<\/div>\n\t\t\t\t<\/div>\n\t\t\t\t<div class=\"elementor-element elementor-element-5d453b1 elementor-widget__width-initial elementor-widget elementor-widget-image\" data-id=\"5d453b1\" data-element_type=\"widget\" data-widget_type=\"image.default\">\n\t\t\t\t<div class=\"elementor-widget-container\">\n\t\t\t\t\t\t\t\t<div class=\"elementor-image\">\n\t\t\t\t\t\t\t\t\t\t\t\t<img decoding=\"async\" src=\"https:\/\/www.iberbibliotecas.org\/wp-content\/uploads\/2025\/06\/54406809478_2cde252662_o-scaled.jpg\" title=\"54406809478_2cde252662_o\" alt=\"grupo\" \/>\t\t\t\t\t\t\t\t\t\t\t\t\t\t<\/div>\n\t\t\t\t\t\t<\/div>\n\t\t\t\t<\/div>\n\t\t\t\t\t\t<\/div>\n\t\t\t\t\t<\/div>\n\t\t<\/div>\n\t\t\t\t\t\t\t\t<\/div>\n\t\t\t\t\t<\/div>\n\t\t<\/section>\n\t\t\t\t<section class=\"elementor-section elementor-top-section elementor-element elementor-element-4fe15e3 elementor-section-boxed elementor-section-height-default elementor-section-height-default\" data-id=\"4fe15e3\" data-element_type=\"section\">\n\t\t\t\t\t\t<div class=\"elementor-container elementor-column-gap-default\">\n\t\t\t\t\t\t\t<div class=\"elementor-row\">\n\t\t\t\t\t<div class=\"elementor-column elementor-col-100 elementor-top-column elementor-element elementor-element-52cfb4d\" data-id=\"52cfb4d\" data-element_type=\"column\">\n\t\t\t<div class=\"elementor-column-wrap elementor-element-populated\">\n\t\t\t\t\t\t\t<div class=\"elementor-widget-wrap\">\n\t\t\t\t\t\t<div class=\"elementor-element elementor-element-96778b5 elementor-widget elementor-widget-text-editor\" data-id=\"96778b5\" data-element_type=\"widget\" data-widget_type=\"text-editor.default\">\n\t\t\t\t<div class=\"elementor-widget-container\">\n\t\t\t\t\t\t\t\t<div class=\"elementor-text-editor elementor-clearfix\">\n\t\t\t\t<p><strong>As pessoas que se candidatam devem provar um m\u00ednimo de dois anos de experi\u00eancia profissional em bibliotecas p\u00fablicas ou comunit\u00e1rias.<\/strong><\/p><p><b><span data-contrast=\"none\">N\u00famero de benefici\u00e1rios:\u00a0 <span style=\"font-weight: 400;\">\u00a024 (duas pessoas por cada membro ativo da Iberbibliotecas)<\/span><\/span><\/b><span data-ccp-props=\"{\">\u00a0<\/span><\/p><p><b><span data-contrast=\"none\">Perfil do candidato<\/span><\/b><\/p><p><b> <\/b><span data-contrast=\"none\">O Est\u00e1gio \u00e9 dirigido para<\/span><\/p>\t\t\t\t\t<\/div>\n\t\t\t\t\t\t<\/div>\n\t\t\t\t<\/div>\n\t\t\t\t<div class=\"elementor-element elementor-element-74c3e9c elementor-icon-list--layout-traditional elementor-list-item-link-full_width elementor-widget elementor-widget-icon-list\" data-id=\"74c3e9c\" data-element_type=\"widget\" data-widget_type=\"icon-list.default\">\n\t\t\t\t<div class=\"elementor-widget-container\">\n\t\t\t\t\t<ul class=\"elementor-icon-list-items\">\n\t\t\t\t\t\t\t<li class=\"elementor-icon-list-item\">\n\t\t\t\t\t\t\t\t\t\t\t<span class=\"elementor-icon-list-icon\">\n\t\t\t\t\t\t\t<i aria-hidden=\"true\" class=\"fas fa-check\"><\/i>\t\t\t\t\t\t<\/span>\n\t\t\t\t\t\t\t\t\t\t<span class=\"elementor-icon-list-text\">Pessoas que estejam atualmente vinculadas (profissionalmente ou contratualmente) a uma biblioteca p\u00fablica ou a um sistema de biblioteca p\u00fablica dos integrantes do programa.<\/span>\n\t\t\t\t\t\t\t\t\t<\/li>\n\t\t\t\t\t\t\t\t<li class=\"elementor-icon-list-item\">\n\t\t\t\t\t\t\t\t\t\t\t<span class=\"elementor-icon-list-icon\">\n\t\t\t\t\t\t\t<i aria-hidden=\"true\" class=\"fas fa-check\"><\/i>\t\t\t\t\t\t<\/span>\n\t\t\t\t\t\t\t\t\t\t<span class=\"elementor-icon-list-text\">Pessoas que sejam l\u00edderes ou gestores de bibliotecas comunit\u00e1rias.<\/span>\n\t\t\t\t\t\t\t\t\t<\/li>\n\t\t\t\t\t\t<\/ul>\n\t\t\t\t<\/div>\n\t\t\t\t<\/div>\n\t\t\t\t<div class=\"elementor-element elementor-element-771c7f4 elementor-widget elementor-widget-text-editor\" data-id=\"771c7f4\" data-element_type=\"widget\" data-widget_type=\"text-editor.default\">\n\t\t\t\t<div class=\"elementor-widget-container\">\n\t\t\t\t\t\t\t\t<div class=\"elementor-text-editor elementor-clearfix\">\n\t\t\t\t<p>As pessoas postuladas devem comprovar que trabalham em suas respectivas bibliotecas ou sistemas em projetos relacionados \u00e0 conserva\u00e7\u00e3o, digitaliza\u00e7\u00e3o e\/ou media\u00e7\u00e3o cultural de patrim\u00f4nio documental ou arquivos de mem\u00f3ria nacional, local ou comunit\u00e1ria, ou que planejam lan\u00e7ar projetos nessa \u00e1rea com foco em g\u00eanero.<\/p>\t\t\t\t\t<\/div>\n\t\t\t\t\t\t<\/div>\n\t\t\t\t<\/div>\n\t\t\t\t\t\t<\/div>\n\t\t\t\t\t<\/div>\n\t\t<\/div>\n\t\t\t\t\t\t\t\t<\/div>\n\t\t\t\t\t<\/div>\n\t\t<\/section>\n\t\t\t\t\t\t\t\t\t<\/div>\n\t\t\t<\/div>\n\t\t\t\t\t<\/div>\n\t\t<\/p>\n    <\/div>\n\n<\/div><!-- .lae-tab-slide -->\n\n    \n        \n        \n<div class=\"lae-tab-slide\">\n\n    <div class=\"lae-tab-slide-nav\">\n\n        <span class=\"lae-tab-title\">Quem N\u00c3O pode participar?<\/span>\n\n    <\/div>\n\n    <div class=\"lae-tab-slide-content\">\n\n        <p>Quem N\u00c3O pode participar?<\/p><p>\t\t<div data-elementor-type=\"page\" data-elementor-id=\"4924\" class=\"elementor elementor-4924\">\n\t\t\t\t\t\t<div class=\"elementor-inner\">\n\t\t\t\t<div class=\"elementor-section-wrap\">\n\t\t\t\t\t\t\t\t\t<section class=\"elementor-section elementor-top-section elementor-element elementor-element-bb0e5a5 elementor-section-boxed elementor-section-height-default elementor-section-height-default\" data-id=\"bb0e5a5\" data-element_type=\"section\">\n\t\t\t\t\t\t<div class=\"elementor-container elementor-column-gap-default\">\n\t\t\t\t\t\t\t<div class=\"elementor-row\">\n\t\t\t\t\t<div class=\"elementor-column elementor-col-50 elementor-top-column elementor-element elementor-element-331fea3\" data-id=\"331fea3\" data-element_type=\"column\">\n\t\t\t<div class=\"elementor-column-wrap elementor-element-populated\">\n\t\t\t\t\t\t\t<div class=\"elementor-widget-wrap\">\n\t\t\t\t\t\t<div class=\"elementor-element elementor-element-466851a elementor-widget elementor-widget-heading\" data-id=\"466851a\" data-element_type=\"widget\" data-widget_type=\"heading.default\">\n\t\t\t\t<div class=\"elementor-widget-container\">\n\t\t\t<h2 class=\"elementor-heading-title elementor-size-default\">4 - Quem n\u00e3o pode participar? <\/h2>\t\t<\/div>\n\t\t\t\t<\/div>\n\t\t\t\t<div class=\"elementor-element elementor-element-9953332 elementor-widget elementor-widget-text-editor\" data-id=\"9953332\" data-element_type=\"widget\" data-widget_type=\"text-editor.default\">\n\t\t\t\t<div class=\"elementor-widget-container\">\n\t\t\t\t\t\t\t\t<div class=\"elementor-text-editor elementor-clearfix\">\n\t\t\t\t<p>N\u00e3o ser\u00e3o consideradas candidaturas de pessoas que trabalhem em bibliotecas escolares, institutos de ensino, ensino superior (universidades) ou bibliotecas especializadas.<\/p><p>N\u00e3o ser\u00e3o consideradas candidaturas de pessoas que tenham sido vencedoras de anteriores convocat\u00f3rias para o Est\u00e1gio Internacional e a Bolsa de Assist\u00eancia a Eventos Internacionais do Iberbibliotecas (inclui a Bolsa concedida neste ano de 2025).<\/p><p>N\u00e3o ser\u00e3o consideradas candidaturas de representantes dos pa\u00edses e cidades-membros da Iberbibliotecas, ou de sua equipe imediata que desempenhem fun\u00e7\u00f5es como pontos focais no programa.<\/p><p><span style=\"font-weight: 400;\">Pessoas de outros pa\u00edses ou cidades que n\u00e3o as indicadas no ponto <\/span><b>Quem pode participar?<\/b><\/p>\t\t\t\t\t<\/div>\n\t\t\t\t\t\t<\/div>\n\t\t\t\t<\/div>\n\t\t\t\t\t\t<\/div>\n\t\t\t\t\t<\/div>\n\t\t<\/div>\n\t\t\t\t<div class=\"elementor-column elementor-col-50 elementor-top-column elementor-element elementor-element-3d1b236\" data-id=\"3d1b236\" data-element_type=\"column\">\n\t\t\t<div class=\"elementor-column-wrap elementor-element-populated\">\n\t\t\t\t\t\t\t<div class=\"elementor-widget-wrap\">\n\t\t\t\t\t\t<div class=\"elementor-element elementor-element-db7112c elementor-widget elementor-widget-image\" data-id=\"db7112c\" data-element_type=\"widget\" data-widget_type=\"image.default\">\n\t\t\t\t<div class=\"elementor-widget-container\">\n\t\t\t\t\t\t\t\t<div class=\"elementor-image\">\n\t\t\t\t\t\t\t\t\t\t\t\t<img decoding=\"async\" width=\"525\" height=\"350\" src=\"https:\/\/www.iberbibliotecas.org\/wp-content\/uploads\/2025\/06\/54415857574_67e0bd8cd3_o-1024x683.jpg\" class=\"attachment-large size-large\" alt=\"colegio\" loading=\"lazy\" srcset=\"https:\/\/www.iberbibliotecas.org\/wp-content\/uploads\/2025\/06\/54415857574_67e0bd8cd3_o-1024x683.jpg 1024w, https:\/\/www.iberbibliotecas.org\/wp-content\/uploads\/2025\/06\/54415857574_67e0bd8cd3_o-300x200.jpg 300w, https:\/\/www.iberbibliotecas.org\/wp-content\/uploads\/2025\/06\/54415857574_67e0bd8cd3_o-768x512.jpg 768w, https:\/\/www.iberbibliotecas.org\/wp-content\/uploads\/2025\/06\/54415857574_67e0bd8cd3_o-1536x1024.jpg 1536w, https:\/\/www.iberbibliotecas.org\/wp-content\/uploads\/2025\/06\/54415857574_67e0bd8cd3_o-2048x1365.jpg 2048w, https:\/\/www.iberbibliotecas.org\/wp-content\/uploads\/2025\/06\/54415857574_67e0bd8cd3_o-18x12.jpg 18w\" sizes=\"100vw\" \/>\t\t\t\t\t\t\t\t\t\t\t\t\t\t<\/div>\n\t\t\t\t\t\t<\/div>\n\t\t\t\t<\/div>\n\t\t\t\t\t\t<\/div>\n\t\t\t\t\t<\/div>\n\t\t<\/div>\n\t\t\t\t\t\t\t\t<\/div>\n\t\t\t\t\t<\/div>\n\t\t<\/section>\n\t\t\t\t<section class=\"elementor-section elementor-top-section elementor-element elementor-element-35467e7 elementor-section-boxed elementor-section-height-default elementor-section-height-default\" data-id=\"35467e7\" data-element_type=\"section\">\n\t\t\t\t\t\t<div class=\"elementor-container elementor-column-gap-default\">\n\t\t\t\t\t\t\t<div class=\"elementor-row\">\n\t\t\t\t\t<div class=\"elementor-column elementor-col-100 elementor-top-column elementor-element elementor-element-a24273e\" data-id=\"a24273e\" data-element_type=\"column\">\n\t\t\t<div class=\"elementor-column-wrap\">\n\t\t\t\t\t\t\t<div class=\"elementor-widget-wrap\">\n\t\t\t\t\t\t\t\t<\/div>\n\t\t\t\t\t<\/div>\n\t\t<\/div>\n\t\t\t\t\t\t\t\t<\/div>\n\t\t\t\t\t<\/div>\n\t\t<\/section>\n\t\t\t\t\t\t\t\t\t<\/div>\n\t\t\t<\/div>\n\t\t\t\t\t<\/div>\n\t\t<\/p>\n    <\/div>\n\n<\/div><!-- .lae-tab-slide -->\n\n    \n        \n        \n<div class=\"lae-tab-slide\">\n\n    <div class=\"lae-tab-slide-nav\">\n\n        <span class=\"lae-tab-title\">Aplica\u00e7\u00f5es<\/span>\n\n    <\/div>\n\n    <div class=\"lae-tab-slide-content\">\n\n        <p>Aplica\u00e7\u00f5es<\/p><p>\t\t<div data-elementor-type=\"page\" data-elementor-id=\"4930\" class=\"elementor elementor-4930\">\n\t\t\t\t\t\t<div class=\"elementor-inner\">\n\t\t\t\t<div class=\"elementor-section-wrap\">\n\t\t\t\t\t\t\t\t\t<section class=\"elementor-section elementor-top-section elementor-element elementor-element-2200dd1 elementor-section-boxed elementor-section-height-default elementor-section-height-default\" data-id=\"2200dd1\" data-element_type=\"section\">\n\t\t\t\t\t\t<div class=\"elementor-container elementor-column-gap-default\">\n\t\t\t\t\t\t\t<div class=\"elementor-row\">\n\t\t\t\t\t<div class=\"elementor-column elementor-col-100 elementor-top-column elementor-element elementor-element-6cbf3d7\" data-id=\"6cbf3d7\" data-element_type=\"column\">\n\t\t\t<div class=\"elementor-column-wrap elementor-element-populated\">\n\t\t\t\t\t\t\t<div class=\"elementor-widget-wrap\">\n\t\t\t\t\t\t<div class=\"elementor-element elementor-element-466851a elementor-widget elementor-widget-heading\" data-id=\"466851a\" data-element_type=\"widget\" data-widget_type=\"heading.default\">\n\t\t\t\t<div class=\"elementor-widget-container\">\n\t\t\t<h2 class=\"elementor-heading-title elementor-size-default\">5 - Aplica\u00e7\u00f5es<\/h2>\t\t<\/div>\n\t\t\t\t<\/div>\n\t\t\t\t<div class=\"elementor-element elementor-element-2ad1e59 elementor-widget elementor-widget-heading\" data-id=\"2ad1e59\" data-element_type=\"widget\" data-widget_type=\"heading.default\">\n\t\t\t\t<div class=\"elementor-widget-container\">\n\t\t\t<h2 class=\"elementor-heading-title elementor-size-default\">Os interessados \u200b\u200bdever\u00e3o apresentar os seguintes documentos:<\/h2>\t\t<\/div>\n\t\t\t\t<\/div>\n\t\t\t\t<div class=\"elementor-element elementor-element-9953332 elementor-widget elementor-widget-text-editor\" data-id=\"9953332\" data-element_type=\"widget\" data-widget_type=\"text-editor.default\">\n\t\t\t\t<div class=\"elementor-widget-container\">\n\t\t\t\t\t\t\t\t<div class=\"elementor-text-editor elementor-clearfix\">\n\t\t\t\t<p><strong>Os interessados \u200b\u200bdever\u00e3o apresentar os seguintes documentos:<\/strong><\/p><ol><li>1.\tFormul\u00e1rio de inscri\u00e7\u00e3o e apresenta\u00e7\u00e3o do projeto em desenvolvimento ou que ser\u00e1 realizado na sua biblioteca, relacionado com os objetivos do Est\u00e1gio deste ano (download em <a href=\"https:\/\/www.iberbibliotecas.org\/por\/pasantias\/\">www.iberbibliotecas.org\/por\/pasantias<\/a>).<\/li><li>C\u00f3pia do documento de identifica\u00e7\u00e3o nacional e c\u00f3pia do passaporte atual<a href=\"#_ftn1\" name=\"_ftnref1\">*<\/a> (o prazo de validade do passaporte deve ser superior a tr\u00eas meses ap\u00f3s o final da estadia). As pessoas que n\u00e3o tenham passaporte podem apresentar comprovante de solicita\u00e7\u00e3o deste documento. No entanto, a pessoa deve garantir que seu passaporte seja entregue antes de 1 de setembro de 2025.<\/li><li>No caso de pessoas f\u00edsicas que se encontrem atualmente vinculadas (por trabalho ou contratualmente) a uma biblioteca p\u00fablica ou sistema de bibliotecas: carta do superior hier\u00e1rquico ou respons\u00e1vel da biblioteca onde trabalham, confirmando que a pessoa preenche os requisitos do presente convite e que descreve:<br \/><strong>\u2022<\/strong> Que a pessoa trabalhe em programas ou projetos relacionados ao assunto do Est\u00e1gio ou planeje lan\u00e7ar um programa ou projeto com o apoio de seu superior hier\u00e1rquico.<br \/><strong>\u2022<\/strong> A carta deve descrever detalhadamente as fun\u00e7\u00f5es que a pessoa desempenha na biblioteca ou sistema e garantir que est\u00e3o vinculadas ao tema do Est\u00e1gio.<br \/><strong>\u2022<\/strong> O gerente superior ou chefe concorda em monitorar o impacto e o alcance do Est\u00e1gio.<\/li><li><strong>No caso de pessoas que sejam l\u00edderes ou gestores de bibliotecas<\/strong> comunitarias, podr\u00e1n presentar un aval de una red local de bibliotecas comunitarias o de una red comunitaria, o evidencia detallada de las actividades desarrolladas con su comunidad. Estas evidencias ser\u00e1n evaluadas por el punto focal correspondiente.<\/li><li><strong>Carta de compromisso<\/strong> do candidato em que se compromete a enviar um relat\u00f3rio ou mem\u00f3ria sobre o projeto desenvolvido no seu centro de biblioteca como resultado da aplica\u00e7\u00e3o dos conhecimentos adquiridos durante o Est\u00e1gio, bem como a participar em a\u00e7\u00f5es de divulga\u00e7\u00e3o e forma\u00e7\u00e3o relacionada com o Est\u00e1gio organizado pelo Iberbibliotecas ou pelo seu ponto focal. O relat\u00f3rio dever\u00e1 ser enviado no prazo m\u00e1ximo de 6 meses a partir do final do Est\u00e1gio para a Unidade T\u00e9cnica do Iberbibliotecas para divulga\u00e7\u00e3o.<\/li><\/ol>\t\t\t\t\t<\/div>\n\t\t\t\t\t\t<\/div>\n\t\t\t\t<\/div>\n\t\t\t\t\t\t<\/div>\n\t\t\t\t\t<\/div>\n\t\t<\/div>\n\t\t\t\t\t\t\t\t<\/div>\n\t\t\t\t\t<\/div>\n\t\t<\/section>\n\t\t\t\t<section class=\"elementor-section elementor-top-section elementor-element elementor-element-74b06e2 elementor-section-boxed elementor-section-height-default elementor-section-height-default\" data-id=\"74b06e2\" data-element_type=\"section\">\n\t\t\t\t\t\t<div class=\"elementor-container elementor-column-gap-default\">\n\t\t\t\t\t\t\t<div class=\"elementor-row\">\n\t\t\t\t\t<div class=\"elementor-column elementor-col-50 elementor-top-column elementor-element elementor-element-9b5aab5\" data-id=\"9b5aab5\" data-element_type=\"column\">\n\t\t\t<div class=\"elementor-column-wrap elementor-element-populated\">\n\t\t\t\t\t\t\t<div class=\"elementor-widget-wrap\">\n\t\t\t\t\t\t<div class=\"elementor-element elementor-element-4a32872 elementor-widget elementor-widget-text-editor\" data-id=\"4a32872\" data-element_type=\"widget\" data-widget_type=\"text-editor.default\">\n\t\t\t\t<div class=\"elementor-widget-container\">\n\t\t\t\t\t\t\t\t<div class=\"elementor-text-editor elementor-clearfix\">\n\t\t\t\t<p><span style=\"font-weight: 400;\">Os interessados \u200b\u200bdever\u00e3o enviar as suas candidaturas para o e-mail <\/span><strong><span style=\"color: #333399;\"><a style=\"color: #333399;\" href=\"mailto:iberbibliotecas@cerlalc.org\">iberbibliotecas@cerlalc.org<\/a><\/span><\/strong><span style=\"font-weight: 400;\"> no prazo estabelecido no calend\u00e1rio da convoca\u00e7\u00e3o como o tema \u201cEst\u00e1gio 2025\u201d.<\/span><\/p><p><strong>Propostas enviadas ap\u00f3s o encerramento do edital n\u00e3o ser\u00e3o aceitas. Apenas a primeira apresenta\u00e7\u00e3o ser\u00e1 considerada. Candidaturas que n\u00e3o inclu\u00edrem todos os documentos exigidos, devidamente preenchidos, n\u00e3o ser\u00e3o aceitas.<\/strong><\/p><p>A apresenta\u00e7\u00e3o do formul\u00e1rio de inscri\u00e7\u00e3o implica a aceita\u00e7\u00e3o t\u00e1cita dos termos e condi\u00e7\u00f5es desta Convocat\u00f3ria. Ao enviar o formul\u00e1rio, a pessoa declara que conhece e aceita integralmente os termos da convocat\u00f3ria.<\/p><p><a href=\"#_ftnref1\" name=\"_ftn1\">[*]<\/a> Pessoas do Brasil, Chile, Col\u00f4mbia, Equador e Peru n\u00e3o precisam de passaporte, pois podem entrar no Peru apenas com um documento de identidade. Pessoas de outros pa\u00edses membros do Iberbibliotecas devem apresentar passaporte.<\/p>\t\t\t\t\t<\/div>\n\t\t\t\t\t\t<\/div>\n\t\t\t\t<\/div>\n\t\t\t\t\t\t<\/div>\n\t\t\t\t\t<\/div>\n\t\t<\/div>\n\t\t\t\t<div class=\"elementor-column elementor-col-50 elementor-top-column elementor-element elementor-element-e014541\" data-id=\"e014541\" data-element_type=\"column\">\n\t\t\t<div class=\"elementor-column-wrap elementor-element-populated\">\n\t\t\t\t\t\t\t<div class=\"elementor-widget-wrap\">\n\t\t\t\t\t\t<div class=\"elementor-element elementor-element-c7f73dc elementor-widget elementor-widget-image\" data-id=\"c7f73dc\" data-element_type=\"widget\" data-widget_type=\"image.default\">\n\t\t\t\t<div class=\"elementor-widget-container\">\n\t\t\t\t\t\t\t\t<div class=\"elementor-image\">\n\t\t\t\t\t\t\t\t\t\t\t\t<img decoding=\"async\" src=\"https:\/\/www.iberbibliotecas.org\/wp-content\/uploads\/elementor\/thumbs\/54414149413_3a2150dd27_o-scaled-rl19w1h85j3v6931ki5xz1ny9qft9bhlnsb82l99k0.jpg\" title=\"54414149413_3a2150dd27_o\" alt=\"personas\" \/>\t\t\t\t\t\t\t\t\t\t\t\t\t\t<\/div>\n\t\t\t\t\t\t<\/div>\n\t\t\t\t<\/div>\n\t\t\t\t\t\t<\/div>\n\t\t\t\t\t<\/div>\n\t\t<\/div>\n\t\t\t\t\t\t\t\t<\/div>\n\t\t\t\t\t<\/div>\n\t\t<\/section>\n\t\t\t\t\t\t\t\t\t<\/div>\n\t\t\t<\/div>\n\t\t\t\t\t<\/div>\n\t\t<\/p>\n    <\/div>\n\n<\/div><!-- .lae-tab-slide -->\n\n    \n        \n        \n<div class=\"lae-tab-slide\">\n\n    <div class=\"lae-tab-slide-nav\">\n\n        <span class=\"lae-tab-title\">Dotaci\u00f3n<\/span>\n\n    <\/div>\n\n    <div class=\"lae-tab-slide-content\">\n\n        <p>Dota\u00e7\u00e3o e condi\u00e7\u00f5es<\/p><p>\t\t<div data-elementor-type=\"page\" data-elementor-id=\"4934\" class=\"elementor elementor-4934\">\n\t\t\t\t\t\t<div class=\"elementor-inner\">\n\t\t\t\t<div class=\"elementor-section-wrap\">\n\t\t\t\t\t\t\t\t\t<section class=\"elementor-section elementor-top-section elementor-element elementor-element-cade9d6 elementor-section-boxed elementor-section-height-default elementor-section-height-default\" data-id=\"cade9d6\" data-element_type=\"section\">\n\t\t\t\t\t\t<div class=\"elementor-container elementor-column-gap-default\">\n\t\t\t\t\t\t\t<div class=\"elementor-row\">\n\t\t\t\t\t<div class=\"elementor-column elementor-col-50 elementor-top-column elementor-element elementor-element-502f65c\" data-id=\"502f65c\" data-element_type=\"column\">\n\t\t\t<div class=\"elementor-column-wrap elementor-element-populated\">\n\t\t\t\t\t\t\t<div class=\"elementor-widget-wrap\">\n\t\t\t\t\t\t<div class=\"elementor-element elementor-element-466851a elementor-widget elementor-widget-heading\" data-id=\"466851a\" data-element_type=\"widget\" data-widget_type=\"heading.default\">\n\t\t\t\t<div class=\"elementor-widget-container\">\n\t\t\t<h2 class=\"elementor-heading-title elementor-size-default\">6 - Dota\u00e7\u00e3o e condi\u00e7\u00f5es do Est\u00e1gio <\/h2>\t\t<\/div>\n\t\t\t\t<\/div>\n\t\t\t\t<div class=\"elementor-element elementor-element-2ad1e59 elementor-widget elementor-widget-heading\" data-id=\"2ad1e59\" data-element_type=\"widget\" data-widget_type=\"heading.default\">\n\t\t\t\t<div class=\"elementor-widget-container\">\n\t\t\t<h2 class=\"elementor-heading-title elementor-size-default\">O Iberbibliotecas dar\u00e1 total apoio \u00e0s 24 pessoas selecionadas. Este suporte inclui:<\/h2>\t\t<\/div>\n\t\t\t\t<\/div>\n\t\t\t\t<div class=\"elementor-element elementor-element-6168349 elementor-list-item-link-full_width elementor-widget elementor-widget-icon-list\" data-id=\"6168349\" data-element_type=\"widget\" data-widget_type=\"icon-list.default\">\n\t\t\t\t<div class=\"elementor-widget-container\">\n\t\t\t\t\t<ul class=\"elementor-icon-list-items\">\n\t\t\t\t\t\t\t<li class=\"elementor-icon-list-item\">\n\t\t\t\t\t\t\t\t\t\t\t<span class=\"elementor-icon-list-icon\">\n\t\t\t\t\t\t\t<i aria-hidden=\"true\" class=\"fas fa-check\"><\/i>\t\t\t\t\t\t<\/span>\n\t\t\t\t\t\t\t\t\t\t<span class=\"elementor-icon-list-text\">Passagem a\u00e9rea ida e volta<\/span>\n\t\t\t\t\t\t\t\t\t<\/li>\n\t\t\t\t\t\t\t\t<li class=\"elementor-icon-list-item\">\n\t\t\t\t\t\t\t\t\t\t\t<span class=\"elementor-icon-list-icon\">\n\t\t\t\t\t\t\t<i aria-hidden=\"true\" class=\"fas fa-check\"><\/i>\t\t\t\t\t\t<\/span>\n\t\t\t\t\t\t\t\t\t\t<span class=\"elementor-icon-list-text\">Hospedagem em quarto individual em hotel durante o Est\u00e1gio.<\/span>\n\t\t\t\t\t\t\t\t\t<\/li>\n\t\t\t\t\t\t\t\t<li class=\"elementor-icon-list-item\">\n\t\t\t\t\t\t\t\t\t\t\t<span class=\"elementor-icon-list-icon\">\n\t\t\t\t\t\t\t<i aria-hidden=\"true\" class=\"fas fa-check\"><\/i>\t\t\t\t\t\t<\/span>\n\t\t\t\t\t\t\t\t\t\t<span class=\"elementor-icon-list-text\">Alimenta\u00e7\u00e3o durante o Est\u00e1gio.<\/span>\n\t\t\t\t\t\t\t\t\t<\/li>\n\t\t\t\t\t\t\t\t<li class=\"elementor-icon-list-item\">\n\t\t\t\t\t\t\t\t\t\t\t<span class=\"elementor-icon-list-icon\">\n\t\t\t\t\t\t\t<i aria-hidden=\"true\" class=\"fas fa-check\"><\/i>\t\t\t\t\t\t<\/span>\n\t\t\t\t\t\t\t\t\t\t<span class=\"elementor-icon-list-text\">Traslados do aeroporto e ao hotel, e vice-versa.<\/span>\n\t\t\t\t\t\t\t\t\t<\/li>\n\t\t\t\t\t\t\t\t<li class=\"elementor-icon-list-item\">\n\t\t\t\t\t\t\t\t\t\t\t<span class=\"elementor-icon-list-icon\">\n\t\t\t\t\t\t\t<i aria-hidden=\"true\" class=\"fas fa-check\"><\/i>\t\t\t\t\t\t<\/span>\n\t\t\t\t\t\t\t\t\t\t<span class=\"elementor-icon-list-text\">Pagamento de impostos na sa\u00edda do pa\u00eds do bibliotec\u00e1rio (mediante entrega de recibos).<\/span>\n\t\t\t\t\t\t\t\t\t<\/li>\n\t\t\t\t\t\t\t\t<li class=\"elementor-icon-list-item\">\n\t\t\t\t\t\t\t\t\t\t\t<span class=\"elementor-icon-list-icon\">\n\t\t\t\t\t\t\t<i aria-hidden=\"true\" class=\"fas fa-check\"><\/i>\t\t\t\t\t\t<\/span>\n\t\t\t\t\t\t\t\t\t\t<span class=\"elementor-icon-list-text\">Seguro de viagem durante toda a dura\u00e7\u00e3o do Est\u00e1gio.<\/span>\n\t\t\t\t\t\t\t\t\t<\/li>\n\t\t\t\t\t\t\t\t<li class=\"elementor-icon-list-item\">\n\t\t\t\t\t\t\t\t\t\t\t<span class=\"elementor-icon-list-icon\">\n\t\t\t\t\t\t\t<i aria-hidden=\"true\" class=\"fas fa-check\"><\/i>\t\t\t\t\t\t<\/span>\n\t\t\t\t\t\t\t\t\t\t<span class=\"elementor-icon-list-text\">Ajudas de gastos extras.<\/span>\n\t\t\t\t\t\t\t\t\t<\/li>\n\t\t\t\t\t\t\t\t<li class=\"elementor-icon-list-item\">\n\t\t\t\t\t\t\t\t\t\t\t<span class=\"elementor-icon-list-icon\">\n\t\t\t\t\t\t\t<i aria-hidden=\"true\" class=\"fas fa-check\"><\/i>\t\t\t\t\t\t<\/span>\n\t\t\t\t\t\t\t\t\t\t<span class=\"elementor-icon-list-text\">Apoio financeiro para cobrir despesas de viagem desde o seu local de origem at\u00e9 o aeroporto mais pr\u00f3ximo, com a devida justifica\u00e7\u00e3o[*].<\/span>\n\t\t\t\t\t\t\t\t\t<\/li>\n\t\t\t\t\t\t<\/ul>\n\t\t\t\t<\/div>\n\t\t\t\t<\/div>\n\t\t\t\t\t\t<\/div>\n\t\t\t\t\t<\/div>\n\t\t<\/div>\n\t\t\t\t<div class=\"elementor-column elementor-col-50 elementor-top-column elementor-element elementor-element-2f8b4d6\" data-id=\"2f8b4d6\" data-element_type=\"column\">\n\t\t\t<div class=\"elementor-column-wrap elementor-element-populated\">\n\t\t\t\t\t\t\t<div class=\"elementor-widget-wrap\">\n\t\t\t\t\t\t<div class=\"elementor-element elementor-element-3bfb2a4 elementor-widget elementor-widget-image\" data-id=\"3bfb2a4\" data-element_type=\"widget\" data-widget_type=\"image.default\">\n\t\t\t\t<div class=\"elementor-widget-container\">\n\t\t\t\t\t\t\t\t<div class=\"elementor-image\">\n\t\t\t\t\t\t\t\t\t\t\t\t<img decoding=\"async\" src=\"https:\/\/www.iberbibliotecas.org\/wp-content\/uploads\/elementor\/thumbs\/53993296789_a57d094748_o-scaled-rl19vzlj5xnxex3c64xskogv529kevn1xuyf2rvwg8.jpg\" title=\"53993296789_a57d094748_o\" alt=\"libro\" \/>\t\t\t\t\t\t\t\t\t\t\t\t\t\t<\/div>\n\t\t\t\t\t\t<\/div>\n\t\t\t\t<\/div>\n\t\t\t\t\t\t<\/div>\n\t\t\t\t\t<\/div>\n\t\t<\/div>\n\t\t\t\t\t\t\t\t<\/div>\n\t\t\t\t\t<\/div>\n\t\t<\/section>\n\t\t\t\t<section class=\"elementor-section elementor-top-section elementor-element elementor-element-35467e7 elementor-section-boxed elementor-section-height-default elementor-section-height-default\" data-id=\"35467e7\" data-element_type=\"section\">\n\t\t\t\t\t\t<div class=\"elementor-container elementor-column-gap-default\">\n\t\t\t\t\t\t\t<div class=\"elementor-row\">\n\t\t\t\t\t<div class=\"elementor-column elementor-col-100 elementor-top-column elementor-element elementor-element-a24273e\" data-id=\"a24273e\" data-element_type=\"column\">\n\t\t\t<div class=\"elementor-column-wrap elementor-element-populated\">\n\t\t\t\t\t\t\t<div class=\"elementor-widget-wrap\">\n\t\t\t\t\t\t<div class=\"elementor-element elementor-element-4a32872 elementor-widget elementor-widget-text-editor\" data-id=\"4a32872\" data-element_type=\"widget\" data-widget_type=\"text-editor.default\">\n\t\t\t\t<div class=\"elementor-widget-container\">\n\t\t\t\t\t\t\t\t<div class=\"elementor-text-editor elementor-clearfix\">\n\t\t\t\t<p>As pessoas selecionadas para participar do est\u00e1gio receber\u00e3o um certificado assinado pelo Iberbibliotecas e pela Biblioteca Nacional do Peru, especificando sua participa\u00e7\u00e3o nas atividades do programa.<\/p><p>[*] Ser\u00e1 fornecido apoio de transporte para pessoas cujo local de origem seja em outra cidade ou munic\u00edpio.<\/p>\t\t\t\t\t<\/div>\n\t\t\t\t\t\t<\/div>\n\t\t\t\t<\/div>\n\t\t\t\t\t\t<\/div>\n\t\t\t\t\t<\/div>\n\t\t<\/div>\n\t\t\t\t\t\t\t\t<\/div>\n\t\t\t\t\t<\/div>\n\t\t<\/section>\n\t\t\t\t\t\t\t\t\t<\/div>\n\t\t\t<\/div>\n\t\t\t\t\t<\/div>\n\t\t<\/p>\n    <\/div>\n\n<\/div><!-- .lae-tab-slide -->\n\n    \n        \n        \n<div class=\"lae-tab-slide\">\n\n    <div class=\"lae-tab-slide-nav\">\n\n        <span class=\"lae-tab-title\">Processo seletivo<\/span>\n\n    <\/div>\n\n    <div class=\"lae-tab-slide-content\">\n\n        <p>Processo seletivo<\/p><p>\t\t<div data-elementor-type=\"page\" data-elementor-id=\"4939\" class=\"elementor elementor-4939\">\n\t\t\t\t\t\t<div class=\"elementor-inner\">\n\t\t\t\t<div class=\"elementor-section-wrap\">\n\t\t\t\t\t\t\t\t\t<section class=\"elementor-section elementor-top-section elementor-element elementor-element-63fd284 elementor-section-boxed elementor-section-height-default elementor-section-height-default\" data-id=\"63fd284\" data-element_type=\"section\">\n\t\t\t\t\t\t<div class=\"elementor-container elementor-column-gap-default\">\n\t\t\t\t\t\t\t<div class=\"elementor-row\">\n\t\t\t\t\t<div class=\"elementor-column elementor-col-50 elementor-top-column elementor-element elementor-element-e4927f8\" data-id=\"e4927f8\" data-element_type=\"column\">\n\t\t\t<div class=\"elementor-column-wrap elementor-element-populated\">\n\t\t\t\t\t\t\t<div class=\"elementor-widget-wrap\">\n\t\t\t\t\t\t<div class=\"elementor-element elementor-element-466851a elementor-widget elementor-widget-heading\" data-id=\"466851a\" data-element_type=\"widget\" data-widget_type=\"heading.default\">\n\t\t\t\t<div class=\"elementor-widget-container\">\n\t\t\t<h2 class=\"elementor-heading-title elementor-size-default\">7 - Processo seletivo<\/h2>\t\t<\/div>\n\t\t\t\t<\/div>\n\t\t\t\t<div class=\"elementor-element elementor-element-6979afa elementor-widget elementor-widget-image\" data-id=\"6979afa\" data-element_type=\"widget\" data-widget_type=\"image.default\">\n\t\t\t\t<div class=\"elementor-widget-container\">\n\t\t\t\t\t\t\t\t<div class=\"elementor-image\">\n\t\t\t\t\t\t\t\t\t\t\t\t<img decoding=\"async\" src=\"https:\/\/www.iberbibliotecas.org\/wp-content\/uploads\/elementor\/thumbs\/54406746304_891ef40f8b_o-scaled-rl19w0jdyp3fjj4u83s077ni948qygcn7vwhmr34ak.jpg\" title=\"54406746304_891ef40f8b_o\" alt=\"espejo\" \/>\t\t\t\t\t\t\t\t\t\t\t\t\t\t<\/div>\n\t\t\t\t\t\t<\/div>\n\t\t\t\t<\/div>\n\t\t\t\t\t\t<\/div>\n\t\t\t\t\t<\/div>\n\t\t<\/div>\n\t\t\t\t<div class=\"elementor-column elementor-col-50 elementor-top-column elementor-element elementor-element-3246996\" data-id=\"3246996\" data-element_type=\"column\">\n\t\t\t<div class=\"elementor-column-wrap elementor-element-populated\">\n\t\t\t\t\t\t\t<div class=\"elementor-widget-wrap\">\n\t\t\t\t\t\t<div class=\"elementor-element elementor-element-5273386 elementor-widget elementor-widget-spacer\" data-id=\"5273386\" data-element_type=\"widget\" data-widget_type=\"spacer.default\">\n\t\t\t\t<div class=\"elementor-widget-container\">\n\t\t\t\t\t<div class=\"elementor-spacer\">\n\t\t\t<div class=\"elementor-spacer-inner\"><\/div>\n\t\t<\/div>\n\t\t\t\t<\/div>\n\t\t\t\t<\/div>\n\t\t\t\t<div class=\"elementor-element elementor-element-9953332 elementor-widget elementor-widget-text-editor\" data-id=\"9953332\" data-element_type=\"widget\" data-widget_type=\"text-editor.default\">\n\t\t\t\t<div class=\"elementor-widget-container\">\n\t\t\t\t\t\t\t\t<div class=\"elementor-text-editor elementor-clearfix\">\n\t\t\t\t<ul><li style=\"list-style-type: none;\"><p>Ap\u00f3s o encerramento da recep\u00e7\u00e3o das candidaturas, a Unidade T\u00e9cnica enviar\u00e1 aos pontos focais as candidaturas correspondentes a cada pa\u00eds ou cidade membro. Cada pa\u00eds membro e cidade selecionar\u00e1 seus candidatos em uma base competitiva, de acordo com os princ\u00edpios de objetividade, transpar\u00eancia, igualdade e n\u00e3o discrimina\u00e7\u00e3o.<\/p><p>Os pontos focais do Programa Iberbibliotecas enviar\u00e3o a avalia\u00e7\u00e3o e proposta final das pessoas selecionadas \u00e0 Unidade T\u00e9cnica do programa Iberbibliotecas dentro do prazo estabelecido.<\/p><p>A Unidade T\u00e9cnica ser\u00e1 respons\u00e1vel por comunicar a concess\u00e3o do Est\u00e1gio \u00e0s pessoas selecionadas de cada um dos pa\u00edses e cidades membros na data indicada no calend\u00e1rio da convocat\u00f3ria. A resolu\u00e7\u00e3o da sele\u00e7\u00e3o ser\u00e1 enviada pela Unidade T\u00e9cnica a todas as pessoas para inform\u00e1-las oficialmente da decis\u00e3o final e a lista dos escolhidos ser\u00e1 publicada no dia <strong>3 de setembro de 2025 <\/strong>no site do programa. <a href=\"https:\/\/www.iberbibliotecas.org\/por\/\">www.iberbibliotecas.org\/por<\/a>.<\/p><p><strong>A decis\u00e3o do Conselho Intergovernamental sobre a sele\u00e7\u00e3o dos participantes ser\u00e1 final.<\/strong><\/p><\/li><\/ul>\t\t\t\t\t<\/div>\n\t\t\t\t\t\t<\/div>\n\t\t\t\t<\/div>\n\t\t\t\t\t\t<\/div>\n\t\t\t\t\t<\/div>\n\t\t<\/div>\n\t\t\t\t\t\t\t\t<\/div>\n\t\t\t\t\t<\/div>\n\t\t<\/section>\n\t\t\t\t<section class=\"elementor-section elementor-top-section elementor-element elementor-element-35467e7 elementor-section-boxed elementor-section-height-default elementor-section-height-default\" data-id=\"35467e7\" data-element_type=\"section\">\n\t\t\t\t\t\t<div class=\"elementor-container elementor-column-gap-default\">\n\t\t\t\t\t\t\t<div class=\"elementor-row\">\n\t\t\t\t\t<div class=\"elementor-column elementor-col-100 elementor-top-column elementor-element elementor-element-a24273e\" data-id=\"a24273e\" data-element_type=\"column\">\n\t\t\t<div class=\"elementor-column-wrap\">\n\t\t\t\t\t\t\t<div class=\"elementor-widget-wrap\">\n\t\t\t\t\t\t\t\t<\/div>\n\t\t\t\t\t<\/div>\n\t\t<\/div>\n\t\t\t\t\t\t\t\t<\/div>\n\t\t\t\t\t<\/div>\n\t\t<\/section>\n\t\t\t\t\t\t\t\t\t<\/div>\n\t\t\t<\/div>\n\t\t\t\t\t<\/div>\n\t\t<\/p>\n    <\/div>\n\n<\/div><!-- .lae-tab-slide -->\n\n    \n        \n        \n<div class=\"lae-tab-slide\">\n\n    <div class=\"lae-tab-slide-nav\">\n\n        <span class=\"lae-tab-title\">Crit\u00e9rios de avalia\u00e7\u00e3o<\/span>\n\n    <\/div>\n\n    <div class=\"lae-tab-slide-content\">\n\n        <p>Crit\u00e9rios de avalia\u00e7\u00e3o<\/p><p>\t\t<div data-elementor-type=\"page\" data-elementor-id=\"4942\" class=\"elementor elementor-4942\">\n\t\t\t\t\t\t<div class=\"elementor-inner\">\n\t\t\t\t<div class=\"elementor-section-wrap\">\n\t\t\t\t\t\t\t\t\t<section class=\"elementor-section elementor-top-section elementor-element elementor-element-848d76b elementor-section-boxed elementor-section-height-default elementor-section-height-default\" data-id=\"848d76b\" data-element_type=\"section\">\n\t\t\t\t\t\t<div class=\"elementor-container elementor-column-gap-default\">\n\t\t\t\t\t\t\t<div class=\"elementor-row\">\n\t\t\t\t\t<div class=\"elementor-column elementor-col-50 elementor-top-column elementor-element elementor-element-59ff4b8\" data-id=\"59ff4b8\" data-element_type=\"column\">\n\t\t\t<div class=\"elementor-column-wrap elementor-element-populated\">\n\t\t\t\t\t\t\t<div class=\"elementor-widget-wrap\">\n\t\t\t\t\t\t<div class=\"elementor-element elementor-element-466851a elementor-widget elementor-widget-heading\" data-id=\"466851a\" data-element_type=\"widget\" data-widget_type=\"heading.default\">\n\t\t\t\t<div class=\"elementor-widget-container\">\n\t\t\t<h2 class=\"elementor-heading-title elementor-size-default\">8 - Crit\u00e9rios de avalia\u00e7\u00e3o<\/h2>\t\t<\/div>\n\t\t\t\t<\/div>\n\t\t\t\t<div class=\"elementor-element elementor-element-5a0f503 elementor-widget elementor-widget-heading\" data-id=\"5a0f503\" data-element_type=\"widget\" data-widget_type=\"heading.default\">\n\t\t\t\t<div class=\"elementor-widget-container\">\n\t\t\t<h2 class=\"elementor-heading-title elementor-size-default\">O processo de sele\u00e7\u00e3o ser\u00e1 realizado levando em considera\u00e7\u00e3o a avalia\u00e7\u00e3o das candidaturas por cada ponto focal de acordo com os seguintes crit\u00e9rios:<\/h2>\t\t<\/div>\n\t\t\t\t<\/div>\n\t\t\t\t\t\t<\/div>\n\t\t\t\t\t<\/div>\n\t\t<\/div>\n\t\t\t\t<div class=\"elementor-column elementor-col-50 elementor-top-column elementor-element elementor-element-52f8731\" data-id=\"52f8731\" data-element_type=\"column\">\n\t\t\t<div class=\"elementor-column-wrap elementor-element-populated\">\n\t\t\t\t\t\t\t<div class=\"elementor-widget-wrap\">\n\t\t\t\t\t\t<div class=\"elementor-element elementor-element-ec4e25e elementor-widget elementor-widget-image\" data-id=\"ec4e25e\" data-element_type=\"widget\" data-widget_type=\"image.default\">\n\t\t\t\t<div class=\"elementor-widget-container\">\n\t\t\t\t\t\t\t\t<div class=\"elementor-image\">\n\t\t\t\t\t\t\t\t\t\t\t\t<img decoding=\"async\" width=\"300\" height=\"200\" src=\"https:\/\/www.iberbibliotecas.org\/wp-content\/uploads\/2025\/06\/54169345328_2f99bb3980_o-300x200.jpg\" class=\"attachment-medium size-medium\" alt=\"gente\" loading=\"lazy\" srcset=\"https:\/\/www.iberbibliotecas.org\/wp-content\/uploads\/2025\/06\/54169345328_2f99bb3980_o-300x200.jpg 300w, https:\/\/www.iberbibliotecas.org\/wp-content\/uploads\/2025\/06\/54169345328_2f99bb3980_o-1024x683.jpg 1024w, https:\/\/www.iberbibliotecas.org\/wp-content\/uploads\/2025\/06\/54169345328_2f99bb3980_o-768x512.jpg 768w, https:\/\/www.iberbibliotecas.org\/wp-content\/uploads\/2025\/06\/54169345328_2f99bb3980_o-1536x1024.jpg 1536w, https:\/\/www.iberbibliotecas.org\/wp-content\/uploads\/2025\/06\/54169345328_2f99bb3980_o-2048x1365.jpg 2048w, https:\/\/www.iberbibliotecas.org\/wp-content\/uploads\/2025\/06\/54169345328_2f99bb3980_o-18x12.jpg 18w\" sizes=\"100vw\" \/>\t\t\t\t\t\t\t\t\t\t\t\t\t\t<\/div>\n\t\t\t\t\t\t<\/div>\n\t\t\t\t<\/div>\n\t\t\t\t\t\t<\/div>\n\t\t\t\t\t<\/div>\n\t\t<\/div>\n\t\t\t\t\t\t\t\t<\/div>\n\t\t\t\t\t<\/div>\n\t\t<\/section>\n\t\t\t\t<section class=\"elementor-section elementor-top-section elementor-element elementor-element-35467e7 elementor-section-boxed elementor-section-height-default elementor-section-height-default\" data-id=\"35467e7\" data-element_type=\"section\">\n\t\t\t\t\t\t<div class=\"elementor-container elementor-column-gap-default\">\n\t\t\t\t\t\t\t<div class=\"elementor-row\">\n\t\t\t\t\t<div class=\"elementor-column elementor-col-100 elementor-top-column elementor-element elementor-element-a24273e\" data-id=\"a24273e\" data-element_type=\"column\">\n\t\t\t<div class=\"elementor-column-wrap elementor-element-populated\">\n\t\t\t\t\t\t\t<div class=\"elementor-widget-wrap\">\n\t\t\t\t\t\t<div class=\"elementor-element elementor-element-9953332 elementor-widget elementor-widget-text-editor\" data-id=\"9953332\" data-element_type=\"widget\" data-widget_type=\"text-editor.default\">\n\t\t\t\t<div class=\"elementor-widget-container\">\n\t\t\t\t\t\t\t\t<div class=\"elementor-text-editor elementor-clearfix\">\n\t\t\t\t<ul><li style=\"list-style-type: none;\"><table border=\"\" data-tablestyle=\"MsoTableGrid\" data-tablelook=\"1696\"><tbody><tr><td style=\"padding-left: 40px; text-align: center;\" data-celllook=\"69905\"><b><span data-contrast=\"none\">Crit\u00e9rio<\/span><\/b><span data-ccp-props=\"{\">\u00a0<\/span><\/td><td style=\"padding-left: 40px; text-align: center;\" data-celllook=\"69905\"><b>Observa\u00e7\u00e3os<\/b><\/td><td style=\"text-align: center;\" data-celllook=\"69905\"><b><span data-contrast=\"none\">Pontua\u00e7\u00e3o<\/span><\/b><span data-ccp-props=\"{\">\u00a0<\/span><\/td><\/tr><tr><td style=\"padding-left: 40px;\" data-celllook=\"69905\"><span data-contrast=\"none\">1. <b>Adapta\u00e7\u00e3o do perfil profissional do candidato ao Est\u00e1gio<\/b><\/span><\/td><td data-celllook=\"69905\"><p style=\"padding-left: 40px;\"><strong>a.<\/strong> Forma\u00e7\u00e3o formal e\/ou n\u00e3o formal em conserva\u00e7\u00e3o e preserva\u00e7\u00e3o do patrim\u00f4nio documental ou gest\u00e3o de arquivos\/acervos de mem\u00f3ria nacional, local ou comunit\u00e1ria, e\/ou na sua divulga\u00e7\u00e3o ou media\u00e7\u00e3o cultural: <strong>0-0,5 pontos.<br \/><\/strong><strong>b.<\/strong> Participa\u00e7\u00e3o em processos ou projetos com enfoque de g\u00eanero: <strong>0-1  pontos.<br \/><\/strong><strong>c.<\/strong> Experi\u00eancia profissional em conserva\u00e7\u00e3o, preserva\u00e7\u00e3o, difus\u00e3o e\/ou media\u00e7\u00e3o cultural de patrim\u00f4nio documental ou gest\u00e3o de arquivos\/acervos de mem\u00f3ria nacional, local ou comunit\u00e1ria: <strong>0-1,5 pontos.<br \/>d.<\/strong> Trabalhos desenvolvidos e\/ou publicados relacionados com o tema do Est\u00e1gio 2025: 0-1 pontos.<\/p><\/td><td style=\"text-align: center;\" data-celllook=\"69905\"><span data-contrast=\"none\">4<\/span><\/td><\/tr><tr><td style=\"padding-left: 40px;\" data-celllook=\"69905\"><span data-contrast=\"none\">2. <b>\u00a0Experi\u00eancia de biblioteca credenciada e credenciamento do aval correspondente do centro de trabalho<\/b><\/span><\/td><td data-celllook=\"69905\"><p style=\"padding-left: 40px;\"><strong>a.<\/strong> Experi\u00eancia de trabalho em bibliotecas p\u00fablicas ou comunit\u00e1rias: <strong>0-1  pontos.<br \/>b.<\/strong> Endosso do centro de trabalho:<br \/><strong>\u2022 Para funcion\u00e1rios de bibliotecas p\u00fablicas:<\/strong> reconhecimento da experi\u00eancia do candidato e trabalho em torno do tema do Est\u00e1gio. Grau de comprometimento do superior hier\u00e1rquico em acompanhar o escopo do Est\u00e1gio em seu centro bibliotec\u00e1rio.<br \/><strong>\u2022 Para l\u00edderes ou gestores de bibliotecas comunit\u00e1rias<\/strong>: endosso de uma rede de bibliotecas comunit\u00e1rias ou evid\u00eancia de atividades: reconhecimento da experi\u00eancia do candidato e trabalho em torno do tema do Est\u00e1gio<br \/>\u00a0<strong>0-1  pontos.<br \/>c.<\/strong> Carta de compromisso do candidato em que se compromete a enviar um relat\u00f3rio ou mem\u00f3ria sobre o projeto desenvolvido em resultado da aplica\u00e7\u00e3o dos conhecimentos adquiridos no Est\u00e1gio: <strong>0-1  pontos.<\/strong><\/p><\/td><td style=\"text-align: center;\" data-celllook=\"69905\"><span data-contrast=\"none\">3<\/span><\/td><\/tr><tr><td style=\"padding-left: 40px;\" data-celllook=\"69905\"><span data-contrast=\"none\">3. <b>Avalia\u00e7\u00e3o da utilidade do Est\u00e1gio em rela\u00e7\u00e3o ao projeto proposto<\/b><\/span><span data-ccp-props=\"{\">\u00a0<\/span><\/td><td data-celllook=\"69905\"><p style=\"padding-left: 40px;\"><strong>a.<\/strong> O projeto submetido atende a aspectos b\u00e1sicos como: descri\u00e7\u00e3o clara, atividades e produtos do projeto, bem como benef\u00edcios que o Est\u00e1gio proporcionar\u00e1 ao projeto: <strong>0-1  pontos.<br \/>b.<\/strong> O projeto tem uma perspectiva de g\u00eanero em sua concep\u00e7\u00e3o, implementa\u00e7\u00e3o e\/ou resultados: <strong>0-1  pontos.<br \/>c.<\/strong> O projeto melhorar\u00e1 algum aspecto ou servi\u00e7o da biblioteca relacionado aos processos de conserva\u00e7\u00e3o ou preserva\u00e7\u00e3o do patrim\u00f4nio, \u00e0 gest\u00e3o de arquivos\/acervos de mem\u00f3ria local ou comunit\u00e1ria ou \u00e0 media\u00e7\u00e3o cultural: <strong>0-1 puntos<\/strong><\/p><\/td><td style=\"text-align: center;\" data-celllook=\"69905\"><span data-contrast=\"none\">3<\/span><\/td><\/tr><tr><td style=\"padding-left: 40px;\" colspan=\"2\" data-celllook=\"69905\"><b><span data-contrast=\"none\">TOTAL<\/span><\/b><span data-ccp-props=\"{\">\u00a0<\/span><\/td><td style=\"text-align: center;\" data-celllook=\"69905\"><b><span data-contrast=\"none\">10<\/span><\/b><\/td><\/tr><\/tbody><\/table><\/li><\/ul>\t\t\t\t\t<\/div>\n\t\t\t\t\t\t<\/div>\n\t\t\t\t<\/div>\n\t\t\t\t\t\t<\/div>\n\t\t\t\t\t<\/div>\n\t\t<\/div>\n\t\t\t\t\t\t\t\t<\/div>\n\t\t\t\t\t<\/div>\n\t\t<\/section>\n\t\t\t\t\t\t\t\t\t<\/div>\n\t\t\t<\/div>\n\t\t\t\t\t<\/div>\n\t\t<\/p>\n    <\/div>\n\n<\/div><!-- .lae-tab-slide -->\n\n    \n        \n        \n<div class=\"lae-tab-slide\">\n\n    <div class=\"lae-tab-slide-nav\">\n\n        <span class=\"lae-tab-title\">Calend\u00e1rio<\/span>\n\n    <\/div>\n\n    <div class=\"lae-tab-slide-content\">\n\n        <p>Calend\u00e1rio<\/p><p>\t\t<div data-elementor-type=\"page\" data-elementor-id=\"4945\" class=\"elementor elementor-4945\">\n\t\t\t\t\t\t<div class=\"elementor-inner\">\n\t\t\t\t<div class=\"elementor-section-wrap\">\n\t\t\t\t\t\t\t\t\t<section class=\"elementor-section elementor-top-section elementor-element elementor-element-0ff028e elementor-section-boxed elementor-section-height-default elementor-section-height-default\" data-id=\"0ff028e\" data-element_type=\"section\">\n\t\t\t\t\t\t<div class=\"elementor-container elementor-column-gap-default\">\n\t\t\t\t\t\t\t<div class=\"elementor-row\">\n\t\t\t\t\t<div class=\"elementor-column elementor-col-50 elementor-top-column elementor-element elementor-element-533d415\" data-id=\"533d415\" data-element_type=\"column\">\n\t\t\t<div class=\"elementor-column-wrap elementor-element-populated\">\n\t\t\t\t\t\t\t<div class=\"elementor-widget-wrap\">\n\t\t\t\t\t\t<div class=\"elementor-element elementor-element-466851a elementor-widget elementor-widget-heading\" data-id=\"466851a\" data-element_type=\"widget\" data-widget_type=\"heading.default\">\n\t\t\t\t<div class=\"elementor-widget-container\">\n\t\t\t<h2 class=\"elementor-heading-title elementor-size-default\">9 -Calend\u00e1rio<\/h2>\t\t<\/div>\n\t\t\t\t<\/div>\n\t\t\t\t<div class=\"elementor-element elementor-element-9953332 elementor-widget elementor-widget-text-editor\" data-id=\"9953332\" data-element_type=\"widget\" data-widget_type=\"text-editor.default\">\n\t\t\t\t<div class=\"elementor-widget-container\">\n\t\t\t\t\t\t\t\t<div class=\"elementor-text-editor elementor-clearfix\">\n\t\t\t\t<ul><li style=\"list-style-type: none;\"><table border=\"\" data-tablestyle=\"MsoTableGrid\" data-tablelook=\"1696\"><tbody><tr><td style=\"text-align: center;\" data-celllook=\"69905\"><b><span data-contrast=\"none\">Atividades<\/span><\/b><span data-ccp-props=\"{\">\u00a0<\/span><\/td><td style=\"text-align: center;\" data-celllook=\"69905\"><b><span data-contrast=\"none\">Data<\/span><\/b><span data-ccp-props=\"{\">\u00a0<\/span><\/td><\/tr><tr><td style=\"padding-left: 40px;\" data-celllook=\"69905\"><span data-contrast=\"none\">Abertura da chamada<\/span><span data-ccp-props=\"{\">\u00a0<\/span><\/td><td data-celllook=\"69905\">20 de junho de 2025<\/td><\/tr><tr><td style=\"padding-left: 40px;\" data-celllook=\"69905\"><strong>Data limite para propostas<\/strong><\/td><td data-celllook=\"69905\">23 de julio de 2025<\/td><\/tr><tr><td style=\"padding-left: 40px;\" data-celllook=\"69905\"><span data-ccp-props=\"{\"><span style=\"font-weight: 400;\">Publica\u00e7\u00e3o de pessoas selecionadas<\/span> <\/span><\/td><td data-celllook=\"69905\">12 de septiembre<\/td><\/tr><tr><td style=\"padding-left: 40px;\" data-celllook=\"69905\"><b>Comunica\u00e7\u00e3o com pessoas selecionadas e gest\u00e3o de compra de passagens<\/b><\/td><td data-celllook=\"69905\">8 al 30 de setembro de 2025<\/td><\/tr><tr><td style=\"padding-left: 40px;\" data-celllook=\"69905\"><span style=\"font-weight: 400;\">Data do Est\u00e1gio<\/span><\/td><td data-celllook=\"69905\">10 al 14 de novembro de 2025<\/td><\/tr><tr><td style=\"padding-left: 40px;\" data-celllook=\"69905\"><b>Prazo m\u00e1ximo para entrega do relat\u00f3rio\/mem\u00f3ria do Est\u00e1gio<\/b><span style=\"font-weight: 400;\">\u00a0<\/span><\/td><td data-celllook=\"69905\">15 de dezembro de 2025<\/td><\/tr><tr><td style=\"padding-left: 40px;\" data-celllook=\"69905\"><span data-ccp-props=\"{\"><span style=\"font-weight: 400;\">Prazo m\u00e1ximo para entrega do relat\u00f3rio\/mem\u00f3ria do projeto desenvolvido como resultado da aplica\u00e7\u00e3o do Est\u00e1gio<\/span><\/span><\/td><td data-celllook=\"69905\">15 de maio de 2026<\/td><\/tr><\/tbody><\/table><\/li><\/ul>\t\t\t\t\t<\/div>\n\t\t\t\t\t\t<\/div>\n\t\t\t\t<\/div>\n\t\t\t\t\t\t<\/div>\n\t\t\t\t\t<\/div>\n\t\t<\/div>\n\t\t\t\t<div class=\"elementor-column elementor-col-50 elementor-top-column elementor-element elementor-element-50f0c01\" data-id=\"50f0c01\" data-element_type=\"column\">\n\t\t\t<div class=\"elementor-column-wrap elementor-element-populated\">\n\t\t\t\t\t\t\t<div class=\"elementor-widget-wrap\">\n\t\t\t\t\t\t<div class=\"elementor-element elementor-element-b9fbca7 elementor-widget elementor-widget-spacer\" data-id=\"b9fbca7\" data-element_type=\"widget\" data-widget_type=\"spacer.default\">\n\t\t\t\t<div class=\"elementor-widget-container\">\n\t\t\t\t\t<div class=\"elementor-spacer\">\n\t\t\t<div class=\"elementor-spacer-inner\"><\/div>\n\t\t<\/div>\n\t\t\t\t<\/div>\n\t\t\t\t<\/div>\n\t\t\t\t<div class=\"elementor-element elementor-element-1d3f33d elementor-widget elementor-widget-image\" data-id=\"1d3f33d\" data-element_type=\"widget\" data-widget_type=\"image.default\">\n\t\t\t\t<div class=\"elementor-widget-container\">\n\t\t\t\t\t\t\t\t<div class=\"elementor-image\">\n\t\t\t\t\t\t\t\t\t\t\t\t<img decoding=\"async\" src=\"https:\/\/www.iberbibliotecas.org\/wp-content\/uploads\/elementor\/thumbs\/54324270445_ee65464e05_o-scaled-rl19w0jdyp3prtsze548grkig1gulec8imnen8cltc.jpg\" title=\"54324270445_ee65464e05_o\" alt=\"mujeres\" \/>\t\t\t\t\t\t\t\t\t\t\t\t\t\t<\/div>\n\t\t\t\t\t\t<\/div>\n\t\t\t\t<\/div>\n\t\t\t\t\t\t<\/div>\n\t\t\t\t\t<\/div>\n\t\t<\/div>\n\t\t\t\t\t\t\t\t<\/div>\n\t\t\t\t\t<\/div>\n\t\t<\/section>\n\t\t\t\t<section class=\"elementor-section elementor-top-section elementor-element elementor-element-35467e7 elementor-section-boxed elementor-section-height-default elementor-section-height-default\" data-id=\"35467e7\" data-element_type=\"section\">\n\t\t\t\t\t\t<div class=\"elementor-container elementor-column-gap-default\">\n\t\t\t\t\t\t\t<div class=\"elementor-row\">\n\t\t\t\t\t<div class=\"elementor-column elementor-col-100 elementor-top-column elementor-element elementor-element-a24273e\" data-id=\"a24273e\" data-element_type=\"column\">\n\t\t\t<div class=\"elementor-column-wrap\">\n\t\t\t\t\t\t\t<div class=\"elementor-widget-wrap\">\n\t\t\t\t\t\t\t\t<\/div>\n\t\t\t\t\t<\/div>\n\t\t<\/div>\n\t\t\t\t\t\t\t\t<\/div>\n\t\t\t\t\t<\/div>\n\t\t<\/section>\n\t\t\t\t\t\t\t\t\t<\/div>\n\t\t\t<\/div>\n\t\t\t\t\t<\/div>\n\t\t<\/p>\n    <\/div>\n\n<\/div><!-- .lae-tab-slide -->\n\n    \n        \n        \n<div class=\"lae-tab-slide\">\n\n    <div class=\"lae-tab-slide-nav\">\n\n        <span class=\"lae-tab-title\">Obligaciones general<\/span>\n\n    <\/div>\n\n    <div class=\"lae-tab-slide-content\">\n\n        <p>Obligaciones<\/p><p>\t\t<div data-elementor-type=\"page\" data-elementor-id=\"4948\" class=\"elementor elementor-4948\">\n\t\t\t\t\t\t<div class=\"elementor-inner\">\n\t\t\t\t<div class=\"elementor-section-wrap\">\n\t\t\t\t\t\t\t\t\t<section class=\"elementor-section elementor-top-section elementor-element elementor-element-0d93090 elementor-section-boxed elementor-section-height-default elementor-section-height-default\" data-id=\"0d93090\" data-element_type=\"section\">\n\t\t\t\t\t\t<div class=\"elementor-container elementor-column-gap-default\">\n\t\t\t\t\t\t\t<div class=\"elementor-row\">\n\t\t\t\t\t<div class=\"elementor-column elementor-col-100 elementor-top-column elementor-element elementor-element-941d242\" data-id=\"941d242\" data-element_type=\"column\">\n\t\t\t<div class=\"elementor-column-wrap elementor-element-populated\">\n\t\t\t\t\t\t\t<div class=\"elementor-widget-wrap\">\n\t\t\t\t\t\t<div class=\"elementor-element elementor-element-466851a elementor-widget elementor-widget-heading\" data-id=\"466851a\" data-element_type=\"widget\" data-widget_type=\"heading.default\">\n\t\t\t\t<div class=\"elementor-widget-container\">\n\t\t\t<h2 class=\"elementor-heading-title elementor-size-default\">10 - Obriga\u00e7\u00f5es das pessoas selecionadas<\/h2>\t\t<\/div>\n\t\t\t\t<\/div>\n\t\t\t\t<div class=\"elementor-element elementor-element-0c671d8 elementor-widget elementor-widget-heading\" data-id=\"0c671d8\" data-element_type=\"widget\" data-widget_type=\"heading.default\">\n\t\t\t\t<div class=\"elementor-widget-container\">\n\t\t\t<h2 class=\"elementor-heading-title elementor-size-default\">As pessoas selecionadas concordam em aceitar o conte\u00fado desta convocat\u00f3ria e seu resultado, bem como cumprir as obriga\u00e7\u00f5es reconhecidas nas seguintes se\u00e7\u00f5es:<\/h2>\t\t<\/div>\n\t\t\t\t<\/div>\n\t\t\t\t\t\t<\/div>\n\t\t\t\t\t<\/div>\n\t\t<\/div>\n\t\t\t\t\t\t\t\t<\/div>\n\t\t\t\t\t<\/div>\n\t\t<\/section>\n\t\t\t\t<section class=\"elementor-section elementor-top-section elementor-element elementor-element-6e8d017 elementor-section-boxed elementor-section-height-default elementor-section-height-default\" data-id=\"6e8d017\" data-element_type=\"section\">\n\t\t\t\t\t\t<div class=\"elementor-container elementor-column-gap-default\">\n\t\t\t\t\t\t\t<div class=\"elementor-row\">\n\t\t\t\t\t<div class=\"elementor-column elementor-col-50 elementor-top-column elementor-element elementor-element-dd75bb7\" data-id=\"dd75bb7\" data-element_type=\"column\">\n\t\t\t<div class=\"elementor-column-wrap elementor-element-populated\">\n\t\t\t\t\t\t\t<div class=\"elementor-widget-wrap\">\n\t\t\t\t\t\t<div class=\"elementor-element elementor-element-9953332 elementor-widget elementor-widget-text-editor\" data-id=\"9953332\" data-element_type=\"widget\" data-widget_type=\"text-editor.default\">\n\t\t\t\t<div class=\"elementor-widget-container\">\n\t\t\t\t\t\t\t\t<div class=\"elementor-text-editor elementor-clearfix\">\n\t\t\t\t<ol><li>Estar em Lima, Peru, no dia do in\u00edcio do Est\u00e1gio. Execut\u00e1-lo sem qualquer altera\u00e7\u00e3o ou modifica\u00e7\u00e3o do objeto ou finalidade para a qual foi concedido. Qualquer incidente que envolva modifica\u00e7\u00e3o do programa inicial de atividades pelo participante dever\u00e1 ser comunicado e autorizado pela Unidade T\u00e9cnica do programa, que analisar\u00e1 a viabilidade de continuar com a participa\u00e7\u00e3o da pessoa.<\/li><li>Aceitar por escrito a concess\u00e3o do Est\u00e1gio no prazo n\u00e3o superior a 7 dias de calend\u00e1rio a contar da notifica\u00e7\u00e3o que ser\u00e1 feita a partir da Unidade T\u00e9cnica do programa Iberbibliotecas.<\/li><li>Uma vez terminado o Est\u00e1gio, de acordo com os prazos indicados no calend\u00e1rio, os benefici\u00e1rios devem apresentar \u00e0 Unidade T\u00e9cnica do programa Iberbibliotecas um relat\u00f3rio ou mem\u00f3ria do projeto contendo os seguintes pontos:<br \/><ul><li><strong>a)<\/strong> <span style=\"font-weight: 400;\">Descri\u00e7\u00e3o das atividades em que a pessoa participou durante cada dia do Est\u00e1gio.<\/span><\/li><li><strong>b)<\/strong> <span style=\"font-weight: 400;\">Apoios em texto, fotografia ou material audiovisual do trabalho realizado em cada uma das oficinas.<\/span><\/li><li><strong>c)<\/strong> <span style=\"font-weight: 400;\">Texto em que a pessoa explica detalhadamente a aplica\u00e7\u00e3o dos conhecimentos adquiridos em seu projeto em desenvolvimento ou que desenvolver\u00e1 em sua pr\u00f3pria biblioteca.<\/span><\/li><li><span style=\"font-weight: 400;\"><strong>d)<\/strong> Material fotogr\u00e1fico ou audiovisual de apoio \u00e0s demais atividades desenvolvidas durante o Est\u00e1gio.<\/span><\/li><\/ul><\/li><li>Seis meses ap\u00f3s o t\u00e9rmino do Est\u00e1gio, devem enviar um relat\u00f3rio ou mem\u00f3ria sobre o projeto desenvolvido em seu centro de biblioteca como resultado da aplica\u00e7\u00e3o dos conhecimentos adquiridos.<\/li><li>Participar em pelo menos uma atividade de divulga\u00e7\u00e3o das a\u00e7\u00f5es do Est\u00e1gio com pares bibliotec\u00e1rios organizado pelo programa Iberbibliotecas ou pelo ponto focal.<\/li><\/ol>\t\t\t\t\t<\/div>\n\t\t\t\t\t\t<\/div>\n\t\t\t\t<\/div>\n\t\t\t\t\t\t<\/div>\n\t\t\t\t\t<\/div>\n\t\t<\/div>\n\t\t\t\t<div class=\"elementor-column elementor-col-50 elementor-top-column elementor-element elementor-element-202f392\" data-id=\"202f392\" data-element_type=\"column\">\n\t\t\t<div class=\"elementor-column-wrap elementor-element-populated\">\n\t\t\t\t\t\t\t<div class=\"elementor-widget-wrap\">\n\t\t\t\t\t\t<div class=\"elementor-element elementor-element-28dd1be elementor-widget elementor-widget-image\" data-id=\"28dd1be\" data-element_type=\"widget\" data-widget_type=\"image.default\">\n\t\t\t\t<div class=\"elementor-widget-container\">\n\t\t\t\t\t\t\t\t<div class=\"elementor-image\">\n\t\t\t\t\t\t\t\t\t\t\t\t<img decoding=\"async\" width=\"525\" height=\"787\" src=\"https:\/\/www.iberbibliotecas.org\/wp-content\/uploads\/2025\/06\/54155858657_834b3956f6_o-683x1024.jpg\" class=\"attachment-large size-large\" alt=\"libro\" loading=\"lazy\" srcset=\"https:\/\/www.iberbibliotecas.org\/wp-content\/uploads\/2025\/06\/54155858657_834b3956f6_o-683x1024.jpg 683w, https:\/\/www.iberbibliotecas.org\/wp-content\/uploads\/2025\/06\/54155858657_834b3956f6_o-200x300.jpg 200w, https:\/\/www.iberbibliotecas.org\/wp-content\/uploads\/2025\/06\/54155858657_834b3956f6_o-768x1152.jpg 768w, https:\/\/www.iberbibliotecas.org\/wp-content\/uploads\/2025\/06\/54155858657_834b3956f6_o-1024x1536.jpg 1024w, https:\/\/www.iberbibliotecas.org\/wp-content\/uploads\/2025\/06\/54155858657_834b3956f6_o-1365x2048.jpg 1365w, https:\/\/www.iberbibliotecas.org\/wp-content\/uploads\/2025\/06\/54155858657_834b3956f6_o-8x12.jpg 8w, https:\/\/www.iberbibliotecas.org\/wp-content\/uploads\/2025\/06\/54155858657_834b3956f6_o-scaled.jpg 1707w\" sizes=\"100vw\" \/>\t\t\t\t\t\t\t\t\t\t\t\t\t\t<\/div>\n\t\t\t\t\t\t<\/div>\n\t\t\t\t<\/div>\n\t\t\t\t\t\t<\/div>\n\t\t\t\t\t<\/div>\n\t\t<\/div>\n\t\t\t\t\t\t\t\t<\/div>\n\t\t\t\t\t<\/div>\n\t\t<\/section>\n\t\t\t\t<section class=\"elementor-section elementor-top-section elementor-element elementor-element-35467e7 elementor-section-boxed elementor-section-height-default elementor-section-height-default\" data-id=\"35467e7\" data-element_type=\"section\">\n\t\t\t\t\t\t<div class=\"elementor-container elementor-column-gap-default\">\n\t\t\t\t\t\t\t<div class=\"elementor-row\">\n\t\t\t\t\t<div class=\"elementor-column elementor-col-100 elementor-top-column elementor-element elementor-element-a24273e\" data-id=\"a24273e\" data-element_type=\"column\">\n\t\t\t<div class=\"elementor-column-wrap\">\n\t\t\t\t\t\t\t<div class=\"elementor-widget-wrap\">\n\t\t\t\t\t\t\t\t<\/div>\n\t\t\t\t\t<\/div>\n\t\t<\/div>\n\t\t\t\t\t\t\t\t<\/div>\n\t\t\t\t\t<\/div>\n\t\t<\/section>\n\t\t\t\t\t\t\t\t\t<\/div>\n\t\t\t<\/div>\n\t\t\t\t\t<\/div>\n\t\t<\/p>\n    <\/div>\n\n<\/div><!-- .lae-tab-slide -->\n\n    \n        \n        \n<div class=\"lae-tab-slide\">\n\n    <div class=\"lae-tab-slide-nav\">\n\n        <span class=\"lae-tab-title\">Reitegros<\/span>\n\n    <\/div>\n\n    <div class=\"lae-tab-slide-content\">\n\n        <p>reembolsos<\/p><p>\t\t<div data-elementor-type=\"page\" data-elementor-id=\"4951\" class=\"elementor elementor-4951\">\n\t\t\t\t\t\t<div class=\"elementor-inner\">\n\t\t\t\t<div class=\"elementor-section-wrap\">\n\t\t\t\t\t\t\t\t\t<section class=\"elementor-section elementor-top-section elementor-element elementor-element-63fcd45 elementor-section-boxed elementor-section-height-default elementor-section-height-default\" data-id=\"63fcd45\" data-element_type=\"section\">\n\t\t\t\t\t\t<div class=\"elementor-container elementor-column-gap-default\">\n\t\t\t\t\t\t\t<div class=\"elementor-row\">\n\t\t\t\t\t<div class=\"elementor-column elementor-col-50 elementor-top-column elementor-element elementor-element-29d5f65\" data-id=\"29d5f65\" data-element_type=\"column\">\n\t\t\t<div class=\"elementor-column-wrap elementor-element-populated\">\n\t\t\t\t\t\t\t<div class=\"elementor-widget-wrap\">\n\t\t\t\t\t\t<div class=\"elementor-element elementor-element-466851a elementor-widget elementor-widget-heading\" data-id=\"466851a\" data-element_type=\"widget\" data-widget_type=\"heading.default\">\n\t\t\t\t<div class=\"elementor-widget-container\">\n\t\t\t<h2 class=\"elementor-heading-title elementor-size-default\">11 - Reembolsos e incumprimentos<\/h2>\t\t<\/div>\n\t\t\t\t<\/div>\n\t\t\t\t<div class=\"elementor-element elementor-element-b14f7a7 elementor-widget elementor-widget-image\" data-id=\"b14f7a7\" data-element_type=\"widget\" data-widget_type=\"image.default\">\n\t\t\t\t<div class=\"elementor-widget-container\">\n\t\t\t\t\t\t\t\t<div class=\"elementor-image\">\n\t\t\t\t\t\t\t\t\t\t\t\t<img decoding=\"async\" width=\"525\" height=\"394\" src=\"https:\/\/www.iberbibliotecas.org\/wp-content\/uploads\/2021\/02\/Img_8548_2024-11-15-1-1024x768.jpeg\" class=\"attachment-large size-large\" alt=\"\" loading=\"lazy\" srcset=\"https:\/\/www.iberbibliotecas.org\/wp-content\/uploads\/2021\/02\/Img_8548_2024-11-15-1-1024x768.jpeg 1024w, https:\/\/www.iberbibliotecas.org\/wp-content\/uploads\/2021\/02\/Img_8548_2024-11-15-1-300x225.jpeg 300w, https:\/\/www.iberbibliotecas.org\/wp-content\/uploads\/2021\/02\/Img_8548_2024-11-15-1-768x576.jpeg 768w, https:\/\/www.iberbibliotecas.org\/wp-content\/uploads\/2021\/02\/Img_8548_2024-11-15-1-1536x1152.jpeg 1536w, https:\/\/www.iberbibliotecas.org\/wp-content\/uploads\/2021\/02\/Img_8548_2024-11-15-1-2048x1536.jpeg 2048w, https:\/\/www.iberbibliotecas.org\/wp-content\/uploads\/2021\/02\/Img_8548_2024-11-15-1-16x12.jpeg 16w\" sizes=\"100vw\" \/>\t\t\t\t\t\t\t\t\t\t\t\t\t\t<\/div>\n\t\t\t\t\t\t<\/div>\n\t\t\t\t<\/div>\n\t\t\t\t\t\t<\/div>\n\t\t\t\t\t<\/div>\n\t\t<\/div>\n\t\t\t\t<div class=\"elementor-column elementor-col-50 elementor-top-column elementor-element elementor-element-2f08e8c\" data-id=\"2f08e8c\" data-element_type=\"column\">\n\t\t\t<div class=\"elementor-column-wrap elementor-element-populated\">\n\t\t\t\t\t\t\t<div class=\"elementor-widget-wrap\">\n\t\t\t\t\t\t<div class=\"elementor-element elementor-element-694646d elementor-widget elementor-widget-spacer\" data-id=\"694646d\" data-element_type=\"widget\" data-widget_type=\"spacer.default\">\n\t\t\t\t<div class=\"elementor-widget-container\">\n\t\t\t\t\t<div class=\"elementor-spacer\">\n\t\t\t<div class=\"elementor-spacer-inner\"><\/div>\n\t\t<\/div>\n\t\t\t\t<\/div>\n\t\t\t\t<\/div>\n\t\t\t\t<div class=\"elementor-element elementor-element-9953332 elementor-widget elementor-widget-text-editor\" data-id=\"9953332\" data-element_type=\"widget\" data-widget_type=\"text-editor.default\">\n\t\t\t\t<div class=\"elementor-widget-container\">\n\t\t\t\t\t\t\t\t<div class=\"elementor-text-editor elementor-clearfix\">\n\t\t\t\t<p>O incumprimento total ou parcial das condi\u00e7\u00f5es impostas \u00e0s pessoas selecionadas e, em particular, a sua n\u00e3o compar\u00eancia \u00e0s atividades programadas resultar\u00e1 no reembolso do montante concedido ao Est\u00e1gio espec\u00edfico, acrescido dos correspondentes juros de mora. Neste caso, a Unidade T\u00e9cnica do Programa exigir\u00e1 por escrito ao bibliotec\u00e1rio benefici\u00e1rio para que, no prazo m\u00e1ximo de sete dias corridos, manifeste as raz\u00f5es que justificam tal situa\u00e7\u00e3o, das quais ser\u00e1 transferido para o ponto focal correspondente. Se o ponto focal verificar que as raz\u00f5es n\u00e3o s\u00e3o suficientes e, por isso, indicar \u00e0 Unidade T\u00e9cnica, submeter\u00e1 \u00e0 aprecia\u00e7\u00e3o do Conselho Intergovernamental do Programa a decis\u00e3o de solicitar o reembolso dos recursos entregues, que ser\u00e3o registrados em ata fundamentada.<\/p><p>Em qualquer caso, o pedido de reembolso ser\u00e1 regido pela legisla\u00e7\u00e3o civil da Rep\u00fablica da Col\u00f4mbia e ser\u00e1 conhecido pela Jurisdi\u00e7\u00e3o Ordin\u00e1ria desse pa\u00eds.<\/p>\t\t\t\t\t<\/div>\n\t\t\t\t\t\t<\/div>\n\t\t\t\t<\/div>\n\t\t\t\t\t\t<\/div>\n\t\t\t\t\t<\/div>\n\t\t<\/div>\n\t\t\t\t\t\t\t\t<\/div>\n\t\t\t\t\t<\/div>\n\t\t<\/section>\n\t\t\t\t<section class=\"elementor-section elementor-top-section elementor-element elementor-element-35467e7 elementor-section-boxed elementor-section-height-default elementor-section-height-default\" data-id=\"35467e7\" data-element_type=\"section\">\n\t\t\t\t\t\t<div class=\"elementor-container elementor-column-gap-default\">\n\t\t\t\t\t\t\t<div class=\"elementor-row\">\n\t\t\t\t\t<div class=\"elementor-column elementor-col-100 elementor-top-column elementor-element elementor-element-a24273e\" data-id=\"a24273e\" data-element_type=\"column\">\n\t\t\t<div class=\"elementor-column-wrap\">\n\t\t\t\t\t\t\t<div class=\"elementor-widget-wrap\">\n\t\t\t\t\t\t\t\t<\/div>\n\t\t\t\t\t<\/div>\n\t\t<\/div>\n\t\t\t\t\t\t\t\t<\/div>\n\t\t\t\t\t<\/div>\n\t\t<\/section>\n\t\t\t\t\t\t\t\t\t<\/div>\n\t\t\t<\/div>\n\t\t\t\t\t<\/div>\n\t\t<\/p>\n    <\/div>\n\n<\/div><!-- .lae-tab-slide -->\n\n    \n        \n        \n<div class=\"lae-tab-slide\">\n\n    <div class=\"lae-tab-slide-nav\">\n\n        <span class=\"lae-tab-title\">Obligaciones unidad<\/span>\n\n    <\/div>\n\n    <div class=\"lae-tab-slide-content\">\n\n        <p>Obriga\u00e7\u00f5es da Unidade<\/p><p>\t\t<div data-elementor-type=\"page\" data-elementor-id=\"4954\" class=\"elementor elementor-4954\">\n\t\t\t\t\t\t<div class=\"elementor-inner\">\n\t\t\t\t<div class=\"elementor-section-wrap\">\n\t\t\t\t\t\t\t\t\t<section class=\"elementor-section elementor-top-section elementor-element elementor-element-7c18f3a elementor-section-boxed elementor-section-height-default elementor-section-height-default\" data-id=\"7c18f3a\" data-element_type=\"section\">\n\t\t\t\t\t\t<div class=\"elementor-container elementor-column-gap-default\">\n\t\t\t\t\t\t\t<div class=\"elementor-row\">\n\t\t\t\t\t<div class=\"elementor-column elementor-col-50 elementor-top-column elementor-element elementor-element-a24f212\" data-id=\"a24f212\" data-element_type=\"column\">\n\t\t\t<div class=\"elementor-column-wrap elementor-element-populated\">\n\t\t\t\t\t\t\t<div class=\"elementor-widget-wrap\">\n\t\t\t\t\t\t<div class=\"elementor-element elementor-element-466851a elementor-widget elementor-widget-heading\" data-id=\"466851a\" data-element_type=\"widget\" data-widget_type=\"heading.default\">\n\t\t\t\t<div class=\"elementor-widget-container\">\n\t\t\t<h2 class=\"elementor-heading-title elementor-size-default\">12 - Obriga\u00e7\u00f5es da Unidade T\u00e9cnica e dos organizadores do Est\u00e1gio<\/h2>\t\t<\/div>\n\t\t\t\t<\/div>\n\t\t\t\t<div class=\"elementor-element elementor-element-9953332 elementor-widget elementor-widget-text-editor\" data-id=\"9953332\" data-element_type=\"widget\" data-widget_type=\"text-editor.default\">\n\t\t\t\t<div class=\"elementor-widget-container\">\n\t\t\t\t\t\t\t\t<div class=\"elementor-text-editor elementor-clearfix\">\n\t\t\t\t<p>A organizadora do Est\u00e1gio Internacional Iberbibliotecas 2025, a Biblioteca Nacional do Peru, que representa o ponto focal para o Peru, \u00e9 obrigada a receber as pessoas selecionados e concluir o programa de est\u00e1gio.<\/p><p>A Unidade T\u00e9cnica elaborar\u00e1 um documento de avalia\u00e7\u00e3o do projeto com os indicadores que foram planejados naquele ano e publicar\u00e1 no site do programa (<a href=\"https:\/\/www.iberbibliotecas.org\/por\/\">www.iberbibliotecas.org\/por<\/a>) as resenhas e cr\u00f4nicas dos participantes. A divulga\u00e7\u00e3o ser\u00e1 apoiada atrav\u00e9s das redes sociais do Iberbibliotecas e dos sistemas de bibliotecas dos pontos focais.<\/p>\t\t\t\t\t<\/div>\n\t\t\t\t\t\t<\/div>\n\t\t\t\t<\/div>\n\t\t\t\t\t\t<\/div>\n\t\t\t\t\t<\/div>\n\t\t<\/div>\n\t\t\t\t<div class=\"elementor-column elementor-col-50 elementor-top-column elementor-element elementor-element-252159f\" data-id=\"252159f\" data-element_type=\"column\">\n\t\t\t<div class=\"elementor-column-wrap elementor-element-populated\">\n\t\t\t\t\t\t\t<div class=\"elementor-widget-wrap\">\n\t\t\t\t\t\t<div class=\"elementor-element elementor-element-2e370f6 elementor-widget elementor-widget-image\" data-id=\"2e370f6\" data-element_type=\"widget\" data-widget_type=\"image.default\">\n\t\t\t\t<div class=\"elementor-widget-container\">\n\t\t\t\t\t\t\t\t<div class=\"elementor-image\">\n\t\t\t\t\t\t\t\t\t\t\t\t<img decoding=\"async\" width=\"525\" height=\"350\" src=\"https:\/\/www.iberbibliotecas.org\/wp-content\/uploads\/2025\/06\/54415857574_67e0bd8cd3_o-1024x683.jpg\" class=\"attachment-large size-large\" alt=\"colegio\" loading=\"lazy\" srcset=\"https:\/\/www.iberbibliotecas.org\/wp-content\/uploads\/2025\/06\/54415857574_67e0bd8cd3_o-1024x683.jpg 1024w, https:\/\/www.iberbibliotecas.org\/wp-content\/uploads\/2025\/06\/54415857574_67e0bd8cd3_o-300x200.jpg 300w, https:\/\/www.iberbibliotecas.org\/wp-content\/uploads\/2025\/06\/54415857574_67e0bd8cd3_o-768x512.jpg 768w, https:\/\/www.iberbibliotecas.org\/wp-content\/uploads\/2025\/06\/54415857574_67e0bd8cd3_o-1536x1024.jpg 1536w, https:\/\/www.iberbibliotecas.org\/wp-content\/uploads\/2025\/06\/54415857574_67e0bd8cd3_o-2048x1365.jpg 2048w, https:\/\/www.iberbibliotecas.org\/wp-content\/uploads\/2025\/06\/54415857574_67e0bd8cd3_o-18x12.jpg 18w\" sizes=\"100vw\" \/>\t\t\t\t\t\t\t\t\t\t\t\t\t\t<\/div>\n\t\t\t\t\t\t<\/div>\n\t\t\t\t<\/div>\n\t\t\t\t\t\t<\/div>\n\t\t\t\t\t<\/div>\n\t\t<\/div>\n\t\t\t\t\t\t\t\t<\/div>\n\t\t\t\t\t<\/div>\n\t\t<\/section>\n\t\t\t\t<section class=\"elementor-section elementor-top-section elementor-element elementor-element-35467e7 elementor-section-boxed elementor-section-height-default elementor-section-height-default\" data-id=\"35467e7\" data-element_type=\"section\">\n\t\t\t\t\t\t<div class=\"elementor-container elementor-column-gap-default\">\n\t\t\t\t\t\t\t<div class=\"elementor-row\">\n\t\t\t\t\t<div class=\"elementor-column elementor-col-100 elementor-top-column elementor-element elementor-element-a24273e\" data-id=\"a24273e\" data-element_type=\"column\">\n\t\t\t<div class=\"elementor-column-wrap\">\n\t\t\t\t\t\t\t<div class=\"elementor-widget-wrap\">\n\t\t\t\t\t\t\t\t<\/div>\n\t\t\t\t\t<\/div>\n\t\t<\/div>\n\t\t\t\t\t\t\t\t<\/div>\n\t\t\t\t\t<\/div>\n\t\t<\/section>\n\t\t\t\t\t\t\t\t\t<\/div>\n\t\t\t<\/div>\n\t\t\t\t\t<\/div>\n\t\t<\/p>\n    <\/div>\n\n<\/div><!-- .lae-tab-slide -->\n\n    \n        \n        \n<div class=\"lae-tab-slide\">\n\n    <div class=\"lae-tab-slide-nav\">\n\n        <span class=\"lae-tab-title\">Pago<\/span>\n\n    <\/div>\n\n    <div class=\"lae-tab-slide-content\">\n\n        <p>Pago<\/p><p>\t\t<div data-elementor-type=\"page\" data-elementor-id=\"4958\" class=\"elementor elementor-4958\">\n\t\t\t\t\t\t<div class=\"elementor-inner\">\n\t\t\t\t<div class=\"elementor-section-wrap\">\n\t\t\t\t\t\t\t\t\t<section class=\"elementor-section elementor-top-section elementor-element elementor-element-35467e7 elementor-section-boxed elementor-section-height-default elementor-section-height-default\" data-id=\"35467e7\" data-element_type=\"section\">\n\t\t\t\t\t\t<div class=\"elementor-container elementor-column-gap-default\">\n\t\t\t\t\t\t\t<div class=\"elementor-row\">\n\t\t\t\t\t<div class=\"elementor-column elementor-col-33 elementor-top-column elementor-element elementor-element-c53c2b9\" data-id=\"c53c2b9\" data-element_type=\"column\">\n\t\t\t<div class=\"elementor-column-wrap\">\n\t\t\t\t\t\t\t<div class=\"elementor-widget-wrap\">\n\t\t\t\t\t\t\t\t<\/div>\n\t\t\t\t\t<\/div>\n\t\t<\/div>\n\t\t\t\t<div class=\"elementor-column elementor-col-33 elementor-top-column elementor-element elementor-element-a24273e\" data-id=\"a24273e\" data-element_type=\"column\">\n\t\t\t<div class=\"elementor-column-wrap elementor-element-populated\">\n\t\t\t\t\t\t\t<div class=\"elementor-widget-wrap\">\n\t\t\t\t\t\t<div class=\"elementor-element elementor-element-466851a elementor-widget elementor-widget-heading\" data-id=\"466851a\" data-element_type=\"widget\" data-widget_type=\"heading.default\">\n\t\t\t\t<div class=\"elementor-widget-container\">\n\t\t\t<h2 class=\"elementor-heading-title elementor-size-default\">13 -Pago y justificaci\u00f3n de las Pasant\u00edas<\/h2>\t\t<\/div>\n\t\t\t\t<\/div>\n\t\t\t\t<div class=\"elementor-element elementor-element-9953332 elementor-widget elementor-widget-text-editor\" data-id=\"9953332\" data-element_type=\"widget\" data-widget_type=\"text-editor.default\">\n\t\t\t\t<div class=\"elementor-widget-container\">\n\t\t\t\t\t\t\t\t<div class=\"elementor-text-editor elementor-clearfix\">\n\t\t\t\t<p><span data-contrast=\"none\">El pago del monto para el pa\u00eds o miembro del programa organizador de las\u00a0Pasant\u00edas\u00a0as\u00ed como a los seleccionados de cada a\u00f1o se efectuar\u00e1 en el momento que determine el Consejo Intergubernamental y ser\u00e1 realizado por la Unidad T\u00e9cnica del Programa<strong>\u00a0Iberbibliotecas.<\/strong><\/span><strong>\u00a0<\/strong><\/p><p><span data-contrast=\"none\">Todos los importes que sean objeto de concesi\u00f3n se justificar\u00e1n mediante la aportaci\u00f3n de las correspondientes facturas, en un m\u00e1ximo de 30 d\u00edas naturales a partir de la finalizaci\u00f3n de las pasant\u00edas.<\/span><span data-ccp-props=\"{&quot;201341983&quot;:0,&quot;335559739&quot;:160,&quot;335559740&quot;:259}\">\u00a0<\/span><\/p>\t\t\t\t\t<\/div>\n\t\t\t\t\t\t<\/div>\n\t\t\t\t<\/div>\n\t\t\t\t\t\t<\/div>\n\t\t\t\t\t<\/div>\n\t\t<\/div>\n\t\t\t\t<div class=\"elementor-column elementor-col-33 elementor-top-column elementor-element elementor-element-0c9c76b\" data-id=\"0c9c76b\" data-element_type=\"column\">\n\t\t\t<div class=\"elementor-column-wrap\">\n\t\t\t\t\t\t\t<div class=\"elementor-widget-wrap\">\n\t\t\t\t\t\t\t\t<\/div>\n\t\t\t\t\t<\/div>\n\t\t<\/div>\n\t\t\t\t\t\t\t\t<\/div>\n\t\t\t\t\t<\/div>\n\t\t<\/section>\n\t\t\t\t\t\t\t\t\t<\/div>\n\t\t\t<\/div>\n\t\t\t\t\t<\/div>\n\t\t<\/p>\n    <\/div>\n\n<\/div><!-- .lae-tab-slide -->\n\n    \n        \n        \n<div class=\"lae-tab-slide\">\n\n    <div class=\"lae-tab-slide-nav\">\n\n        <span class=\"lae-tab-title\">Consultas<\/span>\n\n    <\/div>\n\n    <div class=\"lae-tab-slide-content\">\n\n        <p>Consultas<\/p><p>\t\t<div data-elementor-type=\"page\" data-elementor-id=\"4962\" class=\"elementor elementor-4962\">\n\t\t\t\t\t\t<div class=\"elementor-inner\">\n\t\t\t\t<div class=\"elementor-section-wrap\">\n\t\t\t\t\t\t\t\t\t<section class=\"elementor-section elementor-top-section elementor-element elementor-element-35467e7 elementor-section-boxed elementor-section-height-default elementor-section-height-default\" data-id=\"35467e7\" data-element_type=\"section\">\n\t\t\t\t\t\t<div class=\"elementor-container elementor-column-gap-default\">\n\t\t\t\t\t\t\t<div class=\"elementor-row\">\n\t\t\t\t\t<div class=\"elementor-column elementor-col-100 elementor-top-column elementor-element elementor-element-a24273e\" data-id=\"a24273e\" data-element_type=\"column\">\n\t\t\t<div class=\"elementor-column-wrap\">\n\t\t\t\t\t\t\t<div class=\"elementor-widget-wrap\">\n\t\t\t\t\t\t\t\t<\/div>\n\t\t\t\t\t<\/div>\n\t\t<\/div>\n\t\t\t\t\t\t\t\t<\/div>\n\t\t\t\t\t<\/div>\n\t\t<\/section>\n\t\t\t\t<section class=\"elementor-section elementor-top-section elementor-element elementor-element-2a53d30 elementor-section-boxed elementor-section-height-default elementor-section-height-default\" data-id=\"2a53d30\" data-element_type=\"section\">\n\t\t\t\t\t\t<div class=\"elementor-container elementor-column-gap-default\">\n\t\t\t\t\t\t\t<div class=\"elementor-row\">\n\t\t\t\t\t<div class=\"elementor-column elementor-col-50 elementor-top-column elementor-element elementor-element-4b8e3cf\" data-id=\"4b8e3cf\" data-element_type=\"column\">\n\t\t\t<div class=\"elementor-column-wrap elementor-element-populated\">\n\t\t\t\t\t\t\t<div class=\"elementor-widget-wrap\">\n\t\t\t\t\t\t<div class=\"elementor-element elementor-element-466851a elementor-widget elementor-widget-heading\" data-id=\"466851a\" data-element_type=\"widget\" data-widget_type=\"heading.default\">\n\t\t\t\t<div class=\"elementor-widget-container\">\n\t\t\t<h2 class=\"elementor-heading-title elementor-size-default\">13 - Consultas<\/h2>\t\t<\/div>\n\t\t\t\t<\/div>\n\t\t\t\t<div class=\"elementor-element elementor-element-9953332 elementor-widget elementor-widget-text-editor\" data-id=\"9953332\" data-element_type=\"widget\" data-widget_type=\"text-editor.default\">\n\t\t\t\t<div class=\"elementor-widget-container\">\n\t\t\t\t\t\t\t\t<div class=\"elementor-text-editor elementor-clearfix\">\n\t\t\t\t<p><span style=\"font-weight: 400;\">As pessoas interessadas \u200b\u200bem apresentar candidaturas ou solicitar assist\u00eancia especial para a conclus\u00e3o da sua candidatura podem entrar em contato com a Unidade T\u00e9cnica do programa para resolver as suas d\u00favidas por e-mail: <\/span><strong><span style=\"color: #000080;\"><a style=\"color: #000080;\" href=\"mailto:iberbibliotecas@cerlalc.org\">iberbibliotecas@cerlalc.org<\/a><\/span><\/strong><\/p>\t\t\t\t\t<\/div>\n\t\t\t\t\t\t<\/div>\n\t\t\t\t<\/div>\n\t\t\t\t\t\t<\/div>\n\t\t\t\t\t<\/div>\n\t\t<\/div>\n\t\t\t\t<div class=\"elementor-column elementor-col-50 elementor-top-column elementor-element elementor-element-c1f4ad4\" data-id=\"c1f4ad4\" data-element_type=\"column\">\n\t\t\t<div class=\"elementor-column-wrap elementor-element-populated\">\n\t\t\t\t\t\t\t<div class=\"elementor-widget-wrap\">\n\t\t\t\t\t\t<div class=\"elementor-element elementor-element-b1a7c50 elementor-widget elementor-widget-image\" data-id=\"b1a7c50\" data-element_type=\"widget\" data-widget_type=\"image.default\">\n\t\t\t\t<div class=\"elementor-widget-container\">\n\t\t\t\t\t\t\t\t<div class=\"elementor-image\">\n\t\t\t\t\t\t\t\t\t\t\t\t<img decoding=\"async\" src=\"https:\/\/www.iberbibliotecas.org\/wp-content\/uploads\/elementor\/thumbs\/54414149413_3a2150dd27_o-scaled-rl19w1h85j503frm8niv19bz1fc7t3fyuraw4ib7n4.jpg\" title=\"54414149413_3a2150dd27_o\" alt=\"personas\" \/>\t\t\t\t\t\t\t\t\t\t\t\t\t\t<\/div>\n\t\t\t\t\t\t<\/div>\n\t\t\t\t<\/div>\n\t\t\t\t\t\t<\/div>\n\t\t\t\t\t<\/div>\n\t\t<\/div>\n\t\t\t\t\t\t\t\t<\/div>\n\t\t\t\t\t<\/div>\n\t\t<\/section>\n\t\t\t\t\t\t\t\t\t<\/div>\n\t\t\t<\/div>\n\t\t\t\t\t<\/div>\n\t\t<\/p>\n    <\/div>\n\n<\/div><!-- .lae-tab-slide -->\n\n    \n<\/div><!-- .lae-tab-slider -->\n\t\t<\/div>\n\t\t\t\t<\/div>\n\t\t\t\t<div class=\"elementor-element elementor-element-4279f81 elementor-widget__width-initial elementor-hidden-phone elementor-widget elementor-widget-eael-adv-tabs\" data-id=\"4279f81\" data-element_type=\"widget\" data-widget_type=\"eael-adv-tabs.default\">\n\t\t\t\t<div class=\"elementor-widget-container\">\n\t\t\t        <div id=\"eael-advance-tabs-4279f81\" class=\"eael-advance-tabs eael-tabs-horizontal eael-tab-auto-active  active-caret-on\" data-tabid=\"4279f81\">\n            <div class=\"eael-tabs-nav\">\n                <ul class=\"\">\n                                            <li id=\"introduccin\" class=\"eael-tab-item-trigger\" aria-selected=\"true\" data-tab=\"1\" role=\"tab\" tabindex=\"0\" aria-controls=\"introduccin-tab\" aria-expanded=\"false\">\n                            \n                            \n                            \n                                                            <span class=\"eael-tab-title  title-after-icon\">Introdu\u00e7\u00e3o<\/span>                                                    <\/li>\n                                            <li id=\"pasanta\" class=\"eael-tab-item-trigger\" aria-selected=\"false\" data-tab=\"2\" role=\"tab\" tabindex=\"-1\" aria-controls=\"pasanta-tab\" aria-expanded=\"false\">\n                            \n                            \n                            \n                                                            <span class=\"eael-tab-title  title-after-icon\">Est\u00e1gio<\/span>                                                    <\/li>\n                                            <li id=\"quines-pueden-participar\" class=\"eael-tab-item-trigger\" aria-selected=\"false\" data-tab=\"3\" role=\"tab\" tabindex=\"-1\" aria-controls=\"quines-pueden-participar-tab\" aria-expanded=\"false\">\n                            \n                            \n                            \n                                                            <span class=\"eael-tab-title  title-after-icon\">Quem pode participar?<\/span>                                                    <\/li>\n                                            <li id=\"quienes-no-pueden-participar\" class=\"eael-tab-item-trigger\" aria-selected=\"false\" data-tab=\"4\" role=\"tab\" tabindex=\"-1\" aria-controls=\"quienes-no-pueden-participar-tab\" aria-expanded=\"false\">\n                            \n                            \n                            \n                                                            <span class=\"eael-tab-title  title-after-icon\">Quem N\u00c3O pode participar?<\/span>                                                    <\/li>\n                                            <li id=\"postulaciones\" class=\"eael-tab-item-trigger\" aria-selected=\"false\" data-tab=\"5\" role=\"tab\" tabindex=\"-1\" aria-controls=\"postulaciones-tab\" aria-expanded=\"false\">\n                            \n                            \n                            \n                                                            <span class=\"eael-tab-title  title-after-icon\">Aplica\u00e7\u00f5es<\/span>                                                    <\/li>\n                                            <li id=\"dotacin-y-condiciones\" class=\"eael-tab-item-trigger\" aria-selected=\"false\" data-tab=\"6\" role=\"tab\" tabindex=\"-1\" aria-controls=\"dotacin-y-condiciones-tab\" aria-expanded=\"false\">\n                            \n                            \n                            \n                                                            <span class=\"eael-tab-title  title-after-icon\">Dota\u00e7\u00e3o e condi\u00e7\u00f5es<\/span>                                                    <\/li>\n                                            <li id=\"proceso-de-seleccin\" class=\"eael-tab-item-trigger\" aria-selected=\"false\" data-tab=\"7\" role=\"tab\" tabindex=\"-1\" aria-controls=\"proceso-de-seleccin-tab\" aria-expanded=\"false\">\n                            \n                            \n                            \n                                                            <span class=\"eael-tab-title  title-after-icon\">Processo seletivo<\/span>                                                    <\/li>\n                                            <li id=\"criterios-de-evaluacin\" class=\"eael-tab-item-trigger\" aria-selected=\"false\" data-tab=\"8\" role=\"tab\" tabindex=\"-1\" aria-controls=\"criterios-de-evaluacin-tab\" aria-expanded=\"false\">\n                            \n                            \n                            \n                                                            <span class=\"eael-tab-title  title-after-icon\">Crit\u00e9rios de avalia\u00e7\u00e3o<\/span>                                                    <\/li>\n                                            <li id=\"calendario\" class=\"eael-tab-item-trigger\" aria-selected=\"false\" data-tab=\"9\" role=\"tab\" tabindex=\"-1\" aria-controls=\"calendario-tab\" aria-expanded=\"false\">\n                            \n                            \n                            \n                                                            <span class=\"eael-tab-title  title-after-icon\">Calend\u00e1rio<\/span>                                                    <\/li>\n                                            <li id=\"obligaciones-generales\" class=\"eael-tab-item-trigger\" aria-selected=\"false\" data-tab=\"10\" role=\"tab\" tabindex=\"-1\" aria-controls=\"obligaciones-generales-tab\" aria-expanded=\"false\">\n                            \n                            \n                            \n                                                            <span class=\"eael-tab-title  title-after-icon\">Obriga\u00e7\u00f5es gerais<\/span>                                                    <\/li>\n                                            <li id=\"reintegros-\" class=\"eael-tab-item-trigger\" aria-selected=\"false\" data-tab=\"11\" role=\"tab\" tabindex=\"-1\" aria-controls=\"reintegros--tab\" aria-expanded=\"false\">\n                            \n                            \n                            \n                                                            <span class=\"eael-tab-title  title-after-icon\">reembolsos <\/span>                                                    <\/li>\n                                            <li id=\"obligaciones-de-la-unidad\" class=\"eael-tab-item-trigger\" aria-selected=\"false\" data-tab=\"12\" role=\"tab\" tabindex=\"-1\" aria-controls=\"obligaciones-de-la-unidad-tab\" aria-expanded=\"false\">\n                            \n                            \n                            \n                                                            <span class=\"eael-tab-title  title-after-icon\">Obriga\u00e7\u00f5es da Unidade<\/span>                                                    <\/li>\n                                            <li id=\"consultas\" class=\"eael-tab-item-trigger\" aria-selected=\"false\" data-tab=\"13\" role=\"tab\" tabindex=\"-1\" aria-controls=\"consultas-tab\" aria-expanded=\"false\">\n                            \n                            \n                            \n                                                            <span class=\"eael-tab-title  title-after-icon\">Consultas<\/span>                                                    <\/li>\n                                    <\/ul>\n            <\/div>\n            \n            <div class=\"eael-tabs-content\">\n\t\t        \n                    <div id=\"introduccin-tab\" class=\"clearfix eael-tab-content-item\" data-title-link=\"introduccin-tab\">\n\t\t\t\t        \t\t\t\t\t        \t\t<div data-elementor-type=\"page\" data-elementor-id=\"4915\" class=\"elementor elementor-4915\">\n\t\t\t\t\t\t<div class=\"elementor-inner\">\n\t\t\t\t<div class=\"elementor-section-wrap\">\n\t\t\t\t\t\t\t\t\t<section class=\"elementor-section elementor-top-section elementor-element elementor-element-35467e7 elementor-section-boxed elementor-section-height-default elementor-section-height-default\" data-id=\"35467e7\" data-element_type=\"section\">\n\t\t\t\t\t\t<div class=\"elementor-container elementor-column-gap-default\">\n\t\t\t\t\t\t\t<div class=\"elementor-row\">\n\t\t\t\t\t<div class=\"elementor-column elementor-col-100 elementor-top-column elementor-element elementor-element-a24273e\" data-id=\"a24273e\" data-element_type=\"column\">\n\t\t\t<div class=\"elementor-column-wrap\">\n\t\t\t\t\t\t\t<div class=\"elementor-widget-wrap\">\n\t\t\t\t\t\t\t\t<\/div>\n\t\t\t\t\t<\/div>\n\t\t<\/div>\n\t\t\t\t\t\t\t\t<\/div>\n\t\t\t\t\t<\/div>\n\t\t<\/section>\n\t\t\t\t<section class=\"elementor-section elementor-top-section elementor-element elementor-element-01c61b2 elementor-section-boxed elementor-section-height-default elementor-section-height-default\" data-id=\"01c61b2\" data-element_type=\"section\">\n\t\t\t\t\t\t<div class=\"elementor-container elementor-column-gap-default\">\n\t\t\t\t\t\t\t<div class=\"elementor-row\">\n\t\t\t\t\t<div class=\"elementor-column elementor-col-50 elementor-top-column elementor-element elementor-element-90fc9e3\" data-id=\"90fc9e3\" data-element_type=\"column\">\n\t\t\t<div class=\"elementor-column-wrap elementor-element-populated\">\n\t\t\t\t\t\t\t<div class=\"elementor-widget-wrap\">\n\t\t\t\t\t\t<div class=\"elementor-element elementor-element-466851a elementor-widget elementor-widget-heading\" data-id=\"466851a\" data-element_type=\"widget\" data-widget_type=\"heading.default\">\n\t\t\t\t<div class=\"elementor-widget-container\">\n\t\t\t<h2 class=\"elementor-heading-title elementor-size-default\">2 - Introdu\u00e7\u00e3o<\/h2>\t\t<\/div>\n\t\t\t\t<\/div>\n\t\t\t\t<div class=\"elementor-element elementor-element-9953332 elementor-widget elementor-widget-text-editor\" data-id=\"9953332\" data-element_type=\"widget\" data-widget_type=\"text-editor.default\">\n\t\t\t\t<div class=\"elementor-widget-container\">\n\t\t\t\t\t\t\t\t<div class=\"elementor-text-editor elementor-clearfix\">\n\t\t\t\t<p>Com o objetivo de contribuir para o desenvolvimento profissional de pessoas que trabalham em bibliotecas e que possam enfrentar os desafios que as bibliotecas p\u00fablicas e comunit\u00e1rias apresentam na regi\u00e3o ibero-americana, o Programa Ibero-Americano de Bibliotecas P\u00fablicas, <strong>Iberbibliotecas<\/strong>, apresenta seu programa de Est\u00e1gio Internacional voltado para pessoas que trabalham em bibliotecas p\u00fablicas e comunit\u00e1rias nos pa\u00edses e cidades membros. As pessoas escolhidas poder\u00e3o melhorar suas habilidades profissionais, comunica\u00e7\u00e3o e colabora\u00e7\u00e3o entre profissionais de bibliotecas ibero-americanas<\/p><p>Todos os anos, o Programa Iberbibliotecas seleciona um pa\u00eds membro para realizar o Est\u00e1gio e apoia pessoas que trabalham em bibliotecas de cada um dos membros ativos do Iberbibliotecas, em n\u00famero de acordo com os recursos destinados cada ano para a convocat\u00f3ria.<\/p>\t\t\t\t\t<\/div>\n\t\t\t\t\t\t<\/div>\n\t\t\t\t<\/div>\n\t\t\t\t\t\t<\/div>\n\t\t\t\t\t<\/div>\n\t\t<\/div>\n\t\t\t\t<div class=\"elementor-column elementor-col-50 elementor-top-column elementor-element elementor-element-234aaf6\" data-id=\"234aaf6\" data-element_type=\"column\">\n\t\t\t<div class=\"elementor-column-wrap elementor-element-populated\">\n\t\t\t\t\t\t\t<div class=\"elementor-widget-wrap\">\n\t\t\t\t\t\t<div class=\"elementor-element elementor-element-f41a7d4 elementor-widget elementor-widget-image\" data-id=\"f41a7d4\" data-element_type=\"widget\" data-widget_type=\"image.default\">\n\t\t\t\t<div class=\"elementor-widget-container\">\n\t\t\t\t\t\t\t\t<div class=\"elementor-image\">\n\t\t\t\t\t\t\t\t\t\t\t\t<img decoding=\"async\" width=\"525\" height=\"350\" src=\"https:\/\/www.iberbibliotecas.org\/wp-content\/uploads\/2025\/06\/54406809478_2cde252662_o-1024x683.jpg\" class=\"attachment-large size-large\" alt=\"grupo\" loading=\"lazy\" srcset=\"https:\/\/www.iberbibliotecas.org\/wp-content\/uploads\/2025\/06\/54406809478_2cde252662_o-1024x683.jpg 1024w, https:\/\/www.iberbibliotecas.org\/wp-content\/uploads\/2025\/06\/54406809478_2cde252662_o-300x200.jpg 300w, https:\/\/www.iberbibliotecas.org\/wp-content\/uploads\/2025\/06\/54406809478_2cde252662_o-768x512.jpg 768w, https:\/\/www.iberbibliotecas.org\/wp-content\/uploads\/2025\/06\/54406809478_2cde252662_o-1536x1024.jpg 1536w, https:\/\/www.iberbibliotecas.org\/wp-content\/uploads\/2025\/06\/54406809478_2cde252662_o-2048x1365.jpg 2048w, https:\/\/www.iberbibliotecas.org\/wp-content\/uploads\/2025\/06\/54406809478_2cde252662_o-18x12.jpg 18w\" sizes=\"100vw\" \/>\t\t\t\t\t\t\t\t\t\t\t\t\t\t<\/div>\n\t\t\t\t\t\t<\/div>\n\t\t\t\t<\/div>\n\t\t\t\t\t\t<\/div>\n\t\t\t\t\t<\/div>\n\t\t<\/div>\n\t\t\t\t\t\t\t\t<\/div>\n\t\t\t\t\t<\/div>\n\t\t<\/section>\n\t\t\t\t\t\t\t\t\t<\/div>\n\t\t\t<\/div>\n\t\t\t\t\t<\/div>\n\t\t\t\t\t\t                            <\/div>\n\t\t        \n                    <div id=\"pasanta-tab\" class=\"clearfix eael-tab-content-item\" data-title-link=\"pasanta-tab\">\n\t\t\t\t        \t\t\t\t\t        \t\t<div data-elementor-type=\"page\" data-elementor-id=\"4918\" class=\"elementor elementor-4918\">\n\t\t\t\t\t\t<div class=\"elementor-inner\">\n\t\t\t\t<div class=\"elementor-section-wrap\">\n\t\t\t\t\t\t\t\t\t<section class=\"elementor-section elementor-top-section elementor-element elementor-element-a4aced1 elementor-section-boxed elementor-section-height-default elementor-section-height-default\" data-id=\"a4aced1\" data-element_type=\"section\">\n\t\t\t\t\t\t<div class=\"elementor-container elementor-column-gap-default\">\n\t\t\t\t\t\t\t<div class=\"elementor-row\">\n\t\t\t\t\t<div class=\"elementor-column elementor-col-50 elementor-top-column elementor-element elementor-element-346be83\" data-id=\"346be83\" data-element_type=\"column\">\n\t\t\t<div class=\"elementor-column-wrap elementor-element-populated\">\n\t\t\t\t\t\t\t<div class=\"elementor-widget-wrap\">\n\t\t\t\t\t\t<div class=\"elementor-element elementor-element-466851a elementor-widget elementor-widget-heading\" data-id=\"466851a\" data-element_type=\"widget\" data-widget_type=\"heading.default\">\n\t\t\t\t<div class=\"elementor-widget-container\">\n\t\t\t<h2 class=\"elementor-heading-title elementor-size-default\">2 - Est\u00e1gio<\/h2>\t\t<\/div>\n\t\t\t\t<\/div>\n\t\t\t\t<div class=\"elementor-element elementor-element-9953332 elementor-widget elementor-widget-text-editor\" data-id=\"9953332\" data-element_type=\"widget\" data-widget_type=\"text-editor.default\">\n\t\t\t\t<div class=\"elementor-widget-container\">\n\t\t\t\t\t\t\t\t<div class=\"elementor-text-editor elementor-clearfix\">\n\t\t\t\t<p><span style=\"color: #000080;\"><strong>Lugar<\/strong><\/span>: Lima, Peru<br \/><span style=\"color: #000080;\"><strong>Data<\/strong><\/span>: 11 a 14 de novembro de 2025<br \/><span style=\"color: #000080;\"><strong>Tema<\/strong><\/span>: <strong>Mulheres na Mem\u00f3ria: reflex\u00f5es e a\u00e7\u00f5es das bibliotecas em torno ao Patrim\u00f4nio Documental Feminino<\/strong><\/p><p>O est\u00e1gio internacional \"Mulheres na Mem\u00f3ria: reflex\u00f5es e a\u00e7\u00f5es das bibliotecas em torno ao Patrim\u00f4nio Documental Feminino\" visa fortalecer as capacidades das estagi\u00e1rias em conserva\u00e7\u00e3o e digitaliza\u00e7\u00e3o, bem como na media\u00e7\u00e3o cultural do patrim\u00f4nio feminino, a fim de replicar a iniciativa em espa\u00e7os colaborativos entre bibliotecas. Al\u00e9m disso, como parte do est\u00e1gio, a import\u00e2ncia de contar com ferramentas de gest\u00e3o alinhadas \u00e0s pol\u00edticas p\u00fablicas contribui para a preserva\u00e7\u00e3o e o acesso gratuito e universal ao patrim\u00f4nio documental que destaca o papel e a atua\u00e7\u00e3o das mulheres na sociedade e \u00e9 salvaguardado nas bibliotecas.<\/p>\t\t\t\t\t<\/div>\n\t\t\t\t\t\t<\/div>\n\t\t\t\t<\/div>\n\t\t\t\t\t\t<\/div>\n\t\t\t\t\t<\/div>\n\t\t<\/div>\n\t\t\t\t<div class=\"elementor-column elementor-col-50 elementor-top-column elementor-element elementor-element-2e49c37\" data-id=\"2e49c37\" data-element_type=\"column\">\n\t\t\t<div class=\"elementor-column-wrap elementor-element-populated\">\n\t\t\t\t\t\t\t<div class=\"elementor-widget-wrap\">\n\t\t\t\t\t\t<div class=\"elementor-element elementor-element-d9aedee elementor-widget elementor-widget-spacer\" data-id=\"d9aedee\" data-element_type=\"widget\" data-widget_type=\"spacer.default\">\n\t\t\t\t<div class=\"elementor-widget-container\">\n\t\t\t\t\t<div class=\"elementor-spacer\">\n\t\t\t<div class=\"elementor-spacer-inner\"><\/div>\n\t\t<\/div>\n\t\t\t\t<\/div>\n\t\t\t\t<\/div>\n\t\t\t\t<div class=\"elementor-element elementor-element-06106d9 elementor-widget elementor-widget-image\" data-id=\"06106d9\" data-element_type=\"widget\" data-widget_type=\"image.default\">\n\t\t\t\t<div class=\"elementor-widget-container\">\n\t\t\t\t\t\t\t\t<div class=\"elementor-image\">\n\t\t\t\t\t\t\t\t\t\t\t\t<img decoding=\"async\" width=\"525\" height=\"352\" src=\"https:\/\/www.iberbibliotecas.org\/wp-content\/uploads\/2025\/06\/Lima-1024x687.jpeg\" class=\"attachment-large size-large\" alt=\"per\u00fa\" loading=\"lazy\" srcset=\"https:\/\/www.iberbibliotecas.org\/wp-content\/uploads\/2025\/06\/Lima-1024x687.jpeg 1024w, https:\/\/www.iberbibliotecas.org\/wp-content\/uploads\/2025\/06\/Lima-300x201.jpeg 300w, https:\/\/www.iberbibliotecas.org\/wp-content\/uploads\/2025\/06\/Lima-768x515.jpeg 768w, https:\/\/www.iberbibliotecas.org\/wp-content\/uploads\/2025\/06\/Lima-18x12.jpeg 18w, https:\/\/www.iberbibliotecas.org\/wp-content\/uploads\/2025\/06\/Lima.jpeg 1280w\" sizes=\"100vw\" \/>\t\t\t\t\t\t\t\t\t\t\t\t\t\t<\/div>\n\t\t\t\t\t\t<\/div>\n\t\t\t\t<\/div>\n\t\t\t\t\t\t<\/div>\n\t\t\t\t\t<\/div>\n\t\t<\/div>\n\t\t\t\t\t\t\t\t<\/div>\n\t\t\t\t\t<\/div>\n\t\t<\/section>\n\t\t\t\t<section class=\"elementor-section elementor-top-section elementor-element elementor-element-89a7687 elementor-section-boxed elementor-section-height-default elementor-section-height-default\" data-id=\"89a7687\" data-element_type=\"section\">\n\t\t\t\t\t\t<div class=\"elementor-container elementor-column-gap-default\">\n\t\t\t\t\t\t\t<div class=\"elementor-row\">\n\t\t\t\t\t<div class=\"elementor-column elementor-col-100 elementor-top-column elementor-element elementor-element-8bcbc1d\" data-id=\"8bcbc1d\" data-element_type=\"column\">\n\t\t\t<div class=\"elementor-column-wrap elementor-element-populated\">\n\t\t\t\t\t\t\t<div class=\"elementor-widget-wrap\">\n\t\t\t\t\t\t<div class=\"elementor-element elementor-element-ff205ec elementor-widget elementor-widget-text-editor\" data-id=\"ff205ec\" data-element_type=\"widget\" data-widget_type=\"text-editor.default\">\n\t\t\t\t<div class=\"elementor-widget-container\">\n\t\t\t\t\t\t\t\t<div class=\"elementor-text-editor elementor-clearfix\">\n\t\t\t\t<p>Este est\u00e1gio faz parte das iniciativas estrat\u00e9gicas da Biblioteca Nacional do Peru (BNP) para preservar, digitalizar e disseminar o acervo documental que reflete a produ\u00e7\u00e3o intelectual feminina no pa\u00eds. Esta iniciativa responde \u00e0 necessidade hist\u00f3rica de revalorizar as contribui\u00e7\u00f5es das mulheres para o desenvolvimento cultural, acad\u00eamico, social e pol\u00edtico da na\u00e7\u00e3o, frequentemente invisibilizadas nos registros tradicionais. Busca contribuir para a redu\u00e7\u00e3o das barreiras de g\u00eanero existentes e a constru\u00e7\u00e3o de uma sociedade mais democr\u00e1tica e inclusiva, com \u00eanfase nos direitos humanos. Para tanto, \u00e9 essencial capacitar profissionais de bibliotecas em t\u00e9cnicas de conserva\u00e7\u00e3o preventiva, restaura\u00e7\u00e3o e digitaliza\u00e7\u00e3o de documentos em papel, bem como desenvolver estrat\u00e9gias para sua inclus\u00e3o em plataformas digitais, promovendo, assim, o acesso aberto e a dissemina\u00e7\u00e3o das vozes, da produ\u00e7\u00e3o e da hist\u00f3ria das mulheres.<\/p>\t\t\t\t\t<\/div>\n\t\t\t\t\t\t<\/div>\n\t\t\t\t<\/div>\n\t\t\t\t<div class=\"elementor-element elementor-element-4895a57 elementor-align-center elementor-widget elementor-widget-button\" data-id=\"4895a57\" data-element_type=\"widget\" data-widget_type=\"button.default\">\n\t\t\t\t<div class=\"elementor-widget-container\">\n\t\t\t\t\t<div class=\"elementor-button-wrapper\">\n\t\t\t<a href=\"https:\/\/www.iberbibliotecas.org\/wp-content\/uploads\/2025\/06\/Pasantia_presentacion_agenda_2025-1.pdf\" target=\"_blank\" class=\"elementor-button-link elementor-button elementor-size-lg\" role=\"button\">\n\t\t\t\t\t\t<span class=\"elementor-button-content-wrapper\">\n\t\t\t\t\t\t<span class=\"elementor-button-text\">Consulte o programa aqui<\/span>\n\t\t<\/span>\n\t\t\t\t\t<\/a>\n\t\t<\/div>\n\t\t\t\t<\/div>\n\t\t\t\t<\/div>\n\t\t\t\t\t\t<\/div>\n\t\t\t\t\t<\/div>\n\t\t<\/div>\n\t\t\t\t\t\t\t\t<\/div>\n\t\t\t\t\t<\/div>\n\t\t<\/section>\n\t\t\t\t\t\t\t\t\t<\/div>\n\t\t\t<\/div>\n\t\t\t\t\t<\/div>\n\t\t\t\t\t\t                            <\/div>\n\t\t        \n                    <div id=\"quines-pueden-participar-tab\" class=\"clearfix eael-tab-content-item\" data-title-link=\"quines-pueden-participar-tab\">\n\t\t\t\t        \t\t\t\t\t        \t\t<div data-elementor-type=\"page\" data-elementor-id=\"4921\" class=\"elementor elementor-4921\">\n\t\t\t\t\t\t<div class=\"elementor-inner\">\n\t\t\t\t<div class=\"elementor-section-wrap\">\n\t\t\t\t\t\t\t\t\t<section class=\"elementor-section elementor-top-section elementor-element elementor-element-2b3d64d elementor-section-boxed elementor-section-height-default elementor-section-height-default\" data-id=\"2b3d64d\" data-element_type=\"section\">\n\t\t\t\t\t\t<div class=\"elementor-container elementor-column-gap-default\">\n\t\t\t\t\t\t\t<div class=\"elementor-row\">\n\t\t\t\t\t<div class=\"elementor-column elementor-col-100 elementor-top-column elementor-element elementor-element-1f019f0\" data-id=\"1f019f0\" data-element_type=\"column\">\n\t\t\t<div class=\"elementor-column-wrap\">\n\t\t\t\t\t\t\t<div class=\"elementor-widget-wrap\">\n\t\t\t\t\t\t\t\t<\/div>\n\t\t\t\t\t<\/div>\n\t\t<\/div>\n\t\t\t\t\t\t\t\t<\/div>\n\t\t\t\t\t<\/div>\n\t\t<\/section>\n\t\t\t\t<section class=\"elementor-section elementor-top-section elementor-element elementor-element-ac71a8d elementor-section-boxed elementor-section-height-default elementor-section-height-default\" data-id=\"ac71a8d\" data-element_type=\"section\">\n\t\t\t\t\t\t<div class=\"elementor-container elementor-column-gap-default\">\n\t\t\t\t\t\t\t<div class=\"elementor-row\">\n\t\t\t\t\t<div class=\"elementor-column elementor-col-50 elementor-top-column elementor-element elementor-element-f52790d\" data-id=\"f52790d\" data-element_type=\"column\">\n\t\t\t<div class=\"elementor-column-wrap elementor-element-populated\">\n\t\t\t\t\t\t\t<div class=\"elementor-widget-wrap\">\n\t\t\t\t\t\t<div class=\"elementor-element elementor-element-466851a elementor-widget elementor-widget-heading\" data-id=\"466851a\" data-element_type=\"widget\" data-widget_type=\"heading.default\">\n\t\t\t\t<div class=\"elementor-widget-container\">\n\t\t\t<h2 class=\"elementor-heading-title elementor-size-default\">3. Quem pode participar? <\/h2>\t\t<\/div>\n\t\t\t\t<\/div>\n\t\t\t\t<div class=\"elementor-element elementor-element-4e20895 elementor-widget elementor-widget-heading\" data-id=\"4e20895\" data-element_type=\"widget\" data-widget_type=\"heading.default\">\n\t\t\t\t<div class=\"elementor-widget-container\">\n\t\t\t<h2 class=\"elementor-heading-title elementor-size-default\">A convocat\u00f3ria \u00e9 aberta para bibliotec\u00e1rios de bibliotecas p\u00fablicas e comunit\u00e1rias dos pa\u00edses e cidades membros do Iberbibliotecas:\n<\/h2>\t\t<\/div>\n\t\t\t\t<\/div>\n\t\t\t\t<div class=\"elementor-element elementor-element-9953332 elementor-widget elementor-widget-text-editor\" data-id=\"9953332\" data-element_type=\"widget\" data-widget_type=\"text-editor.default\">\n\t\t\t\t<div class=\"elementor-widget-container\">\n\t\t\t\t\t\t\t\t<div class=\"elementor-text-editor elementor-clearfix\">\n\t\t\t\t<ol><li><span data-contrast=\"none\">Brasil<\/span><span data-ccp-props=\"{\">\u00a0<\/span><\/li><li><span data-contrast=\"none\">Chile<\/span><span data-ccp-props=\"{\">\u00a0<\/span><\/li><li><span data-contrast=\"none\">Col\u00f4mbia<\/span><span data-ccp-props=\"{\">\u00a0<\/span><\/li><li><span data-contrast=\"none\">Costa Rica<\/span><span data-ccp-props=\"{\">\u00a0<\/span><\/li><li><span data-contrast=\"none\">Equador<\/span><span data-ccp-props=\"{\">\u00a0<\/span><\/li><li>El Salvador<\/li><li><span data-contrast=\"none\">Espanha<\/span><span data-ccp-props=\"{\">\u00a0<\/span><\/li><li><span data-contrast=\"none\">Medellin<\/span><span data-ccp-props=\"{\">\u00a0<\/span><\/li><li>M\u00e9xico<\/li><li>Panam\u00e1<\/li><li><span data-contrast=\"none\">Peru<\/span><span data-ccp-props=\"{\">\u00a0<\/span><\/li><li><span data-contrast=\"none\">Quito<\/span><\/li><\/ol>\t\t\t\t\t<\/div>\n\t\t\t\t\t\t<\/div>\n\t\t\t\t<\/div>\n\t\t\t\t\t\t<\/div>\n\t\t\t\t\t<\/div>\n\t\t<\/div>\n\t\t\t\t<div class=\"elementor-column elementor-col-50 elementor-top-column elementor-element elementor-element-6bd1a66\" data-id=\"6bd1a66\" data-element_type=\"column\">\n\t\t\t<div class=\"elementor-column-wrap elementor-element-populated\">\n\t\t\t\t\t\t\t<div class=\"elementor-widget-wrap\">\n\t\t\t\t\t\t<div class=\"elementor-element elementor-element-f28f19d elementor-widget elementor-widget-spacer\" data-id=\"f28f19d\" data-element_type=\"widget\" data-widget_type=\"spacer.default\">\n\t\t\t\t<div class=\"elementor-widget-container\">\n\t\t\t\t\t<div class=\"elementor-spacer\">\n\t\t\t<div class=\"elementor-spacer-inner\"><\/div>\n\t\t<\/div>\n\t\t\t\t<\/div>\n\t\t\t\t<\/div>\n\t\t\t\t<div class=\"elementor-element elementor-element-5d453b1 elementor-widget__width-initial elementor-widget elementor-widget-image\" data-id=\"5d453b1\" data-element_type=\"widget\" data-widget_type=\"image.default\">\n\t\t\t\t<div class=\"elementor-widget-container\">\n\t\t\t\t\t\t\t\t<div class=\"elementor-image\">\n\t\t\t\t\t\t\t\t\t\t\t\t<img decoding=\"async\" src=\"https:\/\/www.iberbibliotecas.org\/wp-content\/uploads\/2025\/06\/54406809478_2cde252662_o-scaled.jpg\" title=\"54406809478_2cde252662_o\" alt=\"grupo\" \/>\t\t\t\t\t\t\t\t\t\t\t\t\t\t<\/div>\n\t\t\t\t\t\t<\/div>\n\t\t\t\t<\/div>\n\t\t\t\t\t\t<\/div>\n\t\t\t\t\t<\/div>\n\t\t<\/div>\n\t\t\t\t\t\t\t\t<\/div>\n\t\t\t\t\t<\/div>\n\t\t<\/section>\n\t\t\t\t<section class=\"elementor-section elementor-top-section elementor-element elementor-element-4fe15e3 elementor-section-boxed elementor-section-height-default elementor-section-height-default\" data-id=\"4fe15e3\" data-element_type=\"section\">\n\t\t\t\t\t\t<div class=\"elementor-container elementor-column-gap-default\">\n\t\t\t\t\t\t\t<div class=\"elementor-row\">\n\t\t\t\t\t<div class=\"elementor-column elementor-col-100 elementor-top-column elementor-element elementor-element-52cfb4d\" data-id=\"52cfb4d\" data-element_type=\"column\">\n\t\t\t<div class=\"elementor-column-wrap elementor-element-populated\">\n\t\t\t\t\t\t\t<div class=\"elementor-widget-wrap\">\n\t\t\t\t\t\t<div class=\"elementor-element elementor-element-96778b5 elementor-widget elementor-widget-text-editor\" data-id=\"96778b5\" data-element_type=\"widget\" data-widget_type=\"text-editor.default\">\n\t\t\t\t<div class=\"elementor-widget-container\">\n\t\t\t\t\t\t\t\t<div class=\"elementor-text-editor elementor-clearfix\">\n\t\t\t\t<p><strong>As pessoas que se candidatam devem provar um m\u00ednimo de dois anos de experi\u00eancia profissional em bibliotecas p\u00fablicas ou comunit\u00e1rias.<\/strong><\/p><p><b><span data-contrast=\"none\">N\u00famero de benefici\u00e1rios:\u00a0 <span style=\"font-weight: 400;\">\u00a024 (duas pessoas por cada membro ativo da Iberbibliotecas)<\/span><\/span><\/b><span data-ccp-props=\"{\">\u00a0<\/span><\/p><p><b><span data-contrast=\"none\">Perfil do candidato<\/span><\/b><\/p><p><b> <\/b><span data-contrast=\"none\">O Est\u00e1gio \u00e9 dirigido para<\/span><\/p>\t\t\t\t\t<\/div>\n\t\t\t\t\t\t<\/div>\n\t\t\t\t<\/div>\n\t\t\t\t<div class=\"elementor-element elementor-element-74c3e9c elementor-icon-list--layout-traditional elementor-list-item-link-full_width elementor-widget elementor-widget-icon-list\" data-id=\"74c3e9c\" data-element_type=\"widget\" data-widget_type=\"icon-list.default\">\n\t\t\t\t<div class=\"elementor-widget-container\">\n\t\t\t\t\t<ul class=\"elementor-icon-list-items\">\n\t\t\t\t\t\t\t<li class=\"elementor-icon-list-item\">\n\t\t\t\t\t\t\t\t\t\t\t<span class=\"elementor-icon-list-icon\">\n\t\t\t\t\t\t\t<i aria-hidden=\"true\" class=\"fas fa-check\"><\/i>\t\t\t\t\t\t<\/span>\n\t\t\t\t\t\t\t\t\t\t<span class=\"elementor-icon-list-text\">Pessoas que estejam atualmente vinculadas (profissionalmente ou contratualmente) a uma biblioteca p\u00fablica ou a um sistema de biblioteca p\u00fablica dos integrantes do programa.<\/span>\n\t\t\t\t\t\t\t\t\t<\/li>\n\t\t\t\t\t\t\t\t<li class=\"elementor-icon-list-item\">\n\t\t\t\t\t\t\t\t\t\t\t<span class=\"elementor-icon-list-icon\">\n\t\t\t\t\t\t\t<i aria-hidden=\"true\" class=\"fas fa-check\"><\/i>\t\t\t\t\t\t<\/span>\n\t\t\t\t\t\t\t\t\t\t<span class=\"elementor-icon-list-text\">Pessoas que sejam l\u00edderes ou gestores de bibliotecas comunit\u00e1rias.<\/span>\n\t\t\t\t\t\t\t\t\t<\/li>\n\t\t\t\t\t\t<\/ul>\n\t\t\t\t<\/div>\n\t\t\t\t<\/div>\n\t\t\t\t<div class=\"elementor-element elementor-element-771c7f4 elementor-widget elementor-widget-text-editor\" data-id=\"771c7f4\" data-element_type=\"widget\" data-widget_type=\"text-editor.default\">\n\t\t\t\t<div class=\"elementor-widget-container\">\n\t\t\t\t\t\t\t\t<div class=\"elementor-text-editor elementor-clearfix\">\n\t\t\t\t<p>As pessoas postuladas devem comprovar que trabalham em suas respectivas bibliotecas ou sistemas em projetos relacionados \u00e0 conserva\u00e7\u00e3o, digitaliza\u00e7\u00e3o e\/ou media\u00e7\u00e3o cultural de patrim\u00f4nio documental ou arquivos de mem\u00f3ria nacional, local ou comunit\u00e1ria, ou que planejam lan\u00e7ar projetos nessa \u00e1rea com foco em g\u00eanero.<\/p>\t\t\t\t\t<\/div>\n\t\t\t\t\t\t<\/div>\n\t\t\t\t<\/div>\n\t\t\t\t\t\t<\/div>\n\t\t\t\t\t<\/div>\n\t\t<\/div>\n\t\t\t\t\t\t\t\t<\/div>\n\t\t\t\t\t<\/div>\n\t\t<\/section>\n\t\t\t\t\t\t\t\t\t<\/div>\n\t\t\t<\/div>\n\t\t\t\t\t<\/div>\n\t\t\t\t\t\t                            <\/div>\n\t\t        \n                    <div id=\"quienes-no-pueden-participar-tab\" class=\"clearfix eael-tab-content-item\" data-title-link=\"quienes-no-pueden-participar-tab\">\n\t\t\t\t        \t\t\t\t\t        \t\t<div data-elementor-type=\"page\" data-elementor-id=\"4924\" class=\"elementor elementor-4924\">\n\t\t\t\t\t\t<div class=\"elementor-inner\">\n\t\t\t\t<div class=\"elementor-section-wrap\">\n\t\t\t\t\t\t\t\t\t<section class=\"elementor-section elementor-top-section elementor-element elementor-element-bb0e5a5 elementor-section-boxed elementor-section-height-default elementor-section-height-default\" data-id=\"bb0e5a5\" data-element_type=\"section\">\n\t\t\t\t\t\t<div class=\"elementor-container elementor-column-gap-default\">\n\t\t\t\t\t\t\t<div class=\"elementor-row\">\n\t\t\t\t\t<div class=\"elementor-column elementor-col-50 elementor-top-column elementor-element elementor-element-331fea3\" data-id=\"331fea3\" data-element_type=\"column\">\n\t\t\t<div class=\"elementor-column-wrap elementor-element-populated\">\n\t\t\t\t\t\t\t<div class=\"elementor-widget-wrap\">\n\t\t\t\t\t\t<div class=\"elementor-element elementor-element-466851a elementor-widget elementor-widget-heading\" data-id=\"466851a\" data-element_type=\"widget\" data-widget_type=\"heading.default\">\n\t\t\t\t<div class=\"elementor-widget-container\">\n\t\t\t<h2 class=\"elementor-heading-title elementor-size-default\">4 - Quem n\u00e3o pode participar? <\/h2>\t\t<\/div>\n\t\t\t\t<\/div>\n\t\t\t\t<div class=\"elementor-element elementor-element-9953332 elementor-widget elementor-widget-text-editor\" data-id=\"9953332\" data-element_type=\"widget\" data-widget_type=\"text-editor.default\">\n\t\t\t\t<div class=\"elementor-widget-container\">\n\t\t\t\t\t\t\t\t<div class=\"elementor-text-editor elementor-clearfix\">\n\t\t\t\t<p>N\u00e3o ser\u00e3o consideradas candidaturas de pessoas que trabalhem em bibliotecas escolares, institutos de ensino, ensino superior (universidades) ou bibliotecas especializadas.<\/p><p>N\u00e3o ser\u00e3o consideradas candidaturas de pessoas que tenham sido vencedoras de anteriores convocat\u00f3rias para o Est\u00e1gio Internacional e a Bolsa de Assist\u00eancia a Eventos Internacionais do Iberbibliotecas (inclui a Bolsa concedida neste ano de 2025).<\/p><p>N\u00e3o ser\u00e3o consideradas candidaturas de representantes dos pa\u00edses e cidades-membros da Iberbibliotecas, ou de sua equipe imediata que desempenhem fun\u00e7\u00f5es como pontos focais no programa.<\/p><p><span style=\"font-weight: 400;\">Pessoas de outros pa\u00edses ou cidades que n\u00e3o as indicadas no ponto <\/span><b>Quem pode participar?<\/b><\/p>\t\t\t\t\t<\/div>\n\t\t\t\t\t\t<\/div>\n\t\t\t\t<\/div>\n\t\t\t\t\t\t<\/div>\n\t\t\t\t\t<\/div>\n\t\t<\/div>\n\t\t\t\t<div class=\"elementor-column elementor-col-50 elementor-top-column elementor-element elementor-element-3d1b236\" data-id=\"3d1b236\" data-element_type=\"column\">\n\t\t\t<div class=\"elementor-column-wrap elementor-element-populated\">\n\t\t\t\t\t\t\t<div class=\"elementor-widget-wrap\">\n\t\t\t\t\t\t<div class=\"elementor-element elementor-element-db7112c elementor-widget elementor-widget-image\" data-id=\"db7112c\" data-element_type=\"widget\" data-widget_type=\"image.default\">\n\t\t\t\t<div class=\"elementor-widget-container\">\n\t\t\t\t\t\t\t\t<div class=\"elementor-image\">\n\t\t\t\t\t\t\t\t\t\t\t\t<img decoding=\"async\" width=\"525\" height=\"350\" src=\"https:\/\/www.iberbibliotecas.org\/wp-content\/uploads\/2025\/06\/54415857574_67e0bd8cd3_o-1024x683.jpg\" class=\"attachment-large size-large\" alt=\"colegio\" loading=\"lazy\" srcset=\"https:\/\/www.iberbibliotecas.org\/wp-content\/uploads\/2025\/06\/54415857574_67e0bd8cd3_o-1024x683.jpg 1024w, https:\/\/www.iberbibliotecas.org\/wp-content\/uploads\/2025\/06\/54415857574_67e0bd8cd3_o-300x200.jpg 300w, https:\/\/www.iberbibliotecas.org\/wp-content\/uploads\/2025\/06\/54415857574_67e0bd8cd3_o-768x512.jpg 768w, https:\/\/www.iberbibliotecas.org\/wp-content\/uploads\/2025\/06\/54415857574_67e0bd8cd3_o-1536x1024.jpg 1536w, https:\/\/www.iberbibliotecas.org\/wp-content\/uploads\/2025\/06\/54415857574_67e0bd8cd3_o-2048x1365.jpg 2048w, https:\/\/www.iberbibliotecas.org\/wp-content\/uploads\/2025\/06\/54415857574_67e0bd8cd3_o-18x12.jpg 18w\" sizes=\"100vw\" \/>\t\t\t\t\t\t\t\t\t\t\t\t\t\t<\/div>\n\t\t\t\t\t\t<\/div>\n\t\t\t\t<\/div>\n\t\t\t\t\t\t<\/div>\n\t\t\t\t\t<\/div>\n\t\t<\/div>\n\t\t\t\t\t\t\t\t<\/div>\n\t\t\t\t\t<\/div>\n\t\t<\/section>\n\t\t\t\t<section class=\"elementor-section elementor-top-section elementor-element elementor-element-35467e7 elementor-section-boxed elementor-section-height-default elementor-section-height-default\" data-id=\"35467e7\" data-element_type=\"section\">\n\t\t\t\t\t\t<div class=\"elementor-container elementor-column-gap-default\">\n\t\t\t\t\t\t\t<div class=\"elementor-row\">\n\t\t\t\t\t<div class=\"elementor-column elementor-col-100 elementor-top-column elementor-element elementor-element-a24273e\" data-id=\"a24273e\" data-element_type=\"column\">\n\t\t\t<div class=\"elementor-column-wrap\">\n\t\t\t\t\t\t\t<div class=\"elementor-widget-wrap\">\n\t\t\t\t\t\t\t\t<\/div>\n\t\t\t\t\t<\/div>\n\t\t<\/div>\n\t\t\t\t\t\t\t\t<\/div>\n\t\t\t\t\t<\/div>\n\t\t<\/section>\n\t\t\t\t\t\t\t\t\t<\/div>\n\t\t\t<\/div>\n\t\t\t\t\t<\/div>\n\t\t\t\t\t\t                            <\/div>\n\t\t        \n                    <div id=\"postulaciones-tab\" class=\"clearfix eael-tab-content-item\" data-title-link=\"postulaciones-tab\">\n\t\t\t\t        \t\t\t\t\t        \t\t<div data-elementor-type=\"page\" data-elementor-id=\"4930\" class=\"elementor elementor-4930\">\n\t\t\t\t\t\t<div class=\"elementor-inner\">\n\t\t\t\t<div class=\"elementor-section-wrap\">\n\t\t\t\t\t\t\t\t\t<section class=\"elementor-section elementor-top-section elementor-element elementor-element-2200dd1 elementor-section-boxed elementor-section-height-default elementor-section-height-default\" data-id=\"2200dd1\" data-element_type=\"section\">\n\t\t\t\t\t\t<div class=\"elementor-container elementor-column-gap-default\">\n\t\t\t\t\t\t\t<div class=\"elementor-row\">\n\t\t\t\t\t<div class=\"elementor-column elementor-col-100 elementor-top-column elementor-element elementor-element-6cbf3d7\" data-id=\"6cbf3d7\" data-element_type=\"column\">\n\t\t\t<div class=\"elementor-column-wrap elementor-element-populated\">\n\t\t\t\t\t\t\t<div class=\"elementor-widget-wrap\">\n\t\t\t\t\t\t<div class=\"elementor-element elementor-element-466851a elementor-widget elementor-widget-heading\" data-id=\"466851a\" data-element_type=\"widget\" data-widget_type=\"heading.default\">\n\t\t\t\t<div class=\"elementor-widget-container\">\n\t\t\t<h2 class=\"elementor-heading-title elementor-size-default\">5 - Aplica\u00e7\u00f5es<\/h2>\t\t<\/div>\n\t\t\t\t<\/div>\n\t\t\t\t<div class=\"elementor-element elementor-element-2ad1e59 elementor-widget elementor-widget-heading\" data-id=\"2ad1e59\" data-element_type=\"widget\" data-widget_type=\"heading.default\">\n\t\t\t\t<div class=\"elementor-widget-container\">\n\t\t\t<h2 class=\"elementor-heading-title elementor-size-default\">Os interessados \u200b\u200bdever\u00e3o apresentar os seguintes documentos:<\/h2>\t\t<\/div>\n\t\t\t\t<\/div>\n\t\t\t\t<div class=\"elementor-element elementor-element-9953332 elementor-widget elementor-widget-text-editor\" data-id=\"9953332\" data-element_type=\"widget\" data-widget_type=\"text-editor.default\">\n\t\t\t\t<div class=\"elementor-widget-container\">\n\t\t\t\t\t\t\t\t<div class=\"elementor-text-editor elementor-clearfix\">\n\t\t\t\t<p><strong>Os interessados \u200b\u200bdever\u00e3o apresentar os seguintes documentos:<\/strong><\/p><ol><li>1.\tFormul\u00e1rio de inscri\u00e7\u00e3o e apresenta\u00e7\u00e3o do projeto em desenvolvimento ou que ser\u00e1 realizado na sua biblioteca, relacionado com os objetivos do Est\u00e1gio deste ano (download em <a href=\"https:\/\/www.iberbibliotecas.org\/por\/pasantias\/\">www.iberbibliotecas.org\/por\/pasantias<\/a>).<\/li><li>C\u00f3pia do documento de identifica\u00e7\u00e3o nacional e c\u00f3pia do passaporte atual<a href=\"#_ftn1\" name=\"_ftnref1\">*<\/a> (o prazo de validade do passaporte deve ser superior a tr\u00eas meses ap\u00f3s o final da estadia). As pessoas que n\u00e3o tenham passaporte podem apresentar comprovante de solicita\u00e7\u00e3o deste documento. No entanto, a pessoa deve garantir que seu passaporte seja entregue antes de 1 de setembro de 2025.<\/li><li>No caso de pessoas f\u00edsicas que se encontrem atualmente vinculadas (por trabalho ou contratualmente) a uma biblioteca p\u00fablica ou sistema de bibliotecas: carta do superior hier\u00e1rquico ou respons\u00e1vel da biblioteca onde trabalham, confirmando que a pessoa preenche os requisitos do presente convite e que descreve:<br \/><strong>\u2022<\/strong> Que a pessoa trabalhe em programas ou projetos relacionados ao assunto do Est\u00e1gio ou planeje lan\u00e7ar um programa ou projeto com o apoio de seu superior hier\u00e1rquico.<br \/><strong>\u2022<\/strong> A carta deve descrever detalhadamente as fun\u00e7\u00f5es que a pessoa desempenha na biblioteca ou sistema e garantir que est\u00e3o vinculadas ao tema do Est\u00e1gio.<br \/><strong>\u2022<\/strong> O gerente superior ou chefe concorda em monitorar o impacto e o alcance do Est\u00e1gio.<\/li><li><strong>No caso de pessoas que sejam l\u00edderes ou gestores de bibliotecas<\/strong> comunitarias, podr\u00e1n presentar un aval de una red local de bibliotecas comunitarias o de una red comunitaria, o evidencia detallada de las actividades desarrolladas con su comunidad. Estas evidencias ser\u00e1n evaluadas por el punto focal correspondiente.<\/li><li><strong>Carta de compromisso<\/strong> do candidato em que se compromete a enviar um relat\u00f3rio ou mem\u00f3ria sobre o projeto desenvolvido no seu centro de biblioteca como resultado da aplica\u00e7\u00e3o dos conhecimentos adquiridos durante o Est\u00e1gio, bem como a participar em a\u00e7\u00f5es de divulga\u00e7\u00e3o e forma\u00e7\u00e3o relacionada com o Est\u00e1gio organizado pelo Iberbibliotecas ou pelo seu ponto focal. O relat\u00f3rio dever\u00e1 ser enviado no prazo m\u00e1ximo de 6 meses a partir do final do Est\u00e1gio para a Unidade T\u00e9cnica do Iberbibliotecas para divulga\u00e7\u00e3o.<\/li><\/ol>\t\t\t\t\t<\/div>\n\t\t\t\t\t\t<\/div>\n\t\t\t\t<\/div>\n\t\t\t\t\t\t<\/div>\n\t\t\t\t\t<\/div>\n\t\t<\/div>\n\t\t\t\t\t\t\t\t<\/div>\n\t\t\t\t\t<\/div>\n\t\t<\/section>\n\t\t\t\t<section class=\"elementor-section elementor-top-section elementor-element elementor-element-74b06e2 elementor-section-boxed elementor-section-height-default elementor-section-height-default\" data-id=\"74b06e2\" data-element_type=\"section\">\n\t\t\t\t\t\t<div class=\"elementor-container elementor-column-gap-default\">\n\t\t\t\t\t\t\t<div class=\"elementor-row\">\n\t\t\t\t\t<div class=\"elementor-column elementor-col-50 elementor-top-column elementor-element elementor-element-9b5aab5\" data-id=\"9b5aab5\" data-element_type=\"column\">\n\t\t\t<div class=\"elementor-column-wrap elementor-element-populated\">\n\t\t\t\t\t\t\t<div class=\"elementor-widget-wrap\">\n\t\t\t\t\t\t<div class=\"elementor-element elementor-element-4a32872 elementor-widget elementor-widget-text-editor\" data-id=\"4a32872\" data-element_type=\"widget\" data-widget_type=\"text-editor.default\">\n\t\t\t\t<div class=\"elementor-widget-container\">\n\t\t\t\t\t\t\t\t<div class=\"elementor-text-editor elementor-clearfix\">\n\t\t\t\t<p><span style=\"font-weight: 400;\">Os interessados \u200b\u200bdever\u00e3o enviar as suas candidaturas para o e-mail <\/span><strong><span style=\"color: #333399;\"><a style=\"color: #333399;\" href=\"mailto:iberbibliotecas@cerlalc.org\">iberbibliotecas@cerlalc.org<\/a><\/span><\/strong><span style=\"font-weight: 400;\"> no prazo estabelecido no calend\u00e1rio da convoca\u00e7\u00e3o como o tema \u201cEst\u00e1gio 2025\u201d.<\/span><\/p><p><strong>Propostas enviadas ap\u00f3s o encerramento do edital n\u00e3o ser\u00e3o aceitas. Apenas a primeira apresenta\u00e7\u00e3o ser\u00e1 considerada. Candidaturas que n\u00e3o inclu\u00edrem todos os documentos exigidos, devidamente preenchidos, n\u00e3o ser\u00e3o aceitas.<\/strong><\/p><p>A apresenta\u00e7\u00e3o do formul\u00e1rio de inscri\u00e7\u00e3o implica a aceita\u00e7\u00e3o t\u00e1cita dos termos e condi\u00e7\u00f5es desta Convocat\u00f3ria. Ao enviar o formul\u00e1rio, a pessoa declara que conhece e aceita integralmente os termos da convocat\u00f3ria.<\/p><p><a href=\"#_ftnref1\" name=\"_ftn1\">[*]<\/a> Pessoas do Brasil, Chile, Col\u00f4mbia, Equador e Peru n\u00e3o precisam de passaporte, pois podem entrar no Peru apenas com um documento de identidade. Pessoas de outros pa\u00edses membros do Iberbibliotecas devem apresentar passaporte.<\/p>\t\t\t\t\t<\/div>\n\t\t\t\t\t\t<\/div>\n\t\t\t\t<\/div>\n\t\t\t\t\t\t<\/div>\n\t\t\t\t\t<\/div>\n\t\t<\/div>\n\t\t\t\t<div class=\"elementor-column elementor-col-50 elementor-top-column elementor-element elementor-element-e014541\" data-id=\"e014541\" data-element_type=\"column\">\n\t\t\t<div class=\"elementor-column-wrap elementor-element-populated\">\n\t\t\t\t\t\t\t<div class=\"elementor-widget-wrap\">\n\t\t\t\t\t\t<div class=\"elementor-element elementor-element-c7f73dc elementor-widget elementor-widget-image\" data-id=\"c7f73dc\" data-element_type=\"widget\" data-widget_type=\"image.default\">\n\t\t\t\t<div class=\"elementor-widget-container\">\n\t\t\t\t\t\t\t\t<div class=\"elementor-image\">\n\t\t\t\t\t\t\t\t\t\t\t\t<img decoding=\"async\" src=\"https:\/\/www.iberbibliotecas.org\/wp-content\/uploads\/elementor\/thumbs\/54414149413_3a2150dd27_o-scaled-rl19w1h85j3v6931ki5xz1ny9qft9bhlnsb82l99k0.jpg\" title=\"54414149413_3a2150dd27_o\" alt=\"personas\" \/>\t\t\t\t\t\t\t\t\t\t\t\t\t\t<\/div>\n\t\t\t\t\t\t<\/div>\n\t\t\t\t<\/div>\n\t\t\t\t\t\t<\/div>\n\t\t\t\t\t<\/div>\n\t\t<\/div>\n\t\t\t\t\t\t\t\t<\/div>\n\t\t\t\t\t<\/div>\n\t\t<\/section>\n\t\t\t\t\t\t\t\t\t<\/div>\n\t\t\t<\/div>\n\t\t\t\t\t<\/div>\n\t\t\t\t\t\t                            <\/div>\n\t\t        \n                    <div id=\"dotacin-y-condiciones-tab\" class=\"clearfix eael-tab-content-item\" data-title-link=\"dotacin-y-condiciones-tab\">\n\t\t\t\t        \t\t\t\t\t        \t\t<div data-elementor-type=\"page\" data-elementor-id=\"4934\" class=\"elementor elementor-4934\">\n\t\t\t\t\t\t<div class=\"elementor-inner\">\n\t\t\t\t<div class=\"elementor-section-wrap\">\n\t\t\t\t\t\t\t\t\t<section class=\"elementor-section elementor-top-section elementor-element elementor-element-cade9d6 elementor-section-boxed elementor-section-height-default elementor-section-height-default\" data-id=\"cade9d6\" data-element_type=\"section\">\n\t\t\t\t\t\t<div class=\"elementor-container elementor-column-gap-default\">\n\t\t\t\t\t\t\t<div class=\"elementor-row\">\n\t\t\t\t\t<div class=\"elementor-column elementor-col-50 elementor-top-column elementor-element elementor-element-502f65c\" data-id=\"502f65c\" data-element_type=\"column\">\n\t\t\t<div class=\"elementor-column-wrap elementor-element-populated\">\n\t\t\t\t\t\t\t<div class=\"elementor-widget-wrap\">\n\t\t\t\t\t\t<div class=\"elementor-element elementor-element-466851a elementor-widget elementor-widget-heading\" data-id=\"466851a\" data-element_type=\"widget\" data-widget_type=\"heading.default\">\n\t\t\t\t<div class=\"elementor-widget-container\">\n\t\t\t<h2 class=\"elementor-heading-title elementor-size-default\">6 - Dota\u00e7\u00e3o e condi\u00e7\u00f5es do Est\u00e1gio <\/h2>\t\t<\/div>\n\t\t\t\t<\/div>\n\t\t\t\t<div class=\"elementor-element elementor-element-2ad1e59 elementor-widget elementor-widget-heading\" data-id=\"2ad1e59\" data-element_type=\"widget\" data-widget_type=\"heading.default\">\n\t\t\t\t<div class=\"elementor-widget-container\">\n\t\t\t<h2 class=\"elementor-heading-title elementor-size-default\">O Iberbibliotecas dar\u00e1 total apoio \u00e0s 24 pessoas selecionadas. Este suporte inclui:<\/h2>\t\t<\/div>\n\t\t\t\t<\/div>\n\t\t\t\t<div class=\"elementor-element elementor-element-6168349 elementor-list-item-link-full_width elementor-widget elementor-widget-icon-list\" data-id=\"6168349\" data-element_type=\"widget\" data-widget_type=\"icon-list.default\">\n\t\t\t\t<div class=\"elementor-widget-container\">\n\t\t\t\t\t<ul class=\"elementor-icon-list-items\">\n\t\t\t\t\t\t\t<li class=\"elementor-icon-list-item\">\n\t\t\t\t\t\t\t\t\t\t\t<span class=\"elementor-icon-list-icon\">\n\t\t\t\t\t\t\t<i aria-hidden=\"true\" class=\"fas fa-check\"><\/i>\t\t\t\t\t\t<\/span>\n\t\t\t\t\t\t\t\t\t\t<span class=\"elementor-icon-list-text\">Passagem a\u00e9rea ida e volta<\/span>\n\t\t\t\t\t\t\t\t\t<\/li>\n\t\t\t\t\t\t\t\t<li class=\"elementor-icon-list-item\">\n\t\t\t\t\t\t\t\t\t\t\t<span class=\"elementor-icon-list-icon\">\n\t\t\t\t\t\t\t<i aria-hidden=\"true\" class=\"fas fa-check\"><\/i>\t\t\t\t\t\t<\/span>\n\t\t\t\t\t\t\t\t\t\t<span class=\"elementor-icon-list-text\">Hospedagem em quarto individual em hotel durante o Est\u00e1gio.<\/span>\n\t\t\t\t\t\t\t\t\t<\/li>\n\t\t\t\t\t\t\t\t<li class=\"elementor-icon-list-item\">\n\t\t\t\t\t\t\t\t\t\t\t<span class=\"elementor-icon-list-icon\">\n\t\t\t\t\t\t\t<i aria-hidden=\"true\" class=\"fas fa-check\"><\/i>\t\t\t\t\t\t<\/span>\n\t\t\t\t\t\t\t\t\t\t<span class=\"elementor-icon-list-text\">Alimenta\u00e7\u00e3o durante o Est\u00e1gio.<\/span>\n\t\t\t\t\t\t\t\t\t<\/li>\n\t\t\t\t\t\t\t\t<li class=\"elementor-icon-list-item\">\n\t\t\t\t\t\t\t\t\t\t\t<span class=\"elementor-icon-list-icon\">\n\t\t\t\t\t\t\t<i aria-hidden=\"true\" class=\"fas fa-check\"><\/i>\t\t\t\t\t\t<\/span>\n\t\t\t\t\t\t\t\t\t\t<span class=\"elementor-icon-list-text\">Traslados do aeroporto e ao hotel, e vice-versa.<\/span>\n\t\t\t\t\t\t\t\t\t<\/li>\n\t\t\t\t\t\t\t\t<li class=\"elementor-icon-list-item\">\n\t\t\t\t\t\t\t\t\t\t\t<span class=\"elementor-icon-list-icon\">\n\t\t\t\t\t\t\t<i aria-hidden=\"true\" class=\"fas fa-check\"><\/i>\t\t\t\t\t\t<\/span>\n\t\t\t\t\t\t\t\t\t\t<span class=\"elementor-icon-list-text\">Pagamento de impostos na sa\u00edda do pa\u00eds do bibliotec\u00e1rio (mediante entrega de recibos).<\/span>\n\t\t\t\t\t\t\t\t\t<\/li>\n\t\t\t\t\t\t\t\t<li class=\"elementor-icon-list-item\">\n\t\t\t\t\t\t\t\t\t\t\t<span class=\"elementor-icon-list-icon\">\n\t\t\t\t\t\t\t<i aria-hidden=\"true\" class=\"fas fa-check\"><\/i>\t\t\t\t\t\t<\/span>\n\t\t\t\t\t\t\t\t\t\t<span class=\"elementor-icon-list-text\">Seguro de viagem durante toda a dura\u00e7\u00e3o do Est\u00e1gio.<\/span>\n\t\t\t\t\t\t\t\t\t<\/li>\n\t\t\t\t\t\t\t\t<li class=\"elementor-icon-list-item\">\n\t\t\t\t\t\t\t\t\t\t\t<span class=\"elementor-icon-list-icon\">\n\t\t\t\t\t\t\t<i aria-hidden=\"true\" class=\"fas fa-check\"><\/i>\t\t\t\t\t\t<\/span>\n\t\t\t\t\t\t\t\t\t\t<span class=\"elementor-icon-list-text\">Ajudas de gastos extras.<\/span>\n\t\t\t\t\t\t\t\t\t<\/li>\n\t\t\t\t\t\t\t\t<li class=\"elementor-icon-list-item\">\n\t\t\t\t\t\t\t\t\t\t\t<span class=\"elementor-icon-list-icon\">\n\t\t\t\t\t\t\t<i aria-hidden=\"true\" class=\"fas fa-check\"><\/i>\t\t\t\t\t\t<\/span>\n\t\t\t\t\t\t\t\t\t\t<span class=\"elementor-icon-list-text\">Apoio financeiro para cobrir despesas de viagem desde o seu local de origem at\u00e9 o aeroporto mais pr\u00f3ximo, com a devida justifica\u00e7\u00e3o[*].<\/span>\n\t\t\t\t\t\t\t\t\t<\/li>\n\t\t\t\t\t\t<\/ul>\n\t\t\t\t<\/div>\n\t\t\t\t<\/div>\n\t\t\t\t\t\t<\/div>\n\t\t\t\t\t<\/div>\n\t\t<\/div>\n\t\t\t\t<div class=\"elementor-column elementor-col-50 elementor-top-column elementor-element elementor-element-2f8b4d6\" data-id=\"2f8b4d6\" data-element_type=\"column\">\n\t\t\t<div class=\"elementor-column-wrap elementor-element-populated\">\n\t\t\t\t\t\t\t<div class=\"elementor-widget-wrap\">\n\t\t\t\t\t\t<div class=\"elementor-element elementor-element-3bfb2a4 elementor-widget elementor-widget-image\" data-id=\"3bfb2a4\" data-element_type=\"widget\" data-widget_type=\"image.default\">\n\t\t\t\t<div class=\"elementor-widget-container\">\n\t\t\t\t\t\t\t\t<div class=\"elementor-image\">\n\t\t\t\t\t\t\t\t\t\t\t\t<img decoding=\"async\" src=\"https:\/\/www.iberbibliotecas.org\/wp-content\/uploads\/elementor\/thumbs\/53993296789_a57d094748_o-scaled-rl19vzlj5xnxex3c64xskogv529kevn1xuyf2rvwg8.jpg\" title=\"53993296789_a57d094748_o\" alt=\"libro\" \/>\t\t\t\t\t\t\t\t\t\t\t\t\t\t<\/div>\n\t\t\t\t\t\t<\/div>\n\t\t\t\t<\/div>\n\t\t\t\t\t\t<\/div>\n\t\t\t\t\t<\/div>\n\t\t<\/div>\n\t\t\t\t\t\t\t\t<\/div>\n\t\t\t\t\t<\/div>\n\t\t<\/section>\n\t\t\t\t<section class=\"elementor-section elementor-top-section elementor-element elementor-element-35467e7 elementor-section-boxed elementor-section-height-default elementor-section-height-default\" data-id=\"35467e7\" data-element_type=\"section\">\n\t\t\t\t\t\t<div class=\"elementor-container elementor-column-gap-default\">\n\t\t\t\t\t\t\t<div class=\"elementor-row\">\n\t\t\t\t\t<div class=\"elementor-column elementor-col-100 elementor-top-column elementor-element elementor-element-a24273e\" data-id=\"a24273e\" data-element_type=\"column\">\n\t\t\t<div class=\"elementor-column-wrap elementor-element-populated\">\n\t\t\t\t\t\t\t<div class=\"elementor-widget-wrap\">\n\t\t\t\t\t\t<div class=\"elementor-element elementor-element-4a32872 elementor-widget elementor-widget-text-editor\" data-id=\"4a32872\" data-element_type=\"widget\" data-widget_type=\"text-editor.default\">\n\t\t\t\t<div class=\"elementor-widget-container\">\n\t\t\t\t\t\t\t\t<div class=\"elementor-text-editor elementor-clearfix\">\n\t\t\t\t<p>As pessoas selecionadas para participar do est\u00e1gio receber\u00e3o um certificado assinado pelo Iberbibliotecas e pela Biblioteca Nacional do Peru, especificando sua participa\u00e7\u00e3o nas atividades do programa.<\/p><p>[*] Ser\u00e1 fornecido apoio de transporte para pessoas cujo local de origem seja em outra cidade ou munic\u00edpio.<\/p>\t\t\t\t\t<\/div>\n\t\t\t\t\t\t<\/div>\n\t\t\t\t<\/div>\n\t\t\t\t\t\t<\/div>\n\t\t\t\t\t<\/div>\n\t\t<\/div>\n\t\t\t\t\t\t\t\t<\/div>\n\t\t\t\t\t<\/div>\n\t\t<\/section>\n\t\t\t\t\t\t\t\t\t<\/div>\n\t\t\t<\/div>\n\t\t\t\t\t<\/div>\n\t\t\t\t\t\t                            <\/div>\n\t\t        \n                    <div id=\"proceso-de-seleccin-tab\" class=\"clearfix eael-tab-content-item\" data-title-link=\"proceso-de-seleccin-tab\">\n\t\t\t\t        \t\t\t\t\t        \t\t<div data-elementor-type=\"page\" data-elementor-id=\"4939\" class=\"elementor elementor-4939\">\n\t\t\t\t\t\t<div class=\"elementor-inner\">\n\t\t\t\t<div class=\"elementor-section-wrap\">\n\t\t\t\t\t\t\t\t\t<section class=\"elementor-section elementor-top-section elementor-element elementor-element-63fd284 elementor-section-boxed elementor-section-height-default elementor-section-height-default\" data-id=\"63fd284\" data-element_type=\"section\">\n\t\t\t\t\t\t<div class=\"elementor-container elementor-column-gap-default\">\n\t\t\t\t\t\t\t<div class=\"elementor-row\">\n\t\t\t\t\t<div class=\"elementor-column elementor-col-50 elementor-top-column elementor-element elementor-element-e4927f8\" data-id=\"e4927f8\" data-element_type=\"column\">\n\t\t\t<div class=\"elementor-column-wrap elementor-element-populated\">\n\t\t\t\t\t\t\t<div class=\"elementor-widget-wrap\">\n\t\t\t\t\t\t<div class=\"elementor-element elementor-element-466851a elementor-widget elementor-widget-heading\" data-id=\"466851a\" data-element_type=\"widget\" data-widget_type=\"heading.default\">\n\t\t\t\t<div class=\"elementor-widget-container\">\n\t\t\t<h2 class=\"elementor-heading-title elementor-size-default\">7 - Processo seletivo<\/h2>\t\t<\/div>\n\t\t\t\t<\/div>\n\t\t\t\t<div class=\"elementor-element elementor-element-6979afa elementor-widget elementor-widget-image\" data-id=\"6979afa\" data-element_type=\"widget\" data-widget_type=\"image.default\">\n\t\t\t\t<div class=\"elementor-widget-container\">\n\t\t\t\t\t\t\t\t<div class=\"elementor-image\">\n\t\t\t\t\t\t\t\t\t\t\t\t<img decoding=\"async\" src=\"https:\/\/www.iberbibliotecas.org\/wp-content\/uploads\/elementor\/thumbs\/54406746304_891ef40f8b_o-scaled-rl19w0jdyp3fjj4u83s077ni948qygcn7vwhmr34ak.jpg\" title=\"54406746304_891ef40f8b_o\" alt=\"espejo\" \/>\t\t\t\t\t\t\t\t\t\t\t\t\t\t<\/div>\n\t\t\t\t\t\t<\/div>\n\t\t\t\t<\/div>\n\t\t\t\t\t\t<\/div>\n\t\t\t\t\t<\/div>\n\t\t<\/div>\n\t\t\t\t<div class=\"elementor-column elementor-col-50 elementor-top-column elementor-element elementor-element-3246996\" data-id=\"3246996\" data-element_type=\"column\">\n\t\t\t<div class=\"elementor-column-wrap elementor-element-populated\">\n\t\t\t\t\t\t\t<div class=\"elementor-widget-wrap\">\n\t\t\t\t\t\t<div class=\"elementor-element elementor-element-5273386 elementor-widget elementor-widget-spacer\" data-id=\"5273386\" data-element_type=\"widget\" data-widget_type=\"spacer.default\">\n\t\t\t\t<div class=\"elementor-widget-container\">\n\t\t\t\t\t<div class=\"elementor-spacer\">\n\t\t\t<div class=\"elementor-spacer-inner\"><\/div>\n\t\t<\/div>\n\t\t\t\t<\/div>\n\t\t\t\t<\/div>\n\t\t\t\t<div class=\"elementor-element elementor-element-9953332 elementor-widget elementor-widget-text-editor\" data-id=\"9953332\" data-element_type=\"widget\" data-widget_type=\"text-editor.default\">\n\t\t\t\t<div class=\"elementor-widget-container\">\n\t\t\t\t\t\t\t\t<div class=\"elementor-text-editor elementor-clearfix\">\n\t\t\t\t<ul><li style=\"list-style-type: none;\"><p>Ap\u00f3s o encerramento da recep\u00e7\u00e3o das candidaturas, a Unidade T\u00e9cnica enviar\u00e1 aos pontos focais as candidaturas correspondentes a cada pa\u00eds ou cidade membro. Cada pa\u00eds membro e cidade selecionar\u00e1 seus candidatos em uma base competitiva, de acordo com os princ\u00edpios de objetividade, transpar\u00eancia, igualdade e n\u00e3o discrimina\u00e7\u00e3o.<\/p><p>Os pontos focais do Programa Iberbibliotecas enviar\u00e3o a avalia\u00e7\u00e3o e proposta final das pessoas selecionadas \u00e0 Unidade T\u00e9cnica do programa Iberbibliotecas dentro do prazo estabelecido.<\/p><p>A Unidade T\u00e9cnica ser\u00e1 respons\u00e1vel por comunicar a concess\u00e3o do Est\u00e1gio \u00e0s pessoas selecionadas de cada um dos pa\u00edses e cidades membros na data indicada no calend\u00e1rio da convocat\u00f3ria. A resolu\u00e7\u00e3o da sele\u00e7\u00e3o ser\u00e1 enviada pela Unidade T\u00e9cnica a todas as pessoas para inform\u00e1-las oficialmente da decis\u00e3o final e a lista dos escolhidos ser\u00e1 publicada no dia <strong>3 de setembro de 2025 <\/strong>no site do programa. <a href=\"https:\/\/www.iberbibliotecas.org\/por\/\">www.iberbibliotecas.org\/por<\/a>.<\/p><p><strong>A decis\u00e3o do Conselho Intergovernamental sobre a sele\u00e7\u00e3o dos participantes ser\u00e1 final.<\/strong><\/p><\/li><\/ul>\t\t\t\t\t<\/div>\n\t\t\t\t\t\t<\/div>\n\t\t\t\t<\/div>\n\t\t\t\t\t\t<\/div>\n\t\t\t\t\t<\/div>\n\t\t<\/div>\n\t\t\t\t\t\t\t\t<\/div>\n\t\t\t\t\t<\/div>\n\t\t<\/section>\n\t\t\t\t<section class=\"elementor-section elementor-top-section elementor-element elementor-element-35467e7 elementor-section-boxed elementor-section-height-default elementor-section-height-default\" data-id=\"35467e7\" data-element_type=\"section\">\n\t\t\t\t\t\t<div class=\"elementor-container elementor-column-gap-default\">\n\t\t\t\t\t\t\t<div class=\"elementor-row\">\n\t\t\t\t\t<div class=\"elementor-column elementor-col-100 elementor-top-column elementor-element elementor-element-a24273e\" data-id=\"a24273e\" data-element_type=\"column\">\n\t\t\t<div class=\"elementor-column-wrap\">\n\t\t\t\t\t\t\t<div class=\"elementor-widget-wrap\">\n\t\t\t\t\t\t\t\t<\/div>\n\t\t\t\t\t<\/div>\n\t\t<\/div>\n\t\t\t\t\t\t\t\t<\/div>\n\t\t\t\t\t<\/div>\n\t\t<\/section>\n\t\t\t\t\t\t\t\t\t<\/div>\n\t\t\t<\/div>\n\t\t\t\t\t<\/div>\n\t\t\t\t\t\t                            <\/div>\n\t\t        \n                    <div id=\"criterios-de-evaluacin-tab\" class=\"clearfix eael-tab-content-item\" data-title-link=\"criterios-de-evaluacin-tab\">\n\t\t\t\t        \t\t\t\t\t        \t\t<div data-elementor-type=\"page\" data-elementor-id=\"4942\" class=\"elementor elementor-4942\">\n\t\t\t\t\t\t<div class=\"elementor-inner\">\n\t\t\t\t<div class=\"elementor-section-wrap\">\n\t\t\t\t\t\t\t\t\t<section class=\"elementor-section elementor-top-section elementor-element elementor-element-848d76b elementor-section-boxed elementor-section-height-default elementor-section-height-default\" data-id=\"848d76b\" data-element_type=\"section\">\n\t\t\t\t\t\t<div class=\"elementor-container elementor-column-gap-default\">\n\t\t\t\t\t\t\t<div class=\"elementor-row\">\n\t\t\t\t\t<div class=\"elementor-column elementor-col-50 elementor-top-column elementor-element elementor-element-59ff4b8\" data-id=\"59ff4b8\" data-element_type=\"column\">\n\t\t\t<div class=\"elementor-column-wrap elementor-element-populated\">\n\t\t\t\t\t\t\t<div class=\"elementor-widget-wrap\">\n\t\t\t\t\t\t<div class=\"elementor-element elementor-element-466851a elementor-widget elementor-widget-heading\" data-id=\"466851a\" data-element_type=\"widget\" data-widget_type=\"heading.default\">\n\t\t\t\t<div class=\"elementor-widget-container\">\n\t\t\t<h2 class=\"elementor-heading-title elementor-size-default\">8 - Crit\u00e9rios de avalia\u00e7\u00e3o<\/h2>\t\t<\/div>\n\t\t\t\t<\/div>\n\t\t\t\t<div class=\"elementor-element elementor-element-5a0f503 elementor-widget elementor-widget-heading\" data-id=\"5a0f503\" data-element_type=\"widget\" data-widget_type=\"heading.default\">\n\t\t\t\t<div class=\"elementor-widget-container\">\n\t\t\t<h2 class=\"elementor-heading-title elementor-size-default\">O processo de sele\u00e7\u00e3o ser\u00e1 realizado levando em considera\u00e7\u00e3o a avalia\u00e7\u00e3o das candidaturas por cada ponto focal de acordo com os seguintes crit\u00e9rios:<\/h2>\t\t<\/div>\n\t\t\t\t<\/div>\n\t\t\t\t\t\t<\/div>\n\t\t\t\t\t<\/div>\n\t\t<\/div>\n\t\t\t\t<div class=\"elementor-column elementor-col-50 elementor-top-column elementor-element elementor-element-52f8731\" data-id=\"52f8731\" data-element_type=\"column\">\n\t\t\t<div class=\"elementor-column-wrap elementor-element-populated\">\n\t\t\t\t\t\t\t<div class=\"elementor-widget-wrap\">\n\t\t\t\t\t\t<div class=\"elementor-element elementor-element-ec4e25e elementor-widget elementor-widget-image\" data-id=\"ec4e25e\" data-element_type=\"widget\" data-widget_type=\"image.default\">\n\t\t\t\t<div class=\"elementor-widget-container\">\n\t\t\t\t\t\t\t\t<div class=\"elementor-image\">\n\t\t\t\t\t\t\t\t\t\t\t\t<img decoding=\"async\" width=\"300\" height=\"200\" src=\"https:\/\/www.iberbibliotecas.org\/wp-content\/uploads\/2025\/06\/54169345328_2f99bb3980_o-300x200.jpg\" class=\"attachment-medium size-medium\" alt=\"gente\" loading=\"lazy\" srcset=\"https:\/\/www.iberbibliotecas.org\/wp-content\/uploads\/2025\/06\/54169345328_2f99bb3980_o-300x200.jpg 300w, https:\/\/www.iberbibliotecas.org\/wp-content\/uploads\/2025\/06\/54169345328_2f99bb3980_o-1024x683.jpg 1024w, https:\/\/www.iberbibliotecas.org\/wp-content\/uploads\/2025\/06\/54169345328_2f99bb3980_o-768x512.jpg 768w, https:\/\/www.iberbibliotecas.org\/wp-content\/uploads\/2025\/06\/54169345328_2f99bb3980_o-1536x1024.jpg 1536w, https:\/\/www.iberbibliotecas.org\/wp-content\/uploads\/2025\/06\/54169345328_2f99bb3980_o-2048x1365.jpg 2048w, https:\/\/www.iberbibliotecas.org\/wp-content\/uploads\/2025\/06\/54169345328_2f99bb3980_o-18x12.jpg 18w\" sizes=\"100vw\" \/>\t\t\t\t\t\t\t\t\t\t\t\t\t\t<\/div>\n\t\t\t\t\t\t<\/div>\n\t\t\t\t<\/div>\n\t\t\t\t\t\t<\/div>\n\t\t\t\t\t<\/div>\n\t\t<\/div>\n\t\t\t\t\t\t\t\t<\/div>\n\t\t\t\t\t<\/div>\n\t\t<\/section>\n\t\t\t\t<section class=\"elementor-section elementor-top-section elementor-element elementor-element-35467e7 elementor-section-boxed elementor-section-height-default elementor-section-height-default\" data-id=\"35467e7\" data-element_type=\"section\">\n\t\t\t\t\t\t<div class=\"elementor-container elementor-column-gap-default\">\n\t\t\t\t\t\t\t<div class=\"elementor-row\">\n\t\t\t\t\t<div class=\"elementor-column elementor-col-100 elementor-top-column elementor-element elementor-element-a24273e\" data-id=\"a24273e\" data-element_type=\"column\">\n\t\t\t<div class=\"elementor-column-wrap elementor-element-populated\">\n\t\t\t\t\t\t\t<div class=\"elementor-widget-wrap\">\n\t\t\t\t\t\t<div class=\"elementor-element elementor-element-9953332 elementor-widget elementor-widget-text-editor\" data-id=\"9953332\" data-element_type=\"widget\" data-widget_type=\"text-editor.default\">\n\t\t\t\t<div class=\"elementor-widget-container\">\n\t\t\t\t\t\t\t\t<div class=\"elementor-text-editor elementor-clearfix\">\n\t\t\t\t<ul><li style=\"list-style-type: none;\"><table border=\"\" data-tablestyle=\"MsoTableGrid\" data-tablelook=\"1696\"><tbody><tr><td style=\"padding-left: 40px; text-align: center;\" data-celllook=\"69905\"><b><span data-contrast=\"none\">Crit\u00e9rio<\/span><\/b><span data-ccp-props=\"{\">\u00a0<\/span><\/td><td style=\"padding-left: 40px; text-align: center;\" data-celllook=\"69905\"><b>Observa\u00e7\u00e3os<\/b><\/td><td style=\"text-align: center;\" data-celllook=\"69905\"><b><span data-contrast=\"none\">Pontua\u00e7\u00e3o<\/span><\/b><span data-ccp-props=\"{\">\u00a0<\/span><\/td><\/tr><tr><td style=\"padding-left: 40px;\" data-celllook=\"69905\"><span data-contrast=\"none\">1. <b>Adapta\u00e7\u00e3o do perfil profissional do candidato ao Est\u00e1gio<\/b><\/span><\/td><td data-celllook=\"69905\"><p style=\"padding-left: 40px;\"><strong>a.<\/strong> Forma\u00e7\u00e3o formal e\/ou n\u00e3o formal em conserva\u00e7\u00e3o e preserva\u00e7\u00e3o do patrim\u00f4nio documental ou gest\u00e3o de arquivos\/acervos de mem\u00f3ria nacional, local ou comunit\u00e1ria, e\/ou na sua divulga\u00e7\u00e3o ou media\u00e7\u00e3o cultural: <strong>0-0,5 pontos.<br \/><\/strong><strong>b.<\/strong> Participa\u00e7\u00e3o em processos ou projetos com enfoque de g\u00eanero: <strong>0-1  pontos.<br \/><\/strong><strong>c.<\/strong> Experi\u00eancia profissional em conserva\u00e7\u00e3o, preserva\u00e7\u00e3o, difus\u00e3o e\/ou media\u00e7\u00e3o cultural de patrim\u00f4nio documental ou gest\u00e3o de arquivos\/acervos de mem\u00f3ria nacional, local ou comunit\u00e1ria: <strong>0-1,5 pontos.<br \/>d.<\/strong> Trabalhos desenvolvidos e\/ou publicados relacionados com o tema do Est\u00e1gio 2025: 0-1 pontos.<\/p><\/td><td style=\"text-align: center;\" data-celllook=\"69905\"><span data-contrast=\"none\">4<\/span><\/td><\/tr><tr><td style=\"padding-left: 40px;\" data-celllook=\"69905\"><span data-contrast=\"none\">2. <b>\u00a0Experi\u00eancia de biblioteca credenciada e credenciamento do aval correspondente do centro de trabalho<\/b><\/span><\/td><td data-celllook=\"69905\"><p style=\"padding-left: 40px;\"><strong>a.<\/strong> Experi\u00eancia de trabalho em bibliotecas p\u00fablicas ou comunit\u00e1rias: <strong>0-1  pontos.<br \/>b.<\/strong> Endosso do centro de trabalho:<br \/><strong>\u2022 Para funcion\u00e1rios de bibliotecas p\u00fablicas:<\/strong> reconhecimento da experi\u00eancia do candidato e trabalho em torno do tema do Est\u00e1gio. Grau de comprometimento do superior hier\u00e1rquico em acompanhar o escopo do Est\u00e1gio em seu centro bibliotec\u00e1rio.<br \/><strong>\u2022 Para l\u00edderes ou gestores de bibliotecas comunit\u00e1rias<\/strong>: endosso de uma rede de bibliotecas comunit\u00e1rias ou evid\u00eancia de atividades: reconhecimento da experi\u00eancia do candidato e trabalho em torno do tema do Est\u00e1gio<br \/>\u00a0<strong>0-1  pontos.<br \/>c.<\/strong> Carta de compromisso do candidato em que se compromete a enviar um relat\u00f3rio ou mem\u00f3ria sobre o projeto desenvolvido em resultado da aplica\u00e7\u00e3o dos conhecimentos adquiridos no Est\u00e1gio: <strong>0-1  pontos.<\/strong><\/p><\/td><td style=\"text-align: center;\" data-celllook=\"69905\"><span data-contrast=\"none\">3<\/span><\/td><\/tr><tr><td style=\"padding-left: 40px;\" data-celllook=\"69905\"><span data-contrast=\"none\">3. <b>Avalia\u00e7\u00e3o da utilidade do Est\u00e1gio em rela\u00e7\u00e3o ao projeto proposto<\/b><\/span><span data-ccp-props=\"{\">\u00a0<\/span><\/td><td data-celllook=\"69905\"><p style=\"padding-left: 40px;\"><strong>a.<\/strong> O projeto submetido atende a aspectos b\u00e1sicos como: descri\u00e7\u00e3o clara, atividades e produtos do projeto, bem como benef\u00edcios que o Est\u00e1gio proporcionar\u00e1 ao projeto: <strong>0-1  pontos.<br \/>b.<\/strong> O projeto tem uma perspectiva de g\u00eanero em sua concep\u00e7\u00e3o, implementa\u00e7\u00e3o e\/ou resultados: <strong>0-1  pontos.<br \/>c.<\/strong> O projeto melhorar\u00e1 algum aspecto ou servi\u00e7o da biblioteca relacionado aos processos de conserva\u00e7\u00e3o ou preserva\u00e7\u00e3o do patrim\u00f4nio, \u00e0 gest\u00e3o de arquivos\/acervos de mem\u00f3ria local ou comunit\u00e1ria ou \u00e0 media\u00e7\u00e3o cultural: <strong>0-1 puntos<\/strong><\/p><\/td><td style=\"text-align: center;\" data-celllook=\"69905\"><span data-contrast=\"none\">3<\/span><\/td><\/tr><tr><td style=\"padding-left: 40px;\" colspan=\"2\" data-celllook=\"69905\"><b><span data-contrast=\"none\">TOTAL<\/span><\/b><span data-ccp-props=\"{\">\u00a0<\/span><\/td><td style=\"text-align: center;\" data-celllook=\"69905\"><b><span data-contrast=\"none\">10<\/span><\/b><\/td><\/tr><\/tbody><\/table><\/li><\/ul>\t\t\t\t\t<\/div>\n\t\t\t\t\t\t<\/div>\n\t\t\t\t<\/div>\n\t\t\t\t\t\t<\/div>\n\t\t\t\t\t<\/div>\n\t\t<\/div>\n\t\t\t\t\t\t\t\t<\/div>\n\t\t\t\t\t<\/div>\n\t\t<\/section>\n\t\t\t\t\t\t\t\t\t<\/div>\n\t\t\t<\/div>\n\t\t\t\t\t<\/div>\n\t\t\t\t\t\t                            <\/div>\n\t\t        \n                    <div id=\"calendario-tab\" class=\"clearfix eael-tab-content-item\" data-title-link=\"calendario-tab\">\n\t\t\t\t        \t\t\t\t\t        \t\t<div data-elementor-type=\"page\" data-elementor-id=\"4945\" class=\"elementor elementor-4945\">\n\t\t\t\t\t\t<div class=\"elementor-inner\">\n\t\t\t\t<div class=\"elementor-section-wrap\">\n\t\t\t\t\t\t\t\t\t<section class=\"elementor-section elementor-top-section elementor-element elementor-element-0ff028e elementor-section-boxed elementor-section-height-default elementor-section-height-default\" data-id=\"0ff028e\" data-element_type=\"section\">\n\t\t\t\t\t\t<div class=\"elementor-container elementor-column-gap-default\">\n\t\t\t\t\t\t\t<div class=\"elementor-row\">\n\t\t\t\t\t<div class=\"elementor-column elementor-col-50 elementor-top-column elementor-element elementor-element-533d415\" data-id=\"533d415\" data-element_type=\"column\">\n\t\t\t<div class=\"elementor-column-wrap elementor-element-populated\">\n\t\t\t\t\t\t\t<div class=\"elementor-widget-wrap\">\n\t\t\t\t\t\t<div class=\"elementor-element elementor-element-466851a elementor-widget elementor-widget-heading\" data-id=\"466851a\" data-element_type=\"widget\" data-widget_type=\"heading.default\">\n\t\t\t\t<div class=\"elementor-widget-container\">\n\t\t\t<h2 class=\"elementor-heading-title elementor-size-default\">9 -Calend\u00e1rio<\/h2>\t\t<\/div>\n\t\t\t\t<\/div>\n\t\t\t\t<div class=\"elementor-element elementor-element-9953332 elementor-widget elementor-widget-text-editor\" data-id=\"9953332\" data-element_type=\"widget\" data-widget_type=\"text-editor.default\">\n\t\t\t\t<div class=\"elementor-widget-container\">\n\t\t\t\t\t\t\t\t<div class=\"elementor-text-editor elementor-clearfix\">\n\t\t\t\t<ul><li style=\"list-style-type: none;\"><table border=\"\" data-tablestyle=\"MsoTableGrid\" data-tablelook=\"1696\"><tbody><tr><td style=\"text-align: center;\" data-celllook=\"69905\"><b><span data-contrast=\"none\">Atividades<\/span><\/b><span data-ccp-props=\"{\">\u00a0<\/span><\/td><td style=\"text-align: center;\" data-celllook=\"69905\"><b><span data-contrast=\"none\">Data<\/span><\/b><span data-ccp-props=\"{\">\u00a0<\/span><\/td><\/tr><tr><td style=\"padding-left: 40px;\" data-celllook=\"69905\"><span data-contrast=\"none\">Abertura da chamada<\/span><span data-ccp-props=\"{\">\u00a0<\/span><\/td><td data-celllook=\"69905\">20 de junho de 2025<\/td><\/tr><tr><td style=\"padding-left: 40px;\" data-celllook=\"69905\"><strong>Data limite para propostas<\/strong><\/td><td data-celllook=\"69905\">23 de julio de 2025<\/td><\/tr><tr><td style=\"padding-left: 40px;\" data-celllook=\"69905\"><span data-ccp-props=\"{\"><span style=\"font-weight: 400;\">Publica\u00e7\u00e3o de pessoas selecionadas<\/span> <\/span><\/td><td data-celllook=\"69905\">12 de septiembre<\/td><\/tr><tr><td style=\"padding-left: 40px;\" data-celllook=\"69905\"><b>Comunica\u00e7\u00e3o com pessoas selecionadas e gest\u00e3o de compra de passagens<\/b><\/td><td data-celllook=\"69905\">8 al 30 de setembro de 2025<\/td><\/tr><tr><td style=\"padding-left: 40px;\" data-celllook=\"69905\"><span style=\"font-weight: 400;\">Data do Est\u00e1gio<\/span><\/td><td data-celllook=\"69905\">10 al 14 de novembro de 2025<\/td><\/tr><tr><td style=\"padding-left: 40px;\" data-celllook=\"69905\"><b>Prazo m\u00e1ximo para entrega do relat\u00f3rio\/mem\u00f3ria do Est\u00e1gio<\/b><span style=\"font-weight: 400;\">\u00a0<\/span><\/td><td data-celllook=\"69905\">15 de dezembro de 2025<\/td><\/tr><tr><td style=\"padding-left: 40px;\" data-celllook=\"69905\"><span data-ccp-props=\"{\"><span style=\"font-weight: 400;\">Prazo m\u00e1ximo para entrega do relat\u00f3rio\/mem\u00f3ria do projeto desenvolvido como resultado da aplica\u00e7\u00e3o do Est\u00e1gio<\/span><\/span><\/td><td data-celllook=\"69905\">15 de maio de 2026<\/td><\/tr><\/tbody><\/table><\/li><\/ul>\t\t\t\t\t<\/div>\n\t\t\t\t\t\t<\/div>\n\t\t\t\t<\/div>\n\t\t\t\t\t\t<\/div>\n\t\t\t\t\t<\/div>\n\t\t<\/div>\n\t\t\t\t<div class=\"elementor-column elementor-col-50 elementor-top-column elementor-element elementor-element-50f0c01\" data-id=\"50f0c01\" data-element_type=\"column\">\n\t\t\t<div class=\"elementor-column-wrap elementor-element-populated\">\n\t\t\t\t\t\t\t<div class=\"elementor-widget-wrap\">\n\t\t\t\t\t\t<div class=\"elementor-element elementor-element-b9fbca7 elementor-widget elementor-widget-spacer\" data-id=\"b9fbca7\" data-element_type=\"widget\" data-widget_type=\"spacer.default\">\n\t\t\t\t<div class=\"elementor-widget-container\">\n\t\t\t\t\t<div class=\"elementor-spacer\">\n\t\t\t<div class=\"elementor-spacer-inner\"><\/div>\n\t\t<\/div>\n\t\t\t\t<\/div>\n\t\t\t\t<\/div>\n\t\t\t\t<div class=\"elementor-element elementor-element-1d3f33d elementor-widget elementor-widget-image\" data-id=\"1d3f33d\" data-element_type=\"widget\" data-widget_type=\"image.default\">\n\t\t\t\t<div class=\"elementor-widget-container\">\n\t\t\t\t\t\t\t\t<div class=\"elementor-image\">\n\t\t\t\t\t\t\t\t\t\t\t\t<img decoding=\"async\" src=\"https:\/\/www.iberbibliotecas.org\/wp-content\/uploads\/elementor\/thumbs\/54324270445_ee65464e05_o-scaled-rl19w0jdyp3prtsze548grkig1gulec8imnen8cltc.jpg\" title=\"54324270445_ee65464e05_o\" alt=\"mujeres\" \/>\t\t\t\t\t\t\t\t\t\t\t\t\t\t<\/div>\n\t\t\t\t\t\t<\/div>\n\t\t\t\t<\/div>\n\t\t\t\t\t\t<\/div>\n\t\t\t\t\t<\/div>\n\t\t<\/div>\n\t\t\t\t\t\t\t\t<\/div>\n\t\t\t\t\t<\/div>\n\t\t<\/section>\n\t\t\t\t<section class=\"elementor-section elementor-top-section elementor-element elementor-element-35467e7 elementor-section-boxed elementor-section-height-default elementor-section-height-default\" data-id=\"35467e7\" data-element_type=\"section\">\n\t\t\t\t\t\t<div class=\"elementor-container elementor-column-gap-default\">\n\t\t\t\t\t\t\t<div class=\"elementor-row\">\n\t\t\t\t\t<div class=\"elementor-column elementor-col-100 elementor-top-column elementor-element elementor-element-a24273e\" data-id=\"a24273e\" data-element_type=\"column\">\n\t\t\t<div class=\"elementor-column-wrap\">\n\t\t\t\t\t\t\t<div class=\"elementor-widget-wrap\">\n\t\t\t\t\t\t\t\t<\/div>\n\t\t\t\t\t<\/div>\n\t\t<\/div>\n\t\t\t\t\t\t\t\t<\/div>\n\t\t\t\t\t<\/div>\n\t\t<\/section>\n\t\t\t\t\t\t\t\t\t<\/div>\n\t\t\t<\/div>\n\t\t\t\t\t<\/div>\n\t\t\t\t\t\t                            <\/div>\n\t\t        \n                    <div id=\"obligaciones-generales-tab\" class=\"clearfix eael-tab-content-item\" data-title-link=\"obligaciones-generales-tab\">\n\t\t\t\t        \t\t\t\t\t        \t\t<div data-elementor-type=\"page\" data-elementor-id=\"4948\" class=\"elementor elementor-4948\">\n\t\t\t\t\t\t<div class=\"elementor-inner\">\n\t\t\t\t<div class=\"elementor-section-wrap\">\n\t\t\t\t\t\t\t\t\t<section class=\"elementor-section elementor-top-section elementor-element elementor-element-0d93090 elementor-section-boxed elementor-section-height-default elementor-section-height-default\" data-id=\"0d93090\" data-element_type=\"section\">\n\t\t\t\t\t\t<div class=\"elementor-container elementor-column-gap-default\">\n\t\t\t\t\t\t\t<div class=\"elementor-row\">\n\t\t\t\t\t<div class=\"elementor-column elementor-col-100 elementor-top-column elementor-element elementor-element-941d242\" data-id=\"941d242\" data-element_type=\"column\">\n\t\t\t<div class=\"elementor-column-wrap elementor-element-populated\">\n\t\t\t\t\t\t\t<div class=\"elementor-widget-wrap\">\n\t\t\t\t\t\t<div class=\"elementor-element elementor-element-466851a elementor-widget elementor-widget-heading\" data-id=\"466851a\" data-element_type=\"widget\" data-widget_type=\"heading.default\">\n\t\t\t\t<div class=\"elementor-widget-container\">\n\t\t\t<h2 class=\"elementor-heading-title elementor-size-default\">10 - Obriga\u00e7\u00f5es das pessoas selecionadas<\/h2>\t\t<\/div>\n\t\t\t\t<\/div>\n\t\t\t\t<div class=\"elementor-element elementor-element-0c671d8 elementor-widget elementor-widget-heading\" data-id=\"0c671d8\" data-element_type=\"widget\" data-widget_type=\"heading.default\">\n\t\t\t\t<div class=\"elementor-widget-container\">\n\t\t\t<h2 class=\"elementor-heading-title elementor-size-default\">As pessoas selecionadas concordam em aceitar o conte\u00fado desta convocat\u00f3ria e seu resultado, bem como cumprir as obriga\u00e7\u00f5es reconhecidas nas seguintes se\u00e7\u00f5es:<\/h2>\t\t<\/div>\n\t\t\t\t<\/div>\n\t\t\t\t\t\t<\/div>\n\t\t\t\t\t<\/div>\n\t\t<\/div>\n\t\t\t\t\t\t\t\t<\/div>\n\t\t\t\t\t<\/div>\n\t\t<\/section>\n\t\t\t\t<section class=\"elementor-section elementor-top-section elementor-element elementor-element-6e8d017 elementor-section-boxed elementor-section-height-default elementor-section-height-default\" data-id=\"6e8d017\" data-element_type=\"section\">\n\t\t\t\t\t\t<div class=\"elementor-container elementor-column-gap-default\">\n\t\t\t\t\t\t\t<div class=\"elementor-row\">\n\t\t\t\t\t<div class=\"elementor-column elementor-col-50 elementor-top-column elementor-element elementor-element-dd75bb7\" data-id=\"dd75bb7\" data-element_type=\"column\">\n\t\t\t<div class=\"elementor-column-wrap elementor-element-populated\">\n\t\t\t\t\t\t\t<div class=\"elementor-widget-wrap\">\n\t\t\t\t\t\t<div class=\"elementor-element elementor-element-9953332 elementor-widget elementor-widget-text-editor\" data-id=\"9953332\" data-element_type=\"widget\" data-widget_type=\"text-editor.default\">\n\t\t\t\t<div class=\"elementor-widget-container\">\n\t\t\t\t\t\t\t\t<div class=\"elementor-text-editor elementor-clearfix\">\n\t\t\t\t<ol><li>Estar em Lima, Peru, no dia do in\u00edcio do Est\u00e1gio. Execut\u00e1-lo sem qualquer altera\u00e7\u00e3o ou modifica\u00e7\u00e3o do objeto ou finalidade para a qual foi concedido. Qualquer incidente que envolva modifica\u00e7\u00e3o do programa inicial de atividades pelo participante dever\u00e1 ser comunicado e autorizado pela Unidade T\u00e9cnica do programa, que analisar\u00e1 a viabilidade de continuar com a participa\u00e7\u00e3o da pessoa.<\/li><li>Aceitar por escrito a concess\u00e3o do Est\u00e1gio no prazo n\u00e3o superior a 7 dias de calend\u00e1rio a contar da notifica\u00e7\u00e3o que ser\u00e1 feita a partir da Unidade T\u00e9cnica do programa Iberbibliotecas.<\/li><li>Uma vez terminado o Est\u00e1gio, de acordo com os prazos indicados no calend\u00e1rio, os benefici\u00e1rios devem apresentar \u00e0 Unidade T\u00e9cnica do programa Iberbibliotecas um relat\u00f3rio ou mem\u00f3ria do projeto contendo os seguintes pontos:<br \/><ul><li><strong>a)<\/strong> <span style=\"font-weight: 400;\">Descri\u00e7\u00e3o das atividades em que a pessoa participou durante cada dia do Est\u00e1gio.<\/span><\/li><li><strong>b)<\/strong> <span style=\"font-weight: 400;\">Apoios em texto, fotografia ou material audiovisual do trabalho realizado em cada uma das oficinas.<\/span><\/li><li><strong>c)<\/strong> <span style=\"font-weight: 400;\">Texto em que a pessoa explica detalhadamente a aplica\u00e7\u00e3o dos conhecimentos adquiridos em seu projeto em desenvolvimento ou que desenvolver\u00e1 em sua pr\u00f3pria biblioteca.<\/span><\/li><li><span style=\"font-weight: 400;\"><strong>d)<\/strong> Material fotogr\u00e1fico ou audiovisual de apoio \u00e0s demais atividades desenvolvidas durante o Est\u00e1gio.<\/span><\/li><\/ul><\/li><li>Seis meses ap\u00f3s o t\u00e9rmino do Est\u00e1gio, devem enviar um relat\u00f3rio ou mem\u00f3ria sobre o projeto desenvolvido em seu centro de biblioteca como resultado da aplica\u00e7\u00e3o dos conhecimentos adquiridos.<\/li><li>Participar em pelo menos uma atividade de divulga\u00e7\u00e3o das a\u00e7\u00f5es do Est\u00e1gio com pares bibliotec\u00e1rios organizado pelo programa Iberbibliotecas ou pelo ponto focal.<\/li><\/ol>\t\t\t\t\t<\/div>\n\t\t\t\t\t\t<\/div>\n\t\t\t\t<\/div>\n\t\t\t\t\t\t<\/div>\n\t\t\t\t\t<\/div>\n\t\t<\/div>\n\t\t\t\t<div class=\"elementor-column elementor-col-50 elementor-top-column elementor-element elementor-element-202f392\" data-id=\"202f392\" data-element_type=\"column\">\n\t\t\t<div class=\"elementor-column-wrap elementor-element-populated\">\n\t\t\t\t\t\t\t<div class=\"elementor-widget-wrap\">\n\t\t\t\t\t\t<div class=\"elementor-element elementor-element-28dd1be elementor-widget elementor-widget-image\" data-id=\"28dd1be\" data-element_type=\"widget\" data-widget_type=\"image.default\">\n\t\t\t\t<div class=\"elementor-widget-container\">\n\t\t\t\t\t\t\t\t<div class=\"elementor-image\">\n\t\t\t\t\t\t\t\t\t\t\t\t<img decoding=\"async\" width=\"525\" height=\"787\" src=\"https:\/\/www.iberbibliotecas.org\/wp-content\/uploads\/2025\/06\/54155858657_834b3956f6_o-683x1024.jpg\" class=\"attachment-large size-large\" alt=\"libro\" loading=\"lazy\" srcset=\"https:\/\/www.iberbibliotecas.org\/wp-content\/uploads\/2025\/06\/54155858657_834b3956f6_o-683x1024.jpg 683w, https:\/\/www.iberbibliotecas.org\/wp-content\/uploads\/2025\/06\/54155858657_834b3956f6_o-200x300.jpg 200w, https:\/\/www.iberbibliotecas.org\/wp-content\/uploads\/2025\/06\/54155858657_834b3956f6_o-768x1152.jpg 768w, https:\/\/www.iberbibliotecas.org\/wp-content\/uploads\/2025\/06\/54155858657_834b3956f6_o-1024x1536.jpg 1024w, https:\/\/www.iberbibliotecas.org\/wp-content\/uploads\/2025\/06\/54155858657_834b3956f6_o-1365x2048.jpg 1365w, https:\/\/www.iberbibliotecas.org\/wp-content\/uploads\/2025\/06\/54155858657_834b3956f6_o-8x12.jpg 8w, https:\/\/www.iberbibliotecas.org\/wp-content\/uploads\/2025\/06\/54155858657_834b3956f6_o-scaled.jpg 1707w\" sizes=\"100vw\" \/>\t\t\t\t\t\t\t\t\t\t\t\t\t\t<\/div>\n\t\t\t\t\t\t<\/div>\n\t\t\t\t<\/div>\n\t\t\t\t\t\t<\/div>\n\t\t\t\t\t<\/div>\n\t\t<\/div>\n\t\t\t\t\t\t\t\t<\/div>\n\t\t\t\t\t<\/div>\n\t\t<\/section>\n\t\t\t\t<section class=\"elementor-section elementor-top-section elementor-element elementor-element-35467e7 elementor-section-boxed elementor-section-height-default elementor-section-height-default\" data-id=\"35467e7\" data-element_type=\"section\">\n\t\t\t\t\t\t<div class=\"elementor-container elementor-column-gap-default\">\n\t\t\t\t\t\t\t<div class=\"elementor-row\">\n\t\t\t\t\t<div class=\"elementor-column elementor-col-100 elementor-top-column elementor-element elementor-element-a24273e\" data-id=\"a24273e\" data-element_type=\"column\">\n\t\t\t<div class=\"elementor-column-wrap\">\n\t\t\t\t\t\t\t<div class=\"elementor-widget-wrap\">\n\t\t\t\t\t\t\t\t<\/div>\n\t\t\t\t\t<\/div>\n\t\t<\/div>\n\t\t\t\t\t\t\t\t<\/div>\n\t\t\t\t\t<\/div>\n\t\t<\/section>\n\t\t\t\t\t\t\t\t\t<\/div>\n\t\t\t<\/div>\n\t\t\t\t\t<\/div>\n\t\t\t\t\t\t                            <\/div>\n\t\t        \n                    <div id=\"reintegros--tab\" class=\"clearfix eael-tab-content-item\" data-title-link=\"reintegros--tab\">\n\t\t\t\t        \t\t\t\t\t        \t\t<div data-elementor-type=\"page\" data-elementor-id=\"4951\" class=\"elementor elementor-4951\">\n\t\t\t\t\t\t<div class=\"elementor-inner\">\n\t\t\t\t<div class=\"elementor-section-wrap\">\n\t\t\t\t\t\t\t\t\t<section class=\"elementor-section elementor-top-section elementor-element elementor-element-63fcd45 elementor-section-boxed elementor-section-height-default elementor-section-height-default\" data-id=\"63fcd45\" data-element_type=\"section\">\n\t\t\t\t\t\t<div class=\"elementor-container elementor-column-gap-default\">\n\t\t\t\t\t\t\t<div class=\"elementor-row\">\n\t\t\t\t\t<div class=\"elementor-column elementor-col-50 elementor-top-column elementor-element elementor-element-29d5f65\" data-id=\"29d5f65\" data-element_type=\"column\">\n\t\t\t<div class=\"elementor-column-wrap elementor-element-populated\">\n\t\t\t\t\t\t\t<div class=\"elementor-widget-wrap\">\n\t\t\t\t\t\t<div class=\"elementor-element elementor-element-466851a elementor-widget elementor-widget-heading\" data-id=\"466851a\" data-element_type=\"widget\" data-widget_type=\"heading.default\">\n\t\t\t\t<div class=\"elementor-widget-container\">\n\t\t\t<h2 class=\"elementor-heading-title elementor-size-default\">11 - Reembolsos e incumprimentos<\/h2>\t\t<\/div>\n\t\t\t\t<\/div>\n\t\t\t\t<div class=\"elementor-element elementor-element-b14f7a7 elementor-widget elementor-widget-image\" data-id=\"b14f7a7\" data-element_type=\"widget\" data-widget_type=\"image.default\">\n\t\t\t\t<div class=\"elementor-widget-container\">\n\t\t\t\t\t\t\t\t<div class=\"elementor-image\">\n\t\t\t\t\t\t\t\t\t\t\t\t<img decoding=\"async\" width=\"525\" height=\"394\" src=\"https:\/\/www.iberbibliotecas.org\/wp-content\/uploads\/2021\/02\/Img_8548_2024-11-15-1-1024x768.jpeg\" class=\"attachment-large size-large\" alt=\"\" loading=\"lazy\" srcset=\"https:\/\/www.iberbibliotecas.org\/wp-content\/uploads\/2021\/02\/Img_8548_2024-11-15-1-1024x768.jpeg 1024w, https:\/\/www.iberbibliotecas.org\/wp-content\/uploads\/2021\/02\/Img_8548_2024-11-15-1-300x225.jpeg 300w, https:\/\/www.iberbibliotecas.org\/wp-content\/uploads\/2021\/02\/Img_8548_2024-11-15-1-768x576.jpeg 768w, https:\/\/www.iberbibliotecas.org\/wp-content\/uploads\/2021\/02\/Img_8548_2024-11-15-1-1536x1152.jpeg 1536w, https:\/\/www.iberbibliotecas.org\/wp-content\/uploads\/2021\/02\/Img_8548_2024-11-15-1-2048x1536.jpeg 2048w, https:\/\/www.iberbibliotecas.org\/wp-content\/uploads\/2021\/02\/Img_8548_2024-11-15-1-16x12.jpeg 16w\" sizes=\"100vw\" \/>\t\t\t\t\t\t\t\t\t\t\t\t\t\t<\/div>\n\t\t\t\t\t\t<\/div>\n\t\t\t\t<\/div>\n\t\t\t\t\t\t<\/div>\n\t\t\t\t\t<\/div>\n\t\t<\/div>\n\t\t\t\t<div class=\"elementor-column elementor-col-50 elementor-top-column elementor-element elementor-element-2f08e8c\" data-id=\"2f08e8c\" data-element_type=\"column\">\n\t\t\t<div class=\"elementor-column-wrap elementor-element-populated\">\n\t\t\t\t\t\t\t<div class=\"elementor-widget-wrap\">\n\t\t\t\t\t\t<div class=\"elementor-element elementor-element-694646d elementor-widget elementor-widget-spacer\" data-id=\"694646d\" data-element_type=\"widget\" data-widget_type=\"spacer.default\">\n\t\t\t\t<div class=\"elementor-widget-container\">\n\t\t\t\t\t<div class=\"elementor-spacer\">\n\t\t\t<div class=\"elementor-spacer-inner\"><\/div>\n\t\t<\/div>\n\t\t\t\t<\/div>\n\t\t\t\t<\/div>\n\t\t\t\t<div class=\"elementor-element elementor-element-9953332 elementor-widget elementor-widget-text-editor\" data-id=\"9953332\" data-element_type=\"widget\" data-widget_type=\"text-editor.default\">\n\t\t\t\t<div class=\"elementor-widget-container\">\n\t\t\t\t\t\t\t\t<div class=\"elementor-text-editor elementor-clearfix\">\n\t\t\t\t<p>O incumprimento total ou parcial das condi\u00e7\u00f5es impostas \u00e0s pessoas selecionadas e, em particular, a sua n\u00e3o compar\u00eancia \u00e0s atividades programadas resultar\u00e1 no reembolso do montante concedido ao Est\u00e1gio espec\u00edfico, acrescido dos correspondentes juros de mora. Neste caso, a Unidade T\u00e9cnica do Programa exigir\u00e1 por escrito ao bibliotec\u00e1rio benefici\u00e1rio para que, no prazo m\u00e1ximo de sete dias corridos, manifeste as raz\u00f5es que justificam tal situa\u00e7\u00e3o, das quais ser\u00e1 transferido para o ponto focal correspondente. Se o ponto focal verificar que as raz\u00f5es n\u00e3o s\u00e3o suficientes e, por isso, indicar \u00e0 Unidade T\u00e9cnica, submeter\u00e1 \u00e0 aprecia\u00e7\u00e3o do Conselho Intergovernamental do Programa a decis\u00e3o de solicitar o reembolso dos recursos entregues, que ser\u00e3o registrados em ata fundamentada.<\/p><p>Em qualquer caso, o pedido de reembolso ser\u00e1 regido pela legisla\u00e7\u00e3o civil da Rep\u00fablica da Col\u00f4mbia e ser\u00e1 conhecido pela Jurisdi\u00e7\u00e3o Ordin\u00e1ria desse pa\u00eds.<\/p>\t\t\t\t\t<\/div>\n\t\t\t\t\t\t<\/div>\n\t\t\t\t<\/div>\n\t\t\t\t\t\t<\/div>\n\t\t\t\t\t<\/div>\n\t\t<\/div>\n\t\t\t\t\t\t\t\t<\/div>\n\t\t\t\t\t<\/div>\n\t\t<\/section>\n\t\t\t\t<section class=\"elementor-section elementor-top-section elementor-element elementor-element-35467e7 elementor-section-boxed elementor-section-height-default elementor-section-height-default\" data-id=\"35467e7\" data-element_type=\"section\">\n\t\t\t\t\t\t<div class=\"elementor-container elementor-column-gap-default\">\n\t\t\t\t\t\t\t<div class=\"elementor-row\">\n\t\t\t\t\t<div class=\"elementor-column elementor-col-100 elementor-top-column elementor-element elementor-element-a24273e\" data-id=\"a24273e\" data-element_type=\"column\">\n\t\t\t<div class=\"elementor-column-wrap\">\n\t\t\t\t\t\t\t<div class=\"elementor-widget-wrap\">\n\t\t\t\t\t\t\t\t<\/div>\n\t\t\t\t\t<\/div>\n\t\t<\/div>\n\t\t\t\t\t\t\t\t<\/div>\n\t\t\t\t\t<\/div>\n\t\t<\/section>\n\t\t\t\t\t\t\t\t\t<\/div>\n\t\t\t<\/div>\n\t\t\t\t\t<\/div>\n\t\t\t\t\t\t                            <\/div>\n\t\t        \n                    <div id=\"obligaciones-de-la-unidad-tab\" class=\"clearfix eael-tab-content-item\" data-title-link=\"obligaciones-de-la-unidad-tab\">\n\t\t\t\t        \t\t\t\t\t        \t\t<div data-elementor-type=\"page\" data-elementor-id=\"4954\" class=\"elementor elementor-4954\">\n\t\t\t\t\t\t<div class=\"elementor-inner\">\n\t\t\t\t<div class=\"elementor-section-wrap\">\n\t\t\t\t\t\t\t\t\t<section class=\"elementor-section elementor-top-section elementor-element elementor-element-7c18f3a elementor-section-boxed elementor-section-height-default elementor-section-height-default\" data-id=\"7c18f3a\" data-element_type=\"section\">\n\t\t\t\t\t\t<div class=\"elementor-container elementor-column-gap-default\">\n\t\t\t\t\t\t\t<div class=\"elementor-row\">\n\t\t\t\t\t<div class=\"elementor-column elementor-col-50 elementor-top-column elementor-element elementor-element-a24f212\" data-id=\"a24f212\" data-element_type=\"column\">\n\t\t\t<div class=\"elementor-column-wrap elementor-element-populated\">\n\t\t\t\t\t\t\t<div class=\"elementor-widget-wrap\">\n\t\t\t\t\t\t<div class=\"elementor-element elementor-element-466851a elementor-widget elementor-widget-heading\" data-id=\"466851a\" data-element_type=\"widget\" data-widget_type=\"heading.default\">\n\t\t\t\t<div class=\"elementor-widget-container\">\n\t\t\t<h2 class=\"elementor-heading-title elementor-size-default\">12 - Obriga\u00e7\u00f5es da Unidade T\u00e9cnica e dos organizadores do Est\u00e1gio<\/h2>\t\t<\/div>\n\t\t\t\t<\/div>\n\t\t\t\t<div class=\"elementor-element elementor-element-9953332 elementor-widget elementor-widget-text-editor\" data-id=\"9953332\" data-element_type=\"widget\" data-widget_type=\"text-editor.default\">\n\t\t\t\t<div class=\"elementor-widget-container\">\n\t\t\t\t\t\t\t\t<div class=\"elementor-text-editor elementor-clearfix\">\n\t\t\t\t<p>A organizadora do Est\u00e1gio Internacional Iberbibliotecas 2025, a Biblioteca Nacional do Peru, que representa o ponto focal para o Peru, \u00e9 obrigada a receber as pessoas selecionados e concluir o programa de est\u00e1gio.<\/p><p>A Unidade T\u00e9cnica elaborar\u00e1 um documento de avalia\u00e7\u00e3o do projeto com os indicadores que foram planejados naquele ano e publicar\u00e1 no site do programa (<a href=\"https:\/\/www.iberbibliotecas.org\/por\/\">www.iberbibliotecas.org\/por<\/a>) as resenhas e cr\u00f4nicas dos participantes. A divulga\u00e7\u00e3o ser\u00e1 apoiada atrav\u00e9s das redes sociais do Iberbibliotecas e dos sistemas de bibliotecas dos pontos focais.<\/p>\t\t\t\t\t<\/div>\n\t\t\t\t\t\t<\/div>\n\t\t\t\t<\/div>\n\t\t\t\t\t\t<\/div>\n\t\t\t\t\t<\/div>\n\t\t<\/div>\n\t\t\t\t<div class=\"elementor-column elementor-col-50 elementor-top-column elementor-element elementor-element-252159f\" data-id=\"252159f\" data-element_type=\"column\">\n\t\t\t<div class=\"elementor-column-wrap elementor-element-populated\">\n\t\t\t\t\t\t\t<div class=\"elementor-widget-wrap\">\n\t\t\t\t\t\t<div class=\"elementor-element elementor-element-2e370f6 elementor-widget elementor-widget-image\" data-id=\"2e370f6\" data-element_type=\"widget\" data-widget_type=\"image.default\">\n\t\t\t\t<div class=\"elementor-widget-container\">\n\t\t\t\t\t\t\t\t<div class=\"elementor-image\">\n\t\t\t\t\t\t\t\t\t\t\t\t<img decoding=\"async\" width=\"525\" height=\"350\" src=\"https:\/\/www.iberbibliotecas.org\/wp-content\/uploads\/2025\/06\/54415857574_67e0bd8cd3_o-1024x683.jpg\" class=\"attachment-large size-large\" alt=\"colegio\" loading=\"lazy\" srcset=\"https:\/\/www.iberbibliotecas.org\/wp-content\/uploads\/2025\/06\/54415857574_67e0bd8cd3_o-1024x683.jpg 1024w, https:\/\/www.iberbibliotecas.org\/wp-content\/uploads\/2025\/06\/54415857574_67e0bd8cd3_o-300x200.jpg 300w, https:\/\/www.iberbibliotecas.org\/wp-content\/uploads\/2025\/06\/54415857574_67e0bd8cd3_o-768x512.jpg 768w, https:\/\/www.iberbibliotecas.org\/wp-content\/uploads\/2025\/06\/54415857574_67e0bd8cd3_o-1536x1024.jpg 1536w, https:\/\/www.iberbibliotecas.org\/wp-content\/uploads\/2025\/06\/54415857574_67e0bd8cd3_o-2048x1365.jpg 2048w, https:\/\/www.iberbibliotecas.org\/wp-content\/uploads\/2025\/06\/54415857574_67e0bd8cd3_o-18x12.jpg 18w\" sizes=\"100vw\" \/>\t\t\t\t\t\t\t\t\t\t\t\t\t\t<\/div>\n\t\t\t\t\t\t<\/div>\n\t\t\t\t<\/div>\n\t\t\t\t\t\t<\/div>\n\t\t\t\t\t<\/div>\n\t\t<\/div>\n\t\t\t\t\t\t\t\t<\/div>\n\t\t\t\t\t<\/div>\n\t\t<\/section>\n\t\t\t\t<section class=\"elementor-section elementor-top-section elementor-element elementor-element-35467e7 elementor-section-boxed elementor-section-height-default elementor-section-height-default\" data-id=\"35467e7\" data-element_type=\"section\">\n\t\t\t\t\t\t<div class=\"elementor-container elementor-column-gap-default\">\n\t\t\t\t\t\t\t<div class=\"elementor-row\">\n\t\t\t\t\t<div class=\"elementor-column elementor-col-100 elementor-top-column elementor-element elementor-element-a24273e\" data-id=\"a24273e\" data-element_type=\"column\">\n\t\t\t<div class=\"elementor-column-wrap\">\n\t\t\t\t\t\t\t<div class=\"elementor-widget-wrap\">\n\t\t\t\t\t\t\t\t<\/div>\n\t\t\t\t\t<\/div>\n\t\t<\/div>\n\t\t\t\t\t\t\t\t<\/div>\n\t\t\t\t\t<\/div>\n\t\t<\/section>\n\t\t\t\t\t\t\t\t\t<\/div>\n\t\t\t<\/div>\n\t\t\t\t\t<\/div>\n\t\t\t\t\t\t                            <\/div>\n\t\t        \n                    <div id=\"consultas-tab\" class=\"clearfix eael-tab-content-item\" data-title-link=\"consultas-tab\">\n\t\t\t\t        \t\t\t\t\t        \t\t<div data-elementor-type=\"page\" data-elementor-id=\"4962\" class=\"elementor elementor-4962\">\n\t\t\t\t\t\t<div class=\"elementor-inner\">\n\t\t\t\t<div class=\"elementor-section-wrap\">\n\t\t\t\t\t\t\t\t\t<section class=\"elementor-section elementor-top-section elementor-element elementor-element-35467e7 elementor-section-boxed elementor-section-height-default elementor-section-height-default\" data-id=\"35467e7\" data-element_type=\"section\">\n\t\t\t\t\t\t<div class=\"elementor-container elementor-column-gap-default\">\n\t\t\t\t\t\t\t<div class=\"elementor-row\">\n\t\t\t\t\t<div class=\"elementor-column elementor-col-100 elementor-top-column elementor-element elementor-element-a24273e\" data-id=\"a24273e\" data-element_type=\"column\">\n\t\t\t<div class=\"elementor-column-wrap\">\n\t\t\t\t\t\t\t<div class=\"elementor-widget-wrap\">\n\t\t\t\t\t\t\t\t<\/div>\n\t\t\t\t\t<\/div>\n\t\t<\/div>\n\t\t\t\t\t\t\t\t<\/div>\n\t\t\t\t\t<\/div>\n\t\t<\/section>\n\t\t\t\t<section class=\"elementor-section elementor-top-section elementor-element elementor-element-2a53d30 elementor-section-boxed elementor-section-height-default elementor-section-height-default\" data-id=\"2a53d30\" data-element_type=\"section\">\n\t\t\t\t\t\t<div class=\"elementor-container elementor-column-gap-default\">\n\t\t\t\t\t\t\t<div class=\"elementor-row\">\n\t\t\t\t\t<div class=\"elementor-column elementor-col-50 elementor-top-column elementor-element elementor-element-4b8e3cf\" data-id=\"4b8e3cf\" data-element_type=\"column\">\n\t\t\t<div class=\"elementor-column-wrap elementor-element-populated\">\n\t\t\t\t\t\t\t<div class=\"elementor-widget-wrap\">\n\t\t\t\t\t\t<div class=\"elementor-element elementor-element-466851a elementor-widget elementor-widget-heading\" data-id=\"466851a\" data-element_type=\"widget\" data-widget_type=\"heading.default\">\n\t\t\t\t<div class=\"elementor-widget-container\">\n\t\t\t<h2 class=\"elementor-heading-title elementor-size-default\">13 - Consultas<\/h2>\t\t<\/div>\n\t\t\t\t<\/div>\n\t\t\t\t<div class=\"elementor-element elementor-element-9953332 elementor-widget elementor-widget-text-editor\" data-id=\"9953332\" data-element_type=\"widget\" data-widget_type=\"text-editor.default\">\n\t\t\t\t<div class=\"elementor-widget-container\">\n\t\t\t\t\t\t\t\t<div class=\"elementor-text-editor elementor-clearfix\">\n\t\t\t\t<p><span style=\"font-weight: 400;\">As pessoas interessadas \u200b\u200bem apresentar candidaturas ou solicitar assist\u00eancia especial para a conclus\u00e3o da sua candidatura podem entrar em contato com a Unidade T\u00e9cnica do programa para resolver as suas d\u00favidas por e-mail: <\/span><strong><span style=\"color: #000080;\"><a style=\"color: #000080;\" href=\"mailto:iberbibliotecas@cerlalc.org\">iberbibliotecas@cerlalc.org<\/a><\/span><\/strong><\/p>\t\t\t\t\t<\/div>\n\t\t\t\t\t\t<\/div>\n\t\t\t\t<\/div>\n\t\t\t\t\t\t<\/div>\n\t\t\t\t\t<\/div>\n\t\t<\/div>\n\t\t\t\t<div class=\"elementor-column elementor-col-50 elementor-top-column elementor-element elementor-element-c1f4ad4\" data-id=\"c1f4ad4\" data-element_type=\"column\">\n\t\t\t<div class=\"elementor-column-wrap elementor-element-populated\">\n\t\t\t\t\t\t\t<div class=\"elementor-widget-wrap\">\n\t\t\t\t\t\t<div class=\"elementor-element elementor-element-b1a7c50 elementor-widget elementor-widget-image\" data-id=\"b1a7c50\" data-element_type=\"widget\" data-widget_type=\"image.default\">\n\t\t\t\t<div class=\"elementor-widget-container\">\n\t\t\t\t\t\t\t\t<div class=\"elementor-image\">\n\t\t\t\t\t\t\t\t\t\t\t\t<img decoding=\"async\" src=\"https:\/\/www.iberbibliotecas.org\/wp-content\/uploads\/elementor\/thumbs\/54414149413_3a2150dd27_o-scaled-rl19w1h85j503frm8niv19bz1fc7t3fyuraw4ib7n4.jpg\" title=\"54414149413_3a2150dd27_o\" alt=\"personas\" \/>\t\t\t\t\t\t\t\t\t\t\t\t\t\t<\/div>\n\t\t\t\t\t\t<\/div>\n\t\t\t\t<\/div>\n\t\t\t\t\t\t<\/div>\n\t\t\t\t\t<\/div>\n\t\t<\/div>\n\t\t\t\t\t\t\t\t<\/div>\n\t\t\t\t\t<\/div>\n\t\t<\/section>\n\t\t\t\t\t\t\t\t\t<\/div>\n\t\t\t<\/div>\n\t\t\t\t\t<\/div>\n\t\t\t\t\t\t                            <\/div>\n\t\t                    <\/div>\n        <\/div>\n\t\t<\/div>\n\t\t\t\t<\/div>\n\t\t\t\t\t\t<\/div>\n\t\t\t\t\t<\/div>\n\t\t<\/div>\n\t\t\t\t\t\t\t\t<\/div>\n\t\t\t\t\t<\/div>\n\t\t<\/section>\n\t\t\t\t\t\t\t\t\t<\/div>\n\t\t\t<\/div>\n\t\t\t\t\t<\/div>","protected":false},"excerpt":{"rendered":"<p>Convocatoria abierta Evaluaci\u00f3n Cierre 7\u00aa Pasant\u00eda Internacional Con el objetivo de contribuir al desarrollo profesional de las personas que trabajan en bibliotecas y puedan as\u00ed asumir los retos que las &hellip; <\/p>\n<p class=\"link-more\"><a href=\"https:\/\/www.iberbibliotecas.org\/por\/pasantias\/\" class=\"more-link\">Continue lendo<span class=\"screen-reader-text\"> &#8220;Convocatoria de Pasant\u00edas Internacionales&#8221;<\/span><\/a><\/p>","protected":false},"author":1,"featured_media":21322,"parent":0,"menu_order":0,"comment_status":"closed","ping_status":"closed","template":"elementor_canvas","meta":{"_EventAllDay":false,"_EventTimezone":"","_EventStartDate":"","_EventEndDate":"","_EventStartDateUTC":"","_EventEndDateUTC":"","_EventShowMap":false,"_EventShowMapLink":false,"_EventURL":"","_EventCost":"","_EventCostDescription":"","_EventCurrencySymbol":"","_EventCurrencyCode":"","_EventCurrencyPosition":"","_EventDateTimeSeparator":"","_EventTimeRangeSeparator":"","_EventOrganizerID":[],"_EventVenueID":0,"_OrganizerEmail":"","_OrganizerPhone":"","_OrganizerWebsite":"","_VenueAddress":"","_VenueCity":"","_VenueCountry":"","_VenueProvince":"","_VenueZip":"","_VenuePhone":"","_VenueURL":"","_VenueStateProvince":"","_VenueLat":"","_VenueLng":""},"yoast_head":"<!-- This site is optimized with the Yoast SEO plugin v20.11 - https:\/\/yoast.com\/wordpress\/plugins\/seo\/ -->\n<title>Convocatoria de Pasant\u00edas Internacionales - Iberbibliotecas<\/title>\n<meta name=\"description\" content=\"Convocatoria de Pasant\u00edas Internacionales - Iberbibliotecas\" \/>\n<meta name=\"robots\" content=\"index, follow, max-snippet:-1, max-image-preview:large, max-video-preview:-1\" \/>\n<link rel=\"canonical\" href=\"https:\/\/www.iberbibliotecas.org\/por\/pasantias\/\" \/>\n<meta property=\"og:locale\" content=\"pt_BR\" \/>\n<meta property=\"og:type\" content=\"article\" \/>\n<meta property=\"og:title\" content=\"Convocatoria de Pasant\u00edas Internacionales\" \/>\n<meta property=\"og:description\" content=\"Convocatoria de Pasant\u00edas Internacionales - Iberbibliotecas\" \/>\n<meta property=\"og:url\" content=\"https:\/\/www.iberbibliotecas.org\/por\/pasantias\/\" \/>\n<meta property=\"og:site_name\" content=\"Iberbibliotecas\" \/>\n<meta property=\"article:modified_time\" content=\"2026-04-19T01:59:50+00:00\" \/>\n<meta property=\"og:image\" content=\"https:\/\/www.iberbibliotecas.org\/wp-content\/uploads\/2025\/06\/Pasantia_general_esp.png\" \/>\n\t<meta property=\"og:image:width\" content=\"1080\" \/>\n\t<meta property=\"og:image:height\" content=\"1350\" \/>\n\t<meta property=\"og:image:type\" content=\"image\/png\" \/>\n<meta name=\"twitter:card\" content=\"summary_large_image\" \/>\n<meta name=\"twitter:title\" content=\"Convocatoria de Pasant\u00edas Internacionales\" \/>\n<meta name=\"twitter:label1\" content=\"Est. tempo de leitura\" \/>\n\t<meta name=\"twitter:data1\" content=\"92 minutos\" \/>\n<script type=\"application\/ld+json\" class=\"yoast-schema-graph\">{\"@context\":\"https:\/\/schema.org\",\"@graph\":[{\"@type\":\"WebPage\",\"@id\":\"https:\/\/www.iberbibliotecas.org\/pasantias\/\",\"url\":\"https:\/\/www.iberbibliotecas.org\/pasantias\/\",\"name\":\"Convocatoria de Pasant\u00edas Internacionales - Iberbibliotecas\",\"isPartOf\":{\"@id\":\"https:\/\/www.iberbibliotecas.org\/#website\"},\"datePublished\":\"2025-07-08T00:39:44+00:00\",\"dateModified\":\"2026-04-19T01:59:50+00:00\",\"description\":\"Convocatoria de Pasant\u00edas Internacionales - Iberbibliotecas\",\"breadcrumb\":{\"@id\":\"https:\/\/www.iberbibliotecas.org\/pasantias\/#breadcrumb\"},\"inLanguage\":\"pt-BR\",\"potentialAction\":[{\"@type\":\"ReadAction\",\"target\":[\"https:\/\/www.iberbibliotecas.org\/pasantias\/\"]}]},{\"@type\":\"BreadcrumbList\",\"@id\":\"https:\/\/www.iberbibliotecas.org\/pasantias\/#breadcrumb\",\"itemListElement\":[{\"@type\":\"ListItem\",\"position\":1,\"name\":\"Inicio\",\"item\":\"https:\/\/www.iberbibliotecas.org\/\"},{\"@type\":\"ListItem\",\"position\":2,\"name\":\"Convocatoria de Pasant\u00edas Internacionales\"}]},{\"@type\":\"WebSite\",\"@id\":\"https:\/\/www.iberbibliotecas.org\/#website\",\"url\":\"https:\/\/www.iberbibliotecas.org\/\",\"name\":\"Iberbibliotecas\",\"description\":\"\",\"publisher\":{\"@id\":\"https:\/\/www.iberbibliotecas.org\/#organization\"},\"potentialAction\":[{\"@type\":\"SearchAction\",\"target\":{\"@type\":\"EntryPoint\",\"urlTemplate\":\"https:\/\/www.iberbibliotecas.org\/?s={search_term_string}\"},\"query-input\":\"required name=search_term_string\"}],\"inLanguage\":\"pt-BR\"},{\"@type\":\"Organization\",\"@id\":\"https:\/\/www.iberbibliotecas.org\/#organization\",\"name\":\"Iberbibliotecas\",\"url\":\"https:\/\/www.iberbibliotecas.org\/\",\"logo\":{\"@type\":\"ImageObject\",\"inLanguage\":\"pt-BR\",\"@id\":\"https:\/\/www.iberbibliotecas.org\/#\/schema\/logo\/image\/\",\"url\":\"https:\/\/www.iberbibliotecas.org\/wp-content\/uploads\/2021\/03\/logo_c_ib.png\",\"contentUrl\":\"https:\/\/www.iberbibliotecas.org\/wp-content\/uploads\/2021\/03\/logo_c_ib.png\",\"width\":289,\"height\":180,\"caption\":\"Iberbibliotecas\"},\"image\":{\"@id\":\"https:\/\/www.iberbibliotecas.org\/#\/schema\/logo\/image\/\"}}]}<\/script>\n<!-- \/ Yoast SEO plugin. -->","yoast_head_json":{"title":"Convocatoria de Pasant\u00edas Internacionales - Iberbibliotecas","description":"Convocatoria de Pasant\u00edas Internacionales - Iberbibliotecas","robots":{"index":"index","follow":"follow","max-snippet":"max-snippet:-1","max-image-preview":"max-image-preview:large","max-video-preview":"max-video-preview:-1"},"canonical":"https:\/\/www.iberbibliotecas.org\/por\/pasantias\/","og_locale":"pt_BR","og_type":"article","og_title":"Convocatoria de Pasant\u00edas Internacionales","og_description":"Convocatoria de Pasant\u00edas Internacionales - Iberbibliotecas","og_url":"https:\/\/www.iberbibliotecas.org\/por\/pasantias\/","og_site_name":"Iberbibliotecas","article_modified_time":"2026-04-19T01:59:50+00:00","og_image":[{"width":1080,"height":1350,"url":"https:\/\/www.iberbibliotecas.org\/wp-content\/uploads\/2025\/06\/Pasantia_general_esp.png","type":"image\/png"}],"twitter_card":"summary_large_image","twitter_title":"Convocatoria de Pasant\u00edas Internacionales","twitter_misc":{"Est. tempo de leitura":"92 minutos"},"schema":{"@context":"https:\/\/schema.org","@graph":[{"@type":"WebPage","@id":"https:\/\/www.iberbibliotecas.org\/pasantias\/","url":"https:\/\/www.iberbibliotecas.org\/pasantias\/","name":"Convocatoria de Pasant\u00edas Internacionales - Iberbibliotecas","isPartOf":{"@id":"https:\/\/www.iberbibliotecas.org\/#website"},"datePublished":"2025-07-08T00:39:44+00:00","dateModified":"2026-04-19T01:59:50+00:00","description":"Convocatoria de Pasant\u00edas Internacionales - Iberbibliotecas","breadcrumb":{"@id":"https:\/\/www.iberbibliotecas.org\/pasantias\/#breadcrumb"},"inLanguage":"pt-BR","potentialAction":[{"@type":"ReadAction","target":["https:\/\/www.iberbibliotecas.org\/pasantias\/"]}]},{"@type":"BreadcrumbList","@id":"https:\/\/www.iberbibliotecas.org\/pasantias\/#breadcrumb","itemListElement":[{"@type":"ListItem","position":1,"name":"Inicio","item":"https:\/\/www.iberbibliotecas.org\/"},{"@type":"ListItem","position":2,"name":"Convocatoria de Pasant\u00edas Internacionales"}]},{"@type":"WebSite","@id":"https:\/\/www.iberbibliotecas.org\/#website","url":"https:\/\/www.iberbibliotecas.org\/","name":"Iberbibliotecas","description":"","publisher":{"@id":"https:\/\/www.iberbibliotecas.org\/#organization"},"potentialAction":[{"@type":"SearchAction","target":{"@type":"EntryPoint","urlTemplate":"https:\/\/www.iberbibliotecas.org\/?s={search_term_string}"},"query-input":"required name=search_term_string"}],"inLanguage":"pt-BR"},{"@type":"Organization","@id":"https:\/\/www.iberbibliotecas.org\/#organization","name":"Iberbibliotecas","url":"https:\/\/www.iberbibliotecas.org\/","logo":{"@type":"ImageObject","inLanguage":"pt-BR","@id":"https:\/\/www.iberbibliotecas.org\/#\/schema\/logo\/image\/","url":"https:\/\/www.iberbibliotecas.org\/wp-content\/uploads\/2021\/03\/logo_c_ib.png","contentUrl":"https:\/\/www.iberbibliotecas.org\/wp-content\/uploads\/2021\/03\/logo_c_ib.png","width":289,"height":180,"caption":"Iberbibliotecas"},"image":{"@id":"https:\/\/www.iberbibliotecas.org\/#\/schema\/logo\/image\/"}}]}},"_links":{"self":[{"href":"https:\/\/www.iberbibliotecas.org\/por\/wp-json\/wp\/v2\/pages\/685"}],"collection":[{"href":"https:\/\/www.iberbibliotecas.org\/por\/wp-json\/wp\/v2\/pages"}],"about":[{"href":"https:\/\/www.iberbibliotecas.org\/por\/wp-json\/wp\/v2\/types\/page"}],"author":[{"embeddable":true,"href":"https:\/\/www.iberbibliotecas.org\/por\/wp-json\/wp\/v2\/users\/1"}],"replies":[{"embeddable":true,"href":"https:\/\/www.iberbibliotecas.org\/por\/wp-json\/wp\/v2\/comments?post=685"}],"version-history":[{"count":134,"href":"https:\/\/www.iberbibliotecas.org\/por\/wp-json\/wp\/v2\/pages\/685\/revisions"}],"predecessor-version":[{"id":22898,"href":"https:\/\/www.iberbibliotecas.org\/por\/wp-json\/wp\/v2\/pages\/685\/revisions\/22898"}],"wp:featuredmedia":[{"embeddable":true,"href":"https:\/\/www.iberbibliotecas.org\/por\/wp-json\/wp\/v2\/media\/21322"}],"wp:attachment":[{"href":"https:\/\/www.iberbibliotecas.org\/por\/wp-json\/wp\/v2\/media?parent=685"}],"curies":[{"name":"wp","href":"https:\/\/api.w.org\/{rel}","templated":true}]}}